{"id":15166,"date":"2017-09-15T11:39:08","date_gmt":"2017-09-15T16:39:08","guid":{"rendered":"https:\/\/cortesuprema.gov.co\/corte\/?page_id=15166"},"modified":"2023-10-19T09:07:46","modified_gmt":"2023-10-19T14:07:46","slug":"relatoria-tp","status":"publish","type":"page","link":"https:\/\/cortesuprema.gov.co\/corte\/index.php\/relatoria-tp\/","title":{"rendered":"Relator\u00eda de Tutelas y Sala Plena"},"content":{"rendered":"<p><strong>Dra. Ana Mar\u00eda Prieto Sandoval\u00a0<\/strong><br \/>\nRelatora\u00a0de Tutelas y Sala Plena<br \/>\nCorreo electr\u00f3nico:\u00a0relatoriatutelas@cortesuprema.ramajudicial.gov.co<br \/>\nAdvertencia: el anterior correo no atiende tr\u00e1mites o gesti\u00f3n de tutelas<br \/>\nPBX: 5622000 ext: 9316<\/p>\n<div class=\"su-divider su-divider-style-default\" style=\"margin:15px 0;border-width:9px;border-color:#999999\"><\/div>\n<p align=\"justify\"><strong>La Relator\u00eda de Tutelas y Sala Plena de la Corte Suprema de Justicia agradece enviar su solicitud al correo, <a href=\"mailto:relatoriatutelas@cortesuprema.ramajudicial.gov.co\">relatoriatutelas@cortesuprema.ramajudicial.gov.co<\/a> indicando los datos completos de la misma junto con su informaci\u00f3n de contacto. Para radicaci\u00f3n, tr\u00e1mites o gesti\u00f3n de tutelas acuda a la Secretar\u00eda seg\u00fan corresponda.<\/strong><\/p>\n<div class=\"su-divider su-divider-style-default\" style=\"margin:15px 0;border-width:9px;border-color:#999999\"><\/div>\n<p class=\"size-big\" style=\"text-align: center;\">\u00daltimo bolet\u00edn de la Relator\u00eda de Tutelas y Sala Plena<\/p>\n<p class=\"size-big\" style=\"text-align: center;\">Octubre de 2023<\/p>\n[spiderpowa-pdf src=\u00bbhttps:\/\/www.cortesuprema.gov.co\/corte\/wp-content\/uploads\/relatorias\/tutelas\/B OCT2023\/BOLETIN OCTUBRE 2023.pdf\u00bb]\n<p style=\"text-align: left;\"><a href=\"https:\/\/www.cortesuprema.gov.co\/corte\/wp-content\/uploads\/relatorias\/tutelas\/B OCT2023\/BOLETIN OCTUBRE 2023.pdf\" target=\"_blank\" rel=\"noopener noreferrer\">Descargue aqu\u00ed el Bolet\u00edn Jurisprudencial de octubre 2023<\/a><\/p>\n<div class=\"su-divider su-divider-style-double\" style=\"margin:15px 0;border-width:3px;border-color:#999999\"><a href=\"#\" style=\"color:#999999\">ir arriba <\/a><\/div>\n<p class=\"size-big\" style=\"text-align: center;\"><mark class=\"marker color-gray color-orange\"><strong>Boletines anteriores<\/strong><\/mark><\/p>\n<p>&nbsp;<\/p>\n<p>&nbsp;<\/p>\n<table align=\"center\">\n<tbody>\n<tr>\n<td><div class=\"su-spoiler su-spoiler-style-fancy su-spoiler-icon-plus su-spoiler-closed\" data-scroll-offset=\"0\" data-anchor-in-url=\"no\"><div class=\"su-spoiler-title\" tabindex=\"0\" role=\"button\"><span class=\"su-spoiler-icon\"><\/span>2023<\/div><div class=\"su-spoiler-content su-u-clearfix su-u-trim\">\n<p><a href=\"https:\/\/www.cortesuprema.gov.co\/corte\/wp-content\/uploads\/relatorias\/tutelas\/B OCT2023\/BOLETIN OCTUBRE 2023.pdf\" target=\"_blank\" rel=\"noopener noreferrer\">Bolet\u00edn 2023-10<\/a><\/p>\n<p><a href=\"https:\/\/www.cortesuprema.gov.co\/corte\/wp-content\/uploads\/relatorias\/tutelas\/B SEP2023\/BOLETIN SEPTIEMBRE 2023.pdf\" target=\"_blank\" rel=\"noopener noreferrer\">Bolet\u00edn 2023-09<\/a><br \/>\n<a href=\"https:\/\/www.cortesuprema.gov.co\/corte\/wp-content\/uploads\/relatorias\/tutelas\/B AGO2023\/BOLETIN AGOSTO 2023.pdf\" target=\"_blank\" rel=\"noopener noreferrer\">Bolet\u00edn 2023-08<\/a><br \/>\n<a href=\"https:\/\/www.cortesuprema.gov.co\/corte\/wp-content\/uploads\/relatorias\/tutelas\/B JUL2023\/BOLETIN JULIO 2023.pdf\" target=\"_blank\" rel=\"noopener noreferrer\">Bolet\u00edn 2023-07<\/a><br \/>\n<a href=\"https:\/\/www.cortesuprema.gov.co\/corte\/wp-content\/uploads\/relatorias\/tutelas\/B JUN2023\/BOLETIN JUNIO 2023.pdf\" target=\"_blank\" rel=\"noopener noreferrer\">Bolet\u00edn 2023-06<\/a><br \/>\n<a href=\"https:\/\/www.cortesuprema.gov.co\/corte\/wp-content\/uploads\/relatorias\/tutelas\/B MAY2023\/BOLETIN MAYO 2023.pdf\" target=\"_blank\" rel=\"noopener noreferrer\">Bolet\u00edn 2023-05<\/a><br \/>\n<a href=\"https:\/\/www.cortesuprema.gov.co\/corte\/wp-content\/uploads\/relatorias\/tutelas\/B ABR2023\/BOLETIN ABRIL 2023.pdf\" target=\"_blank\" rel=\"noopener noreferrer\">Bolet\u00edn 2023-04<\/a><br \/>\n<a href=\"https:\/\/www.cortesuprema.gov.co\/corte\/wp-content\/uploads\/relatorias\/tutelas\/B MAR2023\/BOLETIN MARZO 2023.pdf\" target=\"_blank\" rel=\"noopener noreferrer\">Bolet\u00edn 2023-03<\/a><br \/>\n<a href=\"https:\/\/www.cortesuprema.gov.co\/corte\/wp-content\/uploads\/relatorias\/tutelas\/B FEB2023\/BOLETIN FEBRERO 2023.pdf\" target=\"_blank\" rel=\"noopener noreferrer\">Bolet\u00edn 2023-02<\/a><br \/>\n<a href=\"https:\/\/www.cortesuprema.gov.co\/corte\/wp-content\/uploads\/relatorias\/tutelas\/B ENE2023\/BOLETIN ENERO 2023.pdf\" target=\"_blank\" rel=\"noopener noreferrer\">Bolet\u00edn 2023-01<\/a><\/p>\n<\/div><\/div><\/td>\n<td>\n<table align=\"center\">\n<tbody>\n<tr>\n<td><div class=\"su-spoiler su-spoiler-style-fancy su-spoiler-icon-plus su-spoiler-closed\" data-scroll-offset=\"0\" data-anchor-in-url=\"no\"><div class=\"su-spoiler-title\" tabindex=\"0\" role=\"button\"><span class=\"su-spoiler-icon\"><\/span>2022<\/div><div class=\"su-spoiler-content su-u-clearfix su-u-trim\">\n<p><a href=\"https:\/\/www.cortesuprema.gov.co\/corte\/wp-content\/uploads\/relatorias\/tutelas\/B DIC2022\/BOLETIN DICIEMBRE 2022.pdf\" target=\"_blank\" rel=\"noopener noreferrer\">Bolet\u00edn 2022-12<\/a><br \/>\n<a href=\"https:\/\/www.cortesuprema.gov.co\/corte\/wp-content\/uploads\/relatorias\/tutelas\/B%20NOV2022\/BOLETIN NOVIEMBRE 2022.pdf\" target=\"_blank\" rel=\"noopener noreferrer\">Bolet\u00edn 2022-11<\/a><br \/>\n<a href=\"https:\/\/www.cortesuprema.gov.co\/corte\/wp-content\/uploads\/relatorias\/tutelas\/B%20OCT2022\/BOLETIN OCTUBRE 2022.pdf\" target=\"_blank\" rel=\"noopener noreferrer\">Bolet\u00edn 2022-10<\/a><br \/>\n<a href=\"https:\/\/www.cortesuprema.gov.co\/corte\/wp-content\/uploads\/relatorias\/tutelas\/B%20SEP2022\/BOLETIN SEPTIEMBRE 2022.pdf\" target=\"_blank\" rel=\"noopener noreferrer\">Bolet\u00edn 2022-09<\/a><br \/>\n<a href=\"https:\/\/www.cortesuprema.gov.co\/corte\/wp-content\/uploads\/relatorias\/tutelas\/B%20AGO2022\/BOLETIN%20AGOSTO%202022.pdf\" target=\"_blank\" rel=\"noopener noreferrer\">Bolet\u00edn 2022-08<\/a><br \/>\n<a href=\"https:\/\/www.cortesuprema.gov.co\/corte\/wp-content\/uploads\/relatorias\/tutelas\/B%20JUL2022\/BOLETIN%20JULIO%202022.pdf\" target=\"_blank\" rel=\"noopener noreferrer\">Bolet\u00edn 2022-07<\/a><br \/>\n<a href=\"https:\/\/www.cortesuprema.gov.co\/corte\/wp-content\/uploads\/relatorias\/tutelas\/B%20JUN2022\/BOLETIN%20JUNIO%202022.pdf\" target=\"_blank\" rel=\"noopener noreferrer\">Bolet\u00edn 2022-06<\/a><br \/>\n<a href=\"https:\/\/www.cortesuprema.gov.co\/corte\/wp-content\/uploads\/relatorias\/tutelas\/B%20MAY2022\/BOLETIN MAYO 2022.pdf\" target=\"_blank\" rel=\"noopener noreferrer\">Bolet\u00edn 2022-05<\/a><br \/>\n<a href=\"https:\/\/www.cortesuprema.gov.co\/corte\/wp-content\/uploads\/relatorias\/tutelas\/B%20ABR2022\/BOLETIN ABRIL 2022.pdf\" target=\"_blank\" rel=\"noopener noreferrer\">Bolet\u00edn 2022-04<\/a><br \/>\n<a href=\"https:\/\/www.cortesuprema.gov.co\/corte\/wp-content\/uploads\/relatorias\/tutelas\/B%20MAR2022\/BOLETIN MARZO 2022.pdf\" target=\"_blank\" rel=\"noopener noreferrer\">Bolet\u00edn 2022-03<\/a><br \/>\n<a href=\"https:\/\/www.cortesuprema.gov.co\/corte\/wp-content\/uploads\/relatorias\/tutelas\/B%20FEB2022\/BOLETIN FEBRERO 2022.pdf\" target=\"_blank\" rel=\"noopener noreferrer\">Bolet\u00edn 2022-02<\/a><br \/>\n<a href=\"https:\/\/www.cortesuprema.gov.co\/corte\/wp-content\/uploads\/relatorias\/tutelas\/B%20ENE2022\/BOLETIN ENERO 2022.pdf\" target=\"_blank\" rel=\"noopener noreferrer\">Bolet\u00edn 2022-01<\/a><\/p>\n<\/div><\/div><\/td>\n<\/tr>\n<\/tbody>\n<\/table>\n<\/td>\n<td><div class=\"su-spoiler su-spoiler-style-fancy su-spoiler-icon-plus su-spoiler-closed\" data-scroll-offset=\"0\" data-anchor-in-url=\"no\"><div class=\"su-spoiler-title\" tabindex=\"0\" role=\"button\"><span class=\"su-spoiler-icon\"><\/span>2021<\/div><div class=\"su-spoiler-content su-u-clearfix su-u-trim\">\n<p><a href=\"https:\/\/cortesuprema.gov.co\/corte\/wp-content\/uploads\/relatorias\/tutelas\/B%20DIC2021\/BOLETIN DICIEMBRE 2021.pdf\" target=\"_blank\" rel=\"noopener noreferrer\">Bolet\u00edn 2021-12<\/a><br \/>\n<a href=\"https:\/\/cortesuprema.gov.co\/corte\/wp-content\/uploads\/relatorias\/tutelas\/B%20NOV2021\/BOLETIN NOVIEMBRE 2021.pdf\" target=\"_blank\" rel=\"noopener noreferrer\">Bolet\u00edn 2021-11<\/a><br \/>\n<a href=\"https:\/\/cortesuprema.gov.co\/corte\/wp-content\/uploads\/relatorias\/tutelas\/B%20OCT2021\/BOLETIN OCTUBRE 2021.pdf\" target=\"_blank\" rel=\"noopener noreferrer\">Bolet\u00edn 2021-10<\/a><br \/>\n<a href=\"https:\/\/cortesuprema.gov.co\/corte\/wp-content\/uploads\/relatorias\/tutelas\/B%20SEP2021\/BOLETIN SEPTIEMBRE 2021.pdf\" target=\"_blank\" rel=\"noopener noreferrer\">Bolet\u00edn 2021-09<\/a><br \/>\n<a href=\"https:\/\/cortesuprema.gov.co\/corte\/wp-content\/uploads\/relatorias\/tutelas\/B%20AGO2021\/BOLETIN AGOSTO 2021.pdf\" target=\"_blank\" rel=\"noopener noreferrer\">Bolet\u00edn 2021-08<\/a><br \/>\n<a href=\"https:\/\/cortesuprema.gov.co\/corte\/wp-content\/uploads\/relatorias\/tutelas\/B%20JUL2021\/BOLETIN JULIO 2021.pdf\" target=\"_blank\" rel=\"noopener noreferrer\">Bolet\u00edn 2021-07<\/a><br \/>\n<a href=\"https:\/\/cortesuprema.gov.co\/corte\/wp-content\/uploads\/relatorias\/tutelas\/B%20JUN2021\/BOLETIN JUNIO 2021.pdf\" target=\"_blank\" rel=\"noopener noreferrer\">Bolet\u00edn 2021-06<\/a><br \/>\n<a href=\"https:\/\/cortesuprema.gov.co\/corte\/wp-content\/uploads\/relatorias\/tutelas\/B%20MAY2021\/BOLETIN MAYO 2021.pdf\" target=\"_blank\" rel=\"noopener noreferrer\">Bolet\u00edn 2021-05<\/a><br \/>\n<a href=\"https:\/\/cortesuprema.gov.co\/corte\/wp-content\/uploads\/relatorias\/tutelas\/B%20ABR2021\/BOLETIN ABRIL 2021.pdf\" target=\"_blank\" rel=\"noopener noreferrer\">Bolet\u00edn 2021-04<\/a><br \/>\n<a href=\"https:\/\/cortesuprema.gov.co\/corte\/wp-content\/uploads\/relatorias\/tutelas\/B%20MAR2021\/BOLETIN MARZO 2021.pdf\" target=\"_blank\" rel=\"noopener noreferrer\">Bolet\u00edn 2021-03<\/a><br \/>\n<a href=\"https:\/\/cortesuprema.gov.co\/corte\/wp-content\/uploads\/relatorias\/tutelas\/B%20FEB2021\/BOLETIN FEBRERO 2021.pdf\" target=\"_blank\" rel=\"noopener noreferrer\">Bolet\u00edn 2021-02<\/a><br \/>\n<a href=\"https:\/\/cortesuprema.gov.co\/corte\/wp-content\/uploads\/relatorias\/tutelas\/B%20ENE2021\/BOLETIN ENERO 2021.pdf\" target=\"_blank\" rel=\"noopener noreferrer\">Bolet\u00edn 2021-01<\/a><\/p>\n<\/div><\/div><\/td>\n<td><div class=\"su-spoiler su-spoiler-style-fancy su-spoiler-icon-plus su-spoiler-closed\" data-scroll-offset=\"0\" data-anchor-in-url=\"no\"><div class=\"su-spoiler-title\" tabindex=\"0\" role=\"button\"><span class=\"su-spoiler-icon\"><\/span>2020<\/div><div class=\"su-spoiler-content su-u-clearfix su-u-trim\">\n<p><a href=\"https:\/\/cortesuprema.gov.co\/corte\/wp-content\/uploads\/relatorias\/tutelas\/B%20DIC2020\/BOLETIN DICIEMBRE 2020.pdf\" target=\"_blank\" rel=\"noopener noreferrer\">Bolet\u00edn 2020-12<\/a><br \/>\n<a href=\"https:\/\/cortesuprema.gov.co\/corte\/wp-content\/uploads\/relatorias\/tutelas\/B%20NOV2020\/BOLETIN%20NOVIEMBRE%202020.pdf\" target=\"_blank\" rel=\"noopener noreferrer\">Bolet\u00edn 2020-11<\/a><br \/>\n<a href=\"https:\/\/cortesuprema.gov.co\/corte\/wp-content\/uploads\/relatorias\/tutelas\/B%20OCT2020\/BOLETIN%20OCTUBRE%202020.pdf\" target=\"_blank\" rel=\"noopener noreferrer\">Bolet\u00edn 2020-10<\/a><br \/>\n<a href=\"https:\/\/cortesuprema.gov.co\/corte\/wp-content\/uploads\/relatorias\/tutelas\/B SEP2020\/BOLETIN SEPTIEMBRE 2020.pdf\" target=\"_blank\" rel=\"noopener noreferrer\">Bolet\u00edn 2020-09<\/a><br \/>\n<a href=\"https:\/\/cortesuprema.gov.co\/corte\/wp-content\/uploads\/relatorias\/tutelas\/B AGO2020\/BOLETIN AGOSTO 2020.pdf\" target=\"_blank\" rel=\"noopener noreferrer\">Bolet\u00edn 2020-08<\/a><br \/>\n<a href=\"https:\/\/cortesuprema.gov.co\/corte\/wp-content\/uploads\/relatorias\/tutelas\/B JUL2020\/BOLETIN JULIO 2020.pdf\" target=\"_blank\" rel=\"noopener noreferrer\">Bolet\u00edn 2020-07<\/a><br \/>\n<a href=\"https:\/\/cortesuprema.gov.co\/corte\/wp-content\/uploads\/relatorias\/tutelas\/B JUN2020\/BOLETIN JUNIO 2020.pdf\" target=\"_blank\" rel=\"noopener noreferrer\">Bolet\u00edn 2020-06<\/a><br \/>\n<a href=\"https:\/\/cortesuprema.gov.co\/corte\/wp-content\/uploads\/relatorias\/tutelas\/B MAY2020\/BOLETIN MAYO.pdf\" target=\"_blank\" rel=\"noopener noreferrer\">Bolet\u00edn 2020-05<\/a><br \/>\n<a href=\"https:\/\/cortesuprema.gov.co\/corte\/wp-content\/uploads\/relatorias\/tutelas\/B ABR2020\/BOLETIN ABRIL 2020.pdf\" target=\"_blank\" rel=\"noopener noreferrer\">Bolet\u00edn 2020-04<\/a><br \/>\n<a href=\"https:\/\/cortesuprema.gov.co\/corte\/wp-content\/uploads\/relatorias\/tutelas\/B%20MAR2020\/BOLETIN MARZO 2020.pdf\" target=\"_blank\" rel=\"noopener noreferrer\">Bolet\u00edn 2020-03<\/a><br \/>\n<a href=\"https:\/\/cortesuprema.gov.co\/corte\/wp-content\/uploads\/relatorias\/tutelas\/B%20FEB2020\/BOLETIN FEBRERO 2020.pdf\" target=\"_blank\" rel=\"noopener noreferrer\">Bolet\u00edn 2020-02<\/a><br \/>\n<a href=\"https:\/\/cortesuprema.gov.co\/corte\/wp-content\/uploads\/relatorias\/tutelas\/B%20ENE2020\/BOLETIN ENERO 2020.pdf\" target=\"_blank\" rel=\"noopener noreferrer\">Bolet\u00edn 2020-01<\/a><\/p>\n<\/div><\/div><\/td>\n<td><div class=\"su-spoiler su-spoiler-style-fancy su-spoiler-icon-plus su-spoiler-closed\" data-scroll-offset=\"0\" data-anchor-in-url=\"no\"><div class=\"su-spoiler-title\" tabindex=\"0\" role=\"button\"><span class=\"su-spoiler-icon\"><\/span>2019<\/div><div class=\"su-spoiler-content su-u-clearfix su-u-trim\">\n<p><a href=\"https:\/\/cortesuprema.gov.co\/corte\/wp-content\/uploads\/relatorias\/tutelas\/B%20DIC2019\/BOLETIN DICIEMBRE 2019.pdf\">Bolet\u00edn 2019-12<\/a><br \/>\n<a href=\"https:\/\/cortesuprema.gov.co\/corte\/wp-content\/uploads\/relatorias\/tutelas\/B%20NOV2019\/BOLETIN NOVIEMBRE 2019.pdf\">Bolet\u00edn 2019-11<\/a><br \/>\n<a href=\"https:\/\/cortesuprema.gov.co\/corte\/wp-content\/uploads\/relatorias\/tutelas\/B%20OCT2019\/BOLETIN OCTUBRE 2019.pdf\" target=\"_blank\" rel=\"noopener noreferrer\">Bolet\u00edn 2019-10<\/a><br \/>\n<a href=\"https:\/\/cortesuprema.gov.co\/corte\/wp-content\/uploads\/relatorias\/tutelas\/B%20SEP2019\/BOLETIN SEPTIEMBRE 2019.pdf\" target=\"_blank\" rel=\"noopener noreferrer\">Bolet\u00edn 2019-09<\/a><br \/>\n<a href=\"https:\/\/cortesuprema.gov.co\/corte\/wp-content\/uploads\/relatorias\/tutelas\/B%20AGO2019\/BOLETIN AGOSTO 2019.pdf\" target=\"_blank\" rel=\"noopener noreferrer\">Bolet\u00edn 2019-08<\/a><br \/>\n<a href=\"https:\/\/cortesuprema.gov.co\/corte\/wp-content\/uploads\/relatorias\/tutelas\/B%20JUL2019\/BOLETIN JULIO 2019.pdf\" target=\"_blank\" rel=\"noopener noreferrer\">Bolet\u00edn 2019-07<\/a><br \/>\n<a href=\"https:\/\/cortesuprema.gov.co\/corte\/wp-content\/uploads\/relatorias\/tutelas\/B%20JUN2019\/BOLETIN JUNIO 2019.pdf\" target=\"_blank\" rel=\"noopener noreferrer\">Bolet\u00edn 2019-06<\/a><br \/>\n<a href=\"https:\/\/cortesuprema.gov.co\/corte\/wp-content\/uploads\/relatorias\/tutelas\/B%20MAY2019\/BOLETIN MAYO 2019.pdf\" target=\"_blank\" rel=\"noopener noreferrer\">Bolet\u00edn 2019-05<\/a><br \/>\n<a href=\"https:\/\/cortesuprema.gov.co\/corte\/wp-content\/uploads\/relatorias\/tutelas\/B%20ABR2019\/BOLETIN ABRIL 2019.pdf\" target=\"_blank\" rel=\"noopener noreferrer\">Bolet\u00edn 2019-04<\/a><br \/>\n<a href=\"https:\/\/cortesuprema.gov.co\/corte\/wp-content\/uploads\/relatorias\/tutelas\/B%20MAR2019\/BOLETIN%20MARZO%202019.pdf\" target=\"_blank\" rel=\"noopener noreferrer\">Bolet\u00edn 2019-03<\/a><br \/>\n<a href=\"https:\/\/cortesuprema.gov.co\/corte\/wp-content\/uploads\/relatorias\/tutelas\/B%20FEB2019\/BOLETIN%20FEBRERO%202019.pdf\">Bolet\u00edn 2019-02<\/a><br \/>\n<a href=\"https:\/\/cortesuprema.gov.co\/corte\/wp-content\/uploads\/relatorias\/tutelas\/B%20ENE2019\/BOLETIN%20ENERO%202019.pdf\">Bolet\u00edn 2019-01<\/a><\/p>\n<\/div><\/div><\/td>\n<\/tr>\n<tr>\n<td><div class=\"su-spoiler su-spoiler-style-fancy su-spoiler-icon-plus su-spoiler-closed\" data-scroll-offset=\"0\" data-anchor-in-url=\"no\"><div class=\"su-spoiler-title\" tabindex=\"0\" role=\"button\"><span class=\"su-spoiler-icon\"><\/span>2018<\/div><div class=\"su-spoiler-content su-u-clearfix su-u-trim\">\n<a href=\"https:\/\/cortesuprema.gov.co\/corte\/wp-content\/uploads\/relatorias\/tutelas\/B%20DIC2018\/BOLETIN%20DICIEMBRE%202018.pdf\" target=\"_blank\" rel=\"noopener noreferrer\">Bolet\u00edn 2018-12<\/a><br \/>\n<a href=\"https:\/\/cortesuprema.gov.co\/corte\/wp-content\/uploads\/relatorias\/tutelas\/B%20NOV2018\/BOLETIN%20NOVIEMBRE%202018.pdf\" target=\"_blank\" rel=\"noopener noreferrer\">Bolet\u00edn 2018-11<\/a><br \/>\n<a href=\"https:\/\/cortesuprema.gov.co\/corte\/wp-content\/uploads\/relatorias\/tutelas\/B%20OCT2018\/BOLETIN%20OCTUBRE%202018.pdf\" target=\"_blank\" rel=\"noopener noreferrer\">Bolet\u00edn 2018-10<\/a><br \/>\n<a href=\"https:\/\/cortesuprema.gov.co\/corte\/wp-content\/uploads\/relatorias\/tutelas\/B%20SEP2018\/BOLETIN%20SEPTIEMBRE%202018.pdf\" target=\"_blank\" rel=\"noopener noreferrer\">Bolet\u00edn 2018-09<\/a><br \/>\n<a href=\"https:\/\/cortesuprema.gov.co\/corte\/wp-content\/uploads\/relatorias\/tutelas\/B%20AGO2018\/BOLETIN%20AGOSTO%202018.pdf\" target=\"_blank\" rel=\"noopener noreferrer\">Bolet\u00edn 2018-08<\/a><br \/>\n<a href=\"https:\/\/cortesuprema.gov.co\/corte\/wp-content\/uploads\/relatorias\/tutelas\/B%20JUL2018\/BOLETIN%20JULIO%202018.pdf\" target=\"_blank\" rel=\"noopener noreferrer\">Bolet\u00edn 2018-07<\/a><br \/>\n<a href=\"https:\/\/cortesuprema.gov.co\/corte\/wp-content\/uploads\/relatorias\/tutelas\/B%20JUN2018\/BOLETIN%20JUNIO%202018.pdf\" target=\"_blank\" rel=\"noopener noreferrer\">Bolet\u00edn 2018-06<\/a><br \/>\n<a href=\"https:\/\/cortesuprema.gov.co\/corte\/wp-content\/uploads\/relatorias\/tutelas\/B%20MAY2018\/BOLETIN%20MAYO%202018.pdf\" target=\"_blank\" rel=\"noopener noreferrer\">Bolet\u00edn 2018-05<\/a><br \/>\n<a href=\"https:\/\/cortesuprema.gov.co\/corte\/wp-content\/uploads\/relatorias\/tutelas\/B%20ABR2018\/BOLETIN%20ABRIL%202018.pdf\" target=\"_blank\" rel=\"noopener noreferrer\">Bolet\u00edn 2018-04<\/a><br \/>\n<a href=\"https:\/\/cortesuprema.gov.co\/corte\/wp-content\/uploads\/relatorias\/tutelas\/B%20MAR2018\/BOLETIN%20MARZO%202018.pdf\">Bolet\u00edn 2018-03<\/a><br \/>\n<a href=\"https:\/\/cortesuprema.gov.co\/corte\/wp-content\/uploads\/relatorias\/tutelas\/B FEB2017\/BOLETIN FEBRERO 2017.pdf\" target=\"_blank\" rel=\"noopener noreferrer\">Bolet\u00edn 2018-02<\/a><br \/>\n<a href=\"https:\/\/cortesuprema.gov.co\/corte\/wp-content\/uploads\/relatorias\/tutelas\/B%20ENE2018\/BOLETIN%20ENERO%202018.pdf\" target=\"_blank\" rel=\"noopener noreferrer\">Bolet\u00edn 2018-01<\/a><\/div><\/div><\/td>\n<td><div class=\"su-spoiler su-spoiler-style-fancy su-spoiler-icon-plus su-spoiler-closed\" data-scroll-offset=\"0\" data-anchor-in-url=\"no\"><div class=\"su-spoiler-title\" tabindex=\"0\" role=\"button\"><span class=\"su-spoiler-icon\"><\/span>2017<\/div><div class=\"su-spoiler-content su-u-clearfix su-u-trim\">\n<ul>\n<li><a href=\"https:\/\/cortesuprema.gov.co\/corte\/wp-content\/uploads\/relatorias\/tutelas\/B%20DIC2017\/BOLETIN%20DICIEMBRE%202017.pdf\" target=\"_blank\" rel=\"noopener noreferrer\">Bolet\u00edn 2017-12<\/a><\/li>\n<li><a href=\"https:\/\/cortesuprema.gov.co\/corte\/wp-content\/uploads\/relatorias\/tutelas\/B%20NOV2017\/BOLETIN%20NOVIEMBRE%202017.pdf\" target=\"_blank\" rel=\"noopener noreferrer\">Bolet\u00edn 2017-11<\/a><\/li>\n<li><a href=\"https:\/\/cortesuprema.gov.co\/corte\/wp-content\/uploads\/relatorias\/tutelas\/B%20OCT2017\/BOLETIN%20OCTUBRE%202017.pdf\" target=\"_blank\" rel=\"noopener noreferrer\">Bolet\u00edn 2017-10<\/a><\/li>\n<li><a href=\"https:\/\/cortesuprema.gov.co\/corte\/wp-content\/uploads\/relatorias\/tutelas\/B%20SEP2017\/BOLETIN SEPTIEMBRE 2017.pdf\" target=\"_blank\" rel=\"noopener noreferrer\">Bolet\u00edn 2017-09<\/a><\/li>\n<li><a href=\"https:\/\/cortesuprema.gov.co\/corte\/wp-content\/uploads\/relatorias\/tutelas\/B%20AGO2017\/BOLETIN%20AGOSTO%202017.pdf\" target=\"_blank\" rel=\"noopener noreferrer\">Bolet\u00edn 2017-08<\/a><\/li>\n<li><a href=\"https:\/\/cortesuprema.gov.co\/corte\/wp-content\/uploads\/relatorias\/tutelas\/B%20JUL2017\/BOLETIN JULIO 2017.pdf\" target=\"_blank\" rel=\"noopener noreferrer\">Bolet\u00edn 2017-07<\/a><\/li>\n<li><a href=\"https:\/\/cortesuprema.gov.co\/corte\/wp-content\/uploads\/relatorias\/tutelas\/B%20JUN2017\/BOLETIN%20%20JUNIO%202017.pdf\" target=\"_blank\" rel=\"noopener noreferrer\">Bolet\u00edn 2017-06<\/a><\/li>\n<li><a href=\"https:\/\/cortesuprema.gov.co\/corte\/wp-content\/uploads\/relatorias\/tutelas\/B MAY2017\/BOLETIN MAYO 2017.pdf\" target=\"_blank\" rel=\"noopener noreferrer\">Bolet\u00edn 2017-05<\/a><\/li>\n<li><a href=\"https:\/\/cortesuprema.gov.co\/corte\/wp-content\/uploads\/relatorias\/tutelas\/B ABR2017\/BOLETIN ABRIL 2017.pdf\" target=\"_blank\" rel=\"noopener noreferrer\">Bolet\u00edn 2017-04<\/a><\/li>\n<li><a href=\"https:\/\/cortesuprema.gov.co\/corte\/wp-content\/uploads\/relatorias\/tutelas\/B MAR2017\/BOLETIN MARZO 2017.pdf\" target=\"_blank\" rel=\"noopener noreferrer\">Bolet\u00edn 2017-03<\/a><\/li>\n<li><a href=\"https:\/\/cortesuprema.gov.co\/corte\/wp-content\/uploads\/relatorias\/tutelas\/B FEB2017\/BOLETIN FEBRERO 2017.pdf\" target=\"_blank\" rel=\"noopener noreferrer\">Bolet\u00edn 2017-02<\/a><\/li>\n<li><a href=\"https:\/\/cortesuprema.gov.co\/corte\/wp-content\/uploads\/relatorias\/tutelas\/B ENE2017\/BOLETIN ENERO 2017.pdf\" target=\"_blank\" rel=\"noopener noreferrer\">Bolet\u00edn 2017-01<\/a><\/li>\n<\/ul>\n<\/div><\/div><\/td>\n<td><div class=\"su-spoiler su-spoiler-style-fancy su-spoiler-icon-plus su-spoiler-closed\" data-scroll-offset=\"0\" data-anchor-in-url=\"no\"><div class=\"su-spoiler-title\" tabindex=\"0\" role=\"button\"><span class=\"su-spoiler-icon\"><\/span>2016<\/div><div class=\"su-spoiler-content su-u-clearfix su-u-trim\">\n<ul>\n<li><a href=\"https:\/\/cortesuprema.gov.co\/corte\/wp-content\/uploads\/relatorias\/tutelas\/B%20DIC2016\/BOLETIN DICIEMBRE 2016.pdf\" target=\"_blank\" rel=\"noopener noreferrer\">Bolet\u00edn 2016-11<\/a><\/li>\n<li><a href=\"https:\/\/cortesuprema.gov.co\/corte\/wp-content\/uploads\/relatorias\/tutelas\/B%20NOV2016\/BOLETIN NOVIEMBRE 2016.pdf\" target=\"_blank\" rel=\"noopener noreferrer\">Bolet\u00edn 2016-10<\/a><\/li>\n<li><a href=\"https:\/\/cortesuprema.gov.co\/corte\/wp-content\/uploads\/relatorias\/tutelas\/B OCT2016\/BOLETIN OCTUBRE 2016.pdf\" target=\"_blank\" rel=\"noopener noreferrer\">Bolet\u00edn 2016-09<\/a><\/li>\n<li><a href=\"https:\/\/cortesuprema.gov.co\/corte\/wp-content\/uploads\/relatorias\/tutelas\/B SEP2016\/BOLETIN SEPTIEMBRE 2016.pdf\" target=\"_blank\" rel=\"noopener noreferrer\">Bolet\u00edn 2016-08<\/a><\/li>\n<li><a href=\"https:\/\/cortesuprema.gov.co\/corte\/wp-content\/uploads\/relatorias\/tutelas\/B AGO2016\/BOLETIN AGOSTO 2016.pdf\" target=\"_blank\" rel=\"noopener noreferrer\">Bolet\u00edn 2016-07<\/a><\/li>\n<li><a href=\"https:\/\/cortesuprema.gov.co\/corte\/wp-content\/uploads\/relatorias\/tutelas\/B JUL2016\/BOLETIN JULIO 2016.pdf\" target=\"_blank\" rel=\"noopener noreferrer\">Bolet\u00edn 2016-06<\/a><\/li>\n<li><a href=\"https:\/\/cortesuprema.gov.co\/corte\/wp-content\/uploads\/relatorias\/tutelas\/B JUN2016\/BOLETIN JUNIO 2016.pdf\" target=\"_blank\" rel=\"noopener noreferrer\">Bolet\u00edn 2016-05<\/a><\/li>\n<li><a href=\"https:\/\/cortesuprema.gov.co\/corte\/wp-content\/uploads\/relatorias\/tutelas\/B MAY2016\/BOLETIN MAYO 2016.pdf\" target=\"_blank\" rel=\"noopener noreferrer\">Bolet\u00edn 2016-04<\/a><\/li>\n<li><a href=\"https:\/\/cortesuprema.gov.co\/corte\/wp-content\/uploads\/relatorias\/tutelas\/B ABR2016\/BOLETIN ABRIL 2016.pdf\" target=\"_blank\" rel=\"noopener noreferrer\">Bolet\u00edn 2016-03<\/a><\/li>\n<li><a href=\"https:\/\/cortesuprema.gov.co\/corte\/wp-content\/uploads\/relatorias\/tutelas\/B MAR2016\/BOLETIN MARZO 2016.pdf\" target=\"_blank\" rel=\"noopener noreferrer\">Bolet\u00edn 2016-02<\/a><\/li>\n<li><a href=\"https:\/\/cortesuprema.gov.co\/corte\/wp-content\/uploads\/relatorias\/tutelas\/B FEB2016\/BOLETIN FEBRERO 2016.pdf\" target=\"_blank\" rel=\"noopener noreferrer\">Bolet\u00edn 2016-01<\/a><\/li>\n<\/ul>\n<\/div><\/div><\/td>\n<td><div class=\"su-spoiler su-spoiler-style-fancy su-spoiler-icon-plus su-spoiler-closed\" data-scroll-offset=\"0\" data-anchor-in-url=\"no\"><div class=\"su-spoiler-title\" tabindex=\"0\" role=\"button\"><span class=\"su-spoiler-icon\"><\/span>2015<\/div><div class=\"su-spoiler-content su-u-clearfix su-u-trim\">\n<ul>\n<li><a href=\"https:\/\/cortesuprema.gov.co\/corte\/wp-content\/uploads\/relatorias\/tutelas\/B DIC2015\/BOLETIN DICIEMBRE 2015.pdf\" target=\"_blank\" rel=\"noopener noreferrer\">Bolet\u00edn 2015-12<\/a><\/li>\n<li><a href=\"https:\/\/cortesuprema.gov.co\/corte\/wp-content\/uploads\/relatorias\/tutelas\/B%20NOV2015\/BOLETIN%20NOVIEMBRE%202015.pdf\" target=\"_blank\" rel=\"noopener noreferrer\">Bolet\u00edn 2015-11<\/a><\/li>\n<li><a href=\"https:\/\/cortesuprema.gov.co\/corte\/wp-content\/uploads\/relatorias\/tutelas\/B%20OCT2015\/BOLETIN%20OCTUBRE%202015.pdf\" target=\"_blank\" rel=\"noopener noreferrer\">Bolet\u00edn 2015-10<\/a><\/li>\n<li><a href=\"https:\/\/cortesuprema.gov.co\/corte\/wp-content\/uploads\/relatorias\/tutelas\/B%20SEP2015\/BOLETIN%20SEPTIEMBRE%202015.pdf\" target=\"_blank\" rel=\"noopener noreferrer\">Bolet\u00edn 2015-09<\/a><\/li>\n<li><a href=\"https:\/\/cortesuprema.gov.co\/corte\/wp-content\/uploads\/relatorias\/tutelas\/B%20AGO2015\/BOLETIN%20AGOSTO%202015.pdf\" target=\"_blank\" rel=\"noopener noreferrer\">Bolet\u00edn 2015-08<\/a><\/li>\n<li><a href=\"https:\/\/cortesuprema.gov.co\/corte\/wp-content\/uploads\/relatorias\/tutelas\/B%20JUL2015\/BOLETIN%20JULIO%202015.pdf\" target=\"_blank\" rel=\"noopener noreferrer\">Bolet\u00edn 2015-07<\/a><\/li>\n<li><a href=\"https:\/\/cortesuprema.gov.co\/corte\/wp-content\/uploads\/relatorias\/tutelas\/B%20JUN2015\/BOLETIN%20JUNIO%202015.pdf\" target=\"_blank\" rel=\"noopener noreferrer\">Bolet\u00edn 2015-06<\/a><\/li>\n<li><a href=\"https:\/\/cortesuprema.gov.co\/corte\/wp-content\/uploads\/relatorias\/tutelas\/B%20ABRMAY2015\/BOLETIN%20ABRIL%202015.pdf\" target=\"_blank\" rel=\"noopener noreferrer\">Bolet\u00edn 2015-05<\/a><\/li>\n<li><a href=\"https:\/\/cortesuprema.gov.co\/corte\/wp-content\/uploads\/relatorias\/tutelas\/B%20ABRMAY2015\/BOLETIN%20ABRIL%202015.pdf\" target=\"_blank\" rel=\"noopener noreferrer\">Bolet\u00edn 2015-04<\/a><\/li>\n<li><a href=\"https:\/\/cortesuprema.gov.co\/corte\/wp-content\/uploads\/relatorias\/tutelas\/B%20FEBMAR2015\/BOLETIN%20FEBRERO-MARZO2015.pdf\" target=\"_blank\" rel=\"noopener noreferrer\">Bolet\u00edn 2015-03<\/a><\/li>\n<li><a href=\"https:\/\/cortesuprema.gov.co\/corte\/wp-content\/uploads\/relatorias\/tutelas\/B%20DICENE2015\/BOLETIN DIC 2014- ENE 2015.pdf\" target=\"_blank\" rel=\"noopener noreferrer\">Bolet\u00edn 2015-02<\/a><\/li>\n<li><a href=\"https:\/\/cortesuprema.gov.co\/corte\/wp-content\/uploads\/relatorias\/tutelas\/boctnov2014\/BOLETIN FINAL OCT - NOV.pdf\" target=\"_blank\" rel=\"noopener noreferrer\">Bolet\u00edn 2015-01<\/a><\/li>\n<\/ul>\n<\/div><\/div><\/td>\n<td><div class=\"su-spoiler su-spoiler-style-fancy su-spoiler-icon-plus su-spoiler-closed\" data-scroll-offset=\"0\" data-anchor-in-url=\"no\"><div class=\"su-spoiler-title\" tabindex=\"0\" role=\"button\"><span class=\"su-spoiler-icon\"><\/span>2014<\/div><div class=\"su-spoiler-content su-u-clearfix su-u-trim\">\n<ul>\n<li><a href=\"https:\/\/cortesuprema.gov.co\/corte\/wp-content\/uploads\/relatorias\/tutelas\/bagosep2014\/BOLET\u00cdN AGOSTO-SEPTIEMBRE.pdf\" target=\"_blank\" rel=\"noopener noreferrer\">Bolet\u00edn 2014-05<\/a><\/li>\n<li><a href=\"https:\/\/cortesuprema.gov.co\/corte\/wp-content\/uploads\/relatorias\/tutelas\/bjul2014\/BOLET\u00cdN EXTRAORDINARIO JULIO.pdf\" target=\"_blank\" rel=\"noopener noreferrer\">Bolet\u00edn 2014-04<\/a><\/li>\n<li><a href=\"https:\/\/cortesuprema.gov.co\/corte\/wp-content\/uploads\/relatorias\/tutelas\/bjunjul2014\/BOLETIN JUNIO - JULIO 2014.pdf\" target=\"_blank\" rel=\"noopener noreferrer\">Bolet\u00edn 2014-03<\/a><\/li>\n<li><a href=\"https:\/\/cortesuprema.gov.co\/corte\/wp-content\/uploads\/relatorias\/tutelas\/babrmay2014\/BOLETIN ABRIL - MAYO 2014.pdf\" target=\"_blank\" rel=\"noopener noreferrer\">Bolet\u00edn 2014-02<\/a><\/li>\n<li><a href=\"https:\/\/cortesuprema.gov.co\/corte\/wp-content\/uploads\/relatorias\/tutelas\/bfebmar2014\/BOLETIN febrero - marzo 2014.pdf\" target=\"_blank\" rel=\"noopener noreferrer\">Bolet\u00edn 2014-01<\/a><\/li>\n<\/ul>\n<\/div><\/div><\/td>\n<\/tr>\n<\/tbody>\n<\/table>\n<div class=\"su-divider su-divider-style-double\" style=\"margin:15px 0;border-width:3px;border-color:#999999\"><a href=\"#\" style=\"color:#999999\">ir arriba <\/a><\/div>\n<figure id=\"attachment_15906\" aria-describedby=\"caption-attachment-15906\" style=\"width: 1021px\" class=\"wp-caption alignnone\"><a href=\"https:\/\/cortesuprema.gov.co\/corte\/index.php\/genero-tutelas\/\" target=\"_blank\" rel=\"noopener noreferrer\"><img loading=\"lazy\" decoding=\"async\" class=\"wp-image-15906 size-full\" title=\"click aqu\u00ed\" src=\"https:\/\/cortesuprema.gov.co\/corte\/wp-content\/uploads\/2017\/10\/bannergenerotutelas.png\" alt=\"bannergenerotutelas\" width=\"1021\" height=\"143\" srcset=\"https:\/\/cortesuprema.gov.co\/corte\/wp-content\/uploads\/2017\/10\/bannergenerotutelas.png 1021w, https:\/\/cortesuprema.gov.co\/corte\/wp-content\/uploads\/2017\/10\/bannergenerotutelas-300x42.png 300w, https:\/\/cortesuprema.gov.co\/corte\/wp-content\/uploads\/2017\/10\/bannergenerotutelas-940x132.png 940w, https:\/\/cortesuprema.gov.co\/corte\/wp-content\/uploads\/2017\/10\/bannergenerotutelas-470x66.png 470w, https:\/\/cortesuprema.gov.co\/corte\/wp-content\/uploads\/2017\/10\/bannergenerotutelas-620x87.png 620w, https:\/\/cortesuprema.gov.co\/corte\/wp-content\/uploads\/2017\/10\/bannergenerotutelas-195x27.png 195w\" sizes=\"auto, (max-width: 709px) 85vw, (max-width: 909px) 67vw, (max-width: 1362px) 62vw, 840px\" \/><\/a><figcaption id=\"caption-attachment-15906\" class=\"wp-caption-text\">Sitio de G\u00e9nero de la Relator\u00eda de Tutelas y Sala Plena<\/figcaption><\/figure>\n<p>&nbsp;<\/p>\n","protected":false},"excerpt":{"rendered":"<p>Dra. Ana Mar\u00eda Prieto Sandoval\u00a0 Relatora\u00a0de Tutelas y Sala Plena Correo electr\u00f3nico:\u00a0relatoriatutelas@cortesuprema.ramajudicial.gov.co Advertencia: el anterior correo no atiende tr\u00e1mites o gesti\u00f3n de tutelas PBX: 5622000 ext: 9316 La Relator\u00eda de Tutelas y Sala Plena de la Corte Suprema de Justicia agradece enviar su solicitud al correo, relatoriatutelas@cortesuprema.ramajudicial.gov.co indicando los datos completos de la misma junto &hellip; <a href=\"https:\/\/cortesuprema.gov.co\/corte\/index.php\/relatoria-tp\/\" class=\"more-link\">Continuar leyendo<span class=\"screen-reader-text\"> \u00abRelator\u00eda de Tutelas y Sala Plena\u00bb<\/span><\/a><\/p>\n","protected":false},"author":3,"featured_media":0,"parent":0,"menu_order":0,"comment_status":"open","ping_status":"open","template":"","meta":{"footnotes":""},"class_list":["post-15166","page","type-page","status-publish","hentry"],"_links":{"self":[{"href":"https:\/\/cortesuprema.gov.co\/corte\/index.php\/wp-json\/wp\/v2\/pages\/15166","targetHints":{"allow":["GET"]}}],"collection":[{"href":"https:\/\/cortesuprema.gov.co\/corte\/index.php\/wp-json\/wp\/v2\/pages"}],"about":[{"href":"https:\/\/cortesuprema.gov.co\/corte\/index.php\/wp-json\/wp\/v2\/types\/page"}],"author":[{"embeddable":true,"href":"https:\/\/cortesuprema.gov.co\/corte\/index.php\/wp-json\/wp\/v2\/users\/3"}],"replies":[{"embeddable":true,"href":"https:\/\/cortesuprema.gov.co\/corte\/index.php\/wp-json\/wp\/v2\/comments?post=15166"}],"version-history":[{"count":166,"href":"https:\/\/cortesuprema.gov.co\/corte\/index.php\/wp-json\/wp\/v2\/pages\/15166\/revisions"}],"predecessor-version":[{"id":62827,"href":"https:\/\/cortesuprema.gov.co\/corte\/index.php\/wp-json\/wp\/v2\/pages\/15166\/revisions\/62827"}],"wp:attachment":[{"href":"https:\/\/cortesuprema.gov.co\/corte\/index.php\/wp-json\/wp\/v2\/media?parent=15166"}],"curies":[{"name":"wp","href":"https:\/\/api.w.org\/{rel}","templated":true}]}}