{"id":27983,"date":"2019-12-19T15:46:18","date_gmt":"2019-12-19T20:46:18","guid":{"rendered":"https:\/\/cortesuprema.gov.co\/corte\/?page_id=27983"},"modified":"2020-09-25T16:05:35","modified_gmt":"2020-09-25T21:05:35","slug":"notificacioneslaboral2020","status":"publish","type":"page","link":"https:\/\/cortesuprema.gov.co\/corte\/index.php\/notificacioneslaboral2020\/","title":{"rendered":"Notificaciones Sala Laboral 2020"},"content":{"rendered":"<h2 style=\"text-align: center;\"><strong>SALA DE CASACI\u00d3N LABORAL<\/strong><\/h2>\n<p style=\"text-align: center;\">Estados \u00a0 &#8211; \u00a0 Edictos \u00a0 &#8211; \u00a0 Actas de reparto\u00a0 \u00a0&#8211; \u00a0 Fijaci\u00f3n en lista<\/p>\n<p style=\"text-align: right;\"><a href=\"https:\/\/cortesuprema.gov.co\/corte\/index.php\/notificaciones-laboral-2019\/\">Vea aqu\u00ed <\/a><a href=\"https:\/\/cortesuprema.gov.co\/corte\/index.php\/notificaciones-laboral-2019\/\" target=\"_blank\" rel=\"noopener noreferrer\">notificaciones a\u00f1o 2019<\/a><\/p>\n<p style=\"text-align: right;\"><a href=\"https:\/\/cortesuprema.gov.co\/corte\/index.php\/provestadoslaboral\/\" target=\"_blank\" rel=\"noopener noreferrer\">Vea aqu\u00ed las Providencias notificadas por Estado de la Sala de Casaci\u00f3n Laboral\u00a0<\/a><\/p>\n<div class=\"su-spoiler su-spoiler-style-default su-spoiler-icon-plus-square-1 su-spoiler-closed\" data-scroll-offset=\"0\" data-anchor-in-url=\"no\"><div class=\"su-spoiler-title\" tabindex=\"0\" role=\"button\"><span class=\"su-spoiler-icon\"><\/span>Estados<\/div><div class=\"su-spoiler-content su-u-clearfix su-u-trim\">\n<div class=\"su-table su-table-alternate\">\n<p><a href=\"https:\/\/cortesuprema.gov.co\/corte\/index.php\/provestadoslaboral\/\" target=\"_blank\" rel=\"noopener noreferrer\">Vea aqu\u00ed las Providencias notificadas por Estado de la Sala de Casaci\u00f3n Laboral\u00a0<\/a><\/p>\n<table>\n<tbody>\n<tr>\n<td>Octubre 2020<\/p>\n<table>\n<tbody>\n<tr>\n<td>Lunes<\/td>\n<td>Martes<\/td>\n<td>Mi\u00e9rcoles<\/td>\n<td>Jueves<\/td>\n<td>Viernes<\/td>\n<\/tr>\n<tr>\n<td style=\"text-align: center\"><\/td>\n<td style=\"text-align: center\"><\/td>\n<td style=\"text-align: center\"><\/td>\n<td style=\"text-align: center\">1<\/td>\n<td style=\"text-align: center\">2<\/td>\n<\/tr>\n<tr>\n<td style=\"text-align: center\">5<\/td>\n<td style=\"text-align: center\">6<\/td>\n<td style=\"text-align: center\">7<\/td>\n<td style=\"text-align: center\">8<\/td>\n<td style=\"text-align: center\">9<\/td>\n<\/tr>\n<tr>\n<td style=\"text-align: center\"><span style=\"color: #ff0000\">12<\/span><\/td>\n<td style=\"text-align: center\">13<\/td>\n<td style=\"text-align: center\">14<\/td>\n<td style=\"text-align: center\">15<\/td>\n<td style=\"text-align: center\">16<\/td>\n<\/tr>\n<tr>\n<td style=\"text-align: center\">19<\/td>\n<td style=\"text-align: center\">20<\/td>\n<td style=\"text-align: center\">21<\/td>\n<td style=\"text-align: center\">22<\/td>\n<td style=\"text-align: center\">23<\/td>\n<\/tr>\n<tr>\n<td style=\"text-align: center\">26<\/td>\n<td style=\"text-align: center\">27<\/td>\n<td style=\"text-align: center\">28<\/td>\n<td style=\"text-align: center\">29<\/td>\n<td style=\"text-align: center\">30<\/td>\n<\/tr>\n<\/tbody>\n<\/table>\n<\/td>\n<td>Septiembre 2020<\/p>\n<table>\n<tbody>\n<tr>\n<td>Lunes<\/td>\n<td>Martes<\/td>\n<td>Mi\u00e9rcoles<\/td>\n<td>Jueves<\/td>\n<td>Viernes<\/td>\n<\/tr>\n<tr>\n<td style=\"text-align: center\"><\/td>\n<td style=\"text-align: center\"><a href=\"https:\/\/cortesuprema.gov.co\/corte\/wp-content\/uploads\/not\/laboral20\/estado85laboral01092020.pdf\" target=\"_blank\" rel=\"noopener noreferrer\">1<\/a><\/td>\n<td style=\"text-align: center\"><a href=\"https:\/\/cortesuprema.gov.co\/corte\/wp-content\/uploads\/not\/laboral20\/estado86laboral02092020.pdf\" target=\"_blank\" rel=\"noopener noreferrer\">2<\/a><\/td>\n<td style=\"text-align: center\"><a href=\"https:\/\/cortesuprema.gov.co\/corte\/wp-content\/uploads\/not\/laboral20\/estado87laboral03092020.pdf\" target=\"_blank\" rel=\"noopener noreferrer\">3<\/a><\/td>\n<td style=\"text-align: center\"><a href=\"https:\/\/cortesuprema.gov.co\/corte\/wp-content\/uploads\/not\/laboral20\/estado88laboral04092020.pdf\" target=\"_blank\" rel=\"noopener noreferrer\">4<\/a><\/td>\n<\/tr>\n<tr>\n<td style=\"text-align: center\"><a href=\"https:\/\/cortesuprema.gov.co\/corte\/wp-content\/uploads\/not\/laboral20\/estado89laboral07092020.pdf\" target=\"_blank\" rel=\"noopener noreferrer\">7<\/a><\/td>\n<td style=\"text-align: center\"><a href=\"https:\/\/cortesuprema.gov.co\/corte\/wp-content\/uploads\/not\/laboral20\/estado90laboral08092020.pdf\" target=\"_blank\" rel=\"noopener noreferrer\">8<\/a><\/td>\n<td style=\"text-align: center\"><a href=\"https:\/\/cortesuprema.gov.co\/corte\/wp-content\/uploads\/not\/laboral20\/estado91laboral09092020.pdf\" target=\"_blank\" rel=\"noopener noreferrer\">9<\/a><\/td>\n<td style=\"text-align: center\"><a href=\"https:\/\/cortesuprema.gov.co\/corte\/wp-content\/uploads\/not\/laboral20\/estado92laboral10092020.pdf\" target=\"_blank\" rel=\"noopener noreferrer\">10<\/a><\/td>\n<td style=\"text-align: center\"><a href=\"https:\/\/cortesuprema.gov.co\/corte\/wp-content\/uploads\/not\/laboral20\/estado93laboral11092020.pdf\" target=\"_blank\" rel=\"noopener noreferrer\">11<\/a><\/td>\n<\/tr>\n<tr>\n<td style=\"text-align: center\"><a href=\"https:\/\/cortesuprema.gov.co\/corte\/wp-content\/uploads\/not\/laboral20\/estado94laboral14092020.pdf\" target=\"_blank\" rel=\"noopener noreferrer\">14<\/a><\/td>\n<td style=\"text-align: center\"><a href=\"https:\/\/cortesuprema.gov.co\/corte\/wp-content\/uploads\/not\/laboral20\/estado95laboral15092020.pdf\" target=\"_blank\" rel=\"noopener noreferrer\">15<\/a><\/td>\n<td style=\"text-align: center\"><a href=\"https:\/\/cortesuprema.gov.co\/corte\/wp-content\/uploads\/not\/laboral20\/estado96laboral16092020.pdf\" target=\"_blank\" rel=\"noopener noreferrer\">16<\/a><\/td>\n<td style=\"text-align: center\"><a href=\"https:\/\/cortesuprema.gov.co\/corte\/wp-content\/uploads\/not\/laboral20\/estado97laboral17092020.pdf\" target=\"_blank\" rel=\"noopener noreferrer\">17<\/a><\/td>\n<td style=\"text-align: center\"><a href=\"https:\/\/cortesuprema.gov.co\/corte\/wp-content\/uploads\/not\/laboral20\/estado98laboral18092020.pdf\" target=\"_blank\" rel=\"noopener noreferrer\">18<\/a><\/td>\n<\/tr>\n<tr>\n<td style=\"text-align: center\"><a href=\"https:\/\/cortesuprema.gov.co\/corte\/wp-content\/uploads\/not\/laboral20\/estado99laboral21092020.pdf\" target=\"_blank\" rel=\"noopener noreferrer\">21<\/a><\/td>\n<td style=\"text-align: center\"><a href=\"https:\/\/cortesuprema.gov.co\/corte\/wp-content\/uploads\/not\/laboral20\/estado100laboral22092020.pdf\" target=\"_blank\" rel=\"noopener noreferrer\">22<\/a><\/td>\n<td style=\"text-align: center\"><a href=\"https:\/\/cortesuprema.gov.co\/corte\/wp-content\/uploads\/not\/laboral20\/estado101laboral23092020.pdf\" target=\"_blank\" rel=\"noopener noreferrer\">23<\/a><\/td>\n<td style=\"text-align: center\"><a href=\"https:\/\/cortesuprema.gov.co\/corte\/wp-content\/uploads\/not\/laboral20\/sinprovidenciasanotificar24092020.pdf\" target=\"_blank\" rel=\"noopener noreferrer\">24<\/a><\/td>\n<td style=\"text-align: center\"><a href=\"https:\/\/cortesuprema.gov.co\/corte\/wp-content\/uploads\/not\/laboral20\/estado102laboral25092020.pdf\" target=\"_blank\" rel=\"noopener noreferrer\">25<\/a><\/td>\n<\/tr>\n<tr>\n<td style=\"text-align: center\">28<\/td>\n<td style=\"text-align: center\">29<\/td>\n<td style=\"text-align: center\">30<\/td>\n<td style=\"text-align: center\"><\/td>\n<td style=\"text-align: center\"><\/td>\n<\/tr>\n<\/tbody>\n<\/table>\n<\/td>\n<\/tr>\n<tr>\n<td>Agosto 2020<\/p>\n<table>\n<tbody>\n<tr>\n<td>Lunes<\/td>\n<td>Martes<\/td>\n<td>Mi\u00e9rcoles<\/td>\n<td>Jueves<\/td>\n<td>Viernes<\/td>\n<\/tr>\n<tr>\n<td style=\"text-align: center\"><a href=\"https:\/\/cortesuprema.gov.co\/corte\/wp-content\/uploads\/not\/laboral20\/estado67laboral03082020.pdf\" target=\"_blank\" rel=\"noopener noreferrer\">3<\/a><\/td>\n<td style=\"text-align: center\"><a href=\"https:\/\/cortesuprema.gov.co\/corte\/wp-content\/uploads\/not\/laboral20\/estado68laboral04082020.pdf\" target=\"_blank\" rel=\"noopener noreferrer\">4<\/a><\/td>\n<td style=\"text-align: center\"><a href=\"https:\/\/cortesuprema.gov.co\/corte\/wp-content\/uploads\/not\/laboral20\/estado69laboral05082020.pdf\" target=\"_blank\" rel=\"noopener noreferrer\">5<\/a><\/td>\n<td style=\"text-align: center\"><a href=\"https:\/\/cortesuprema.gov.co\/corte\/wp-content\/uploads\/not\/laboral20\/estado70laboral06082020.pdf\" target=\"_blank\" rel=\"noopener noreferrer\">6<\/a><\/td>\n<td style=\"text-align: center\"><span style=\"color: #ff0000\">7<\/span><\/td>\n<\/tr>\n<tr>\n<td style=\"text-align: center\"><a href=\"https:\/\/cortesuprema.gov.co\/corte\/wp-content\/uploads\/not\/laboral20\/estado71laboral10082020.pdf\" target=\"_blank\" rel=\"noopener noreferrer\">10<\/a><\/td>\n<td style=\"text-align: center\"><a href=\"https:\/\/cortesuprema.gov.co\/corte\/wp-content\/uploads\/not\/laboral20\/estado72laboral11082020.pdf\" target=\"_blank\" rel=\"noopener noreferrer\">11<\/a><\/td>\n<td style=\"text-align: center\"><a href=\"https:\/\/cortesuprema.gov.co\/corte\/wp-content\/uploads\/not\/laboral20\/estado73laboral12082020.pdf\" target=\"_blank\" rel=\"noopener noreferrer\">12<\/a><\/td>\n<td style=\"text-align: center\"><a href=\"https:\/\/cortesuprema.gov.co\/corte\/wp-content\/uploads\/not\/laboral20\/estado74laboral13082020.pdf\" target=\"_blank\" rel=\"noopener noreferrer\">13<\/a><\/td>\n<td style=\"text-align: center\"><a href=\"https:\/\/cortesuprema.gov.co\/corte\/wp-content\/uploads\/not\/laboral20\/estado75laboral14082020.pdf\" target=\"_blank\" rel=\"noopener noreferrer\">14<\/a><\/td>\n<\/tr>\n<tr>\n<td style=\"text-align: center\"><span style=\"color: #ff0000\">17<\/span><\/td>\n<td style=\"text-align: center\"><a href=\"https:\/\/cortesuprema.gov.co\/corte\/wp-content\/uploads\/not\/laboral20\/estado76laboral18082020.pdf\" target=\"_blank\" rel=\"noopener noreferrer\">18<\/a><\/td>\n<td style=\"text-align: center\"><a href=\"https:\/\/cortesuprema.gov.co\/corte\/wp-content\/uploads\/not\/laboral20\/sinprovidenciasanotificar19082020.pdf\" target=\"_blank\" rel=\"noopener noreferrer\">19<\/a><\/td>\n<td style=\"text-align: center\"><a href=\"https:\/\/cortesuprema.gov.co\/corte\/wp-content\/uploads\/not\/laboral20\/estado77laboral2008020.pdf\" target=\"_blank\" rel=\"noopener noreferrer\">20<\/a><\/td>\n<td style=\"text-align: center\"><a href=\"https:\/\/cortesuprema.gov.co\/corte\/wp-content\/uploads\/not\/laboral20\/estado78laboral21082020.pdf\" target=\"_blank\" rel=\"noopener noreferrer\">21<\/a><\/td>\n<\/tr>\n<tr>\n<td style=\"text-align: center\"><a href=\"https:\/\/cortesuprema.gov.co\/corte\/wp-content\/uploads\/not\/laboral20\/estado79laboral24082020.pdf\" target=\"_blank\" rel=\"noopener noreferrer\">24<\/a><\/td>\n<td style=\"text-align: center\"><a href=\"https:\/\/cortesuprema.gov.co\/corte\/wp-content\/uploads\/not\/laboral20\/estado80laboral25082020.pdf\" target=\"_blank\" rel=\"noopener noreferrer\">25<\/a><\/td>\n<td style=\"text-align: center\"><a href=\"https:\/\/cortesuprema.gov.co\/corte\/wp-content\/uploads\/not\/laboral20\/estado81laboral26082020.pdf\" target=\"_blank\" rel=\"noopener noreferrer\">26<\/a><\/td>\n<td style=\"text-align: center\"><a href=\"https:\/\/cortesuprema.gov.co\/corte\/wp-content\/uploads\/not\/laboral20\/estado82laboral27082020.pdf\" target=\"_blank\" rel=\"noopener noreferrer\">27<\/a><\/td>\n<td style=\"text-align: center\"><a href=\"https:\/\/cortesuprema.gov.co\/corte\/wp-content\/uploads\/not\/laboral20\/estado83laboral28082020.pdf\" target=\"_blank\" rel=\"noopener noreferrer\">28<\/a><\/td>\n<\/tr>\n<tr>\n<td style=\"text-align: center\"><a href=\"https:\/\/cortesuprema.gov.co\/corte\/wp-content\/uploads\/not\/laboral20\/estado84laboral31082020.pdf\" target=\"_blank\" rel=\"noopener noreferrer\">31<\/a><\/td>\n<td style=\"text-align: center\"><\/td>\n<td style=\"text-align: center\"><\/td>\n<td style=\"text-align: center\"><\/td>\n<td style=\"text-align: center\"><\/td>\n<\/tr>\n<\/tbody>\n<\/table>\n<\/td>\n<td>Julio 2020<\/p>\n<table>\n<tbody>\n<tr>\n<td>Lunes<\/td>\n<td>Martes<\/td>\n<td>Mi\u00e9rcoles<\/td>\n<td>Jueves<\/td>\n<td>Viernes<\/td>\n<\/tr>\n<tr>\n<td style=\"text-align: center\"><\/td>\n<td style=\"text-align: center\"><\/td>\n<td style=\"text-align: center\"><a href=\"https:\/\/cortesuprema.gov.co\/corte\/wp-content\/uploads\/not\/laboral20\/estado48laboral01072020.pdf\">1<\/a><\/td>\n<td style=\"text-align: center\"><a href=\"https:\/\/cortesuprema.gov.co\/corte\/wp-content\/uploads\/not\/laboral20\/estado49laboral02072020.pdf\" target=\"_blank\" rel=\"noopener noreferrer\">2<\/a><\/td>\n<td style=\"text-align: center\"><a href=\"https:\/\/cortesuprema.gov.co\/corte\/wp-content\/uploads\/not\/laboral20\/estado50laboral03072020.pdf\" target=\"_blank\" rel=\"noopener noreferrer\">3<\/a><\/td>\n<\/tr>\n<tr>\n<td style=\"text-align: center\"><a href=\"https:\/\/cortesuprema.gov.co\/corte\/wp-content\/uploads\/not\/laboral20\/estado51laboral06072020.pdf\">6<\/a><\/td>\n<td style=\"text-align: center\"><a href=\"https:\/\/cortesuprema.gov.co\/corte\/wp-content\/uploads\/not\/laboral20\/estado52laboral07072020.pdf\" target=\"_blank\" rel=\"noopener noreferrer\">7<\/a><\/td>\n<td style=\"text-align: center\"><a href=\"https:\/\/cortesuprema.gov.co\/corte\/wp-content\/uploads\/not\/laboral20\/estado53laboral08072020.pdf\" target=\"_blank\" rel=\"noopener noreferrer\">8<\/a><\/td>\n<td style=\"text-align: center\"><a href=\"https:\/\/cortesuprema.gov.co\/corte\/wp-content\/uploads\/not\/laboral20\/sinprovidenciasanotificar09072020.pdf\" target=\"_blank\" rel=\"noopener noreferrer\">9<\/a><\/td>\n<td style=\"text-align: center\"><a href=\"https:\/\/cortesuprema.gov.co\/corte\/wp-content\/uploads\/not\/laboral20\/estado54laboral10072020.pdf\" target=\"_blank\" rel=\"noopener noreferrer\">10<\/a><\/td>\n<\/tr>\n<tr>\n<td style=\"text-align: center\"><a href=\"https:\/\/cortesuprema.gov.co\/corte\/wp-content\/uploads\/not\/laboral20\/estado55laboral13072020.pdf\" target=\"_blank\" rel=\"noopener noreferrer\">13<\/a><\/td>\n<td style=\"text-align: center\"><a href=\"https:\/\/cortesuprema.gov.co\/corte\/wp-content\/uploads\/not\/laboral20\/sinprovidenciasanotificar14072020.pdf\" target=\"_blank\" rel=\"noopener noreferrer\">14<\/a><\/td>\n<td style=\"text-align: center\"><a href=\"https:\/\/cortesuprema.gov.co\/corte\/wp-content\/uploads\/not\/laboral20\/estado56laboral15072020.pdf\" target=\"_blank\" rel=\"noopener noreferrer\">15<\/a><\/td>\n<td style=\"text-align: center\"><a href=\"https:\/\/cortesuprema.gov.co\/corte\/wp-content\/uploads\/not\/laboral20\/estado57laboral16072020.pdf\" target=\"_blank\" rel=\"noopener noreferrer\">16<\/a><\/td>\n<td style=\"text-align: center\"><a href=\"https:\/\/cortesuprema.gov.co\/corte\/wp-content\/uploads\/not\/laboral20\/estado58laboral17072020.pdf\" target=\"_blank\" rel=\"noopener noreferrer\">17<\/a><\/td>\n<\/tr>\n<tr>\n<td style=\"text-align: center\"><span style=\"color: #ff0000\">20<\/span><\/td>\n<td style=\"text-align: center\"><a href=\"https:\/\/cortesuprema.gov.co\/corte\/wp-content\/uploads\/not\/laboral20\/sinprovidenciasanotificar21072020.pdf\" target=\"_blank\" rel=\"noopener noreferrer\">21<\/a><\/td>\n<td style=\"text-align: center\"><a href=\"https:\/\/cortesuprema.gov.co\/corte\/wp-content\/uploads\/not\/laboral20\/estado59laboral22072020.pdf\" target=\"_blank\" rel=\"noopener noreferrer\">22<\/a><\/td>\n<td style=\"text-align: center\"><a href=\"https:\/\/cortesuprema.gov.co\/corte\/wp-content\/uploads\/not\/laboral20\/estado60laboral23072020.pdf\" target=\"_blank\" rel=\"noopener noreferrer\">23<\/a><\/td>\n<td style=\"text-align: center\"><a href=\"https:\/\/cortesuprema.gov.co\/corte\/wp-content\/uploads\/not\/laboral20\/estado61laboral24072020.pdf\" target=\"_blank\" rel=\"noopener noreferrer\">24<\/a><\/td>\n<\/tr>\n<tr>\n<td style=\"text-align: center\"><a href=\"https:\/\/cortesuprema.gov.co\/corte\/wp-content\/uploads\/not\/laboral20\/estado62laboral27072020.pdf\">27<\/a><\/td>\n<td style=\"text-align: center\"><a href=\"https:\/\/cortesuprema.gov.co\/corte\/wp-content\/uploads\/not\/laboral20\/estado63laboral28072020.pdf\" target=\"_blank\" rel=\"noopener noreferrer\">28<\/a><\/td>\n<td style=\"text-align: center\"><a href=\"https:\/\/cortesuprema.gov.co\/corte\/wp-content\/uploads\/not\/laboral20\/estado64laboral29072020.pdf\" target=\"_blank\" rel=\"noopener noreferrer\">29<\/a><\/td>\n<td style=\"text-align: center\"><a href=\"https:\/\/cortesuprema.gov.co\/corte\/wp-content\/uploads\/not\/laboral20\/estado65laboral30072020.pdf\" target=\"_blank\" rel=\"noopener noreferrer\">30<\/a><\/td>\n<td style=\"text-align: center\"><a href=\"https:\/\/cortesuprema.gov.co\/corte\/wp-content\/uploads\/not\/laboral20\/estado66laboral31072020.pdf\" target=\"_blank\" rel=\"noopener noreferrer\">31<\/a><\/td>\n<\/tr>\n<\/tbody>\n<\/table>\n<\/td>\n<\/tr>\n<tr>\n<td>junio 2020<\/p>\n<table>\n<tbody>\n<tr>\n<td>Lunes<\/td>\n<td>Martes<\/td>\n<td>Mi\u00e9rcoles<\/td>\n<td>Jueves<\/td>\n<td>Viernes<\/td>\n<\/tr>\n<tr>\n<td style=\"text-align: center\"><a href=\"https:\/\/cortesuprema.gov.co\/corte\/wp-content\/uploads\/not\/laboral20\/sinprovidenciasanotificar01062020.pdf\">1<\/a><\/td>\n<td style=\"text-align: center\"><a href=\"https:\/\/cortesuprema.gov.co\/corte\/wp-content\/uploads\/not\/laboral20\/estado36laboral02062020.pdf\" target=\"_blank\" rel=\"noopener noreferrer\">2<\/a><\/td>\n<td style=\"text-align: center\"><a href=\"https:\/\/cortesuprema.gov.co\/corte\/wp-content\/uploads\/not\/laboral20\/sinprovidenciasanotificar03062020.pdf\" target=\"_blank\" rel=\"noopener noreferrer\">3<\/a><\/td>\n<td style=\"text-align: center\"><a href=\"https:\/\/cortesuprema.gov.co\/corte\/wp-content\/uploads\/not\/laboral20\/sinprovidenciasanotificar04062020.pdf\" target=\"_blank\" rel=\"noopener noreferrer\">4<\/a><\/td>\n<td style=\"text-align: center\"><a href=\"https:\/\/cortesuprema.gov.co\/corte\/wp-content\/uploads\/not\/laboral20\/sinprovidenciasanotificar05062020.pdf\" target=\"_blank\" rel=\"noopener noreferrer\">5<\/a><\/td>\n<\/tr>\n<tr>\n<td style=\"text-align: center\"><a href=\"https:\/\/cortesuprema.gov.co\/corte\/wp-content\/uploads\/not\/laboral20\/estado37laboral08062020.pdf\" target=\"_blank\" rel=\"noopener noreferrer\">8<\/a><\/td>\n<td style=\"text-align: center\"><a href=\"https:\/\/cortesuprema.gov.co\/corte\/wp-content\/uploads\/not\/laboral20\/sinprovidenciasanotificar09062020.pdf\">9<\/a><\/td>\n<td style=\"text-align: center\"><a href=\"https:\/\/cortesuprema.gov.co\/corte\/wp-content\/uploads\/not\/laboral20\/estado38laboral10062020.pdf\" target=\"_blank\" rel=\"noopener noreferrer\">10<\/a><\/td>\n<td style=\"text-align: center\"><a href=\"https:\/\/cortesuprema.gov.co\/corte\/wp-content\/uploads\/not\/laboral20\/sinprovidenciasanotificar11062020.pdf\" target=\"_blank\" rel=\"noopener noreferrer\">11<\/a><\/td>\n<td style=\"text-align: center\"><a href=\"https:\/\/cortesuprema.gov.co\/corte\/wp-content\/uploads\/not\/laboral20\/estado39laboral12062020.pdf\" target=\"_blank\" rel=\"noopener noreferrer\">12<\/a><\/td>\n<\/tr>\n<tr>\n<td style=\"text-align: center\"><span style=\"color: #ff0000\">15<\/span><\/td>\n<td style=\"text-align: center\"><a href=\"https:\/\/cortesuprema.gov.co\/corte\/wp-content\/uploads\/not\/laboral20\/estado40laboral16062020.pdf\" target=\"_blank\" rel=\"noopener noreferrer\">16<\/a><\/td>\n<td style=\"text-align: center\"><a href=\"https:\/\/cortesuprema.gov.co\/corte\/wp-content\/uploads\/not\/laboral20\/estado41laboral17062020.pdf\">17<\/a><\/td>\n<td style=\"text-align: center\"><a href=\"https:\/\/cortesuprema.gov.co\/corte\/wp-content\/uploads\/not\/laboral20\/estado42laboral18062020.pdf\" target=\"_blank\" rel=\"noopener noreferrer\">18<\/a><\/td>\n<td style=\"text-align: center\"><a href=\"https:\/\/cortesuprema.gov.co\/corte\/wp-content\/uploads\/not\/laboral20\/estado43laboral19062020.pdf\" target=\"_blank\" rel=\"noopener noreferrer\">19<\/a><\/td>\n<\/tr>\n<tr>\n<td style=\"text-align: center\"><span style=\"color: #ff0000\">22<\/span><\/td>\n<td style=\"text-align: center\"><a href=\"https:\/\/cortesuprema.gov.co\/corte\/wp-content\/uploads\/not\/laboral20\/estado44laboral23062020.pdf\" target=\"_blank\" rel=\"noopener noreferrer\">23<\/a><\/td>\n<td style=\"text-align: center\"><a href=\"https:\/\/cortesuprema.gov.co\/corte\/wp-content\/uploads\/not\/laboral20\/estado45laboral24062020.pdf\" target=\"_blank\" rel=\"noopener noreferrer\">24<\/a><\/td>\n<td style=\"text-align: center\"><a href=\"https:\/\/cortesuprema.gov.co\/corte\/wp-content\/uploads\/not\/laboral20\/estado46laboral25062020.pdf\" target=\"_blank\" rel=\"noopener noreferrer\">25<\/a><\/td>\n<td style=\"text-align: center\"><a href=\"https:\/\/cortesuprema.gov.co\/corte\/wp-content\/uploads\/not\/laboral20\/estado47laboral26062020.pdf\" target=\"_blank\" rel=\"noopener noreferrer\">26<\/a><\/td>\n<\/tr>\n<tr>\n<td style=\"text-align: center\"><span style=\"color: #ff0000\">29<\/span><\/td>\n<td style=\"text-align: center\"><a href=\"https:\/\/cortesuprema.gov.co\/corte\/wp-content\/uploads\/not\/laboral20\/sinprovidenciasanotificar30062020.pdf\" target=\"_blank\" rel=\"noopener noreferrer\">30<\/a><\/td>\n<td style=\"text-align: center\"><\/td>\n<td style=\"text-align: center\"><\/td>\n<td style=\"text-align: center\"><\/td>\n<\/tr>\n<\/tbody>\n<\/table>\n<\/td>\n<td>mayo 2020<\/p>\n<table>\n<tbody>\n<tr>\n<td>Lunes<\/td>\n<td>Martes<\/td>\n<td>Mi\u00e9rcoles<\/td>\n<td>Jueves<\/td>\n<td>Viernes<\/td>\n<\/tr>\n<tr>\n<td style=\"text-align: center\"><\/td>\n<td style=\"text-align: center\"><\/td>\n<td style=\"text-align: center\"><\/td>\n<td style=\"text-align: center\"><\/td>\n<td style=\"text-align: center\"><span style=\"color: #ff0000\">1<\/span><\/td>\n<\/tr>\n<tr>\n<td style=\"text-align: center\"><a title=\"Suspensi\u00f3n t\u00e9rminos ACUERDO PCSJA20-11546\" href=\" \">4<\/a><\/td>\n<td style=\"text-align: center\"><a title=\"Suspensi\u00f3n t\u00e9rminos ACUERDO PCSJA20-11546\" href=\" \">5<\/a><\/td>\n<td style=\"text-align: center\"><a title=\"Suspensi\u00f3n t\u00e9rminos ACUERDO PCSJA20-11546\" href=\" \">6<\/a><\/td>\n<td style=\"text-align: center\"><a title=\"Suspensi\u00f3n t\u00e9rminos ACUERDO PCSJA20-11546\" href=\" \">7<\/a><\/td>\n<td style=\"text-align: center\"><a title=\"Suspensi\u00f3n t\u00e9rminos ACUERDO PCSJA20-11546\" href=\" \">8<\/a><\/td>\n<\/tr>\n<tr>\n<td style=\"text-align: center\"><a title=\"Suspensi\u00f3n t\u00e9rminos ACUERDO PCSJA20-11549\" href=\" \">11<\/a><\/td>\n<td style=\"text-align: center\"><a title=\"Suspensi\u00f3n t\u00e9rminos ACUERDO PCSJA20-11549\" href=\" \">12<\/a><\/td>\n<td style=\"text-align: center\"><a title=\"Suspensi\u00f3n t\u00e9rminos ACUERDO PCSJA20-11549\" href=\" \">13<\/a><\/td>\n<td style=\"text-align: center\"><a title=\"Suspensi\u00f3n t\u00e9rminos ACUERDO PCSJA20-11549\" href=\" \">14<\/a><\/td>\n<td style=\"text-align: center\"><a title=\"Suspensi\u00f3n t\u00e9rminos ACUERDO PCSJA20-11549\" href=\" \">15<\/a><\/td>\n<\/tr>\n<tr>\n<td style=\"text-align: center\"><a title=\"Suspensi\u00f3n t\u00e9rminos ACUERDO PCSJA20-11549\" href=\" \">18<\/a><\/td>\n<td style=\"text-align: center\"><a title=\"Suspensi\u00f3n t\u00e9rminos ACUERDO PCSJA20-11549\" href=\" \">19<\/a><\/td>\n<td style=\"text-align: center\"><a title=\"Suspensi\u00f3n t\u00e9rminos ACUERDO PCSJA20-11549\" href=\" \">20<\/a><\/td>\n<td style=\"text-align: center\"><a title=\"Suspensi\u00f3n t\u00e9rminos ACUERDO PCSJA20-11549\" href=\" \">21<\/a><\/td>\n<td style=\"text-align: center\"><a title=\"Suspensi\u00f3n t\u00e9rminos ACUERDO PCSJA20-11549\" href=\" \">22<\/a><\/td>\n<\/tr>\n<tr>\n<td style=\"text-align: center\"><span style=\"color: #ff0000\">25<\/span><\/td>\n<td style=\"text-align: center\">26<\/td>\n<td style=\"text-align: center\">27<\/td>\n<td style=\"text-align: center\"><a href=\"https:\/\/cortesuprema.gov.co\/corte\/wp-content\/uploads\/not\/laboral20\/sinprovidenciasanotificar28052020.pdf\">28<\/a><\/td>\n<td style=\"text-align: center\"><a href=\"https:\/\/cortesuprema.gov.co\/corte\/wp-content\/uploads\/not\/laboral20\/sinprovidenciasanotificar29052020.pdf\">29<\/a><\/td>\n<\/tr>\n<\/tbody>\n<\/table>\n<\/td>\n<\/tr>\n<tr>\n<td>Abril 2020<\/p>\n<table>\n<tbody>\n<tr>\n<td>Lunes<\/td>\n<td>Martes<\/td>\n<td>Mi\u00e9rcoles<\/td>\n<td>Jueves<\/td>\n<td>Viernes<\/td>\n<\/tr>\n<tr>\n<td style=\"text-align: center\"><\/td>\n<td style=\"text-align: center\"><\/td>\n<td style=\"text-align: center\"><a title=\"Suspensi\u00f3n t\u00e9rminos ACUERDO PCSJA20-11517\" href=\" \">1<\/a><\/td>\n<td style=\"text-align: center\"><a title=\"Suspensi\u00f3n t\u00e9rminos ACUERDO PCSJA20-11517\" href=\" \">2<\/a><\/td>\n<td style=\"text-align: center\"><a title=\"Suspensi\u00f3n t\u00e9rminos ACUERDO PCSJA20-11517\" href=\" \">3<\/a><\/td>\n<\/tr>\n<tr>\n<td style=\"text-align: center\"><span style=\"color: #ff0000\">6<\/span><\/td>\n<td style=\"text-align: center\"><span style=\"color: #ff0000\">7<\/span><\/td>\n<td style=\"text-align: center\"><span style=\"color: #ff0000\">8<\/span><\/td>\n<td style=\"text-align: center\"><span style=\"color: #ff0000\">9<\/span><\/td>\n<td style=\"text-align: center\"><span style=\"color: #ff0000\">10<\/span><\/td>\n<\/tr>\n<tr>\n<td style=\"text-align: center\"><a title=\"Suspensi\u00f3n t\u00e9rminos ACUERDO PCSJA20-11532\" href=\" \">13<\/a><\/td>\n<td style=\"text-align: center\"><a title=\"Suspensi\u00f3n t\u00e9rminos ACUERDO PCSJA20-11532\" href=\" \">14<\/a><\/td>\n<td style=\"text-align: center\"><a title=\"Suspensi\u00f3n t\u00e9rminos ACUERDO PCSJA20-11532\" href=\" \">15<\/a><\/td>\n<td style=\"text-align: center\"><a title=\"Suspensi\u00f3n t\u00e9rminos ACUERDO PCSJA20-11532\" href=\" \">16<\/a><\/td>\n<td style=\"text-align: center\"><a title=\"Suspensi\u00f3n t\u00e9rminos ACUERDO PCSJA20-11532\" href=\" \">17<\/a><\/td>\n<\/tr>\n<tr>\n<td style=\"text-align: center\"><a title=\"Suspensi\u00f3n t\u00e9rminos ACUERDO PCSJA20-11532\" href=\" \">20<\/a><\/td>\n<td style=\"text-align: center\"><a title=\"Suspensi\u00f3n t\u00e9rminos ACUERDO PCSJA20-11532\" href=\" \">21<\/a><\/td>\n<td style=\"text-align: center\"><a title=\"Suspensi\u00f3n t\u00e9rminos ACUERDO PCSJA20-11532\" href=\" \">22<\/a><\/td>\n<td style=\"text-align: center\"><a title=\"Suspensi\u00f3n t\u00e9rminos ACUERDO PCSJA20-11532\" href=\" \">23<\/a><\/td>\n<td style=\"text-align: center\"><a title=\"Suspensi\u00f3n t\u00e9rminos ACUERDO PCSJA20-11532\" href=\" \">24<\/a><\/td>\n<\/tr>\n<tr>\n<td style=\"text-align: center\"><a title=\"Suspensi\u00f3n t\u00e9rminos ACUERDO PCSJA20-11546\" href=\" \">27<\/a><\/td>\n<td style=\"text-align: center\"><a title=\"Suspensi\u00f3n t\u00e9rminos ACUERDO PCSJA20-11546\" href=\" \">28<\/a><\/td>\n<td style=\"text-align: center\"><a title=\"Suspensi\u00f3n t\u00e9rminos ACUERDO PCSJA20-11546\" href=\" \">29<\/a><\/td>\n<td style=\"text-align: center\"><a title=\"Suspensi\u00f3n t\u00e9rminos ACUERDO PCSJA20-11546\" href=\" \">30<\/a><\/td>\n<td style=\"text-align: center\"><\/td>\n<\/tr>\n<\/tbody>\n<\/table>\n<\/td>\n<td>Marzo 2020<\/p>\n<table>\n<tbody>\n<tr>\n<td>Lunes<\/td>\n<td>Martes<\/td>\n<td>Mi\u00e9rcoles<\/td>\n<td>Jueves<\/td>\n<td>Viernes<\/td>\n<\/tr>\n<tr>\n<td style=\"text-align: center\"><a href=\"https:\/\/cortesuprema.gov.co\/corte\/wp-content\/uploads\/not\/laboral20\/estado026laboral02032020.pdf\" target=\"_blank\" rel=\"noopener noreferrer\">2<\/a><\/td>\n<td style=\"text-align: center\"><a href=\"https:\/\/cortesuprema.gov.co\/corte\/wp-content\/uploads\/not\/laboral20\/estado027laboral03032020.pdf\" target=\"_blank\" rel=\"noopener noreferrer\">3<\/a><\/td>\n<td style=\"text-align: center\"><a href=\"https:\/\/cortesuprema.gov.co\/corte\/wp-content\/uploads\/not\/laboral20\/estado28laboral04032020.pdf\" target=\"_blank\" rel=\"noopener noreferrer\">4<\/a><\/td>\n<td style=\"text-align: center\"><a href=\"https:\/\/cortesuprema.gov.co\/corte\/wp-content\/uploads\/not\/laboral20\/estado29laboral05032020.pdf\" target=\"_blank\" rel=\"noopener noreferrer\">5<\/a><\/td>\n<td style=\"text-align: center\"><a href=\"https:\/\/cortesuprema.gov.co\/corte\/wp-content\/uploads\/not\/laboral20\/estado30laboral06032020.pdf\" target=\"_blank\" rel=\"noopener noreferrer\">6<\/a><\/td>\n<\/tr>\n<tr>\n<td style=\"text-align: center\"><a href=\"https:\/\/cortesuprema.gov.co\/corte\/wp-content\/uploads\/not\/laboral20\/estado31laboral09032020.pdf\" target=\"_blank\" rel=\"noopener noreferrer\">9<\/a><\/td>\n<td style=\"text-align: center\"><a href=\"https:\/\/cortesuprema.gov.co\/corte\/wp-content\/uploads\/not\/laboral20\/estado32laboral10032020.pdf\" target=\"_blank\" rel=\"noopener noreferrer\">10<\/a><\/td>\n<td style=\"text-align: center\"><a href=\"https:\/\/cortesuprema.gov.co\/corte\/wp-content\/uploads\/not\/laboral20\/estado33laboral11032020.pdf\" target=\"_blank\" rel=\"noopener noreferrer\">11<\/a><\/td>\n<td style=\"text-align: center\"><a href=\"https:\/\/cortesuprema.gov.co\/corte\/wp-content\/uploads\/not\/laboral20\/estado34laboral12032020.pdf\" target=\"_blank\" rel=\"noopener noreferrer\">12<\/a><\/td>\n<td style=\"text-align: center\"><a href=\"https:\/\/cortesuprema.gov.co\/corte\/wp-content\/uploads\/not\/laboral20\/estado35laboral13032020.pdf\" target=\"_blank\" rel=\"noopener noreferrer\">13<\/a><\/td>\n<\/tr>\n<tr>\n<td style=\"text-align: center\"><a title=\"Suspensi\u00f3n t\u00e9rminos ACUERDO PCSJA20-11517\" href=\" \">16<\/a><\/td>\n<td style=\"text-align: center\"><a title=\"Suspensi\u00f3n t\u00e9rminos ACUERDO PCSJA20-11517\" href=\" \">17<\/a><\/td>\n<td style=\"text-align: center\"><a title=\"Suspensi\u00f3n t\u00e9rminos ACUERDO PCSJA20-11517\" href=\" \">18<\/a><\/td>\n<td style=\"text-align: center\"><a title=\"Suspensi\u00f3n t\u00e9rminos ACUERDO PCSJA20-11517\" href=\" \">19<\/a><\/td>\n<td style=\"text-align: center\"><a title=\"Suspensi\u00f3n t\u00e9rminos ACUERDO PCSJA20-11517\" href=\" \">20<\/a><\/td>\n<\/tr>\n<tr>\n<td style=\"text-align: center\"><span style=\"color: #ff0000\">23<\/span><\/td>\n<td style=\"text-align: center\"><a title=\"Suspensi\u00f3n t\u00e9rminos ACUERDO PCSJA20-11517\" href=\" \">24<\/a><\/td>\n<td style=\"text-align: center\"><a title=\"Suspensi\u00f3n t\u00e9rminos ACUERDO PCSJA20-11517\" href=\" \">25<\/a><\/td>\n<td style=\"text-align: center\"><a title=\"Suspensi\u00f3n t\u00e9rminos ACUERDO PCSJA20-11517\" href=\" \">26<\/a><\/td>\n<td style=\"text-align: center\"><a title=\"Suspensi\u00f3n t\u00e9rminos ACUERDO PCSJA20-11517\" href=\" \">27<\/a><\/td>\n<\/tr>\n<tr>\n<td style=\"text-align: center\"><a title=\"Suspensi\u00f3n t\u00e9rminos ACUERDO PCSJA20-11517\" href=\" \">30<\/a><\/td>\n<td style=\"text-align: center\"><a title=\"Suspensi\u00f3n t\u00e9rminos ACUERDO PCSJA20-11517\" href=\" \">31<\/a><\/td>\n<td style=\"text-align: center\"><\/td>\n<td style=\"text-align: center\"><\/td>\n<td style=\"text-align: center\"><\/td>\n<\/tr>\n<\/tbody>\n<\/table>\n<\/td>\n<\/tr>\n<tr>\n<td>Febrero 2020<\/p>\n<table>\n<tbody>\n<tr>\n<td>Lunes<\/td>\n<td>Martes<\/td>\n<td>Mi\u00e9rcoles<\/td>\n<td>Jueves<\/td>\n<td>Viernes<\/td>\n<\/tr>\n<tr>\n<td style=\"text-align: center\"><a href=\"https:\/\/cortesuprema.gov.co\/corte\/wp-content\/uploads\/not\/laboral20\/estado009laboral03022020.pdf\" target=\"_blank\" rel=\"noopener noreferrer\">3<\/a><\/td>\n<td style=\"text-align: center\"><a href=\"https:\/\/cortesuprema.gov.co\/corte\/wp-content\/uploads\/not\/laboral20\/sinprovidenciasanotificar04022020.pdf\" target=\"_blank\" rel=\"noopener noreferrer\">4<\/a><\/td>\n<td style=\"text-align: center\"><a href=\"https:\/\/cortesuprema.gov.co\/corte\/wp-content\/uploads\/not\/laboral20\/estado010laboral05022020.pdf\" target=\"_blank\" rel=\"noopener noreferrer\">5<\/a><\/td>\n<td style=\"text-align: center\"><a href=\"https:\/\/cortesuprema.gov.co\/corte\/wp-content\/uploads\/not\/laboral20\/estado011laboral06022020.pdf\" target=\"_blank\" rel=\"noopener noreferrer\">6<\/a><\/td>\n<td style=\"text-align: center\"><a href=\"https:\/\/cortesuprema.gov.co\/corte\/wp-content\/uploads\/not\/laboral20\/estado012laboral07022020.pdf\" target=\"_blank\" rel=\"noopener noreferrer\">7<\/a><\/td>\n<\/tr>\n<tr>\n<td style=\"text-align: center\"><a href=\"https:\/\/cortesuprema.gov.co\/corte\/wp-content\/uploads\/not\/laboral20\/estado013laboral10022020.pdf\" target=\"_blank\" rel=\"noopener noreferrer\">10<\/a><\/td>\n<td style=\"text-align: center\"><a href=\"https:\/\/cortesuprema.gov.co\/corte\/wp-content\/uploads\/not\/laboral20\/sinprovanotificar11022020.pdf\" target=\"_blank\" rel=\"noopener noreferrer\">11<\/a><\/td>\n<td style=\"text-align: center\"><a href=\"https:\/\/cortesuprema.gov.co\/corte\/wp-content\/uploads\/not\/laboral20\/estado014laboral12022020.pdf\" target=\"_blank\" rel=\"noopener noreferrer\">12<\/a><\/td>\n<td style=\"text-align: center\"><a href=\"https:\/\/cortesuprema.gov.co\/corte\/wp-content\/uploads\/not\/laboral20\/estado015laboral13022020.pdf\" target=\"_blank\" rel=\"noopener noreferrer\">13<\/a><\/td>\n<td style=\"text-align: center\"><a href=\"https:\/\/cortesuprema.gov.co\/corte\/wp-content\/uploads\/not\/laboral20\/estado016laboral14022020.pdf\" target=\"_blank\" rel=\"noopener noreferrer\">14<\/a><\/td>\n<\/tr>\n<tr>\n<td style=\"text-align: center\"><a href=\"https:\/\/cortesuprema.gov.co\/corte\/wp-content\/uploads\/not\/laboral20\/estado017laboral17022020.pdf\" target=\"_blank\" rel=\"noopener noreferrer\">17<\/a><\/td>\n<td style=\"text-align: center\"><a href=\"https:\/\/cortesuprema.gov.co\/corte\/wp-content\/uploads\/not\/laboral20\/estado018laboral18022020.pdf\" target=\"_blank\" rel=\"noopener noreferrer\">18<\/a><\/td>\n<td style=\"text-align: center\"><a href=\"https:\/\/cortesuprema.gov.co\/corte\/wp-content\/uploads\/not\/laboral20\/sinprovidenciasanotificar19022020.pdf\" target=\"_blank\" rel=\"noopener noreferrer\">19<\/a><\/td>\n<td style=\"text-align: center\"><a href=\"https:\/\/cortesuprema.gov.co\/corte\/wp-content\/uploads\/not\/laboral20\/estado019laboral20022020.pdf\" target=\"_blank\" rel=\"noopener noreferrer\">20<\/a><\/td>\n<td style=\"text-align: center\"><a href=\"https:\/\/cortesuprema.gov.co\/corte\/wp-content\/uploads\/not\/laboral20\/estado020laboral21022020.pdf\" target=\"_blank\" rel=\"noopener noreferrer\">21<\/a><\/td>\n<\/tr>\n<tr>\n<td style=\"text-align: center\"><a href=\"https:\/\/cortesuprema.gov.co\/corte\/wp-content\/uploads\/not\/laboral20\/estado021laboral24022020.pdf\" target=\"_blank\" rel=\"noopener noreferrer\">24<\/a><\/td>\n<td style=\"text-align: center\"><a href=\"https:\/\/cortesuprema.gov.co\/corte\/wp-content\/uploads\/not\/laboral20\/estado022laboral25022020.pdf\" target=\"_blank\" rel=\"noopener noreferrer\">25<\/a><\/td>\n<td style=\"text-align: center\"><a href=\"https:\/\/cortesuprema.gov.co\/corte\/wp-content\/uploads\/not\/laboral20\/estado023laboral26022020.pdf\" target=\"_blank\" rel=\"noopener noreferrer\">26<\/a><\/td>\n<td style=\"text-align: center\"><a href=\"https:\/\/cortesuprema.gov.co\/corte\/wp-content\/uploads\/not\/laboral20\/estado024laboral27022020.pdf\" target=\"_blank\" rel=\"noopener noreferrer\">27<\/a><\/td>\n<td style=\"text-align: center\"><a href=\"https:\/\/cortesuprema.gov.co\/corte\/wp-content\/uploads\/not\/laboral20\/estado025laboral28022020.pdf\" target=\"_blank\" rel=\"noopener noreferrer\">28<\/a><\/td>\n<\/tr>\n<\/tbody>\n<\/table>\n<\/td>\n<td>Enero 2020<\/p>\n<table>\n<tbody>\n<tr>\n<td>Lunes<\/td>\n<td>Martes<\/td>\n<td>Mi\u00e9rcoles<\/td>\n<td>Jueves<\/td>\n<td>Viernes<\/td>\n<\/tr>\n<tr>\n<td><\/td>\n<td style=\"text-align: center\"><\/td>\n<td style=\"text-align: center\"><span style=\"color: #ff0000\">1<\/span><\/td>\n<td style=\"text-align: center\"><span style=\"color: #ff0000\">2<\/span><\/td>\n<td style=\"text-align: center\"><span style=\"color: #ff0000\">3<\/span><\/td>\n<\/tr>\n<tr>\n<td style=\"text-align: center\"><span style=\"color: #ff0000\">6<\/span><\/td>\n<td style=\"text-align: center\"><span style=\"color: #ff0000\">7<\/span><\/td>\n<td style=\"text-align: center\"><span style=\"color: #ff0000\">8<\/span><\/td>\n<td style=\"text-align: center\"><span style=\"color: #ff0000\">9<\/span><\/td>\n<td style=\"text-align: center\"><span style=\"color: #ff0000\">10<\/span><\/td>\n<\/tr>\n<tr>\n<td style=\"text-align: center\"><a href=\"https:\/\/cortesuprema.gov.co\/corte\/wp-content\/uploads\/not\/laboral20\/estado001laboral13012020.pdf\" target=\"_blank\" rel=\"noopener noreferrer\">13<\/a><\/td>\n<td style=\"text-align: center\"><a href=\"https:\/\/cortesuprema.gov.co\/corte\/wp-content\/uploads\/not\/laboral20\/sinprovidenciasanotificar14012020.pdf\" target=\"_blank\" rel=\"noopener noreferrer\">14<\/a><\/td>\n<td style=\"text-align: center\"><a href=\"https:\/\/cortesuprema.gov.co\/corte\/wp-content\/uploads\/not\/laboral20\/sinprovidenciasanotificar15012020.pdf\" target=\"_blank\" rel=\"noopener noreferrer\">15<\/a><\/td>\n<td style=\"text-align: center\"><a href=\"https:\/\/cortesuprema.gov.co\/corte\/wp-content\/uploads\/not\/laboral20\/sinprovidenciasanotificar16012020.pdf\" target=\"_blank\" rel=\"noopener noreferrer\">16<\/a><\/td>\n<td style=\"text-align: center\"><a href=\"https:\/\/cortesuprema.gov.co\/corte\/wp-content\/uploads\/not\/laboral20\/sinprovidenciasanotificar17012020.pdf\" target=\"_blank\" rel=\"noopener noreferrer\">17<\/a><\/td>\n<\/tr>\n<tr>\n<td style=\"text-align: center\"><a href=\"https:\/\/cortesuprema.gov.co\/corte\/wp-content\/uploads\/not\/laboral20\/sinprovidenciasanotificar20012020.pdf\" target=\"_blank\" rel=\"noopener noreferrer\">20<\/a><\/td>\n<td style=\"text-align: center\"><a href=\"https:\/\/cortesuprema.gov.co\/corte\/wp-content\/uploads\/not\/laboral20\/sinprovidenciasanotificar21012020.pdf\" target=\"_blank\" rel=\"noopener noreferrer\">21<\/a><\/td>\n<td style=\"text-align: center\"><a href=\"https:\/\/cortesuprema.gov.co\/corte\/wp-content\/uploads\/not\/laboral20\/sinprovidenciasanotificar22012020.pdf\" target=\"_blank\" rel=\"noopener noreferrer\">22<\/a><\/td>\n<td style=\"text-align: center\"><a href=\"https:\/\/cortesuprema.gov.co\/corte\/wp-content\/uploads\/not\/laboral20\/estado002laboral23012020.pdf\" target=\"_blank\" rel=\"noopener noreferrer\">23<\/a><\/td>\n<td style=\"text-align: center\"><a href=\"https:\/\/cortesuprema.gov.co\/corte\/wp-content\/uploads\/not\/laboral20\/estado003laboral24012020.pdf\" target=\"_blank\" rel=\"noopener noreferrer\">24<\/a><\/td>\n<\/tr>\n<tr>\n<td style=\"text-align: center\"><a href=\"https:\/\/cortesuprema.gov.co\/corte\/wp-content\/uploads\/not\/laboral20\/estado004laboral27012020.pdf\" target=\"_blank\" rel=\"noopener noreferrer\">27<\/a><\/td>\n<td style=\"text-align: center\"><a href=\"https:\/\/cortesuprema.gov.co\/corte\/wp-content\/uploads\/not\/laboral20\/estado005laboral28012020.pdf\" target=\"_blank\" rel=\"noopener noreferrer\">28<\/a><\/td>\n<td style=\"text-align: center\"><a href=\"https:\/\/cortesuprema.gov.co\/corte\/wp-content\/uploads\/not\/laboral20\/estado006laboral29012020.pdf\" target=\"_blank\" rel=\"noopener noreferrer\">29<\/a><\/td>\n<td style=\"text-align: center\"><a href=\"https:\/\/cortesuprema.gov.co\/corte\/wp-content\/uploads\/not\/laboral20\/estado007laboral30012020.pdf\" target=\"_blank\" rel=\"noopener noreferrer\">30<\/a><\/td>\n<td style=\"text-align: center\"><a href=\"https:\/\/cortesuprema.gov.co\/corte\/wp-content\/uploads\/not\/laboral20\/estado008laboral31012020.pdf\" target=\"_blank\" rel=\"noopener noreferrer\">31<\/a><\/td>\n<\/tr>\n<\/tbody>\n<\/table>\n<\/td>\n<\/tr>\n<\/tbody>\n<\/table>\n<\/div>\n<\/div><\/div>\n<div class=\"su-spoiler su-spoiler-style-default su-spoiler-icon-plus-square-1 su-spoiler-closed\" data-scroll-offset=\"0\" data-anchor-in-url=\"no\"><div class=\"su-spoiler-title\" tabindex=\"0\" role=\"button\"><span class=\"su-spoiler-icon\"><\/span>Traslados<\/div><div class=\"su-spoiler-content su-u-clearfix su-u-trim\">\n<p><a href=\"https:\/\/cortesuprema.gov.co\/corte\/wp-content\/uploads\/not\/laboral20\/traslados69laboral25092020.pdf\" target=\"_blank\" rel=\"noopener noreferrer\">69 del 25\/09\/2020<\/a><br \/>\n<a href=\"https:\/\/cortesuprema.gov.co\/corte\/wp-content\/uploads\/not\/laboral20\/traslados68laboral24092020.pdf\" target=\"_blank\" rel=\"noopener noreferrer\">68 del 24\/09\/2020<\/a><br \/>\n<a href=\"https:\/\/cortesuprema.gov.co\/corte\/wp-content\/uploads\/not\/laboral20\/traslados67laboral23092020.pdf\" target=\"_blank\" rel=\"noopener noreferrer\">67 del 23\/09\/2020<\/a><br \/>\n<a href=\"https:\/\/cortesuprema.gov.co\/corte\/wp-content\/uploads\/not\/laboral20\/traslados66laboral22092020.pdf\" target=\"_blank\" rel=\"noopener noreferrer\">66 del 22\/09\/2020<\/a><br \/>\n<a href=\"https:\/\/cortesuprema.gov.co\/corte\/wp-content\/uploads\/not\/laboral20\/traslados65laboral21092020.pdf\" target=\"_blank\" rel=\"noopener noreferrer\">65 del 21\/09\/2020<\/a><br \/>\n<a href=\"https:\/\/cortesuprema.gov.co\/corte\/wp-content\/uploads\/not\/laboral20\/traslados64laboral18092020.pdf\" target=\"_blank\" rel=\"noopener noreferrer\">64 del 18\/09\/2020<\/a><br \/>\n<a href=\"https:\/\/cortesuprema.gov.co\/corte\/wp-content\/uploads\/not\/laboral20\/traslados63laboral16092020.pdf\" target=\"_blank\" rel=\"noopener noreferrer\">63 del 16\/09\/2020<\/a><br \/>\n<a href=\"https:\/\/cortesuprema.gov.co\/corte\/wp-content\/uploads\/not\/laboral20\/traslados62laboral15092020.pdf\" target=\"_blank\" rel=\"noopener noreferrer\">62 del 15\/09\/2020<\/a><br \/>\n<a href=\"https:\/\/cortesuprema.gov.co\/corte\/wp-content\/uploads\/not\/laboral20\/traslados61laboral14092020.pdf\" target=\"_blank\" rel=\"noopener noreferrer\">61 del 14\/09\/2020<\/a><br \/>\n<a href=\"https:\/\/cortesuprema.gov.co\/corte\/wp-content\/uploads\/not\/laboral20\/traslados60laboral11092020.pdf\" target=\"_blank\" rel=\"noopener noreferrer\">60 del 11\/09\/2020<\/a><br \/>\n<a href=\"https:\/\/cortesuprema.gov.co\/corte\/wp-content\/uploads\/not\/laboral20\/traslados59laboral10092020.pdf\" target=\"_blank\" rel=\"noopener noreferrer\">59 del 10\/09\/2020<\/a><br \/>\n<a href=\"https:\/\/cortesuprema.gov.co\/corte\/wp-content\/uploads\/not\/laboral20\/traslados58laboral08092020.pdf\" target=\"_blank\" rel=\"noopener noreferrer\">58 del 08\/09\/2020<\/a><br \/>\n<a href=\"https:\/\/cortesuprema.gov.co\/corte\/wp-content\/uploads\/not\/laboral20\/traslados57laboral04092020.pdf\" target=\"_blank\" rel=\"noopener noreferrer\">57 del 04\/09\/2020<\/a><br \/>\n<a href=\"https:\/\/cortesuprema.gov.co\/corte\/wp-content\/uploads\/not\/laboral20\/traslados56laboral03092020.pdf\" target=\"_blank\" rel=\"noopener noreferrer\">56 del 03\/09\/2020<\/a><br \/>\n<a href=\"https:\/\/cortesuprema.gov.co\/corte\/wp-content\/uploads\/not\/laboral20\/traslados55laboral02092020.pdf\" target=\"_blank\" rel=\"noopener noreferrer\">55 del 02\/09\/2020<\/a><br \/>\n<a href=\"https:\/\/cortesuprema.gov.co\/corte\/wp-content\/uploads\/not\/laboral20\/traslados54laboral01092020.pdf\" target=\"_blank\" rel=\"noopener noreferrer\">54 del 01\/09\/2020<\/a><br \/>\n<a href=\"https:\/\/cortesuprema.gov.co\/corte\/wp-content\/uploads\/not\/laboral20\/traslados53laboral31082020.pdf\" target=\"_blank\" rel=\"noopener noreferrer\">53 del 31\/08\/2020<\/a><br \/>\n<a href=\"https:\/\/cortesuprema.gov.co\/corte\/wp-content\/uploads\/not\/laboral20\/traslados52labora27082020.pdf\" target=\"_blank\" rel=\"noopener noreferrer\">52 del 27\/08\/2020<\/a><br \/>\n<a href=\"https:\/\/cortesuprema.gov.co\/corte\/wp-content\/uploads\/not\/laboral20\/traslados51labora26082020.pdf\" target=\"_blank\" rel=\"noopener noreferrer\">51 del 26\/08\/2020<\/a><br \/>\n<a href=\"https:\/\/cortesuprema.gov.co\/corte\/wp-content\/uploads\/not\/laboral20\/traslados50labora25082020.pdf\" target=\"_blank\" rel=\"noopener noreferrer\">50 del 25\/08\/2020<\/a><br \/>\n<a href=\"https:\/\/cortesuprema.gov.co\/corte\/wp-content\/uploads\/not\/laboral20\/49trasladoslaboral24082020.pdf\" target=\"_blank\" rel=\"noopener noreferrer\">49 del 24\/08\/2020<\/a><br \/>\n<a href=\"https:\/\/cortesuprema.gov.co\/corte\/wp-content\/uploads\/not\/laboral20\/traslados48labora21082020.pdf\" target=\"_blank\" rel=\"noopener noreferrer\">48 del 21\/08\/2020<\/a><br \/>\n<a href=\"https:\/\/cortesuprema.gov.co\/corte\/wp-content\/uploads\/not\/laboral20\/traslado47laboral20082020.pdf\" target=\"_blank\" rel=\"noopener noreferrer\">47 del 20\/08\/2020<\/a><br \/>\n<a href=\"https:\/\/cortesuprema.gov.co\/corte\/wp-content\/uploads\/not\/laboral20\/traslados46laboral19082020.pdf\" target=\"_blank\" rel=\"noopener noreferrer\">46 del 19\/08\/2020<\/a><br \/>\n<a href=\"https:\/\/cortesuprema.gov.co\/corte\/wp-content\/uploads\/not\/laboral20\/traslados45laboral18082020.pdf\" target=\"_blank\" rel=\"noopener noreferrer\">45 del 18\/08\/2020<\/a><br \/>\n<a href=\"https:\/\/cortesuprema.gov.co\/corte\/wp-content\/uploads\/not\/laboral20\/traslados44laboral14082020.pdf\" target=\"_blank\" rel=\"noopener noreferrer\">44 del 14\/08\/2020<\/a><br \/>\n<a href=\"https:\/\/cortesuprema.gov.co\/corte\/wp-content\/uploads\/not\/laboral20\/traslados43laboral12082020.pdf\" target=\"_blank\" rel=\"noopener noreferrer\">43 del 12\/08\/2020<\/a><br \/>\n<a href=\"https:\/\/cortesuprema.gov.co\/corte\/wp-content\/uploads\/not\/laboral20\/traslados42laboral11082020.pdf\" target=\"_blank\" rel=\"noopener noreferrer\">42 del 11\/08\/2020<\/a><br \/>\n<a href=\"https:\/\/cortesuprema.gov.co\/corte\/wp-content\/uploads\/not\/laboral20\/traslados41laboral06082020.pdf\" target=\"_blank\" rel=\"noopener noreferrer\">41 del 6\/08\/2020<\/a><br \/>\n<a href=\"https:\/\/cortesuprema.gov.co\/corte\/wp-content\/uploads\/not\/laboral20\/traslados40laboral04082020.pdf\" target=\"_blank\" rel=\"noopener noreferrer\">40 del 4\/08\/2020<\/a><br \/>\n<a href=\"https:\/\/cortesuprema.gov.co\/corte\/wp-content\/uploads\/not\/laboral20\/traslados39laboral03082020.pdf\" target=\"_blank\" rel=\"noopener noreferrer\">39 del 3\/08\/2020<\/a><br \/>\n<a href=\"https:\/\/cortesuprema.gov.co\/corte\/wp-content\/uploads\/not\/laboral20\/traslados38laboral31072020.pdf\" target=\"_blank\" rel=\"noopener noreferrer\">38 del 31\/07\/2020<\/a><br \/>\n<a href=\"https:\/\/cortesuprema.gov.co\/corte\/wp-content\/uploads\/not\/laboral20\/traslados37laboral30072020.pdf\" target=\"_blank\" rel=\"noopener noreferrer\">37 del 30\/07\/2020<\/a><br \/>\n<a href=\"https:\/\/cortesuprema.gov.co\/corte\/wp-content\/uploads\/not\/laboral20\/traslados36laboral28072020.pdf\" target=\"_blank\" rel=\"noopener noreferrer\">36 del 28\/07\/2020<\/a><br \/>\n<a href=\"https:\/\/cortesuprema.gov.co\/corte\/wp-content\/uploads\/not\/laboral20\/traslados35laboral27072020.pdf\" target=\"_blank\" rel=\"noopener noreferrer\">35 del 27\/07\/2020<\/a><br \/>\n<a href=\"https:\/\/cortesuprema.gov.co\/corte\/wp-content\/uploads\/not\/laboral20\/traslados34laboral23072020.pdf\" target=\"_blank\" rel=\"noopener noreferrer\">34 del 23\/07\/2020<\/a><br \/>\n<a href=\"https:\/\/cortesuprema.gov.co\/corte\/wp-content\/uploads\/not\/laboral20\/traslados33laboral22072020.pdf\" target=\"_blank\" rel=\"noopener noreferrer\">33 del 22\/07\/2020<\/a><br \/>\n<a href=\"https:\/\/cortesuprema.gov.co\/corte\/wp-content\/uploads\/not\/laboral20\/traslados32laboral15072020.pdf\" target=\"_blank\" rel=\"noopener noreferrer\">32 del 15\/07\/2020<\/a><br \/>\n<a href=\"https:\/\/cortesuprema.gov.co\/corte\/wp-content\/uploads\/not\/laboral20\/traslados31laboral09072020.pdf\" target=\"_blank\" rel=\"noopener noreferrer\">31 del 9\/07\/2020<\/a><br \/>\n<a href=\"https:\/\/cortesuprema.gov.co\/corte\/wp-content\/uploads\/not\/laboral20\/traslados30laboral08072020.pdf\" target=\"_blank\" rel=\"noopener noreferrer\">30 del 8\/07\/2020<\/a><br \/>\n<a href=\"https:\/\/cortesuprema.gov.co\/corte\/wp-content\/uploads\/not\/laboral20\/traslados29laboral03072020.pdf\" target=\"_blank\" rel=\"noopener noreferrer\">29 del 3\/07\/2020<\/a><br \/>\n<a href=\"https:\/\/cortesuprema.gov.co\/corte\/wp-content\/uploads\/not\/laboral20\/traslados28laboral02072020.pdf\" target=\"_blank\" rel=\"noopener noreferrer\">28 del 2\/07\/2020<\/a><br \/>\n<a href=\"https:\/\/cortesuprema.gov.co\/corte\/wp-content\/uploads\/not\/laboral20\/traslados27laboral01072020.pdf\" target=\"_blank\" rel=\"noopener noreferrer\">27 del 1\/07\/2020<\/a><br \/>\n<a href=\"https:\/\/cortesuprema.gov.co\/corte\/wp-content\/uploads\/not\/laboral20\/traslados26laboral26062020.pdf\" target=\"_blank\" rel=\"noopener noreferrer\">26 del 26\/06\/2020<\/a><br \/>\n<a href=\"https:\/\/cortesuprema.gov.co\/corte\/wp-content\/uploads\/not\/laboral20\/traslados25laboral19062020.pdf\" target=\"_blank\" rel=\"noopener noreferrer\">25 del 19\/06\/2020<\/a><br \/>\n<a href=\"https:\/\/cortesuprema.gov.co\/corte\/wp-content\/uploads\/not\/laboral20\/traslados24laboral18062020.pdf\" target=\"_blank\" rel=\"noopener noreferrer\">24 del 18\/06\/2020<\/a><br \/>\n<a href=\"https:\/\/cortesuprema.gov.co\/corte\/wp-content\/uploads\/not\/laboral20\/traslados23laboral16062020.pdf\" target=\"_blank\" rel=\"noopener noreferrer\">23 del 16\/06\/2020<\/a><br \/>\n<a href=\"https:\/\/cortesuprema.gov.co\/corte\/wp-content\/uploads\/not\/laboral20\/traslados22laboral04062020.pdf\" target=\"_blank\" rel=\"noopener noreferrer\">22 del 04\/06\/2020<\/a><br \/>\n<a href=\"https:\/\/cortesuprema.gov.co\/corte\/wp-content\/uploads\/not\/laboral20\/traslados21laboral03062020.pdf\" target=\"_blank\" rel=\"noopener noreferrer\">21 del 03\/06\/2020<\/a><br \/>\n<a href=\"https:\/\/cortesuprema.gov.co\/corte\/wp-content\/uploads\/not\/laboral20\/traslados020laboral16032020.pdf\" target=\"_blank\" rel=\"noopener noreferrer\">20 del 16\/03\/2020<\/a><br \/>\n<a href=\"https:\/\/cortesuprema.gov.co\/corte\/wp-content\/uploads\/not\/laboral20\/traslados019laboral11032020.pdf\" target=\"_blank\" rel=\"noopener noreferrer\">19 del 11\/03\/2020<\/a><br \/>\n<a href=\"https:\/\/cortesuprema.gov.co\/corte\/wp-content\/uploads\/not\/laboral20\/traslados018laboral04032020.pdf\" target=\"_blank\" rel=\"noopener noreferrer\">18 del 04\/03\/2020<\/a><br \/>\n<a href=\"https:\/\/cortesuprema.gov.co\/corte\/wp-content\/uploads\/not\/laboral20\/traslados017laboral02032020.pdf\" target=\"_blank\" rel=\"noopener noreferrer\">17 del 02\/03\/2020<\/a><br \/>\n<a href=\"https:\/\/cortesuprema.gov.co\/corte\/wp-content\/uploads\/not\/laboral20\/traslados016laboral27022020.pdf\" target=\"_blank\" rel=\"noopener noreferrer\">16 del 27\/02\/2020<\/a><br \/>\n<a href=\"https:\/\/cortesuprema.gov.co\/corte\/wp-content\/uploads\/not\/laboral20\/traslados015laboral26022020.pdf\" target=\"_blank\" rel=\"noopener noreferrer\">15 del 26\/02\/2020<\/a><br \/>\n<a href=\"https:\/\/cortesuprema.gov.co\/corte\/wp-content\/uploads\/not\/laboral20\/traslados014laboral25022020.pdf\" target=\"_blank\" rel=\"noopener noreferrer\">14 del 25\/02\/2020<\/a><br \/>\n<a href=\"https:\/\/cortesuprema.gov.co\/corte\/wp-content\/uploads\/not\/laboral20\/traslados013laboral21022020.pdf\" target=\"_blank\" rel=\"noopener noreferrer\">13 del 21\/02\/2020<\/a><br \/>\n<a href=\"https:\/\/cortesuprema.gov.co\/corte\/wp-content\/uploads\/not\/laboral20\/traslados012laboral19022020.pdf\" target=\"_blank\" rel=\"noopener noreferrer\">12 del 19\/02\/2020<\/a><br \/>\n<a href=\"https:\/\/cortesuprema.gov.co\/corte\/wp-content\/uploads\/not\/laboral20\/traslados011laboral18022020.pdf\" target=\"_blank\" rel=\"noopener noreferrer\">11 del 18\/02\/2020<\/a><br \/>\n<a href=\"https:\/\/cortesuprema.gov.co\/corte\/wp-content\/uploads\/not\/laboral20\/traslados010laboral17022020.pdf\" target=\"_blank\" rel=\"noopener noreferrer\">10 del 11\/02\/2020<\/a><br \/>\n<a href=\"https:\/\/cortesuprema.gov.co\/corte\/wp-content\/uploads\/not\/laboral20\/traslados009laboral11022020.pdf\" target=\"_blank\" rel=\"noopener noreferrer\">09 del 11\/02\/2020<\/a><br \/>\n<a href=\"https:\/\/cortesuprema.gov.co\/corte\/wp-content\/uploads\/not\/laboral20\/traslados008laboral07022020.pdf\" target=\"_blank\" rel=\"noopener noreferrer\">08 del 7\/02\/2020<\/a><br \/>\n<a href=\"https:\/\/cortesuprema.gov.co\/corte\/wp-content\/uploads\/not\/laboral20\/traslados007laboral06022020.pdf\" target=\"_blank\" rel=\"noopener noreferrer\">07 del 6\/02\/2020<\/a><br \/>\n<a href=\"https:\/\/cortesuprema.gov.co\/corte\/wp-content\/uploads\/not\/laboral20\/traslados006laboral31012020.pdf\" target=\"_blank\" rel=\"noopener noreferrer\">06 del 31\/01\/2020<\/a><br \/>\n<a href=\"https:\/\/cortesuprema.gov.co\/corte\/wp-content\/uploads\/not\/laboral20\/traslados005laboral29012020.pdf\" target=\"_blank\" rel=\"noopener noreferrer\">05 del 29\/01\/2020<\/a><br \/>\n<a href=\"https:\/\/cortesuprema.gov.co\/corte\/wp-content\/uploads\/not\/laboral20\/traslados004laboral28012020.pdf\" target=\"_blank\" rel=\"noopener noreferrer\">04 del 28\/01\/2020<\/a><br \/>\n<a href=\"https:\/\/cortesuprema.gov.co\/corte\/wp-content\/uploads\/not\/laboral20\/traslados003laboral20012020.pdf\" target=\"_blank\" rel=\"noopener noreferrer\">03 del 20\/01\/2020<\/a><br \/>\n<a href=\"https:\/\/cortesuprema.gov.co\/corte\/wp-content\/uploads\/not\/laboral20\/traslados002laboral14012020.pdf\" target=\"_blank\" rel=\"noopener noreferrer\">02 del 14\/01\/2020<\/a><br \/>\n<a href=\"https:\/\/cortesuprema.gov.co\/corte\/wp-content\/uploads\/not\/laboral20\/traslados001laboral13012020.pdf\" target=\"_blank\" rel=\"noopener noreferrer\">01 del 13\/01\/2020<\/a><\/p>\n<\/div><\/div>\n<div class=\"su-spoiler su-spoiler-style-default su-spoiler-icon-plus-square-1 su-spoiler-closed\" data-scroll-offset=\"0\" data-anchor-in-url=\"no\"><div class=\"su-spoiler-title\" tabindex=\"0\" role=\"button\"><span class=\"su-spoiler-icon\"><\/span>Fijaci\u00f3n en Lista<\/div><div class=\"su-spoiler-content su-u-clearfix su-u-trim\">\n<p><a href=\"https:\/\/cortesuprema.gov.co\/corte\/wp-content\/uploads\/not\/laboral20\/fijacionenlista42laboral22092020.pdf\" target=\"_blank\" rel=\"noopener noreferrer\">42 del 22\/09\/2020<\/a>2<\/p>\n<p><a href=\"https:\/\/cortesuprema.gov.co\/corte\/wp-content\/uploads\/not\/laboral20\/fijacionenlista41laboral21092020.pdf\" target=\"_blank\" rel=\"noopener noreferrer\">41 del 21\/09\/2020<\/a><br \/>\n<a href=\"https:\/\/cortesuprema.gov.co\/corte\/wp-content\/uploads\/not\/laboral20\/fijacionenlista40laboral18092020.pdf\" target=\"_blank\" rel=\"noopener noreferrer\">40 del 18\/09\/2020<\/a><br \/>\n<a href=\"https:\/\/cortesuprema.gov.co\/corte\/wp-content\/uploads\/not\/laboral20\/fijacionenlista39laboral14092020.pdf\" target=\"_blank\" rel=\"noopener noreferrer\">39 del 14\/09\/2020<\/a><br \/>\n<a href=\"https:\/\/cortesuprema.gov.co\/corte\/wp-content\/uploads\/not\/laboral20\/fijacionenlista38laboral11092020.pdf\" target=\"_blank\" rel=\"noopener noreferrer\">38 del 11\/09\/2020<\/a><br \/>\n<a href=\"https:\/\/cortesuprema.gov.co\/corte\/wp-content\/uploads\/not\/laboral20\/fijacionenlista37laboral03092020.pdf\" target=\"_blank\" rel=\"noopener noreferrer\">37 del 03\/09\/2020<\/a><br \/>\n<a href=\"https:\/\/cortesuprema.gov.co\/corte\/wp-content\/uploads\/not\/laboral20\/fijacionenlista36lboral31082020.pdf\" target=\"_blank\" rel=\"noopener noreferrer\">36 del 31\/08\/2020<\/a><br \/>\n<a href=\"https:\/\/cortesuprema.gov.co\/corte\/wp-content\/uploads\/not\/laboral20\/fijacionenlista35lboral28082020.pdf\" target=\"_blank\" rel=\"noopener noreferrer\">35 del 28\/08\/2020<\/a><br \/>\n<a href=\"https:\/\/cortesuprema.gov.co\/corte\/wp-content\/uploads\/not\/laboral20\/fijacionenlista34lboral26082020.pdf\" target=\"_blank\" rel=\"noopener noreferrer\">34 del 26\/08\/2020<\/a><br \/>\n<a href=\"https:\/\/cortesuprema.gov.co\/corte\/wp-content\/uploads\/not\/laboral20\/fijacionenlista33lboral25082020.pdf\" target=\"_blank\" rel=\"noopener noreferrer\">33 del 25\/08\/2020<\/a><br \/>\n<a href=\"https:\/\/cortesuprema.gov.co\/corte\/wp-content\/uploads\/not\/laboral20\/fijacionenlista32laboral24082020.pdf\" target=\"_blank\" rel=\"noopener noreferrer\">32 del 24\/08\/2020<\/a><br \/>\n<a href=\"https:\/\/cortesuprema.gov.co\/corte\/wp-content\/uploads\/not\/laboral20\/fijacionenlista31laboral21082020.pdf\" target=\"_blank\" rel=\"noopener noreferrer\">31 del 21\/08\/2020<\/a><br \/>\n<a href=\"https:\/\/cortesuprema.gov.co\/corte\/wp-content\/uploads\/not\/laboral20\/fijacionenlista30laboral18082020.pdf\" target=\"_blank\" rel=\"noopener noreferrer\">30 del 18\/08\/2020<\/a><br \/>\n<a href=\"https:\/\/cortesuprema.gov.co\/corte\/wp-content\/uploads\/not\/laboral20\/fijacionenlista29laboral14082020.pdf\" target=\"_blank\" rel=\"noopener noreferrer\">29 del 14\/08\/2020<\/a><br \/>\n<a href=\"https:\/\/cortesuprema.gov.co\/corte\/wp-content\/uploads\/not\/laboral20\/fijacionenlista28laboral13082020.pdf\" target=\"_blank\" rel=\"noopener noreferrer\">28 del 13\/08\/2020<\/a><br \/>\n<a href=\"https:\/\/cortesuprema.gov.co\/corte\/wp-content\/uploads\/not\/laboral20\/fijacionenlista27laboral05082020.pdf\" target=\"_blank\" rel=\"noopener noreferrer\">27 del 5\/08\/2020<\/a><br \/>\n<a href=\"https:\/\/cortesuprema.gov.co\/corte\/wp-content\/uploads\/not\/laboral20\/fijacionenlista26laboral30072020.pdf\" target=\"_blank\" rel=\"noopener noreferrer\">26 del 30\/07\/2020<\/a><br \/>\n<a href=\"https:\/\/cortesuprema.gov.co\/corte\/wp-content\/uploads\/not\/laboral20\/fijacionenlista25laboral29072020.pdf\" target=\"_blank\" rel=\"noopener noreferrer\">25 del 29\/07\/2020<\/a><br \/>\n<a href=\"https:\/\/cortesuprema.gov.co\/corte\/wp-content\/uploads\/not\/laboral20\/fijacionenlista24laboral22072020.pdf\" target=\"_blank\" rel=\"noopener noreferrer\">24 del 22\/07\/2020<\/a><br \/>\n<a href=\"https:\/\/cortesuprema.gov.co\/corte\/wp-content\/uploads\/not\/laboral20\/fijacionenlista23laboral21072020.pdf\" target=\"_blank\" rel=\"noopener noreferrer\">23 del 21\/07\/2020<\/a><br \/>\n<a href=\"https:\/\/cortesuprema.gov.co\/corte\/wp-content\/uploads\/not\/laboral20\/fijacionenlista22laboral14072020.pdf\" target=\"_blank\" rel=\"noopener noreferrer\">22 del 14\/07\/2020<\/a><br \/>\n<a href=\"https:\/\/cortesuprema.gov.co\/corte\/wp-content\/uploads\/not\/laboral20\/fijacionenlista21laboral08072020.pdf\" target=\"_blank\" rel=\"noopener noreferrer\">21 del 8\/07\/2020<\/a><br \/>\n<a href=\"https:\/\/cortesuprema.gov.co\/corte\/wp-content\/uploads\/not\/laboral20\/fijacionenlista20laboral07072020.pdf\" target=\"_blank\" rel=\"noopener noreferrer\">20 del 7\/07\/2020<\/a><br \/>\n<a href=\"https:\/\/cortesuprema.gov.co\/corte\/wp-content\/uploads\/not\/laboral20\/fijacionlista19laboral02072020.pdf\" target=\"_blank\" rel=\"noopener noreferrer\">19 del 2\/07\/2020<\/a><br \/>\n<a href=\"https:\/\/cortesuprema.gov.co\/corte\/wp-content\/uploads\/not\/laboral20\/fijacionenlista18laboral01072020.pdf\" target=\"_blank\" rel=\"noopener noreferrer\">18 del 1\/07\/2020<\/a><br \/>\n<a href=\"https:\/\/cortesuprema.gov.co\/corte\/wp-content\/uploads\/not\/laboral20\/fijacionenlista17laboral18062020.pdf\" target=\"_blank\" rel=\"noopener noreferrer\">17 del 18\/06\/2020<\/a><br \/>\n<a href=\"https:\/\/cortesuprema.gov.co\/corte\/wp-content\/uploads\/not\/laboral20\/fijacionlista016laboral17062020.pdf\" target=\"_blank\" rel=\"noopener noreferrer\">16 de 2\/06\/2020<\/a><br \/>\n<a href=\"https:\/\/cortesuprema.gov.co\/corte\/wp-content\/uploads\/not\/laboral20\/fijacionlista015laboral02062020.pdf\" target=\"_blank\" rel=\"noopener noreferrer\">15 de 2\/06\/2020<\/a><br \/>\n<a href=\"https:\/\/cortesuprema.gov.co\/corte\/wp-content\/uploads\/not\/laboral20\/fijacionenlista14laboral01062020.pdf\" target=\"_blank\" rel=\"noopener noreferrer\">14 de 01\/06\/2020<\/a><br \/>\n<a href=\"https:\/\/cortesuprema.gov.co\/corte\/wp-content\/uploads\/not\/laboral20\/fijacionlista014laboral16032020.pdf\" target=\"_blank\" rel=\"noopener noreferrer\">14 de 16\/03\/2020<\/a><br \/>\n<a href=\"https:\/\/cortesuprema.gov.co\/corte\/wp-content\/uploads\/not\/laboral20\/fijacionlista013laboral10032020.pdf\" target=\"_blank\" rel=\"noopener noreferrer\">13 de 10\/03\/2020<\/a><br \/>\n<a href=\"https:\/\/cortesuprema.gov.co\/corte\/wp-content\/uploads\/not\/laboral20\/fijacionlista012laboral26022020.pdf\" target=\"_blank\" rel=\"noopener noreferrer\">12 de 26\/02\/2020<\/a><br \/>\n<a href=\"https:\/\/cortesuprema.gov.co\/corte\/wp-content\/uploads\/not\/laboral20\/fijacionlista011laboral25022020.pdf\" target=\"_blank\" rel=\"noopener noreferrer\">11 de 25\/02\/2020<\/a><br \/>\n<a href=\"https:\/\/cortesuprema.gov.co\/corte\/wp-content\/uploads\/not\/laboral20\/fijacionlista010laboral18022020.pdf\" target=\"_blank\" rel=\"noopener noreferrer\">10 de 18\/02\/2020<\/a><br \/>\n<a href=\"https:\/\/cortesuprema.gov.co\/corte\/wp-content\/uploads\/not\/laboral20\/fijacionlista009laboral17022020.pdf\" target=\"_blank\" rel=\"noopener noreferrer\">09 de 14\/02\/2020<\/a><br \/>\n<a href=\"https:\/\/cortesuprema.gov.co\/corte\/wp-content\/uploads\/not\/laboral20\/fijacionlista008laboral14022020.pdf\" target=\"_blank\" rel=\"noopener noreferrer\">08 de 14\/02\/2020<\/a><br \/>\n<a href=\"https:\/\/cortesuprema.gov.co\/corte\/wp-content\/uploads\/not\/laboral20\/fijacionlista007laboral10022020.pdf\" target=\"_blank\" rel=\"noopener noreferrer\">07 de 10\/02\/2020<\/a><br \/>\n<a href=\"https:\/\/cortesuprema.gov.co\/corte\/wp-content\/uploads\/not\/laboral20\/fijacionlista006laboral06022020.pdf\" target=\"_blank\" rel=\"noopener noreferrer\">06 del 06\/02\/2020<\/a><br \/>\n<a href=\"https:\/\/cortesuprema.gov.co\/corte\/wp-content\/uploads\/not\/laboral20\/fijacionlista005laboral05022020.pdf\" target=\"_blank\" rel=\"noopener noreferrer\">05 del 05\/02\/2020<\/a><br \/>\n<a href=\"https:\/\/cortesuprema.gov.co\/corte\/wp-content\/uploads\/not\/laboral20\/fijacionlista004laboral30012020.pdf\" target=\"_blank\" rel=\"noopener noreferrer\">04 del 30\/01\/2020<\/a><br \/>\n<a href=\"https:\/\/cortesuprema.gov.co\/corte\/wp-content\/uploads\/not\/laboral20\/fijacionlista003laboral27012020.pdf\" target=\"_blank\" rel=\"noopener noreferrer\">03 del 27\/01\/2020<\/a><br \/>\n<a href=\"https:\/\/cortesuprema.gov.co\/corte\/wp-content\/uploads\/not\/laboral20\/fijacionlista002laboral17012020.pdf\" target=\"_blank\" rel=\"noopener noreferrer\">02 del 17\/01\/2020<\/a><br \/>\n<a href=\"https:\/\/cortesuprema.gov.co\/corte\/wp-content\/uploads\/not\/laboral20\/fijacionlista001laboral13012020.pdf\" target=\"_blank\" rel=\"noopener noreferrer\">01 del 13\/01\/2020<\/a><\/p>\n<\/div><\/div>\n<div class=\"su-spoiler su-spoiler-style-default su-spoiler-icon-plus-square-1 su-spoiler-closed\" data-scroll-offset=\"0\" data-anchor-in-url=\"no\"><div class=\"su-spoiler-title\" tabindex=\"0\" role=\"button\"><span class=\"su-spoiler-icon\"><\/span>Edictos<\/div><div class=\"su-spoiler-content su-u-clearfix su-u-trim\">\n<div class=\"su-row\"><div class=\"su-column su-column-size-1-3\"><div class=\"su-column-inner su-u-clearfix su-u-trim\">\n<p><a href=\"https:\/\/cortesuprema.gov.co\/corte\/wp-content\/uploads\/not\/laboral20\/avisos\/F11001310502620150019901EdictoL20200921151732.pdf\" target=\"_blank\" rel=\"noopener noreferrer\">11001310502620150019901 &#8211; 20200922<\/a><br \/>\n<a href=\"https:\/\/cortesuprema.gov.co\/corte\/wp-content\/uploads\/not\/laboral20\/avisos\/F05001310501320110027901EdictoL20200921151006.pdf\" target=\"_blank\" rel=\"noopener noreferrer\">05001310501320110027901 &#8211; 20200922<\/a><br \/>\n<a href=\"https:\/\/cortesuprema.gov.co\/corte\/wp-content\/uploads\/not\/laboral20\/avisos\/F76001310500820150071901EdictoL20200921150412.pdf\" target=\"_blank\" rel=\"noopener noreferrer\">76001310500820150071901 &#8211; 20200922<\/a><br \/>\n<a href=\"https:\/\/cortesuprema.gov.co\/corte\/wp-content\/uploads\/not\/laboral20\/avisos\/F76001310500720120109601EdictoL20200921152748.pdf\" target=\"_blank\" rel=\"noopener noreferrer\">76001310500720120109601 &#8211; 20200922<\/a><br \/>\n<a href=\"https:\/\/cortesuprema.gov.co\/corte\/wp-content\/uploads\/not\/laboral20\/avisos\/F76001310500520090136001EdictoL20200921152240.pdf\" target=\"_blank\" rel=\"noopener noreferrer\">76001310500520090136001 &#8211; 20200922<\/a><br \/>\n<a href=\"https:\/\/cortesuprema.gov.co\/corte\/wp-content\/uploads\/not\/laboral20\/avisos\/F11001310501320150080701EdictoL20200916082825.pdf\" target=\"_blank\" rel=\"noopener noreferrer\">11001310501320150080701 &#8211; 20200917<\/a><br \/>\n<a href=\"https:\/\/cortesuprema.gov.co\/corte\/wp-content\/uploads\/not\/laboral20\/avisos\/F11001220500020188128901EdictoL20200916074141.pdf\" target=\"_blank\" rel=\"noopener noreferrer\">11001220500020188128901 &#8211; 20200917<\/a><br \/>\n<a href=\"https:\/\/cortesuprema.gov.co\/corte\/wp-content\/uploads\/not\/laboral20\/avisos\/F05001310500720140194301EdictoL20200916161808.pdf\" target=\"_blank\" rel=\"noopener noreferrer\">05001310500720140194301 &#8211; 20200917<\/a><br \/>\n<a href=\"https:\/\/cortesuprema.gov.co\/corte\/wp-content\/uploads\/not\/laboral20\/avisos\/F76001220500020188273101EdictoL20200916080342.pdf\" target=\"_blank\" rel=\"noopener noreferrer\">76001220500020188273101 &#8211; 20200917<\/a><br \/>\n<a href=\"https:\/\/cortesuprema.gov.co\/corte\/wp-content\/uploads\/not\/laboral20\/avisos\/F11001310503320140061001EdictoL20200916161222.pdf\" target=\"_blank\" rel=\"noopener noreferrer\">11001310503320140061001 &#8211; 20200917<\/a><br \/>\n<a href=\"https:\/\/cortesuprema.gov.co\/corte\/wp-content\/uploads\/not\/laboral20\/avisos\/F13001310500420110040201EdictoL20200914131656.pdf\" target=\"_blank\" rel=\"noopener noreferrer\">13001310500420110040201 &#8211; 20200915<\/a><br \/>\n<a href=\"https:\/\/cortesuprema.gov.co\/corte\/wp-content\/uploads\/not\/laboral20\/avisos\/F11001310503420140004801EdictoL20200914141301.pdf\" target=\"_blank\" rel=\"noopener noreferrer\">11001310503420140004801 &#8211; 20200915<\/a><br \/>\n<a href=\"https:\/\/cortesuprema.gov.co\/corte\/wp-content\/uploads\/not\/laboral20\/avisos\/F11001310500920030014501EdictoL20200914134410.pdf\" target=\"_blank\" rel=\"noopener noreferrer\">11001310500920030014501 &#8211; 20200915<\/a><br \/>\n<a href=\"https:\/\/cortesuprema.gov.co\/corte\/wp-content\/uploads\/not\/laboral20\/avisos\/F08001310501120090025001EdictoL20200914135224.pdf\" target=\"_blank\" rel=\"noopener noreferrer\">08001310501120090025001 &#8211; 20200915<\/a><br \/>\n<a href=\"https:\/\/cortesuprema.gov.co\/corte\/wp-content\/uploads\/not\/laboral20\/avisos\/F05045310500120080021801EdictoL20200914135940.pdf\" target=\"_blank\" rel=\"noopener noreferrer\">05045310500120080021801 &#8211; 20200915<\/a><br \/>\n<a href=\"https:\/\/cortesuprema.gov.co\/corte\/wp-content\/uploads\/not\/laboral20\/avisos\/F05001310502020090091601EdictoL20200914124039.pdf\" target=\"_blank\" rel=\"noopener noreferrer\">05001310502020090091601 &#8211; 20200915<\/a><br \/>\n<a href=\"https:\/\/cortesuprema.gov.co\/corte\/wp-content\/uploads\/not\/laboral20\/avisos\/F76001310501520130015201EdictoL20200914170341.pdf\" target=\"_blank\" rel=\"noopener noreferrer\">76001310501520130015201 &#8211; 20200915<\/a><br \/>\n<a href=\"https:\/\/cortesuprema.gov.co\/corte\/wp-content\/uploads\/not\/laboral20\/avisos\/F76001310500720100002301EdictoL20200914130809.pdf\" target=\"_blank\" rel=\"noopener noreferrer\">76001310500720100002301 &#8211; 20200915<\/a><br \/>\n<a href=\"https:\/\/cortesuprema.gov.co\/corte\/wp-content\/uploads\/not\/laboral20\/avisos\/F68001310500620110045701EdictoL20200914140659.pdf\" target=\"_blank\" rel=\"noopener noreferrer\">68001310500620110045701 &#8211; 20200915<\/a><br \/>\n<a href=\"https:\/\/cortesuprema.gov.co\/corte\/wp-content\/uploads\/not\/laboral20\/avisos\/F50001310500220100051701EdictoL20200914192213.pdf\" target=\"_blank\" rel=\"noopener noreferrer\">50001310500220100051701 &#8211; 20200915<\/a><br \/>\n<a href=\"https:\/\/cortesuprema.gov.co\/corte\/wp-content\/uploads\/not\/laboral20\/avisos\/F13001310500720070002902EdictoL20200914132656.pdf\" target=\"_blank\" rel=\"noopener noreferrer\">13001310500720070002902 &#8211; 20200915<\/a><br \/>\n<a href=\"https:\/\/cortesuprema.gov.co\/corte\/wp-content\/uploads\/not\/laboral20\/avisos\/F13001310500620120044301EdictoL20200911100444.pdf\" target=\"_blank\" rel=\"noopener noreferrer\">13001310500620120044301 &#8211; 20200914<\/a><br \/>\n<a href=\"https:\/\/cortesuprema.gov.co\/corte\/wp-content\/uploads\/not\/laboral20\/avisos\/F11001310501820170026201EdictoL20200911102708.pdf\" target=\"_blank\" rel=\"noopener noreferrer\">11001310501820170026201 &#8211; 20200914<\/a><br \/>\n<a href=\"https:\/\/cortesuprema.gov.co\/corte\/wp-content\/uploads\/not\/laboral20\/avisos\/F11001310500920150095701EdictoL20200911101111.pdf\" target=\"_blank\" rel=\"noopener noreferrer\">11001310500920150095701 &#8211; 20200914<\/a><br \/>\n<a href=\"https:\/\/cortesuprema.gov.co\/corte\/wp-content\/uploads\/not\/laboral20\/avisos\/F08001310500620130036901EdictoL20200911102050.pdf\" target=\"_blank\" rel=\"noopener noreferrer\">08001310500620130036901 &#8211; 20200914<\/a><br \/>\n<a href=\"https:\/\/cortesuprema.gov.co\/corte\/wp-content\/uploads\/not\/laboral20\/avisos\/F08001310500220140031301EdictoL20200911101757.pdf\" target=\"_blank\" rel=\"noopener noreferrer\">08001310500220140031301 &#8211; 20200914<\/a><br \/>\n<a href=\"https:\/\/cortesuprema.gov.co\/corte\/wp-content\/uploads\/not\/laboral20\/avisos\/F68001310500420160028801EdictoL20200911102422.pdf\" target=\"_blank\" rel=\"noopener noreferrer\">68001310500420160028801 &#8211; 20200914<\/a><br \/>\n<a href=\"https:\/\/cortesuprema.gov.co\/corte\/wp-content\/uploads\/not\/laboral20\/avisos\/F17001310500220160060301EdictoL20200911101527.pdf\" target=\"_blank\" rel=\"noopener noreferrer\">17001310500220160060301 &#8211; 20200914<\/a><br \/>\n<a href=\"https:\/\/cortesuprema.gov.co\/corte\/wp-content\/uploads\/not\/laboral20\/avisos\/F11001310500820140006701EdictoL20200910115433.pdf\" target=\"_blank\" rel=\"noopener noreferrer\">11001310500820140006701 &#8211; 20200911<\/a><br \/>\n<a href=\"https:\/\/cortesuprema.gov.co\/corte\/wp-content\/uploads\/not\/laboral20\/avisos\/F08001310501120130034601EdictoL20200909121722.pdf\" target=\"_blank\" rel=\"noopener noreferrer\">08001310501120130034601 &#8211; 20200909<\/a><br \/>\n<a href=\"https:\/\/cortesuprema.gov.co\/corte\/wp-content\/uploads\/not\/laboral20\/avisos\/F08001310500620070006901EdictoL20200902160243.pdf\" target=\"_blank\" rel=\"noopener noreferrer\">08001310500620070006901 &#8211; 20200903<\/a><br \/>\n<a href=\"https:\/\/cortesuprema.gov.co\/corte\/wp-content\/uploads\/not\/laboral20\/avisos\/F05001310500920130007301EdictoL20200902090258.pdf\" target=\"_blank\" rel=\"noopener noreferrer\">05001310500920130007301 &#8211; 20200903<\/a><br \/>\n<a href=\"https:\/\/cortesuprema.gov.co\/corte\/wp-content\/uploads\/not\/laboral20\/avisos\/F05001310500420100000901EdictoL20200902103512.pdf\" target=\"_blank\" rel=\"noopener noreferrer\">05001310500420100000901 &#8211; 20200903<\/a><br \/>\n<a href=\"https:\/\/cortesuprema.gov.co\/corte\/wp-content\/uploads\/not\/laboral20\/avisos\/F47001310500320130030901EdictoL20200902091305.pdf\" target=\"_blank\" rel=\"noopener noreferrer\">47001310500320130030901 &#8211; 20200903<\/a><br \/>\n<a href=\"https:\/\/cortesuprema.gov.co\/corte\/wp-content\/uploads\/not\/laboral20\/avisos\/F11001310501820050118001EdictoL20200902094547.pdf\" target=\"_blank\" rel=\"noopener noreferrer\">11001310501820050118001 &#8211; 20200903<\/a><br \/>\n<a href=\"https:\/\/cortesuprema.gov.co\/corte\/wp-content\/uploads\/not\/laboral20\/avisos\/F08001310501320100004501EdictoL20200902085336.pdf\" target=\"_blank\" rel=\"noopener noreferrer\">08001310501320100004501 &#8211; 20200903<\/a><br \/>\n<a href=\"https:\/\/cortesuprema.gov.co\/corte\/wp-content\/uploads\/not\/laboral20\/avisos\/F08001310500520100048801EdictoL20200831065625.pdf\" target=\"_blank\" rel=\"noopener noreferrer\">08001310500520100048801 &#8211; 20200901<\/a><br \/>\n<a href=\"https:\/\/cortesuprema.gov.co\/corte\/wp-content\/uploads\/not\/laboral20\/avisos\/F05001310500220080063801EdictoL20200831151423.pdf\" target=\"_blank\" rel=\"noopener noreferrer\">05001310500220080063801 &#8211; 20200901<\/a><br \/>\n<a href=\"https:\/\/cortesuprema.gov.co\/corte\/wp-content\/uploads\/not\/laboral20\/avisos\/F76001310501120090070001EdictoL20200831162500.pdf\" target=\"_blank\" rel=\"noopener noreferrer\">76001310501120090070001 &#8211; 20200901<\/a><br \/>\n<a href=\"https:\/\/cortesuprema.gov.co\/corte\/wp-content\/uploads\/not\/laboral20\/avisos\/F76001310500320140065401EdictoL20200831134017.pdf\" target=\"_blank\" rel=\"noopener noreferrer\">76001310500320140065401 &#8211; 20200901<\/a><br \/>\n<a href=\"https:\/\/cortesuprema.gov.co\/corte\/wp-content\/uploads\/not\/laboral20\/avisos\/F20001310500320120045901EdictoL20200831071555.pdf\" target=\"_blank\" rel=\"noopener noreferrer\">20001310500320120045901 &#8211; 20200901<\/a><br \/>\n<a href=\"https:\/\/cortesuprema.gov.co\/corte\/wp-content\/uploads\/not\/laboral20\/avisos\/F20001310500220080021501EdictoL20200831064840.pdf\" target=\"_blank\" rel=\"noopener noreferrer\">20001310500220080021501 &#8211; 20200901<\/a><br \/>\n<a href=\"https:\/\/cortesuprema.gov.co\/corte\/wp-content\/uploads\/not\/laboral20\/avisos\/F17001310500220130045701EdictoL20200831133421.pdf\" target=\"_blank\" rel=\"noopener noreferrer\">17001310500220130045701 &#8211; 20200901<\/a><br \/>\n<a href=\"https:\/\/cortesuprema.gov.co\/corte\/wp-content\/uploads\/not\/laboral20\/avisos\/F11001310503120120066801EdictoL20200831163948.pdf\" target=\"_blank\" rel=\"noopener noreferrer\">11001310503120120066801 &#8211; 20200901<\/a><br \/>\n<a href=\"https:\/\/cortesuprema.gov.co\/corte\/wp-content\/uploads\/not\/laboral20\/avisos\/F11001310503020140052601EdictoL20200831163258.pdf\" target=\"_blank\" rel=\"noopener noreferrer\">11001310503020140052601 &#8211; 20200901<\/a><br \/>\n<a href=\"https:\/\/cortesuprema.gov.co\/corte\/wp-content\/uploads\/not\/laboral20\/avisos\/F11001310502620140029201EdictoL20200831151817.pdf\" target=\"_blank\" rel=\"noopener noreferrer\">11001310502620140029201 &#8211; 20200901<\/a><br \/>\n<a href=\"https:\/\/cortesuprema.gov.co\/corte\/wp-content\/uploads\/not\/laboral20\/avisos\/F11001310501320140046101EdictoL20200831070831.pdf\" target=\"_blank\" rel=\"noopener noreferrer\">11001310501320140046101 &#8211; 20200901<\/a><br \/>\n<a href=\"https:\/\/cortesuprema.gov.co\/corte\/wp-content\/uploads\/not\/laboral20\/avisos\/F11001220500020198665701EdictoL20200831134659.pdf\" target=\"_blank\" rel=\"noopener noreferrer\">11001220500020198665701 &#8211; 20200901<\/a><br \/>\n<a href=\"https:\/\/cortesuprema.gov.co\/corte\/wp-content\/uploads\/not\/laboral20\/avisos\/F15759310500120120039701EdictoL20200828134902.pdf\" target=\"_blank\" rel=\"noopener noreferrer\">15759310500120120039701 &#8211; 20200831<\/a><br \/>\n<a href=\"https:\/\/cortesuprema.gov.co\/corte\/wp-content\/uploads\/not\/laboral20\/avisos\/F11001310502720130077301EdictoL20200828134108.pdf\" target=\"_blank\" rel=\"noopener noreferrer\">11001310502720130077301 &#8211; 20200831<\/a><br \/>\n<a href=\"https:\/\/cortesuprema.gov.co\/corte\/wp-content\/uploads\/not\/laboral20\/avisos\/F11001310502220090051601EdictoL20200828071216.pdf\" target=\"_blank\" rel=\"noopener noreferrer\">11001310502220090051601 &#8211; 20200831<\/a><br \/>\n<a href=\"https:\/\/cortesuprema.gov.co\/corte\/wp-content\/uploads\/not\/laboral20\/avisos\/F11001310501020130026501EdictoL20200828161025.pdf\" target=\"_blank\" rel=\"noopener noreferrer\">11001310501020130026501 &#8211; 20200831<\/a><br \/>\n<a href=\"https:\/\/cortesuprema.gov.co\/corte\/wp-content\/uploads\/not\/laboral20\/avisos\/F11001310500820060038001EdictoL20200828145745.pdf\" target=\"_blank\" rel=\"noopener noreferrer\">11001310500820060038001 &#8211; 20200831<\/a><br \/>\n<a href=\"https:\/\/cortesuprema.gov.co\/corte\/wp-content\/uploads\/not\/laboral20\/avisos\/F08001310500920130000401EdictoL20200828072457.pdf\" target=\"_blank\" rel=\"noopener noreferrer\">08001310500920130000401 &#8211; 20200831<\/a><br \/>\n<a href=\"https:\/\/cortesuprema.gov.co\/corte\/wp-content\/uploads\/not\/laboral20\/avisos\/F05001310500320060038601EdictoL20200828115207.pdf\" target=\"_blank\" rel=\"noopener noreferrer\">05001310500320060038601 &#8211; 20200831<\/a><br \/>\n<a href=\"https:\/\/cortesuprema.gov.co\/corte\/wp-content\/uploads\/not\/laboral20\/avisos\/F76001220500020198333001EdictoL20200828162615.pdf\" target=\"_blank\" rel=\"noopener noreferrer\">76001220500020198333001 &#8211; 20200831<\/a><br \/>\n<a href=\"https:\/\/cortesuprema.gov.co\/corte\/wp-content\/uploads\/not\/laboral20\/avisos\/F68001310500520170023001EdictoL20200828074359.pdf\" target=\"_blank\" rel=\"noopener noreferrer\">68001310500520170023001 &#8211; 20200831<\/a><br \/>\n<a href=\"https:\/\/cortesuprema.gov.co\/corte\/wp-content\/uploads\/not\/laboral20\/avisos\/F05001310501520120015301EdictoL20200825184738.pdf\" target=\"_blank\" rel=\"noopener noreferrer\">05001310501520120015301 &#8211; 20200826<\/a><br \/>\n<a href=\"https:\/\/cortesuprema.gov.co\/corte\/wp-content\/uploads\/not\/laboral20\/avisos\/F11001310501520030076101EdictoL20200825142703.pdf\" target=\"_blank\" rel=\"noopener noreferrer\">11001310501520030076101 &#8211; 20200826<\/a><br \/>\n<a href=\"https:\/\/cortesuprema.gov.co\/corte\/wp-content\/uploads\/not\/laboral20\/avisos\/F11001220500020198546101EdictoL20200825182936.pdf\" target=\"_blank\" rel=\"noopener noreferrer\">11001220500020198546101 &#8211; 20200826<\/a><br \/>\n<a href=\"https:\/\/cortesuprema.gov.co\/corte\/wp-content\/uploads\/not\/laboral20\/avisos\/F66001310500420150011701EdictoL20200821155213.pdf\" target=\"_blank\" rel=\"noopener noreferrer\">66001310500420150011701 &#8211; 20200824<\/a><br \/>\n<a href=\"https:\/\/cortesuprema.gov.co\/corte\/wp-content\/uploads\/not\/laboral20\/avisos\/F05001310500720150074001EdictoL20200821161702.pdf\" target=\"_blank\" rel=\"noopener noreferrer\">05001310500720150074001 &#8211; 20200824<\/a><br \/>\n<a href=\"https:\/\/cortesuprema.gov.co\/corte\/wp-content\/uploads\/not\/laboral20\/avisos\/F76001310501620140018401EdictoL20200821162023.pdf\" target=\"_blank\" rel=\"noopener noreferrer\">76001310501620140018401 &#8211; 20200824<\/a><br \/>\n<a href=\"https:\/\/cortesuprema.gov.co\/corte\/wp-content\/uploads\/not\/laboral20\/avisos\/F05001310501120100035301EdictoL20200818090220.pdf\" target=\"_blank\" rel=\"noopener noreferrer\">05001310501120100035301 &#8211; 20200819<\/a><br \/>\n<a href=\"https:\/\/cortesuprema.gov.co\/corte\/wp-content\/uploads\/not\/laboral20\/avisos\/F41001310500220130033701EdictoL20200818092624.pdf\" target=\"_blank\" rel=\"noopener noreferrer\">41001310500220130033701 &#8211; 20200819<\/a><br \/>\n<a href=\"https:\/\/cortesuprema.gov.co\/corte\/wp-content\/uploads\/not\/laboral20\/avisos\/F20001310500320100046101EdictoL20200818091237.pdf\" target=\"_blank\" rel=\"noopener noreferrer\">20001310500320100046101 &#8211; 20200819<\/a><br \/>\n<a href=\"https:\/\/cortesuprema.gov.co\/corte\/wp-content\/uploads\/not\/laboral20\/avisos\/F11001310501520130065101EdictoL20200818100247.pdf\" target=\"_blank\" rel=\"noopener noreferrer\">11001310501520130065101 &#8211; 20200819<\/a><br \/>\n<a href=\"https:\/\/cortesuprema.gov.co\/corte\/wp-content\/uploads\/not\/laboral20\/avisos\/F11001310500720110104001EdictoL20200818085244.pdf\" target=\"_blank\" rel=\"noopener noreferrer\">11001310500720110104001 &#8211; 20200819<\/a><br \/>\n<a href=\"https:\/\/cortesuprema.gov.co\/corte\/wp-content\/uploads\/not\/laboral20\/avisos\/F47001310500120130022301EdictoL20200813091633.pdf\" target=\"_blank\" rel=\"noopener noreferrer\">47001310500120130022301 &#8211; 20200814<\/a><br \/>\n<a href=\"https:\/\/cortesuprema.gov.co\/corte\/wp-content\/uploads\/not\/laboral20\/avisos\/F76001310501220060059101EdictoL20200813091005.pdf\" target=\"_blank\" rel=\"noopener noreferrer\">76001310501220060059101 &#8211; 20200814<\/a><br \/>\n<a href=\"https:\/\/cortesuprema.gov.co\/corte\/wp-content\/uploads\/not\/laboral20\/avisos\/F76001310500820070077001EdictoL20200813090223.pdf\" target=\"_blank\" rel=\"noopener noreferrer\">76001310500820070077001 &#8211; 20200814<\/a><br \/>\n<a href=\"https:\/\/cortesuprema.gov.co\/corte\/wp-content\/uploads\/not\/laboral20\/avisos\/F05001310500520150138801EdictoL20200812094203.pdf\" target=\"_blank\" rel=\"noopener noreferrer\">05001310500520150138801 &#8211; 20200813<\/a><br \/>\n<a href=\"https:\/\/cortesuprema.gov.co\/corte\/wp-content\/uploads\/not\/laboral20\/avisos\/F11001310500820160041901EdictoL20200812095902.pdf\" target=\"_blank\" rel=\"noopener noreferrer\">11001310500820160041901 &#8211; 20200813<\/a><br \/>\n<a href=\"https:\/\/cortesuprema.gov.co\/corte\/wp-content\/uploads\/not\/laboral20\/avisos\/F11001310501920140046401EdictoL20200811094423.pdf\" target=\"_blank\" rel=\"noopener noreferrer\">11001310501920140046401 &#8211; 20200812<\/a><br \/>\n<a href=\"https:\/\/cortesuprema.gov.co\/corte\/wp-content\/uploads\/not\/laboral20\/avisos\/F15001310500320170004301EdictoL20200811095430.pdf\" target=\"_blank\" rel=\"noopener noreferrer\">15001310500320170004301 &#8211; 20200812<\/a><br \/>\n<a href=\"https:\/\/cortesuprema.gov.co\/corte\/wp-content\/uploads\/not\/laboral20\/avisos\/F11001310500820090011001EdictoL20200808160757.pdf\" target=\"_blank\" rel=\"noopener noreferrer\">11001310500820090011001 &#8211; 20200811<\/a><br \/>\n<a href=\"https:\/\/cortesuprema.gov.co\/corte\/wp-content\/uploads\/not\/laboral20\/avisos\/F13001310500420100009101EdictoL20200808155801.pdf\" target=\"_blank\" rel=\"noopener noreferrer\">13001310500420100009101 &#8211; 20200811<\/a><br \/>\n<a href=\"https:\/\/cortesuprema.gov.co\/corte\/wp-content\/uploads\/not\/laboral20\/avisos\/F11001310501320130065201EdictoL20200808161926.pdf\" target=\"_blank\" rel=\"noopener noreferrer\">11001310501320130065201 &#8211; 20200811<\/a><br \/>\n<a href=\"https:\/\/cortesuprema.gov.co\/corte\/wp-content\/uploads\/not\/laboral20\/avisos\/F11001310500620100064201EdictoL20200806123327.pdf\" target=\"_blank\" rel=\"noopener noreferrer\">11001310500620100064201 &#8211; 20200810<\/a><br \/>\n<a href=\"https:\/\/cortesuprema.gov.co\/corte\/wp-content\/uploads\/not\/laboral20\/avisos\/F11001310500420020047001EdictoL20200806153241.pdf\" target=\"_blank\" rel=\"noopener noreferrer\">11001310500420020047001 &#8211; 20200810<\/a><br \/>\n<a href=\"https:\/\/cortesuprema.gov.co\/corte\/wp-content\/uploads\/not\/laboral20\/avisos\/F11001220500020198615901EdictoL20200806130703.pdf\" target=\"_blank\" rel=\"noopener noreferrer\">11001220500020198615901 &#8211; 20200810<\/a><br \/>\n<a href=\"https:\/\/cortesuprema.gov.co\/corte\/wp-content\/uploads\/not\/laboral20\/avisos\/F11001220500020198578101EdictoL20200806175836.pdf\" target=\"_blank\" rel=\"noopener noreferrer\">11001220500020198578101 &#8211; 20200810<\/a><br \/>\n<a href=\"https:\/\/cortesuprema.gov.co\/corte\/wp-content\/uploads\/not\/laboral20\/avisos\/F76001310500120130085301EdictoL20200806155607.pdf\" target=\"_blank\" rel=\"noopener noreferrer\">76001310500120130085301 &#8211; 20200810<\/a><br \/>\n<a href=\"https:\/\/cortesuprema.gov.co\/corte\/wp-content\/uploads\/not\/laboral20\/avisos\/F73001310500520100062801EdictoL20200806174210.pdf\" target=\"_blank\" rel=\"noopener noreferrer\">73001310500520100062801 &#8211; 20200810<\/a><br \/>\n<a href=\"https:\/\/cortesuprema.gov.co\/corte\/wp-content\/uploads\/not\/laboral20\/avisos\/F66001310500120110072801EdictoL20200806120420.pdf\" target=\"_blank\" rel=\"noopener noreferrer\">66001310500120110072801 &#8211; 20200810<\/a><br \/>\n<a href=\"https:\/\/cortesuprema.gov.co\/corte\/wp-content\/uploads\/not\/laboral20\/avisos\/F41001310500120110054301EdictoL20200806114316.pdf\" target=\"_blank\" rel=\"noopener noreferrer\">41001310500120110054301 &#8211; 20200810<\/a><br \/>\n<a href=\"https:\/\/cortesuprema.gov.co\/corte\/wp-content\/uploads\/not\/laboral20\/avisos\/F25843310300120130013201EdictoL20200806122159.pdf\" target=\"_blank\" rel=\"noopener noreferrer\">25843310300120130013201 &#8211; 20200810<\/a><br \/>\n<a href=\"https:\/\/cortesuprema.gov.co\/corte\/wp-content\/uploads\/not\/laboral20\/avisos\/F11001310502120140013601EdictoL20200806173231.pdf\" target=\"_blank\" rel=\"noopener noreferrer\">11001310502120140013601 &#8211; 20200810<\/a><br \/>\n<a href=\"https:\/\/cortesuprema.gov.co\/corte\/wp-content\/uploads\/not\/laboral20\/avisos\/F11001310500620140054901EdictoL20200805131009.pdf\" target=\"_blank\" rel=\"noopener noreferrer\">11001310500620140054901 &#8211; 20200806<\/a><br \/>\n<a href=\"https:\/\/cortesuprema.gov.co\/corte\/wp-content\/uploads\/not\/laboral20\/avisos\/F08001310500720140010301EdictoL20200805124805.pdf\" target=\"_blank\" rel=\"noopener noreferrer\">08001310500720140010301 &#8211; 20200806<\/a><br \/>\n<a href=\"https:\/\/cortesuprema.gov.co\/corte\/wp-content\/uploads\/not\/laboral20\/avisos\/F05001310501320090110201EdictoL20200805111853.pdf\" target=\"_blank\" rel=\"noopener noreferrer\">05001310501320090110201 &#8211; 20200806<\/a><br \/>\n<a href=\"https:\/\/cortesuprema.gov.co\/corte\/wp-content\/uploads\/not\/laboral20\/avisos\/F11001310502720150047401EdictoL20200805110856.pdf\" target=\"_blank\" rel=\"noopener noreferrer\">11001310502720150047401 &#8211; 20200806<\/a><br \/>\n<a href=\"https:\/\/cortesuprema.gov.co\/corte\/wp-content\/uploads\/not\/laboral20\/avisos\/F11001310501620150029501EdictoL20200805123520.pdf\" target=\"_blank\" rel=\"noopener noreferrer\">11001310501620150029501 &#8211; 20200806<\/a><br \/>\n<a href=\"https:\/\/cortesuprema.gov.co\/corte\/wp-content\/uploads\/not\/laboral20\/avisos\/F11001310501320160022501EdictoL20200805125659.pdf\" target=\"_blank\" rel=\"noopener noreferrer\">11001310501320160022501 &#8211; 20200806<\/a><br \/>\n<a href=\"https:\/\/cortesuprema.gov.co\/corte\/wp-content\/uploads\/not\/laboral20\/avisos\/F11001310501420150090601EdictoL20200804174404.pdf\" target=\"_blank\" rel=\"noopener noreferrer\">11001310501420150090601 &#8211; 20200805<\/a><br \/>\n<a href=\"https:\/\/cortesuprema.gov.co\/corte\/wp-content\/uploads\/not\/laboral20\/avisos\/F05266310500120130057201EdictoL20200804163507.pdf\" target=\"_blank\" rel=\"noopener noreferrer\">05266310500120130057201 &#8211; 20200805<\/a><br \/>\n<a href=\"https:\/\/cortesuprema.gov.co\/corte\/wp-content\/uploads\/not\/laboral20\/avisos\/F05001310501620100001501EdictoL20200804162213.pdf\" target=\"_blank\" rel=\"noopener noreferrer\">05001310501620100001501 &#8211; 20200805<\/a><br \/>\n<a href=\"https:\/\/cortesuprema.gov.co\/corte\/wp-content\/uploads\/not\/laboral20\/avisos\/F05001310501020040042101EdictoL20200804123722.pdf\" target=\"_blank\" rel=\"noopener noreferrer\">05001310501020040042101 &#8211; 20200805<\/a><br \/>\n<a href=\"https:\/\/cortesuprema.gov.co\/corte\/wp-content\/uploads\/not\/laboral20\/avisos\/F76001310501620120048901EdictoL20200804164131.pdf\" target=\"_blank\" rel=\"noopener noreferrer\">76001310501620120048901 &#8211; 20200805<\/a><br \/>\n<a href=\"https:\/\/cortesuprema.gov.co\/corte\/wp-content\/uploads\/not\/laboral20\/avisos\/F76001310500820140084801EdictoL20200804173903.pdf\" target=\"_blank\" rel=\"noopener noreferrer\">76001310500820140084801 &#8211; 20200805<\/a><br \/>\n<a href=\"https:\/\/cortesuprema.gov.co\/corte\/wp-content\/uploads\/not\/laboral20\/avisos\/F76001310500820100129701EdictoL20200804134904.pdf\" target=\"_blank\" rel=\"noopener noreferrer\">76001310500820100129701 &#8211; 20200805<\/a><br \/>\n<a href=\"https:\/\/cortesuprema.gov.co\/corte\/wp-content\/uploads\/not\/laboral20\/avisos\/F76001220500020198520401EdictoL20200804181101.pdf\" target=\"_blank\" rel=\"noopener noreferrer\">76001220500020198520401 &#8211; 20200805<\/a><br \/>\n<a href=\"https:\/\/cortesuprema.gov.co\/corte\/wp-content\/uploads\/not\/laboral20\/avisos\/F47001310500420140002201EdictoL20200804172630.pdf\" target=\"_blank\" rel=\"noopener noreferrer\">47001310500420140002201 &#8211; 20200805<\/a><br \/>\n<a href=\"https:\/\/cortesuprema.gov.co\/corte\/wp-content\/uploads\/not\/laboral20\/avisos\/F11001310502420150033201EdictoL20200804175154.pdf\" target=\"_blank\" rel=\"noopener noreferrer\">11001310502420150033201 &#8211; 20200805<\/a><br \/>\n<a href=\"https:\/\/cortesuprema.gov.co\/corte\/wp-content\/uploads\/not\/laboral20\/avisos\/F11001310502120120004501EdictoL20200804135424.pdf\" target=\"_blank\" rel=\"noopener noreferrer\">11001310502120120004501 &#8211; 20200805<\/a><br \/>\n<a href=\"https:\/\/cortesuprema.gov.co\/corte\/wp-content\/uploads\/not\/laboral20\/avisos\/F70001310500120150008201EdictoL20200803102602.pdf\" target=\"_blank\" rel=\"noopener noreferrer\">70001310500120150008201 &#8211; 20200804<\/a><br \/>\n<a href=\"https:\/\/cortesuprema.gov.co\/corte\/wp-content\/uploads\/not\/laboral20\/avisos\/F11001220500020198487201EdictoL20200731110629.pdf\" target=\"_blank\" rel=\"noopener noreferrer\">11001220500020198487201 &#8211; 20200803<\/a><br \/>\n<a href=\"https:\/\/cortesuprema.gov.co\/corte\/wp-content\/uploads\/not\/laboral20\/avisos\/F11001220500020188153201EdictoL20200731105758.pdf\" target=\"_blank\" rel=\"noopener noreferrer\">11001220500020188153201 &#8211; 20200803<\/a><br \/>\n<a href=\"https:\/\/cortesuprema.gov.co\/corte\/wp-content\/uploads\/not\/laboral20\/avisos\/F11001310503920160006901EdictoL20200731103529.pdf\" target=\"_blank\" rel=\"noopener noreferrer\">11001310503920160006901 &#8211; 20200803<\/a><br \/>\n<a href=\"https:\/\/cortesuprema.gov.co\/corte\/wp-content\/uploads\/not\/laboral20\/avisos\/F11001310502720120035701EdictoL20200731102902.pdf\" target=\"_blank\" rel=\"noopener noreferrer\">11001310502720120035701 &#8211; 20200803<\/a><br \/>\n<a href=\"https:\/\/cortesuprema.gov.co\/corte\/wp-content\/uploads\/not\/laboral20\/avisos\/F11001310500820080007401EdictoL20200730134529.pdf\" target=\"_blank\" rel=\"noopener noreferrer\">11001310500820080007401 &#8211; 20200731<\/a><br \/>\n<a href=\"https:\/\/cortesuprema.gov.co\/corte\/wp-content\/uploads\/not\/laboral20\/avisos\/F05001310500520100085001EdictoL20200730094142.pdf\" target=\"_blank\" rel=\"noopener noreferrer\">05001310500520100085001 &#8211; 20200731<\/a><br \/>\n<a href=\"https:\/\/cortesuprema.gov.co\/corte\/wp-content\/uploads\/not\/laboral20\/avisos\/F11001310501820080016201EdictoL20200730134040.pdf\" target=\"_blank\" rel=\"noopener noreferrer\">11001310501820080016201 &#8211; 20200731<\/a><br \/>\n<a href=\"https:\/\/cortesuprema.gov.co\/corte\/wp-content\/uploads\/not\/laboral20\/avisos\/F11001310501020090001101EdictoL20200730093103.pdf\" target=\"_blank\" rel=\"noopener noreferrer\">11001310501020090001101 &#8211; 20200731<\/a><br \/>\n<a href=\"https:\/\/cortesuprema.gov.co\/corte\/wp-content\/uploads\/not\/laboral20\/avisos\/F11001310500920150052501EdictoL20200729112719.pdf\" target=\"_blank\" rel=\"noopener noreferrer\">11001310500920150052501 &#8211; 20200730<\/a><br \/>\n<a href=\"https:\/\/cortesuprema.gov.co\/corte\/wp-content\/uploads\/not\/laboral20\/avisos\/F11001310500520090088201EdictoL20200729164921.pdf\" target=\"_blank\" rel=\"noopener noreferrer\">11001310500520090088201 &#8211; 20200730<\/a><br \/>\n<a href=\"https:\/\/cortesuprema.gov.co\/corte\/wp-content\/uploads\/not\/laboral20\/avisos\/F05001310502120100064301EdictoL20200729113544.pdf\" target=\"_blank\" rel=\"noopener noreferrer\">05001310502120100064301 &#8211; 20200730<\/a><br \/>\n<a href=\"https:\/\/cortesuprema.gov.co\/corte\/wp-content\/uploads\/not\/laboral20\/avisos\/F05001310500620090044401EdictoL20200729152220.pdf\" target=\"_blank\" rel=\"noopener noreferrer\">05001310500620090044401 &#8211; 20200730<\/a><br \/>\n<a href=\"https:\/\/cortesuprema.gov.co\/corte\/wp-content\/uploads\/not\/laboral20\/avisos\/F05001310500520100085001EdictoL20200729232918.pdf\" target=\"_blank\" rel=\"noopener noreferrer\">05001310500520100085001 &#8211; 20200730<\/a><br \/>\n<a href=\"https:\/\/cortesuprema.gov.co\/corte\/wp-content\/uploads\/not\/laboral20\/avisos\/F44001310500220110015301EdictoL20200729231221.pdf\" target=\"_blank\" rel=\"noopener noreferrer\">44001310500220110015301 &#8211; 20200730<\/a><br \/>\n<a href=\"https:\/\/cortesuprema.gov.co\/corte\/wp-content\/uploads\/not\/laboral20\/avisos\/F17001310500220150012401EdictoL20200729114123.pdf\" target=\"_blank\" rel=\"noopener noreferrer\">17001310500220150012401 &#8211; 20200730<\/a><br \/>\n<a href=\"https:\/\/cortesuprema.gov.co\/corte\/wp-content\/uploads\/not\/laboral20\/avisos\/F11001310502320130000601EdictoL20200729151252.pdf\" target=\"_blank\" rel=\"noopener noreferrer\">11001310502320130000601 &#8211; 20200730<\/a><br \/>\n<a href=\"https:\/\/cortesuprema.gov.co\/corte\/wp-content\/uploads\/not\/laboral20\/avisos\/F11001310502220080112101EdictoL20200729170027.pdf\" target=\"_blank\" rel=\"noopener noreferrer\">11001310502220080112101 &#8211; 20200730<\/a><br \/>\n<a href=\"https:\/\/cortesuprema.gov.co\/corte\/wp-content\/uploads\/not\/laboral20\/avisos\/F11001310502120100041101EdictoL20200729230448.pdf\" target=\"_blank\" rel=\"noopener noreferrer\">11001310502120100041101 &#8211; 20200730<\/a><br \/>\n<a href=\"https:\/\/cortesuprema.gov.co\/corte\/wp-content\/uploads\/not\/laboral20\/avisos\/F11001310501120090003301EdictoL20200729171429.pdf\" target=\"_blank\" rel=\"noopener noreferrer\">11001310501120090003301 &#8211; 20200730<\/a><br \/>\n<a href=\"https:\/\/cortesuprema.gov.co\/corte\/wp-content\/uploads\/not\/laboral20\/avisos\/F11001310501020090001101EdictoL20200729224928.pdf\" target=\"_blank\" rel=\"noopener noreferrer\">11001310501020090001101 &#8211; 20200730<\/a><br \/>\n<a href=\"https:\/\/cortesuprema.gov.co\/corte\/wp-content\/uploads\/not\/laboral20\/avisos\/F11001310500720110027701EdictoL20200728110741.pdf\" target=\"_blank\" rel=\"noopener noreferrer\">11001310500720110027701 &#8211; 20200729<\/a><br \/>\n<a href=\"https:\/\/cortesuprema.gov.co\/corte\/wp-content\/uploads\/not\/laboral20\/avisos\/F11001310501320090019001EdictoL20200728091253.pdf\" target=\"_blank\" rel=\"noopener noreferrer\">11001310501320090019001 &#8211; 20200729<\/a><br \/>\n<a href=\"https:\/\/cortesuprema.gov.co\/corte\/wp-content\/uploads\/not\/laboral20\/avisos\/F73001310500420090077801EdictoL20200728225437.pdf\" target=\"_blank\" rel=\"noopener noreferrer\">73001310500420090077801 &#8211; 20200729<\/a><br \/>\n<a href=\"https:\/\/cortesuprema.gov.co\/corte\/wp-content\/uploads\/not\/laboral20\/avisos\/F11001310503120120058501EdictoL20200728103602.pdf\" target=\"_blank\" rel=\"noopener noreferrer\">11001310503120120058501 &#8211; 20200729<\/a><br \/>\n<a href=\"https:\/\/cortesuprema.gov.co\/corte\/wp-content\/uploads\/not\/laboral20\/avisos\/F76001310501620120079801EdictoL20200728230132.pdf\" target=\"_blank\" rel=\"noopener noreferrer\">76001310501620120079801 &#8211; 20200729<\/a><br \/>\n<a href=\"https:\/\/cortesuprema.gov.co\/corte\/wp-content\/uploads\/not\/laboral20\/avisos\/F76001310500120110083801EdictoL20200728110030.pdf\" target=\"_blank\" rel=\"noopener noreferrer\">76001310500120110083801 &#8211; 20200729<\/a><br \/>\n<a href=\"https:\/\/cortesuprema.gov.co\/corte\/wp-content\/uploads\/not\/laboral20\/avisos\/F08001310500120040023801EdictoL20200728093258.pdf\" target=\"_blank\" rel=\"noopener noreferrer\">08001310500120040023801 &#8211; 20200729<\/a><br \/>\n<a href=\"https:\/\/cortesuprema.gov.co\/corte\/wp-content\/uploads\/not\/laboral20\/avisos\/F11001310500520080090802EdictoL20200728093825.pdf\" target=\"_blank\" rel=\"noopener noreferrer\">11001310500520080090802 &#8211; 20200729<\/a><br \/>\n<a href=\"https:\/\/cortesuprema.gov.co\/corte\/wp-content\/uploads\/not\/laboral20\/avisos\/F05001310500520090047601EdictoL20200728105445.pdf\" target=\"_blank\" rel=\"noopener noreferrer\">05001310500520090047601 &#8211; 20200729<\/a><br \/>\n<a href=\"https:\/\/cortesuprema.gov.co\/corte\/wp-content\/uploads\/not\/laboral20\/avisos\/F11001220500020187998701EdictoL20200727163334.pdf\" target=\"_blank\" rel=\"noopener noreferrer\">11001220500020187998701 &#8211; 20200728<\/a><br \/>\n<a href=\"https:\/\/cortesuprema.gov.co\/corte\/wp-content\/uploads\/not\/laboral20\/avisos\/F76001310501520140076401EdictoL20200724193256.pdf\" target=\"_blank\" rel=\"noopener noreferrer\">76001310501520140076401 &#8211; 20200727<\/a><br \/>\n<a href=\"https:\/\/cortesuprema.gov.co\/corte\/wp-content\/uploads\/not\/laboral20\/avisos\/F11001310502320140038701EdictoL20200724124632.pdf\" target=\"_blank\" rel=\"noopener noreferrer\">11001310502320140038701 &#8211; 20200727<\/a><br \/>\n<a href=\"https:\/\/cortesuprema.gov.co\/corte\/wp-content\/uploads\/not\/laboral20\/avisos\/F11001310501120140052201EdictoL20200724203542.pdf\" target=\"_blank\" rel=\"noopener noreferrer\">11001310501120140052201 &#8211; 20200727<\/a><br \/>\n<a href=\"https:\/\/cortesuprema.gov.co\/corte\/wp-content\/uploads\/not\/laboral20\/avisos\/F08001310500920140014701EdictoL20200724203231.pdf\" target=\"_blank\" rel=\"noopener noreferrer\">08001310500920140014701 &#8211; 20200727<\/a><br \/>\n<a href=\"https:\/\/cortesuprema.gov.co\/corte\/wp-content\/uploads\/not\/laboral20\/avisos\/F11001310501320090072801EdictoL20200724200741.pdf\" target=\"_blank\" rel=\"noopener noreferrer\">11001310501320090072801 &#8211; 20200727<\/a><br \/>\n<a href=\"https:\/\/cortesuprema.gov.co\/corte\/wp-content\/uploads\/not\/laboral20\/avisos\/F11001310501620100046901EdictoL20200724192525.pdf\" target=\"_blank\" rel=\"noopener noreferrer\">11001310501620100046901 &#8211; 20200727<\/a><br \/>\n<a href=\"https:\/\/cortesuprema.gov.co\/corte\/wp-content\/uploads\/not\/laboral20\/avisos\/F11001310500120110116401EdictoL20200724202728.pdf\" target=\"_blank\" rel=\"noopener noreferrer\">11001310500120110116401 &#8211; 20200727<\/a><br \/>\n<a href=\"https:\/\/cortesuprema.gov.co\/corte\/wp-content\/uploads\/not\/laboral20\/avisos\/F11001310502220120039101EdictoL20200724202133.pdf\" target=\"_blank\" rel=\"noopener noreferrer\">11001310502220120039101 &#8211; 20200727<\/a><br \/>\n<a href=\"https:\/\/cortesuprema.gov.co\/corte\/wp-content\/uploads\/not\/laboral20\/avisos\/F11001310502320130027001EdictoL20200724115622.pdf\" target=\"_blank\" rel=\"noopener noreferrer\">11001310502320130027001 &#8211; 20200727<\/a><br \/>\n<a href=\"https:\/\/cortesuprema.gov.co\/corte\/wp-content\/uploads\/not\/laboral20\/avisos\/F11001310500920140016501EdictoL20200724120329.pdf\" target=\"_blank\" rel=\"noopener noreferrer\">11001310500920140016501 &#8211; 20200727<\/a><br \/>\n<a href=\"https:\/\/cortesuprema.gov.co\/corte\/wp-content\/uploads\/not\/laboral20\/avisos\/F08001310501120100009001EdictoL20200723140116.pdf\" target=\"_blank\" rel=\"noopener noreferrer\">08001310501120100009001 &#8211; 20200724<\/a><br \/>\n<a href=\"https:\/\/cortesuprema.gov.co\/corte\/wp-content\/uploads\/not\/laboral20\/avisos\/F11001310501920160024001EdictoL20200723204415.pdf\" target=\"_blank\" rel=\"noopener noreferrer\">11001310501920160024001 &#8211; 20200724<\/a><br \/>\n<a href=\"https:\/\/cortesuprema.gov.co\/corte\/wp-content\/uploads\/not\/laboral20\/avisos\/F54001310500420140012201EdictoL20200723132122.pdf\" target=\"_blank\" rel=\"noopener noreferrer\">54001310500420140012201 &#8211; 20200724<\/a><br \/>\n<a href=\"https:\/\/cortesuprema.gov.co\/corte\/wp-content\/uploads\/not\/laboral20\/avisos\/F05001310500820080092401EdictoL20200723094258.pdf\" target=\"_blank\" rel=\"noopener noreferrer\">05001310500820080092401 &#8211; 20200724<\/a><br \/>\n<a href=\"https:\/\/cortesuprema.gov.co\/corte\/wp-content\/uploads\/not\/laboral20\/avisos\/F11001310502020070025001EdictoL20200723115105.pdf\" target=\"_blank\" rel=\"noopener noreferrer\">11001310502020070025001 &#8211; 20200724<\/a><br \/>\n<a href=\"https:\/\/cortesuprema.gov.co\/corte\/wp-content\/uploads\/not\/laboral20\/avisos\/F25875310300120130026801EdictoL20200723171147.pdf\" target=\"_blank\" rel=\"noopener noreferrer\">25875310300120130026801 &#8211; 20200724<\/a><br \/>\n<a href=\"https:\/\/cortesuprema.gov.co\/corte\/wp-content\/uploads\/not\/laboral20\/avisos\/F11001310502020130054101EdictoL20200723130642.pdf\" target=\"_blank\" rel=\"noopener noreferrer\">11001310502020130054101 &#8211; 20200724<\/a><br \/>\n<a href=\"https:\/\/cortesuprema.gov.co\/corte\/wp-content\/uploads\/not\/laboral20\/avisos\/F05001310501220040014301EdictoL20200723202946.pdf\" target=\"_blank\" rel=\"noopener noreferrer\">05001310501220040014301 &#8211; 20200724<\/a><br \/>\n<a href=\"https:\/\/cortesuprema.gov.co\/corte\/wp-content\/uploads\/not\/laboral20\/avisos\/F05001310501220040014301EdictoL20200723205222.pdf\" target=\"_blank\" rel=\"noopener noreferrer\">05001310501220040014301 &#8211; 20200724<\/a><br \/>\n<a href=\"https:\/\/cortesuprema.gov.co\/corte\/wp-content\/uploads\/not\/laboral20\/avisos\/F05001310501820130085701EdictoL20200722121603.pdf\" target=\"_blank\" rel=\"noopener noreferrer\">05001310501820130085701 &#8211; 20200723<\/a><br \/>\n<a href=\"https:\/\/cortesuprema.gov.co\/corte\/wp-content\/uploads\/not\/laboral20\/avisos\/F05001310501720090048501EdictoL20200722145232.pdf\" target=\"_blank\" rel=\"noopener noreferrer\">05001310501720090048501 &#8211; 20200723<\/a><br \/>\n<a href=\"https:\/\/cortesuprema.gov.co\/corte\/wp-content\/uploads\/not\/laboral20\/avisos\/F15001310500420160030901EdictoL20200722171142.pdf\" target=\"_blank\" rel=\"noopener noreferrer\">15001310500420160030901 &#8211; 20200723<\/a><br \/>\n<a href=\"https:\/\/cortesuprema.gov.co\/corte\/wp-content\/uploads\/not\/laboral20\/avisos\/F76001310500820140059101EdictoL20200722095738.pdf\" target=\"_blank\" rel=\"noopener noreferrer\">76001310500820140059101 &#8211; 20200723<\/a><br \/>\n<a href=\"https:\/\/cortesuprema.gov.co\/corte\/wp-content\/uploads\/not\/laboral20\/avisos\/F44001310500220030016701EdictoL20200722143606.pdf\" target=\"_blank\" rel=\"noopener noreferrer\">44001310500220030016701 &#8211; 20200723<\/a><br \/>\n<a href=\"https:\/\/cortesuprema.gov.co\/corte\/wp-content\/uploads\/not\/laboral20\/avisos\/F41001310500320150016501EdictoL20200722135439.pdf\" target=\"_blank\" rel=\"noopener noreferrer\">41001310500320150016501 &#8211; 20200723<\/a><br \/>\n<a href=\"https:\/\/cortesuprema.gov.co\/corte\/wp-content\/uploads\/not\/laboral20\/avisos\/F05001310502020140039601EdictoL20200722172451.pdf\" target=\"_blank\" rel=\"noopener noreferrer\">05001310502020140039601 &#8211; 20200723<\/a><br \/>\n<a href=\"https:\/\/cortesuprema.gov.co\/corte\/wp-content\/uploads\/not\/laboral20\/avisos\/F08001310501420160006901EdictoL20200722143620.pdf\" target=\"_blank\" rel=\"noopener noreferrer\">08001310501420160006901 &#8211; 20200723<\/a><br \/>\n<a href=\"https:\/\/cortesuprema.gov.co\/corte\/wp-content\/uploads\/not\/laboral20\/avisos\/F68001310500520160031601EdictoL20200722141712.pdf\" target=\"_blank\" rel=\"noopener noreferrer\">68001310500520160031601 &#8211; 20200723<\/a><br \/>\n<a href=\"https:\/\/cortesuprema.gov.co\/corte\/wp-content\/uploads\/not\/laboral20\/avisos\/F11001310502620120072701EdictoL20200721104257.pdf\" target=\"_blank\" rel=\"noopener noreferrer\">11001310502620120072701 &#8211; 20200722<\/a><br \/>\n<a href=\"https:\/\/cortesuprema.gov.co\/corte\/wp-content\/uploads\/not\/laboral20\/avisos\/F08001310500820140018301EdictoL20200716105208.pdf\" target=\"_blank\" rel=\"noopener noreferrer\">08001310500820140018301 &#8211; 20200717<\/a><br \/>\n<a href=\"https:\/\/cortesuprema.gov.co\/corte\/wp-content\/uploads\/not\/laboral20\/avisos\/F11001310501420150097901EdictoL20200714133212.pdf\" target=\"_blank\" rel=\"noopener noreferrer\">11001310501420150097901 &#8211; 20200715<\/a><br \/>\n<a href=\"https:\/\/cortesuprema.gov.co\/corte\/wp-content\/uploads\/not\/laboral20\/avisos\/F11001310503420120053201EdictoL20200710113006.pdf\" target=\"_blank\" rel=\"noopener noreferrer\">11001310503420120053201 &#8211; 20200713<\/a><br \/>\n<a href=\"https:\/\/cortesuprema.gov.co\/corte\/wp-content\/uploads\/not\/laboral20\/avisos\/F11001310500820080001501EdictoL20200710120855.pdf\" target=\"_blank\" rel=\"noopener noreferrer\">11001310500820080001501 &#8211; 20200713<\/a><br \/>\n<a href=\"https:\/\/cortesuprema.gov.co\/corte\/wp-content\/uploads\/not\/laboral20\/avisos\/F11001310501320160046201EdictoL20200710120159.pdf\" target=\"_blank\" rel=\"noopener noreferrer\">11001310501320160046201 &#8211; 20200713<\/a><br \/>\n<a href=\"https:\/\/cortesuprema.gov.co\/corte\/wp-content\/uploads\/not\/laboral20\/avisos\/F05001310501820150045301EdictoL20200710121452.pdf\" target=\"_blank\" rel=\"noopener noreferrer\">05001310501820150045301 &#8211; 20200713<\/a><br \/>\n<a href=\"https:\/\/cortesuprema.gov.co\/corte\/wp-content\/uploads\/not\/laboral20\/avisos\/F11001310500720120025401EdictoL20200708103941.pdf\" target=\"_blank\" rel=\"noopener noreferrer\">11001310500720120025401 &#8211; 20200709<\/a><br \/>\n<a href=\"https:\/\/cortesuprema.gov.co\/corte\/wp-content\/uploads\/not\/laboral20\/avisos\/F76001310500720120066001EdictoL20200708112632.pdf\" target=\"_blank\" rel=\"noopener noreferrer\">76001310500720120066001 &#8211; 20200709<\/a><br \/>\n<a href=\"https:\/\/cortesuprema.gov.co\/corte\/wp-content\/uploads\/not\/laboral20\/avisos\/F05001310501120120126901EdictoL20200708100118.pdf\" target=\"_blank\" rel=\"noopener noreferrer\">05001310501120120126901 &#8211; 20200709<\/a><br \/>\n<a href=\"https:\/\/cortesuprema.gov.co\/corte\/wp-content\/uploads\/not\/laboral20\/avisos\/F11001310501020110090801EdictoL20200708101432.pdf\" target=\"_blank\" rel=\"noopener noreferrer\">11001310501020110090801 &#8211; 20200709<\/a><br \/>\n<a href=\"https:\/\/cortesuprema.gov.co\/corte\/wp-content\/uploads\/not\/laboral20\/avisos\/F05001310501120130160101EdictoL20200708110722.pdf\" target=\"_blank\" rel=\"noopener noreferrer\">05001310501120130160101 &#8211; 20200709<\/a><br \/>\n<a href=\"https:\/\/cortesuprema.gov.co\/corte\/wp-content\/uploads\/not\/laboral20\/avisos\/F76001310500320170022201EdictoL20200707100313.pdf\" target=\"_blank\" rel=\"noopener noreferrer\">76001310500320170022201 &#8211; 20200708<\/a><br \/>\n<a href=\"https:\/\/cortesuprema.gov.co\/corte\/wp-content\/uploads\/not\/laboral20\/avisos\/F05001310500920120088001EdictoL20200707090953.pdf\" target=\"_blank\" rel=\"noopener noreferrer\">05001310500920120088001 &#8211; 20200708<\/a><br \/>\n<a href=\"https:\/\/cortesuprema.gov.co\/corte\/wp-content\/uploads\/not\/laboral20\/avisos\/F11001310503320110000501EdictoL20200707175806.pdf\" target=\"_blank\" rel=\"noopener noreferrer\">11001310503320110000501 &#8211; 20200708<\/a><br \/>\n<a href=\"https:\/\/cortesuprema.gov.co\/corte\/wp-content\/uploads\/not\/laboral20\/avisos\/F11001310500920170016001EdictoL20200707182432.pdf\" target=\"_blank\" rel=\"noopener noreferrer\">11001310500920170016001 &#8211; 20200708<\/a><br \/>\n<a href=\"https:\/\/cortesuprema.gov.co\/corte\/wp-content\/uploads\/not\/laboral20\/avisos\/F41001310500120140034401EdictoL20200707094053.pdf\" target=\"_blank\" rel=\"noopener noreferrer\">41001310500120140034401 &#8211; 20200708<\/a><br \/>\n<a href=\"https:\/\/cortesuprema.gov.co\/corte\/wp-content\/uploads\/not\/laboral20\/avisos\/F11001310501020090072401EdictoL20200707065125.pdf\" target=\"_blank\" rel=\"noopener noreferrer\">11001310501020090072401 &#8211; 20200708<\/a><br \/>\n<a href=\"https:\/\/cortesuprema.gov.co\/corte\/wp-content\/uploads\/not\/laboral20\/avisos\/F13001310500820120033001EdictoL20200707070126.pdf\" target=\"_blank\" rel=\"noopener noreferrer\">13001310500820120033001 &#8211; 20200708<\/a><br \/>\n<a href=\"https:\/\/cortesuprema.gov.co\/corte\/wp-content\/uploads\/not\/laboral20\/avisos\/F13001310500120110027801EdictoL20200707064625.pdf\" target=\"_blank\" rel=\"noopener noreferrer\">13001310500120110027801 &#8211; 20200708<\/a><br \/>\n<a href=\"https:\/\/cortesuprema.gov.co\/corte\/wp-content\/uploads\/not\/laboral20\/avisos\/F11001310501420080063801EdictoL20200706191822.pdf\" target=\"_blank\" rel=\"noopener noreferrer\">11001310501420080063801 &#8211; 20200707<\/a><br \/>\n<a href=\"https:\/\/cortesuprema.gov.co\/corte\/wp-content\/uploads\/not\/laboral20\/avisos\/F17001310500220160059301EdictoL20200706144623.pdf\" target=\"_blank\" rel=\"noopener noreferrer\">17001310500220160059301 &#8211; 20200707<\/a><br \/>\n<a href=\"https:\/\/cortesuprema.gov.co\/corte\/wp-content\/uploads\/not\/laboral20\/avisos\/F05001310500820160117501EdictoL20200706151047.pdf\" target=\"_blank\" rel=\"noopener noreferrer\">05001310500820160117501 &#8211; 20200707<\/a><br \/>\n<a href=\"https:\/\/cortesuprema.gov.co\/corte\/wp-content\/uploads\/not\/laboral20\/avisos\/F76001310500320160053301EdictoL20200706153144.pdf\" target=\"_blank\" rel=\"noopener noreferrer\">76001310500320160053301 &#8211; 20200707<\/a><br \/>\n<a href=\"https:\/\/cortesuprema.gov.co\/corte\/wp-content\/uploads\/not\/laboral20\/avisos\/F76001310501420130015401EdictoL20200703161504.pdf\" target=\"_blank\" rel=\"noopener noreferrer\">76001310501420130015401 &#8211; 20200706<\/a><br \/>\n<a href=\"https:\/\/cortesuprema.gov.co\/corte\/wp-content\/uploads\/not\/laboral20\/avisos\/F05001310501420170048801EdictoL20200703195108.pdf\" target=\"_blank\" rel=\"noopener noreferrer\">05001310501420170048801 &#8211; 20200706<\/a><br \/>\n<a href=\"https:\/\/cortesuprema.gov.co\/corte\/wp-content\/uploads\/not\/laboral20\/avisos\/F05001310500320100004301EdictoL20200703200018.pdf\" target=\"_blank\" rel=\"noopener noreferrer\">05001310500320100004301 &#8211; 20200706<\/a><br \/>\n<a href=\"https:\/\/cortesuprema.gov.co\/corte\/wp-content\/uploads\/not\/laboral20\/avisos\/F08758310300220120011601EdictoL20200703231301.pdf\" target=\"_blank\" rel=\"noopener noreferrer\">08758310300220120011601 &#8211; 20200706<\/a><br \/>\n<a href=\"https:\/\/cortesuprema.gov.co\/corte\/wp-content\/uploads\/not\/laboral20\/avisos\/F05001310501520140080601EdictoL20200702104207.pdf\" target=\"_blank\" rel=\"noopener noreferrer\">05001310501520140080601 &#8211; 20200703<\/a><br \/>\n<a href=\"https:\/\/cortesuprema.gov.co\/corte\/wp-content\/uploads\/not\/laboral20\/avisos\/F05001310500920140144301EdictoL20200702172414.pdf\" target=\"_blank\" rel=\"noopener noreferrer\">05001310500920140144301 &#8211; 20200703<\/a><br \/>\n<a href=\"https:\/\/cortesuprema.gov.co\/corte\/wp-content\/uploads\/not\/laboral20\/avisos\/F08001310501220100011901EdictoL20200702101523.pdf\" target=\"_blank\" rel=\"noopener noreferrer\">08001310501220100011901 &#8211; 20200703<\/a><br \/>\n<a href=\"https:\/\/cortesuprema.gov.co\/corte\/wp-content\/uploads\/not\/laboral20\/avisos\/F11001310501320090024901EdictoL20200702093933.pdf\" target=\"_blank\" rel=\"noopener noreferrer\">11001310501320090024901 &#8211; 20200703<\/a><br \/>\n<a href=\"https:\/\/cortesuprema.gov.co\/corte\/wp-content\/uploads\/not\/laboral20\/avisos\/F11001220500020188272701EdictoL20200702103055.pdf\" target=\"_blank\" rel=\"noopener noreferrer\">11001220500020188272701 &#8211; 20200703<\/a><br \/>\n<a href=\"https:\/\/cortesuprema.gov.co\/corte\/wp-content\/uploads\/not\/laboral20\/avisos\/F05001310500920110017801EdictoL20200702163704.pdf\" target=\"_blank\" rel=\"noopener noreferrer\">05001310500920110017801 &#8211; 20200703<\/a><br \/>\n<a href=\"https:\/\/cortesuprema.gov.co\/corte\/wp-content\/uploads\/not\/laboral20\/avisos\/F05001310500920090066601EdictoL20200702164608.pdf\" target=\"_blank\" rel=\"noopener noreferrer\">05001310500920090066601 &#8211; 20200703<\/a><br \/>\n<a href=\"https:\/\/cortesuprema.gov.co\/corte\/wp-content\/uploads\/not\/laboral20\/avisos\/F05001310501020090087501EdictoL20200701181940.pdf\" target=\"_blank\" rel=\"noopener noreferrer\">05001310501020090087501 &#8211; 20200702<\/a><br \/>\n<a href=\"https:\/\/cortesuprema.gov.co\/corte\/wp-content\/uploads\/not\/laboral20\/avisos\/F11001310502720150046801EdictoL20200701160359.pdf\" target=\"_blank\" rel=\"noopener noreferrer\">11001310502720150046801 &#8211; 20200702<\/a><br \/>\n<a href=\"https:\/\/cortesuprema.gov.co\/corte\/wp-content\/uploads\/not\/laboral20\/avisos\/F73001310500320060012801EdictoL20200701155553.pdf\" target=\"_blank\" rel=\"noopener noreferrer\">73001310500320060012801 &#8211; 20200702<\/a><br \/>\n<a href=\"https:\/\/cortesuprema.gov.co\/corte\/wp-content\/uploads\/not\/laboral20\/avisos\/F11001310500520140028601EdictoL20200701174642.pdf\" target=\"_blank\" rel=\"noopener noreferrer\">11001310500520140028601 &#8211; 20200702<\/a><br \/>\n<a href=\"https:\/\/cortesuprema.gov.co\/corte\/wp-content\/uploads\/not\/laboral20\/avisos\/F11001310502920110021901EdictoL20200701090900.pdf\" target=\"_blank\" rel=\"noopener noreferrer\">11001310502920110021901 &#8211; 20200702<\/a><br \/>\n<a href=\"https:\/\/cortesuprema.gov.co\/corte\/wp-content\/uploads\/not\/laboral20\/avisos\/F11001310500920130059201EdictoL20200701091721.pdf\" target=\"_blank\" rel=\"noopener noreferrer\">11001310500920130059201 &#8211; 20200702<\/a><br \/>\n<a href=\"https:\/\/cortesuprema.gov.co\/corte\/wp-content\/uploads\/not\/laboral20\/avisos\/F47001310500420060036301EdictoL20200701154919.pdf\" target=\"_blank\" rel=\"noopener noreferrer\">47001310500420060036301 &#8211; 20200702<\/a><br \/>\n<a href=\"https:\/\/cortesuprema.gov.co\/corte\/wp-content\/uploads\/not\/laboral20\/avisos\/F76001310500220130027701EdictoL20200701180300.pdf\" target=\"_blank\" rel=\"noopener noreferrer\">76001310500220130027701 &#8211; 20200702<\/a><br \/>\n<a href=\"https:\/\/cortesuprema.gov.co\/corte\/wp-content\/uploads\/not\/laboral20\/avisos\/F11001310502920160016301EdictoL20200701175529.pdf\" target=\"_blank\" rel=\"noopener noreferrer\">11001310502920160016301 &#8211; 20200702<\/a><br \/>\n<a href=\"https:\/\/cortesuprema.gov.co\/corte\/wp-content\/uploads\/not\/laboral20\/avisos\/F76109310500120160007201EdictoL20200701155605.pdf\" target=\"_blank\" rel=\"noopener noreferrer\">76109310500120160007201 &#8211; 20200702<\/a><br \/>\n<a href=\"https:\/\/cortesuprema.gov.co\/corte\/wp-content\/uploads\/not\/laboral20\/avisos\/F20178310500120120009501EdictoL20200626180732.pdf\" target=\"_blank\" rel=\"noopener noreferrer\">20178310500120120009501 &#8211; 20200701<\/a><br \/>\n<a href=\"https:\/\/cortesuprema.gov.co\/corte\/wp-content\/uploads\/not\/laboral20\/avisos\/F08001310500820130031101EdictoL20200626173245.pdf\" target=\"_blank\" rel=\"noopener noreferrer\">08001310500820130031101 &#8211; 20200701<\/a><br \/>\n<a href=\"https:\/\/cortesuprema.gov.co\/corte\/wp-content\/uploads\/not\/laboral20\/avisos\/F76001310500920130060901EdictoL20200626163334.pdf\" target=\"_blank\" rel=\"noopener noreferrer\">76001310500920130060901 &#8211; 20200701<\/a><\/p>\n<\/div><\/div> <div class=\"su-column su-column-size-1-3\"><div class=\"su-column-inner su-u-clearfix su-u-trim\">\n<p><a href=\"https:\/\/cortesuprema.gov.co\/corte\/wp-content\/uploads\/not\/laboral20\/avisos\/F05001310500420090092101EdictoL20200626170742.pdf\" target=\"_blank\" rel=\"noopener noreferrer\">05001310500420090092101 &#8211; 20200630<\/a><br \/>\n<a href=\"https:\/\/cortesuprema.gov.co\/corte\/wp-content\/uploads\/not\/laboral20\/avisos\/F11001310501220150040001EdictoL20200626171917.pdf\" target=\"_blank\" rel=\"noopener noreferrer\">11001310501220150040001 &#8211; 20200630<\/a><br \/>\n<a href=\"https:\/\/cortesuprema.gov.co\/corte\/wp-content\/uploads\/not\/laboral20\/avisos\/F05001310500420090090601EdictoL20200626171350.pdf\" target=\"_blank\" rel=\"noopener noreferrer\">05001310500420090090601 &#8211; 20200630<\/a><br \/>\n<a href=\"https:\/\/cortesuprema.gov.co\/corte\/wp-content\/uploads\/not\/laboral20\/avisos\/F05001310501320160010801EdictoL20200626172626.pdf\" target=\"_blank\" rel=\"noopener noreferrer\">05001310501320160010801 &#8211; 20200630<\/a><br \/>\n<a href=\"https:\/\/cortesuprema.gov.co\/corte\/wp-content\/uploads\/not\/laboral20\/avisos\/F05001310500720090021801EdictoL20200626152645.pdf\" target=\"_blank\" rel=\"noopener noreferrer\">05001310500720090021801 &#8211; 20200630<\/a><br \/>\n<a href=\"https:\/\/cortesuprema.gov.co\/corte\/wp-content\/uploads\/not\/laboral20\/avisos\/F11001310500420140058201EdictoL20200625175236.pdf\" target=\"_blank\" rel=\"noopener noreferrer\">11001310500420140058201 &#8211; 20200630<\/a><br \/>\n<a href=\"https:\/\/cortesuprema.gov.co\/corte\/wp-content\/uploads\/not\/laboral20\/avisos\/F08001310501520150001601EdictoL20200625093028.pdf\" target=\"_blank\" rel=\"noopener noreferrer\">08001310501520150001601 &#8211; 20200630<\/a><br \/>\n<a href=\"https:\/\/cortesuprema.gov.co\/corte\/wp-content\/uploads\/not\/laboral20\/avisos\/F08001310500420150000701EdictoL20200625090756.pdf\" target=\"_blank\" rel=\"noopener noreferrer\">08001310500420150000701 &#8211; 20200630<\/a><br \/>\n<a href=\"https:\/\/cortesuprema.gov.co\/corte\/wp-content\/uploads\/not\/laboral20\/avisos\/F05001310501120150111001EdictoL20200625121208.pdf\" target=\"_blank\" rel=\"noopener noreferrer\">05001310501120150111001 &#8211; 20200626<\/a><br \/>\n<a href=\"https:\/\/cortesuprema.gov.co\/corte\/wp-content\/uploads\/not\/laboral20\/avisos\/F05001310500120140097401EdictoL20200625122710.pdf\" target=\"_blank\" rel=\"noopener noreferrer\">05001310500120140097401 &#8211; 20200626<\/a><br \/>\n<a href=\"https:\/\/cortesuprema.gov.co\/corte\/wp-content\/uploads\/not\/laboral20\/avisos\/F76001310501220130057901EdictoL20200625122120.pdf\" target=\"_blank\" rel=\"noopener noreferrer\">76001310501220130057901 &#8211; 20200626<\/a><br \/>\n<a href=\"https:\/\/cortesuprema.gov.co\/corte\/wp-content\/uploads\/not\/laboral20\/avisos\/F47001310500420150029401EdictoL20200625123211.pdf\" target=\"_blank\" rel=\"noopener noreferrer\">47001310500420150029401 &#8211; 20200626<\/a><br \/>\n<a href=\"https:\/\/cortesuprema.gov.co\/corte\/wp-content\/uploads\/not\/laboral20\/avisos\/F44001221400020180000801EdictoL20200625181305.pdf\" target=\"_blank\" rel=\"noopener noreferrer\">44001221400020180000801 &#8211; 20200626<\/a><br \/>\n<a href=\"https:\/\/cortesuprema.gov.co\/corte\/wp-content\/uploads\/not\/laboral20\/avisos\/F11001310501820150090101EdictoL20200625123602.pdf\" target=\"_blank\" rel=\"noopener noreferrer\">11001310501820150090101 &#8211; 20200626<\/a><br \/>\n<a href=\"https:\/\/cortesuprema.gov.co\/corte\/wp-content\/uploads\/not\/laboral20\/avisos\/F11001310500920160073901EdictoL20200623104235.pdf\" target=\"_blank\" rel=\"noopener noreferrer\">11001310500920160073901 &#8211; 20200624<\/a><br \/>\n<a href=\"https:\/\/cortesuprema.gov.co\/corte\/wp-content\/uploads\/not\/laboral20\/avisos\/F47001310500320050031901EdictoL20200623104711.pdf\" target=\"_blank\" rel=\"noopener noreferrer\">47001310500320050031901 &#8211; 20200624<\/a><br \/>\n<a href=\"https:\/\/cortesuprema.gov.co\/corte\/wp-content\/uploads\/not\/laboral20\/avisos\/F11001310500320150073501EdictoL20200623105029.pdf\" target=\"_blank\" rel=\"noopener noreferrer\">11001310500320150073501 &#8211; 20200624<\/a><br \/>\n<a href=\"https:\/\/cortesuprema.gov.co\/corte\/wp-content\/uploads\/not\/laboral20\/avisos\/F76001310501720170030201EdictoL20200623105307.pdf\" target=\"_blank\" rel=\"noopener noreferrer\">76001310501720170030201 &#8211; 20200624<\/a><br \/>\n<a href=\"https:\/\/cortesuprema.gov.co\/corte\/wp-content\/uploads\/not\/laboral20\/avisos\/F76001310500220120089301EdictoL20200623105953.pdf\" target=\"_blank\" rel=\"noopener noreferrer\">76001310500220120089301 &#8211; 20200624<\/a><br \/>\n<a href=\"https:\/\/cortesuprema.gov.co\/corte\/wp-content\/uploads\/not\/laboral20\/avisos\/F44001310500220150021501EdictoL20200623111851.pdf\" target=\"_blank\" rel=\"noopener noreferrer\">44001310500220150021501 &#8211; 20200624<\/a><br \/>\n<a href=\"https:\/\/cortesuprema.gov.co\/corte\/wp-content\/uploads\/not\/laboral20\/avisos\/F05001310500620070071902EdictoL20200623091941.pdf\" target=\"_blank\" rel=\"noopener noreferrer\">05001310500620070071902 &#8211; 20200624<\/a><br \/>\n<a href=\"https:\/\/cortesuprema.gov.co\/corte\/wp-content\/uploads\/not\/laboral20\/avisos\/F05001310500920130100701EdictoL20200623094437.pdf\" target=\"_blank\" rel=\"noopener noreferrer\">05001310500920130100701 &#8211; 20200624<\/a><br \/>\n<a href=\"https:\/\/cortesuprema.gov.co\/corte\/wp-content\/uploads\/not\/laboral20\/avisos\/F13001310500520130023201EdictoL20200623100222.pdf\" target=\"_blank\" rel=\"noopener noreferrer\">13001310500520130023201 &#8211; 20200624<\/a><br \/>\n<a href=\"https:\/\/cortesuprema.gov.co\/corte\/wp-content\/uploads\/not\/laboral20\/avisos\/F76001310500820150063501EdictoL20200623103521.pdf\" target=\"_blank\" rel=\"noopener noreferrer\">76001310500820150063501 &#8211; 20200624<\/a><br \/>\n<a href=\"https:\/\/cortesuprema.gov.co\/corte\/wp-content\/uploads\/not\/laboral20\/avisos\/F05001310501620140156601EdictoL20200623100849.pdf\" target=\"_blank\" rel=\"noopener noreferrer\">05001310501620140156601 &#8211; 20200624<\/a><br \/>\n<a href=\"https:\/\/cortesuprema.gov.co\/corte\/wp-content\/uploads\/not\/laboral20\/avisos\/F76001310501520140018601EdictoL20200617153801.pdf\" target=\"_blank\" rel=\"noopener noreferrer\">76001310501520140018601 &#8211; 20200618<\/a><br \/>\n<a href=\"https:\/\/cortesuprema.gov.co\/corte\/wp-content\/uploads\/not\/laboral20\/avisos\/F11001310502420150020601EdictoL20200617161120.pdf\" target=\"_blank\" rel=\"noopener noreferrer\">11001310502420150020601 &#8211; 20200618<\/a><br \/>\n<a href=\"https:\/\/cortesuprema.gov.co\/corte\/wp-content\/uploads\/not\/laboral20\/avisos\/F05001310501420130135001EdictoL20200616163941.pdf\" target=\"_blank\" rel=\"noopener noreferrer\">05001310501420130135001 &#8211; 20200618<\/a><br \/>\n<a href=\"https:\/\/cortesuprema.gov.co\/corte\/wp-content\/uploads\/not\/laboral20\/avisos\/F76001310501520150013801EdictoL20200616162152.pdf\" target=\"_blank\" rel=\"noopener noreferrer\">76001310501520150013801 &#8211; 20200618<\/a><br \/>\n<a href=\"https:\/\/cortesuprema.gov.co\/corte\/wp-content\/uploads\/not\/laboral20\/avisos\/F76001310500820150043601EdictoL20200616155755.pdf\" target=\"_blank\" rel=\"noopener noreferrer\">76001310500820150043601 &#8211; 20200618<\/a><br \/>\n<a href=\"https:\/\/cortesuprema.gov.co\/corte\/wp-content\/uploads\/not\/laboral20\/avisos\/F15001310500120170007801EdictoL20200616160456.pdf\" target=\"_blank\" rel=\"noopener noreferrer\">15001310500120170007801 &#8211; 20200618<\/a><br \/>\n<a href=\"https:\/\/cortesuprema.gov.co\/corte\/wp-content\/uploads\/not\/laboral20\/avisos\/F11001310500720150041701EdictoL20200616161338.pdf\" target=\"_blank\" rel=\"noopener noreferrer\">11001310500720150041701 &#8211; 20200618<\/a><br \/>\n<a href=\"https:\/\/cortesuprema.gov.co\/corte\/wp-content\/uploads\/not\/laboral20\/avisos\/F08001310501320110047201EdictoL20200616163444.pdf\" target=\"_blank\" rel=\"noopener noreferrer\">08001310501320110047201 &#8211; 20200618<\/a><br \/>\n<a href=\"https:\/\/cortesuprema.gov.co\/corte\/wp-content\/uploads\/not\/laboral20\/avisos\/F17001310500220140061601EdictoL20200611163352.pdf\" target=\"_blank\" rel=\"noopener noreferrer\">17001310500220140061601 &#8211; 20200612<\/a><br \/>\n<a href=\"https:\/\/cortesuprema.gov.co\/corte\/wp-content\/uploads\/not\/laboral20\/avisos\/F08001310501220160042901EdictoL20200610150106.pdf\" target=\"_blank\" rel=\"noopener noreferrer\">08001310501220160042901 &#8211; 20200611<\/a><br \/>\n<a href=\"https:\/\/cortesuprema.gov.co\/corte\/wp-content\/uploads\/not\/laboral20\/avisos\/F05001310501120150081701EdictoL20200610143120.pdf\" target=\"_blank\" rel=\"noopener noreferrer\">05001310501120150081701 &#8211; 20200611<\/a><br \/>\n<a href=\"https:\/\/cortesuprema.gov.co\/corte\/wp-content\/uploads\/not\/laboral20\/avisos\/F76001310501520160031901EdictoL20200610163706.pdf\" target=\"_blank\" rel=\"noopener noreferrer\">76001310501520160031901 &#8211; 20200611<\/a><br \/>\n<a href=\"https:\/\/cortesuprema.gov.co\/corte\/wp-content\/uploads\/not\/laboral20\/avisos\/F76001310500920130006801EdictoL20200610165038.pdf\" target=\"_blank\" rel=\"noopener noreferrer\">76001310500920130006801 &#8211; 20200611<\/a><br \/>\n<a href=\"https:\/\/cortesuprema.gov.co\/corte\/wp-content\/uploads\/not\/laboral20\/avisos\/F76001310500820160014501EdictoL20200610162736.pdf\" target=\"_blank\" rel=\"noopener noreferrer\">76001310500820160014501 &#8211; 20200611<\/a><br \/>\n<a href=\"https:\/\/cortesuprema.gov.co\/corte\/wp-content\/uploads\/not\/laboral20\/avisos\/F66001310500120160005001EdictoL20200610163157.pdf\" target=\"_blank\" rel=\"noopener noreferrer\">66001310500120160005001 &#8211; 20200611<\/a><br \/>\n<a href=\"https:\/\/cortesuprema.gov.co\/corte\/wp-content\/uploads\/not\/laboral20\/avisos\/F08001310500320100046301EdictoL20200608162202.pdf\" target=\"_blank\" rel=\"noopener noreferrer\">08001310500320100046301 &#8211; 20200609<\/a><br \/>\n<a href=\"https:\/\/cortesuprema.gov.co\/corte\/wp-content\/uploads\/not\/laboral20\/avisos\/F11001310501620140068801EdictoL20200608162544.pdf\" target=\"_blank\" rel=\"noopener noreferrer\">11001310501620140068801 &#8211; 20200609<\/a><br \/>\n<a href=\"https:\/\/cortesuprema.gov.co\/corte\/wp-content\/uploads\/not\/laboral20\/avisos\/F05001310501220130138601EdictoL20200608162947.pdf\" target=\"_blank\" rel=\"noopener noreferrer\">05001310501220130138601 &#8211; 20200609<\/a><br \/>\n<a href=\"https:\/\/cortesuprema.gov.co\/corte\/wp-content\/uploads\/not\/laboral20\/avisos\/F05001310501320100116101EdictoL20200608163624.pdf\" target=\"_blank\" rel=\"noopener noreferrer\">05001310501320100116101 &#8211; 20200609<\/a><br \/>\n<a href=\"https:\/\/cortesuprema.gov.co\/corte\/wp-content\/uploads\/not\/laboral20\/avisos\/F05001310500620140015401EdictoL20200608170235.pdf\" target=\"_blank\" rel=\"noopener noreferrer\">05001310500620140015401 &#8211; 20200609<\/a><br \/>\n<a href=\"https:\/\/cortesuprema.gov.co\/corte\/wp-content\/uploads\/not\/laboral20\/avisos\/F11001310502020100008601EdictoL20200608104914.pdf\" target=\"_blank\" rel=\"noopener noreferrer\">11001310502020100008601 &#8211; 20200609<\/a><br \/>\n<a href=\"https:\/\/cortesuprema.gov.co\/corte\/wp-content\/uploads\/not\/laboral20\/avisos\/F05001310500120110112701EdictoL20200608110111.pdf\" target=\"_blank\" rel=\"noopener noreferrer\">05001310500120110112701 &#8211; 20200609<\/a><br \/>\n<a href=\"https:\/\/cortesuprema.gov.co\/corte\/wp-content\/uploads\/not\/laboral20\/avisos\/F13001310500120120050101EdictoL20200608110936.pdf\" target=\"_blank\" rel=\"noopener noreferrer\">13001310500120120050101 &#8211; 20200609<\/a><br \/>\n<a href=\"https:\/\/cortesuprema.gov.co\/corte\/wp-content\/uploads\/not\/laboral20\/avisos\/F11001310500820120016901EdictoL20200608111641.pdf\" target=\"_blank\" rel=\"noopener noreferrer\">11001310500820120016901 &#8211; 20200609<\/a><br \/>\n<a href=\"https:\/\/cortesuprema.gov.co\/corte\/wp-content\/uploads\/not\/laboral20\/avisos\/F11001310502720140051201EdictoL20200608112326.pdf\" target=\"_blank\" rel=\"noopener noreferrer\">11001310502720140051201 &#8211; 20200609<\/a><br \/>\n<a href=\"https:\/\/cortesuprema.gov.co\/corte\/wp-content\/uploads\/not\/laboral20\/avisos\/F41001310500320130016001EdictoL20200608112842.pdf\" target=\"_blank\" rel=\"noopener noreferrer\">41001310500320130016001 &#8211; 20200609<\/a><br \/>\n<a href=\"https:\/\/cortesuprema.gov.co\/corte\/wp-content\/uploads\/not\/laboral20\/avisos\/F11001310503420150017801EdictoL20200608113311.pdf\" target=\"_blank\" rel=\"noopener noreferrer\">11001310503420150017801 &#8211; 20200609<\/a><br \/>\n<a href=\"https:\/\/cortesuprema.gov.co\/corte\/wp-content\/uploads\/not\/laboral20\/avisos\/F11001310500920130066701EdictoL20200608115437.pdf\" target=\"_blank\" rel=\"noopener noreferrer\">11001310500920130066701 &#8211; 20200609<\/a><br \/>\n<a href=\"https:\/\/cortesuprema.gov.co\/corte\/wp-content\/uploads\/not\/laboral20\/avisos\/F11001310502820130034401EdictoL20200608154447.pdf\" target=\"_blank\" rel=\"noopener noreferrer\">11001310502820130034401 &#8211; 20200609<\/a><br \/>\n<a href=\"https:\/\/cortesuprema.gov.co\/corte\/wp-content\/uploads\/not\/laboral20\/avisos\/F63001310500120080045601EdictoL20200608160034.pdf\" target=\"_blank\" rel=\"noopener noreferrer\">63001310500120080045601 &#8211; 20200609<\/a><br \/>\n<a href=\"https:\/\/cortesuprema.gov.co\/corte\/wp-content\/uploads\/not\/laboral20\/avisos\/F05001310501820110081901EdictoL20200608161027.pdf\" target=\"_blank\" rel=\"noopener noreferrer\">05001310501820110081901 &#8211; 20200609<\/a><br \/>\n<a href=\"https:\/\/cortesuprema.gov.co\/corte\/wp-content\/uploads\/not\/laboral20\/avisos\/F76001310501520110089301EdictoL20200608161621.pdf\" target=\"_blank\" rel=\"noopener noreferrer\">76001310501520110089301 &#8211; 20200609<\/a><br \/>\n<a href=\"https:\/\/cortesuprema.gov.co\/corte\/wp-content\/uploads\/not\/laboral20\/avisos\/F11001310500120030016901EdictoL20200604165951.pdf\" target=\"_blank\" rel=\"noopener noreferrer\">11001310500120030016901 &#8211; 20200605<\/a><br \/>\n<a href=\"https:\/\/cortesuprema.gov.co\/corte\/wp-content\/uploads\/not\/laboral20\/avisos\/F11001220500020198664801EdictoL20200604164052.pdf\" target=\"_blank\" rel=\"noopener noreferrer\">11001220500020198664801 &#8211; 20200605<\/a><br \/>\n<a href=\"https:\/\/cortesuprema.gov.co\/corte\/wp-content\/uploads\/not\/laboral20\/avisos\/F11001310502720130078701EdictoL20200604163335.pdf\" target=\"_blank\" rel=\"noopener noreferrer\">11001310502720130078701 &#8211; 20200605<\/a><br \/>\n<a href=\"https:\/\/cortesuprema.gov.co\/corte\/wp-content\/uploads\/not\/laboral20\/avisos\/F05001310500820150049501EdictoL20200604162728.pdf\" target=\"_blank\" rel=\"noopener noreferrer\">05001310500820150049501 &#8211; 20200605<\/a><br \/>\n<a href=\"https:\/\/cortesuprema.gov.co\/corte\/wp-content\/uploads\/not\/laboral20\/avisos\/F05001310502120130016201EdictoL20200604160015.pdf\" target=\"_blank\" rel=\"noopener noreferrer\">05001310502120130016201 &#8211; 20200605<\/a><br \/>\n<a href=\"https:\/\/cortesuprema.gov.co\/corte\/wp-content\/uploads\/not\/laboral20\/avisos\/F05001310501320140027601EdictoL20200604155036.pdf\" target=\"_blank\" rel=\"noopener noreferrer\">05001310501320140027601 &#8211; 20200605<\/a><br \/>\n<a href=\"https:\/\/cortesuprema.gov.co\/corte\/wp-content\/uploads\/not\/laboral20\/avisos\/F05001310500820160087201EdictoL20200604153603.pdf\" target=\"_blank\" rel=\"noopener noreferrer\">05001310500820160087201 &#8211; 20200605<\/a><br \/>\n<a href=\"https:\/\/cortesuprema.gov.co\/corte\/wp-content\/uploads\/not\/laboral20\/avisos\/F11001310503320160068201EdictoL20200604151109.pdf\" target=\"_blank\" rel=\"noopener noreferrer\">11001310503320160068201 &#8211; 20200605<\/a><br \/>\n<a href=\"https:\/\/cortesuprema.gov.co\/corte\/wp-content\/uploads\/not\/laboral20\/avisos\/F11001310503320160068201EdictoL20200604152334.pdf\" target=\"_blank\" rel=\"noopener noreferrer\">11001310503320160068201 &#8211; 20200605<\/a><br \/>\n<a href=\"https:\/\/cortesuprema.gov.co\/corte\/wp-content\/uploads\/not\/laboral20\/avisos\/F76001310501420120085201EdictoL20200604143306.pdf\" target=\"_blank\" rel=\"noopener noreferrer\">76001310501420120085201 &#8211; 20200605<\/a><br \/>\n<a href=\"https:\/\/cortesuprema.gov.co\/corte\/wp-content\/uploads\/not\/laboral20\/avisos\/F05001310500420120116601EdictoL20200604140250.pdf\" target=\"_blank\" rel=\"noopener noreferrer\">05001310500420120116601 &#8211; 20200605<\/a><br \/>\n<a href=\"https:\/\/cortesuprema.gov.co\/corte\/wp-content\/uploads\/not\/laboral20\/avisos\/F68001310500120100033701EdictoL20200604135651.pdf\" target=\"_blank\" rel=\"noopener noreferrer\">68001310500120100033701 &#8211; 20200605<\/a><br \/>\n<a href=\"https:\/\/cortesuprema.gov.co\/corte\/wp-content\/uploads\/not\/laboral20\/avisos\/F11001310500520130093501EdictoL20200604134934.pdf\" target=\"_blank\" rel=\"noopener noreferrer\">11001310500520130093501 &#8211; 20200605<\/a><br \/>\n<a href=\"https:\/\/cortesuprema.gov.co\/corte\/wp-content\/uploads\/not\/laboral20\/avisos\/F05266310500120100018501EdictoL20200604133317.pdf\" target=\"_blank\" rel=\"noopener noreferrer\">05266310500120100018501 &#8211; 20200605<\/a><br \/>\n<a href=\"https:\/\/cortesuprema.gov.co\/corte\/wp-content\/uploads\/not\/laboral20\/avisos\/F47001310500120150040201EdictoL20200604132544.pdf\" target=\"_blank\" rel=\"noopener noreferrer\">47001310500120150040201 &#8211; 20200605<\/a><br \/>\n<a href=\"https:\/\/cortesuprema.gov.co\/corte\/wp-content\/uploads\/not\/laboral20\/avisos\/F08001310501020130047701EdictoL20200604122501.pdf\" target=\"_blank\" rel=\"noopener noreferrer\">08001310501020130047701 &#8211; 20200605<\/a><br \/>\n<a href=\"https:\/\/cortesuprema.gov.co\/corte\/wp-content\/uploads\/not\/laboral20\/avisos\/F68001310500120120012001EdictoL20200529130451.pdf\" target=\"_blank\" rel=\"noopener noreferrer\">68001310500120120012001 &#8211; 20200601<\/a><br \/>\n<a href=\"https:\/\/cortesuprema.gov.co\/corte\/wp-content\/uploads\/not\/laboral20\/avisos\/F41001310500320140017401EdictoL20200529125920.pdf\" target=\"_blank\" rel=\"noopener noreferrer\">41001310500320140017401 &#8211; 20200601<\/a><br \/>\n<a href=\"https:\/\/cortesuprema.gov.co\/corte\/wp-content\/uploads\/not\/laboral20\/avisos\/F11001310501820130061801EdictoL20200529125559.pdf\" target=\"_blank\" rel=\"noopener noreferrer\">11001310501820130061801 &#8211; 20200601<\/a><br \/>\n<a href=\"https:\/\/cortesuprema.gov.co\/corte\/wp-content\/uploads\/not\/laboral20\/avisos\/F17001310500120150010501EdictoL20200529125210.pdf\" target=\"_blank\" rel=\"noopener noreferrer\">17001310500120150010501 &#8211; 20200601<\/a><br \/>\n<a href=\"https:\/\/cortesuprema.gov.co\/corte\/wp-content\/uploads\/not\/laboral20\/avisos\/F76001310500720150020501EdictoL20200529124721.pdf\" target=\"_blank\" rel=\"noopener noreferrer\">76001310500720150020501 &#8211; 20200601<\/a><br \/>\n<a href=\"https:\/\/cortesuprema.gov.co\/corte\/wp-content\/uploads\/not\/laboral20\/avisos\/F11001310503020140067601EdictoL20200529123332.pdf\" target=\"_blank\" rel=\"noopener noreferrer\">11001310503020140067601 &#8211; 20200601<\/a><br \/>\n<a href=\"https:\/\/cortesuprema.gov.co\/corte\/wp-content\/uploads\/not\/laboral20\/avisos\/F11001310503020150087401EdictoL20200529122438.pdf\" target=\"_blank\" rel=\"noopener noreferrer\">11001310503020150087401 &#8211; 20200601<\/a><br \/>\n<a href=\"https:\/\/cortesuprema.gov.co\/corte\/wp-content\/uploads\/not\/laboral20\/avisos\/F05001310501220140181401EdictoL20200529121929.pdf\" target=\"_blank\" rel=\"noopener noreferrer\">05001310501220140181401 &#8211; 20200601<\/a><br \/>\n<a href=\"https:\/\/cortesuprema.gov.co\/corte\/wp-content\/uploads\/not\/laboral20\/avisos\/F05001310501220130143401EdictoL20200529121443.pdf\" target=\"_blank\" rel=\"noopener noreferrer\">05001310501220130143401 &#8211; 20200601<\/a><br \/>\n<a href=\"https:\/\/cortesuprema.gov.co\/corte\/wp-content\/uploads\/not\/laboral20\/avisos\/F11001310500720150008901EdictoL20200529121216.pdf\" target=\"_blank\" rel=\"noopener noreferrer\">11001310500720150008901 &#8211; 20200601<\/a><br \/>\n<a href=\"https:\/\/cortesuprema.gov.co\/corte\/wp-content\/uploads\/not\/laboral20\/avisos\/F11001310502320150020201EdictoL20200529120945.pdf\" target=\"_blank\" rel=\"noopener noreferrer\">11001310502320150020201 &#8211; 20200601<\/a><br \/>\n<a href=\"https:\/\/cortesuprema.gov.co\/corte\/wp-content\/uploads\/not\/laboral20\/avisos\/F73001310500320140013301EdictoL20200529120634.pdf\" target=\"_blank\" rel=\"noopener noreferrer\">73001310500320140013301 &#8211; 20200601<\/a><br \/>\n<a href=\"https:\/\/cortesuprema.gov.co\/corte\/wp-content\/uploads\/not\/laboral20\/avisos\/F11001310500820140039301EdictoL20200529101737.pdf\" target=\"_blank\" rel=\"noopener noreferrer\">11001310500820140039301 &#8211; 20200601<\/a><br \/>\n<a href=\"https:\/\/cortesuprema.gov.co\/corte\/wp-content\/uploads\/not\/laboral20\/avisos\/F76001310501520140059501EdictoL20200529095652.pdf\" target=\"_blank\" rel=\"noopener noreferrer\">76001310501520140059501 &#8211; 20200601<\/a><br \/>\n<a href=\"https:\/\/cortesuprema.gov.co\/corte\/wp-content\/uploads\/not\/laboral20\/avisos\/F11001310503220110057701EdictoL20200529104053.pdf\" target=\"_blank\" rel=\"noopener noreferrer\">11001310503220110057701 &#8211; 20200601<\/a><br \/>\n<a href=\"https:\/\/cortesuprema.gov.co\/corte\/wp-content\/uploads\/not\/laboral20\/avisos\/F05001310501120100088701EdictoL20200529103716.pdf\" target=\"_blank\" rel=\"noopener noreferrer\">05001310501120100088701 &#8211; 20200601<\/a><br \/>\n<a href=\"https:\/\/cortesuprema.gov.co\/corte\/wp-content\/uploads\/not\/laboral20\/avisos\/F11001220500020198561701EdictoL20200529103040.pdf\" target=\"_blank\" rel=\"noopener noreferrer\">11001220500020198561701 &#8211; 20200601<\/a><br \/>\n<a href=\"https:\/\/cortesuprema.gov.co\/corte\/wp-content\/uploads\/not\/laboral20\/avisos\/F11001310501920120019501EdictoL20200529101026.pdf\" target=\"_blank\" rel=\"noopener noreferrer\">11001310501920120019501 &#8211; 20200601<\/a><br \/>\n<a href=\"https:\/\/cortesuprema.gov.co\/corte\/wp-content\/uploads\/not\/laboral20\/avisos\/F11001310501220140062901EdictoL20200529100316.pdf\" target=\"_blank\" rel=\"noopener noreferrer\">11001310501220140062901 &#8211; 20200601<\/a><br \/>\n<a href=\"https:\/\/cortesuprema.gov.co\/corte\/wp-content\/uploads\/not\/laboral20\/avisos\/F11001310501220110063901EdictoL20200529094709.pdf\" target=\"_blank\" rel=\"noopener noreferrer\">11001310501220110063901 &#8211; 20200601<\/a><br \/>\n<a href=\"https:\/\/cortesuprema.gov.co\/corte\/wp-content\/uploads\/not\/laboral20\/avisos\/F11001310500220120011501EdictoL20200312170106.pdf\" target=\"_blank\" rel=\"noopener noreferrer\">11001310500220120011501 &#8211; 20200313<\/a><br \/>\n<a href=\"https:\/\/cortesuprema.gov.co\/corte\/wp-content\/uploads\/not\/laboral20\/avisos\/F05001310500520140004701EdictoL20200312165729.pdf\" target=\"_blank\" rel=\"noopener noreferrer\">05001310500520140004701 &#8211; 20200313<\/a><br \/>\n<a href=\"https:\/\/cortesuprema.gov.co\/corte\/wp-content\/uploads\/not\/laboral20\/avisos\/F05001310500220110151001EdictoL20200312165350.pdf\" target=\"_blank\" rel=\"noopener noreferrer\">05001310500220110151001 &#8211; 20200313<\/a><br \/>\n<a href=\"https:\/\/cortesuprema.gov.co\/corte\/wp-content\/uploads\/not\/laboral20\/avisos\/F11001310502320130058001EdictoL20200312164806.pdf\" target=\"_blank\" rel=\"noopener noreferrer\">11001310502320130058001 &#8211; 20200313<\/a><br \/>\n<a href=\"https:\/\/cortesuprema.gov.co\/corte\/wp-content\/uploads\/not\/laboral20\/avisos\/F13001310500820100033601EdictoL20200309125505.pdf\" target=\"_blank\" rel=\"noopener noreferrer\">13001310500820100033601 &#8211; 20200310<\/a><br \/>\n<a href=\"https:\/\/cortesuprema.gov.co\/corte\/wp-content\/uploads\/not\/laboral20\/avisos\/F76001310500720090149801EdictoL20200309151339.pdf\" target=\"_blank\" rel=\"noopener noreferrer\">76001310500720090149801 &#8211; 20200310<\/a><br \/>\n<a href=\"https:\/\/cortesuprema.gov.co\/corte\/wp-content\/uploads\/not\/laboral20\/avisos\/F05001310500120100076101EdictoL20200309145701.pdf\" target=\"_blank\" rel=\"noopener noreferrer\">05001310500120100076101 &#8211; 20200310<\/a><br \/>\n<a href=\"https:\/\/cortesuprema.gov.co\/corte\/wp-content\/uploads\/not\/laboral20\/avisos\/F11001310501020130005601EdictoL20200309123610.pdf\" target=\"_blank\" rel=\"noopener noreferrer\">11001310501020130005601 &#8211; 20200310<\/a><br \/>\n<a href=\"https:\/\/cortesuprema.gov.co\/corte\/wp-content\/uploads\/not\/laboral20\/avisos\/F68001310500120130037601EdictoL20200309123025.pdf\" target=\"_blank\" rel=\"noopener noreferrer\">68001310500120130037601 &#8211; 20200310<\/a><br \/>\n<a href=\"https:\/\/cortesuprema.gov.co\/corte\/wp-content\/uploads\/not\/laboral20\/avisos\/F11001310500820040024801EdictoL20200309122256.pdf\" target=\"_blank\" rel=\"noopener noreferrer\">11001310500820040024801 &#8211; 20200310<\/a><br \/>\n<a href=\"https:\/\/cortesuprema.gov.co\/corte\/wp-content\/uploads\/not\/laboral20\/avisos\/F11001310503320140058901EdictoL20200309082044.pdf\" target=\"_blank\" rel=\"noopener noreferrer\">11001310503320140058901 &#8211; 20200310<\/a><br \/>\n<a href=\"https:\/\/cortesuprema.gov.co\/corte\/wp-content\/uploads\/not\/laboral20\/avisos\/F11001310501220140049501EdictoL20200303160229.pdf\" target=\"_blank\" rel=\"noopener noreferrer\">11001310501220140049501 &#8211; 20200304<\/a><br \/>\n<a href=\"https:\/\/cortesuprema.gov.co\/corte\/wp-content\/uploads\/not\/laboral20\/avisos\/F11001310501320150097101EdictoL20200303105927.pdf\" target=\"_blank\" rel=\"noopener noreferrer\">11001310501320150097101 &#8211; 20200304<\/a><br \/>\n<a href=\"https:\/\/cortesuprema.gov.co\/corte\/wp-content\/uploads\/not\/laboral20\/avisos\/F76001310500720140040301EdictoL20200302162117.pdf\" target=\"_blank\" rel=\"noopener noreferrer\">76001310500720140040301 &#8211; 20200303<\/a><br \/>\n<a href=\"https:\/\/cortesuprema.gov.co\/corte\/wp-content\/uploads\/not\/laboral20\/avisos\/F76001310500920170040101EdictoL20200302161857.pdf\" target=\"_blank\" rel=\"noopener noreferrer\">76001310500920170040101 &#8211; 20200303<\/a><br \/>\n<a href=\"https:\/\/cortesuprema.gov.co\/corte\/wp-content\/uploads\/not\/laboral20\/avisos\/F13001310500720160069701EdictoL20200302161638.pdf\" target=\"_blank\" rel=\"noopener noreferrer\">13001310500720160069701 &#8211; 20200303<\/a><br \/>\n<a href=\"https:\/\/cortesuprema.gov.co\/corte\/wp-content\/uploads\/not\/laboral20\/avisos\/F47001310500520150037501EdictoL20200302161400.pdf\" target=\"_blank\" rel=\"noopener noreferrer\">47001310500520150037501 &#8211; 20200303<\/a><br \/>\n<a href=\"https:\/\/cortesuprema.gov.co\/corte\/wp-content\/uploads\/not\/laboral20\/avisos\/F76001310501720160008701EdictoL20200302161042.pdf\" target=\"_blank\" rel=\"noopener noreferrer\">76001310501720160008701 &#8211; 20200303<\/a><\/p>\n<\/div><\/div> <div class=\"su-column su-column-size-1-3\"><div class=\"su-column-inner su-u-clearfix su-u-trim\">\n<p><a href=\"https:\/\/cortesuprema.gov.co\/corte\/wp-content\/uploads\/not\/laboral20\/avisos\/F05088310500120120050601EdictoL20200225152757.pdf\" target=\"_blank\" rel=\"noopener noreferrer\">05088310500120120050601 &#8211; 20200226<\/a><br \/>\n<a href=\"https:\/\/cortesuprema.gov.co\/corte\/wp-content\/uploads\/not\/laboral20\/avisos\/F11001220500020198529601EdictoL20200225152158.pdf\" target=\"_blank\" rel=\"noopener noreferrer\">11001220500020198529601 &#8211; 20200226<\/a><br \/>\n<a href=\"https:\/\/cortesuprema.gov.co\/corte\/wp-content\/uploads\/not\/laboral20\/avisos\/F76001310500320150030001EdictoL20200225113615.pdf\" target=\"_blank\" rel=\"noopener noreferrer\">76001310500320150030001 &#8211; 20200226<\/a><br \/>\n<a href=\"https:\/\/cortesuprema.gov.co\/corte\/wp-content\/uploads\/not\/laboral20\/avisos\/F11001310503320160053101EdictoL20200225142729.pdf\" target=\"_blank\" rel=\"noopener noreferrer\">11001310503320160053101 &#8211; 20200226<\/a><br \/>\n<a href=\"https:\/\/cortesuprema.gov.co\/corte\/wp-content\/uploads\/not\/laboral20\/avisos\/F13001310500320150004301EdictoL20200225121922.pdf\" target=\"_blank\" rel=\"noopener noreferrer\">13001310500320150004301 &#8211; 20200226<\/a><br \/>\n<a href=\"https:\/\/cortesuprema.gov.co\/corte\/wp-content\/uploads\/not\/laboral20\/avisos\/F11001310500820160041201EdictoL20200225115838.pdf\" target=\"_blank\" rel=\"noopener noreferrer\">11001310500820160041201 &#8211; 20200226<\/a><br \/>\n<a href=\"https:\/\/cortesuprema.gov.co\/corte\/wp-content\/uploads\/not\/laboral20\/avisos\/F76001310500120140018701EdictoL20200225120920.pdf\" target=\"_blank\" rel=\"noopener noreferrer\">76001310500120140018701 &#8211; 20200226<\/a><br \/>\n<a href=\"https:\/\/cortesuprema.gov.co\/corte\/wp-content\/uploads\/not\/laboral20\/avisos\/F05001310501520140059201EdictoL20200224162846.pdf\" target=\"_blank\" rel=\"noopener noreferrer\">05001310501520140059201 &#8211; 20200225<\/a><br \/>\n<a href=\"https:\/\/cortesuprema.gov.co\/corte\/wp-content\/uploads\/not\/laboral20\/avisos\/F47001310500320150002701EdictoL20200224162638.pdf\" target=\"_blank\" rel=\"noopener noreferrer\">47001310500320150002701 &#8211; 20200225<\/a><br \/>\n<a href=\"https:\/\/cortesuprema.gov.co\/corte\/wp-content\/uploads\/not\/laboral20\/avisos\/F11001310501520150024401EdictoL20200224161925.pdf\" target=\"_blank\" rel=\"noopener noreferrer\">11001310501520150024401 &#8211; 20200225<\/a><br \/>\n<a href=\"https:\/\/cortesuprema.gov.co\/corte\/wp-content\/uploads\/not\/laboral20\/avisos\/F76001310500320150045701EdictoL20200224162240.pdf\" target=\"_blank\" rel=\"noopener noreferrer\">76001310500320150045701 &#8211; 20200225<\/a><br \/>\n<a href=\"https:\/\/cortesuprema.gov.co\/corte\/wp-content\/uploads\/not\/laboral20\/avisos\/F11001310501220110017701EdictoL20200225070830.pdf\" target=\"_blank\" rel=\"noopener noreferrer\">11001310501220110017701 &#8211; 20200226<\/a><br \/>\n<a href=\"https:\/\/cortesuprema.gov.co\/corte\/wp-content\/uploads\/not\/laboral20\/avisos\/F05129318900120120007801EdictoL20200217163254.pdf\" target=\"_blank\" rel=\"noopener noreferrer\">05129318900120120007801 &#8211; 20200218<\/a><br \/>\n<a href=\"https:\/\/cortesuprema.gov.co\/corte\/wp-content\/uploads\/not\/laboral20\/avisos\/F76001310500820150054001EdictoL20200217162450.pdf\" target=\"_blank\" rel=\"noopener noreferrer\">76001310500820150054001 &#8211; 20200218<\/a><br \/>\n<a href=\"https:\/\/cortesuprema.gov.co\/corte\/wp-content\/uploads\/not\/laboral20\/avisos\/F73001310500320160001601EdictoL20200214101317.pdf\" target=\"_blank\" rel=\"noopener noreferrer\">73001310500320160001601 &#8211; 20200217<\/a><br \/>\n<a href=\"https:\/\/cortesuprema.gov.co\/corte\/wp-content\/uploads\/not\/laboral20\/avisos\/F17001310500220160009601EdictoL20200207164624.pdf\" target=\"_blank\" rel=\"noopener noreferrer\">17001310500220160009601 &#8211; 20200210<\/a><br \/>\n<a href=\"https:\/\/cortesuprema.gov.co\/corte\/wp-content\/uploads\/not\/laboral20\/avisos\/F76001310500120140027701EdictoL20200207164346.pdf\" target=\"_blank\" rel=\"noopener noreferrer\">76001310500120140027701 &#8211; 20200210<\/a><br \/>\n<a href=\"https:\/\/cortesuprema.gov.co\/corte\/wp-content\/uploads\/not\/laboral20\/avisos\/F76001310501320140075301EdictoL20200207163807.pdf\" target=\"_blank\" rel=\"noopener noreferrer\">76001310501320140075301 &#8211; 20200210<\/a><br \/>\n<a href=\"https:\/\/cortesuprema.gov.co\/corte\/wp-content\/uploads\/not\/laboral20\/avisos\/F11001310500920120040601EdictoL20200207143957.pdf\" target=\"_blank\" rel=\"noopener noreferrer\">11001310500920120040601 &#8211; 20200210<\/a><br \/>\n<a href=\"https:\/\/cortesuprema.gov.co\/corte\/wp-content\/uploads\/not\/laboral20\/avisos\/F66001310500120150024201EdictoL20200207143659.pdf\" target=\"_blank\" rel=\"noopener noreferrer\">66001310500120150024201 &#8211; 20200210<\/a><br \/>\n<a href=\"https:\/\/cortesuprema.gov.co\/corte\/wp-content\/uploads\/not\/laboral20\/avisos\/F47001310500520140000101EdictoL20200207143328.pdf\" target=\"_blank\" rel=\"noopener noreferrer\">47001310500520140000101 &#8211; 20200210<\/a><br \/>\n<a href=\"https:\/\/cortesuprema.gov.co\/corte\/wp-content\/uploads\/not\/laboral20\/avisos\/F11001310502720100048301EdictoL20200207142900.pdf\" target=\"_blank\" rel=\"noopener noreferrer\">11001310502720100048301 &#8211; 20200210<\/a><br \/>\n<a href=\"https:\/\/cortesuprema.gov.co\/corte\/wp-content\/uploads\/not\/laboral20\/avisos\/F76001310501320100010101EdictoL20200206163030.pdf\" target=\"_blank\" rel=\"noopener noreferrer\">76001310501320100010101 &#8211; 20200207<\/a><br \/>\n<a href=\"https:\/\/cortesuprema.gov.co\/corte\/wp-content\/uploads\/not\/laboral20\/avisos\/F08001310500520160053901EdictoL20200206105844.pdf\" target=\"_blank\" rel=\"noopener noreferrer\">08001310500520160053901 &#8211; 20200207<\/a><br \/>\n<a href=\"https:\/\/cortesuprema.gov.co\/corte\/wp-content\/uploads\/not\/laboral20\/avisos\/F15001310500120160009001EdictoL20200206105100.pdf\" target=\"_blank\" rel=\"noopener noreferrer\">15001310500120160009001 &#8211; 20200207<\/a><br \/>\n<a href=\"https:\/\/cortesuprema.gov.co\/corte\/wp-content\/uploads\/not\/laboral20\/avisos\/F11001310500520030034901EdictoL20200206104535.pdf\" target=\"_blank\" rel=\"noopener noreferrer\">11001310500520030034901 &#8211; 20200207<\/a><br \/>\n<a href=\"https:\/\/cortesuprema.gov.co\/corte\/wp-content\/uploads\/not\/laboral20\/avisos\/F76109310500220140024101EdictoL20200206104112.pdf\" target=\"_blank\" rel=\"noopener noreferrer\">76109310500220140024101 &#8211; 20200207<\/a><br \/>\n<a href=\"https:\/\/cortesuprema.gov.co\/corte\/wp-content\/uploads\/not\/laboral20\/avisos\/F76001310501320110105001EdictoL20200131134248.pdf\" target=\"_blank\" rel=\"noopener noreferrer\">76001310501320110105001 &#8211; 20200203<\/a><br \/>\n<a href=\"https:\/\/cortesuprema.gov.co\/corte\/wp-content\/uploads\/not\/laboral20\/avisos\/F08001310500820130009301EdictoL20200131133342.pdf\" target=\"_blank\" rel=\"noopener noreferrer\">08001310500820130009301 &#8211; 20200203<\/a><br \/>\n<a href=\"https:\/\/cortesuprema.gov.co\/corte\/wp-content\/uploads\/not\/laboral20\/avisos\/F08001310501420130048501EdictoL20200131130145.pdf\" target=\"_blank\" rel=\"noopener noreferrer\">08001310501420130048501 &#8211; 20200203<\/a><br \/>\n<a href=\"https:\/\/cortesuprema.gov.co\/corte\/wp-content\/uploads\/not\/laboral20\/avisos\/F13001310500620080019301EdictoL20200131124841.pdf\" target=\"_blank\" rel=\"noopener noreferrer\">13001310500620080019301 &#8211; 20200203<\/a><br \/>\n<a href=\"https:\/\/cortesuprema.gov.co\/corte\/wp-content\/uploads\/not\/laboral20\/avisos\/F11001310501420130042701EdictoL20200131123716.pdf\" target=\"_blank\" rel=\"noopener noreferrer\">11001310501420130042701 &#8211; 20200203<\/a><br \/>\n<a href=\"https:\/\/cortesuprema.gov.co\/corte\/wp-content\/uploads\/not\/laboral20\/avisos\/F11001310500620120079601EdictoL20200129162015.pdf\" target=\"_blank\" rel=\"noopener noreferrer\">11001310500620120079601 &#8211; 20200130<\/a><br \/>\n<a href=\"https:\/\/cortesuprema.gov.co\/corte\/wp-content\/uploads\/not\/laboral20\/avisos\/F70001310500220110073201EdictoL20200128111202.pdf\" target=\"_blank\" rel=\"noopener noreferrer\">70001310500220110073201 &#8211; 20200129<\/a><br \/>\n<a href=\"https:\/\/cortesuprema.gov.co\/corte\/wp-content\/uploads\/not\/laboral20\/avisos\/F05001310501920130005201EdictoL20200128105811.pdf\" target=\"_blank\" rel=\"noopener noreferrer\">05001310501920130005201 &#8211; 20200129<\/a><br \/>\n<a href=\"https:\/\/cortesuprema.gov.co\/corte\/wp-content\/uploads\/not\/laboral20\/avisos\/F05001310501520130079201EdictoL20200127162312.pdf\" target=\"_blank\" rel=\"noopener noreferrer\">05001310501520130079201 &#8211; 20200128<\/a><br \/>\n<a href=\"https:\/\/cortesuprema.gov.co\/corte\/wp-content\/uploads\/not\/laboral20\/avisos\/F76109310300320110001901EdictoL20200123161027.pdf\" target=\"_blank\" rel=\"noopener noreferrer\">76109310300320110001901 &#8211; 20200124<\/a><br \/>\n<a href=\"https:\/\/cortesuprema.gov.co\/corte\/wp-content\/uploads\/not\/laboral20\/avisos\/F11001310501420130018101EdictoL20200123160650.pdf\" target=\"_blank\" rel=\"noopener noreferrer\">11001310501420130018101 &#8211; 20200124<\/a><br \/>\n<a href=\"https:\/\/cortesuprema.gov.co\/corte\/wp-content\/uploads\/not\/laboral20\/avisos\/F76001310500420070088001EdictoL20200117141439.pdf\" target=\"_blank\" rel=\"noopener noreferrer\">76001310500420070088001 &#8211; 20200120<\/a><br \/>\n<a href=\"https:\/\/cortesuprema.gov.co\/corte\/wp-content\/uploads\/not\/laboral20\/avisos\/F05001310500720060085401EdictoL20200116142033.pdf\" target=\"_blank\" rel=\"noopener noreferrer\">05001310500720060085401 &#8211; 20200117<\/a><br \/>\n<a href=\"https:\/\/cortesuprema.gov.co\/corte\/wp-content\/uploads\/not\/laboral20\/avisos\/F47001310500420150037701EdictoL20200116120656.pdf\" target=\"_blank\" rel=\"noopener noreferrer\">47001310500420150037701 &#8211; 20200117<\/a><br \/>\n<a href=\"https:\/\/cortesuprema.gov.co\/corte\/wp-content\/uploads\/not\/laboral20\/avisos\/F05001310500920090114201EdictoL20200116112248.pdf\" target=\"_blank\" rel=\"noopener noreferrer\">05001310500920090114201 &#8211; 20200117<\/a><br \/>\n<a href=\"https:\/\/cortesuprema.gov.co\/corte\/wp-content\/uploads\/not\/laboral20\/avisos\/F11001310501520120037501EdictoL20200114090442.pdf\" target=\"_blank\" rel=\"noopener noreferrer\">11001310501520120037501 &#8211; 20200117<\/a><br \/>\n<a href=\"https:\/\/cortesuprema.gov.co\/corte\/wp-content\/uploads\/not\/laboral20\/avisos\/F76001310500720130058101EdictoL20200115110658.pdf\" target=\"_blank\" rel=\"noopener noreferrer\">76001310500720130058101 &#8211; 20200117<\/a><br \/>\n<a href=\"https:\/\/cortesuprema.gov.co\/corte\/wp-content\/uploads\/not\/laboral20\/avisos\/F05001310500220090125901EdictoL20200114170256.pdf\" target=\"_blank\" rel=\"noopener noreferrer\">05001310500220090125901 &#8211; 20200115<\/a><br \/>\n<a href=\"https:\/\/cortesuprema.gov.co\/corte\/wp-content\/uploads\/not\/laboral20\/avisos\/F11001220500020188212201EdictoL20200114165806.pdf\" target=\"_blank\" rel=\"noopener noreferrer\">11001220500020188212201 &#8211; 20200115<\/a><br \/>\n<a href=\"https:\/\/cortesuprema.gov.co\/corte\/wp-content\/uploads\/not\/laboral20\/avisos\/F76001310501220150000501EdictoL20200114165132.pdf\" target=\"_blank\" rel=\"noopener noreferrer\">76001310501220150000501 &#8211; 20200115<\/a><br \/>\n<a href=\"https:\/\/cortesuprema.gov.co\/corte\/wp-content\/uploads\/not\/laboral20\/avisos\/F76001310500720140021601EdictoL20200114164612.pdf\" target=\"_blank\" rel=\"noopener noreferrer\">76001310500720140021601 &#8211; 20200115<\/a><br \/>\n<a href=\"https:\/\/cortesuprema.gov.co\/corte\/wp-content\/uploads\/not\/laboral20\/avisos\/F11001310503220130095801EdictoL20200114164104.pdf\" target=\"_blank\" rel=\"noopener noreferrer\">11001310503220130095801 &#8211; 20200115<\/a><br \/>\n<a href=\"https:\/\/cortesuprema.gov.co\/corte\/wp-content\/uploads\/not\/laboral20\/avisos\/F11001310501820140033301EdictoL20200114163544.pdf\" target=\"_blank\" rel=\"noopener noreferrer\">11001310501820140033301 &#8211; 20200115<\/a><br \/>\n<a href=\"https:\/\/cortesuprema.gov.co\/corte\/wp-content\/uploads\/not\/laboral20\/avisos\/F11001310502520120064301EdictoL20200114163023.pdf\" target=\"_blank\" rel=\"noopener noreferrer\">11001310502520120064301 &#8211; 20200115<\/a><br \/>\n<a href=\"https:\/\/cortesuprema.gov.co\/corte\/wp-content\/uploads\/not\/laboral20\/avisos\/F05001310501720110143101EdictoL20200114162609.pdf\" target=\"_blank\" rel=\"noopener noreferrer\">05001310501720110143101 &#8211; 20200115<\/a><br \/>\n<a href=\"https:\/\/cortesuprema.gov.co\/corte\/wp-content\/uploads\/not\/laboral20\/avisos\/F76001310501420150016701EdictoL20200114162207.pdf\" target=\"_blank\" rel=\"noopener noreferrer\">76001310501420150016701 &#8211; 20200115<\/a><br \/>\n<a href=\"https:\/\/cortesuprema.gov.co\/corte\/wp-content\/uploads\/not\/laboral20\/avisos\/F11001310503320130062301EdictoL20200114161720.pdf\" target=\"_blank\" rel=\"noopener noreferrer\">11001310503320130062301 &#8211; 20200115<\/a><br \/>\n<a href=\"https:\/\/cortesuprema.gov.co\/corte\/wp-content\/uploads\/not\/laboral20\/avisos\/F76001310500820140055201EdictoL20200114161203.pdf\" target=\"_blank\" rel=\"noopener noreferrer\">76001310500820140055201 &#8211; 20200115<\/a><br \/>\n<a href=\"https:\/\/cortesuprema.gov.co\/corte\/wp-content\/uploads\/not\/laboral20\/avisos\/F66001310500220150020601EdictoL20200114160649.pdf\" target=\"_blank\" rel=\"noopener noreferrer\">66001310500220150020601 &#8211; 20200115<\/a><br \/>\n<a href=\"https:\/\/cortesuprema.gov.co\/corte\/wp-content\/uploads\/not\/laboral20\/avisos\/F05001310501720150199001EdictoL20200114155231.pdf\" target=\"_blank\" rel=\"noopener noreferrer\">05001310501720150199001 &#8211; 20200115<\/a><br \/>\n<a href=\"https:\/\/cortesuprema.gov.co\/corte\/wp-content\/uploads\/not\/laboral20\/avisos\/F11001310501220130030901EdictoL20200114153527.pdf\" target=\"_blank\" rel=\"noopener noreferrer\">11001310501220130030901 &#8211; 20200115<\/a><br \/>\n<a href=\"https:\/\/cortesuprema.gov.co\/corte\/wp-content\/uploads\/not\/laboral20\/avisos\/F17001310500120070020301EdictoL20200114152205.pdf\" target=\"_blank\" rel=\"noopener noreferrer\">17001310500120070020301 &#8211; 20200115<\/a><br \/>\n<a href=\"https:\/\/cortesuprema.gov.co\/corte\/wp-content\/uploads\/not\/laboral20\/avisos\/F11001310502920130044201EdictoL20200114150742.pdf\" target=\"_blank\" rel=\"noopener noreferrer\">11001310502920130044201 &#8211; 20200115<\/a><br \/>\n<a href=\"https:\/\/cortesuprema.gov.co\/corte\/wp-content\/uploads\/not\/laboral20\/avisos\/F11001310502920150011201EdictoL20200114150339.pdf\" target=\"_blank\" rel=\"noopener noreferrer\">11001310502920150011201 &#8211; 20200115<\/a><br \/>\n<a href=\"https:\/\/cortesuprema.gov.co\/corte\/wp-content\/uploads\/not\/laboral20\/avisos\/F23001310500520150007201EdictoL20200114145953.pdf\" target=\"_blank\" rel=\"noopener noreferrer\">23001310500520150007201 &#8211; 20200115<\/a><br \/>\n<a href=\"https:\/\/cortesuprema.gov.co\/corte\/wp-content\/uploads\/not\/laboral20\/avisos\/F11001310503620150025101EdictoL20200114145323.pdf\" target=\"_blank\" rel=\"noopener noreferrer\">11001310503620150025101 &#8211; 20200115<\/a><br \/>\n<a href=\"https:\/\/cortesuprema.gov.co\/corte\/wp-content\/uploads\/not\/laboral20\/avisos\/F66001310500120120090901EdictoL20200114144429.pdf\" target=\"_blank\" rel=\"noopener noreferrer\">66001310500120120090901 &#8211; 20200115<\/a><br \/>\n<a href=\"https:\/\/cortesuprema.gov.co\/corte\/wp-content\/uploads\/not\/laboral20\/avisos\/F05001310500120140046601EdictoL20200114144711.pdf\" target=\"_blank\" rel=\"noopener noreferrer\">05001310500120140046601 &#8211; 20200115<\/a><br \/>\n<a href=\"https:\/\/cortesuprema.gov.co\/corte\/wp-content\/uploads\/not\/laboral20\/avisos\/F76001310501020100007501EdictoL20200114144129.pdf\" target=\"_blank\" rel=\"noopener noreferrer\">76001310501020100007501 &#8211; 20200115<\/a><br \/>\n<a href=\"https:\/\/cortesuprema.gov.co\/corte\/wp-content\/uploads\/not\/laboral20\/avisos\/F05088310500120140030601EdictoL20200114142703.pdf\" target=\"_blank\" rel=\"noopener noreferrer\">05088310500120140030601 &#8211; 20200115<\/a><br \/>\n<a href=\"https:\/\/cortesuprema.gov.co\/corte\/wp-content\/uploads\/not\/laboral20\/avisos\/F11001310501120130028501EdictoL20200114143112.pdf\" target=\"_blank\" rel=\"noopener noreferrer\">11001310501120130028501 &#8211; 20200115<\/a><br \/>\n<a href=\"https:\/\/cortesuprema.gov.co\/corte\/wp-content\/uploads\/not\/laboral20\/avisos\/F11001310503620130048601EdictoL20200114142041.pdf\" target=\"_blank\" rel=\"noopener noreferrer\">11001310503620130048601 &#8211; 20200115<\/a><br \/>\n<a href=\"https:\/\/cortesuprema.gov.co\/corte\/wp-content\/uploads\/not\/laboral20\/avisos\/F05001310500120120080201EdictoL20200114141720.pdf\" target=\"_blank\" rel=\"noopener noreferrer\">05001310500120120080201 &#8211; 20200115<\/a><br \/>\n<a href=\"https:\/\/cortesuprema.gov.co\/corte\/wp-content\/uploads\/not\/laboral20\/avisos\/F76001310500620070063201EdictoL20200114125228.pdf\" target=\"_blank\" rel=\"noopener noreferrer\">76001310500620070063201 &#8211; 20200115<\/a><br \/>\n<a href=\"https:\/\/cortesuprema.gov.co\/corte\/wp-content\/uploads\/not\/laboral20\/avisos\/F20001310500120110005801EdictoL20200113142405.pdf\" target=\"_blank\" rel=\"noopener noreferrer\">20001310500120110005801 &#8211; 20200114<\/a><br \/>\n<a href=\"https:\/\/cortesuprema.gov.co\/corte\/wp-content\/uploads\/not\/laboral20\/avisos\/F11001310502920130072201EdictoL20200114124204.pdf\" target=\"_blank\" rel=\"noopener noreferrer\">11001310502920130072201 &#8211; 20200115<\/a><br \/>\n<a href=\"https:\/\/cortesuprema.gov.co\/corte\/wp-content\/uploads\/not\/laboral20\/avisos\/F11001310500820150054501EdictoL20200114123318.pdf\" target=\"_blank\" rel=\"noopener noreferrer\">11001310500820150054501 &#8211; 20200115<\/a><br \/>\n<a href=\"https:\/\/cortesuprema.gov.co\/corte\/wp-content\/uploads\/not\/laboral20\/avisos\/F11001310500920080013701EdictoL20200114123433.pdf\" target=\"_blank\" rel=\"noopener noreferrer\">11001310500920080013701 &#8211; 20200115<\/a><br \/>\n<a href=\"https:\/\/cortesuprema.gov.co\/corte\/wp-content\/uploads\/not\/laboral20\/avisos\/F11001310501620080061301EdictoL20200114122337.pdf\" target=\"_blank\" rel=\"noopener noreferrer\">11001310501620080061301 &#8211; 20200115<\/a><br \/>\n<a href=\"https:\/\/cortesuprema.gov.co\/corte\/wp-content\/uploads\/not\/laboral20\/avisos\/F11001310500620120025101EdictoL20200114121316.pdf\" target=\"_blank\" rel=\"noopener noreferrer\">11001310500620120025101 &#8211; 20200115<\/a><br \/>\n<a href=\"https:\/\/cortesuprema.gov.co\/corte\/wp-content\/uploads\/not\/laboral20\/avisos\/F15001310500220080021501EdictoL20200114115050.pdf\" target=\"_blank\" rel=\"noopener noreferrer\">15001310500220080021501 &#8211; 20200115<\/a><br \/>\n<a href=\"https:\/\/cortesuprema.gov.co\/corte\/wp-content\/uploads\/not\/laboral20\/avisos\/F08001310501420130037401EdictoL20200114115244.pdf\" target=\"_blank\" rel=\"noopener noreferrer\">08001310501420130037401 &#8211; 20200115<\/a><br \/>\n<a href=\"https:\/\/cortesuprema.gov.co\/corte\/wp-content\/uploads\/not\/laboral20\/avisos\/F05001310501120150016701EdictoL20200114110651.pdf\" target=\"_blank\" rel=\"noopener noreferrer\">05001310501120150016701 &#8211; 20200115<\/a><br \/>\n<a href=\"https:\/\/cortesuprema.gov.co\/corte\/wp-content\/uploads\/not\/laboral20\/avisos\/F11001310503120140024601EdictoL20200114114024.pdf\" target=\"_blank\" rel=\"noopener noreferrer\">11001310503120140024601 &#8211; 20200115<\/a><br \/>\n<a href=\"https:\/\/cortesuprema.gov.co\/corte\/wp-content\/uploads\/not\/laboral20\/avisos\/F08001310501120140046201EdictoL20200114105211.pdf\" target=\"_blank\" rel=\"noopener noreferrer\">08001310501120140046201 &#8211; 20200115<\/a><br \/>\n<a href=\"https:\/\/cortesuprema.gov.co\/corte\/wp-content\/uploads\/not\/laboral20\/avisos\/F11001310500620040056001EdictoL20200114104553.pdf\" target=\"_blank\" rel=\"noopener noreferrer\">11001310500620040056001 &#8211; 20200115<\/a><br \/>\n<a href=\"https:\/\/cortesuprema.gov.co\/corte\/wp-content\/uploads\/not\/laboral20\/avisos\/F11001310501720140029901EdictoL20200114102746.pdf\" target=\"_blank\" rel=\"noopener noreferrer\">11001310501720140029901 &#8211; 20200115<\/a><br \/>\n<a href=\"https:\/\/cortesuprema.gov.co\/corte\/wp-content\/uploads\/not\/laboral20\/avisos\/F66001310500520130068901EdictoL20200114100041.pdf\" target=\"_blank\" rel=\"noopener noreferrer\">66001310500520130068901 &#8211; 20200115<\/a><br \/>\n<a href=\"https:\/\/cortesuprema.gov.co\/corte\/wp-content\/uploads\/not\/laboral20\/avisos\/F13001310500320130006501EdictoL20200114094903.pdf\" target=\"_blank\" rel=\"noopener noreferrer\">13001310500320130006501 &#8211; 20200115<\/a><br \/>\n<a href=\"https:\/\/cortesuprema.gov.co\/corte\/wp-content\/uploads\/not\/laboral20\/avisos\/F13001310500320130006501EdictoL20200114094830.pdf\" target=\"_blank\" rel=\"noopener noreferrer\">13001310500320130006501 &#8211; 20200115<\/a><br \/>\n<a href=\"https:\/\/cortesuprema.gov.co\/corte\/wp-content\/uploads\/not\/laboral20\/avisos\/F11001310500720130044801EdictoL20200114085158.pdf\" target=\"_blank\" rel=\"noopener noreferrer\">11001310500720130044801 &#8211; 20200115<\/a><br \/>\n<a href=\"https:\/\/cortesuprema.gov.co\/corte\/wp-content\/uploads\/not\/laboral20\/avisos\/F76001310501620130048501EdictoL20200114084242.pdf\" target=\"_blank\" rel=\"noopener noreferrer\">76001310501620130048501 &#8211; 20200115<\/a><br \/>\n<a href=\"https:\/\/cortesuprema.gov.co\/corte\/wp-content\/uploads\/not\/laboral20\/avisos\/F05001310501320150006401EdictoL20200113175854.pdf\" target=\"_blank\" rel=\"noopener noreferrer\">05001310501320150006401 &#8211; 20200114<\/a><br \/>\n<a href=\"https:\/\/cortesuprema.gov.co\/corte\/wp-content\/uploads\/not\/laboral20\/avisos\/F11001310503620130001101EdictoL20200113175110.pdf\" target=\"_blank\" rel=\"noopener noreferrer\">11001310503620130001101 &#8211; 20200114<\/a><br \/>\n<a href=\"https:\/\/cortesuprema.gov.co\/corte\/wp-content\/uploads\/not\/laboral20\/avisos\/F08001310500120110007001EdictoL20200113174251.pdf\" target=\"_blank\" rel=\"noopener noreferrer\">08001310500120110007001 &#8211; 20200114<\/a><br \/>\n<a href=\"https:\/\/cortesuprema.gov.co\/corte\/wp-content\/uploads\/not\/laboral20\/avisos\/F08001310500120110007001EdictoL20200113173725.pdf\" target=\"_blank\" rel=\"noopener noreferrer\">08001310500120110007001 &#8211; 20200114<\/a><br \/>\n<a href=\"https:\/\/cortesuprema.gov.co\/corte\/wp-content\/uploads\/not\/laboral20\/avisos\/F54001310500320140000601EdictoL20200113172928.pdf\" target=\"_blank\" rel=\"noopener noreferrer\">54001310500320140000601 &#8211; 20200114<\/a><br \/>\n<a href=\"https:\/\/cortesuprema.gov.co\/corte\/wp-content\/uploads\/not\/laboral20\/avisos\/F76001310501520140087301EdictoL20200113172140.pdf\" target=\"_blank\" rel=\"noopener noreferrer\">76001310501520140087301 &#8211; 20200114<\/a><br \/>\n<a href=\"https:\/\/cortesuprema.gov.co\/corte\/wp-content\/uploads\/not\/laboral20\/avisos\/F68001310500520160005501EdictoL20200113171023.pdf\" target=\"_blank\" rel=\"noopener noreferrer\">68001310500520160005501 &#8211; 20200114<\/a><br \/>\n<a href=\"https:\/\/cortesuprema.gov.co\/corte\/wp-content\/uploads\/not\/laboral20\/avisos\/F05001310501720150201801EdictoL20200113163735.pdf\" target=\"_blank\" rel=\"noopener noreferrer\">05001310501720150201801 &#8211; 20200114<\/a><br \/>\n<a href=\"https:\/\/cortesuprema.gov.co\/corte\/wp-content\/uploads\/not\/laboral20\/avisos\/F05001310500620120099001EdictoL20200113161316.pdf\" target=\"_blank\" rel=\"noopener noreferrer\">05001310500620120099001 &#8211; 20200114<\/a><br \/>\n<a href=\"https:\/\/cortesuprema.gov.co\/corte\/wp-content\/uploads\/not\/laboral20\/avisos\/F11001310501920120050201EdictoL20200113160910.pdf\" target=\"_blank\" rel=\"noopener noreferrer\">11001310501920120050201 &#8211; 20200114<\/a><br \/>\n<a href=\"https:\/\/cortesuprema.gov.co\/corte\/wp-content\/uploads\/not\/laboral20\/avisos\/F11001310502020140027701EdictoL20200113160210.pdf\" target=\"_blank\" rel=\"noopener noreferrer\">11001310502020140027701 &#8211; 20200114<\/a><br \/>\n<a href=\"https:\/\/cortesuprema.gov.co\/corte\/wp-content\/uploads\/not\/laboral20\/avisos\/F76001310501720160105101EdictoL20200113160425.pdf\" target=\"_blank\" rel=\"noopener noreferrer\">76001310501720160105101 &#8211; 20200114<\/a><br \/>\n<a href=\"https:\/\/cortesuprema.gov.co\/corte\/wp-content\/uploads\/not\/laboral20\/avisos\/F66001310500520130068901EdictoL20200113154521.pdf\" target=\"_blank\" rel=\"noopener noreferrer\">66001310500520130068901 &#8211; 20200114<\/a><br \/>\n<a href=\"https:\/\/cortesuprema.gov.co\/corte\/wp-content\/uploads\/not\/laboral20\/avisos\/F11001310502020150010001EdictoL20200113155535.pdf\" target=\"_blank\" rel=\"noopener noreferrer\">11001310502020150010001 &#8211; 20200114<\/a><br \/>\n<a href=\"https:\/\/cortesuprema.gov.co\/corte\/wp-content\/uploads\/not\/laboral20\/avisos\/F13001310500120120006901EdictoL20200113154809.pdf\" target=\"_blank\" rel=\"noopener noreferrer\">13001310500120120006901 &#8211; 20200114<\/a><br \/>\n<a href=\"https:\/\/cortesuprema.gov.co\/corte\/wp-content\/uploads\/not\/laboral20\/avisos\/F13001310500820080049801EdictoL20200113154646.pdf\" target=\"_blank\" rel=\"noopener noreferrer\">13001310500820080049801 &#8211; 20200114<\/a><br \/>\n<a href=\"https:\/\/cortesuprema.gov.co\/corte\/wp-content\/uploads\/not\/laboral20\/avisos\/F11001310500820100059401EdictoL20200113153907.pdf\" target=\"_blank\" rel=\"noopener noreferrer\">11001310500820100059401 &#8211; 20200114<\/a><br \/>\n<a href=\"https:\/\/cortesuprema.gov.co\/corte\/wp-content\/uploads\/not\/laboral20\/avisos\/F76001310500520100113601EdictoL20200113152122.pdf\" target=\"_blank\" rel=\"noopener noreferrer\">76001310500520100113601 &#8211; 20200114<\/a><br \/>\n<a href=\"https:\/\/cortesuprema.gov.co\/corte\/wp-content\/uploads\/not\/laboral20\/avisos\/F11001310501320120043501EdictoL20200113150839.pdf\" target=\"_blank\" rel=\"noopener noreferrer\">11001310501320120043501 &#8211; 20200114<\/a><br \/>\n<a href=\"https:\/\/cortesuprema.gov.co\/corte\/wp-content\/uploads\/not\/laboral20\/avisos\/F11001310501620150070501EdictoL20200113150149.pdf\" target=\"_blank\" rel=\"noopener noreferrer\">11001310501620150070501 &#8211; 20200114<\/a><br \/>\n<a href=\"https:\/\/cortesuprema.gov.co\/corte\/wp-content\/uploads\/not\/laboral20\/avisos\/F08001310501320120038601EdictoL20200113145531.pdf\" target=\"_blank\" rel=\"noopener noreferrer\">08001310501320120038601 &#8211; 20200114<\/a><br \/>\n<a href=\"https:\/\/cortesuprema.gov.co\/corte\/wp-content\/uploads\/not\/laboral20\/avisos\/F05001310501220060045001EdictoL20200113144246.pdf\" target=\"_blank\" rel=\"noopener noreferrer\">05001310501220060045001 &#8211; 20200114<\/a><br \/>\n<a href=\"https:\/\/cortesuprema.gov.co\/corte\/wp-content\/uploads\/not\/laboral20\/avisos\/F76001310500820110076301EdictoL20200113143618.pdf\" target=\"_blank\" rel=\"noopener noreferrer\">76001310500820110076301 &#8211; 20200114<\/a><br \/>\n<a href=\"https:\/\/cortesuprema.gov.co\/corte\/wp-content\/uploads\/not\/laboral20\/avisos\/F05360310500120110012201EdictoL20200113142851.pdf\" target=\"_blank\" rel=\"noopener noreferrer\">05360310500120110012201 &#8211; 20200114<\/a><br \/>\n<a href=\"https:\/\/cortesuprema.gov.co\/corte\/wp-content\/uploads\/not\/laboral20\/avisos\/F13001310500220050006801EdictoL20200113143034.pdf\" target=\"_blank\" rel=\"noopener noreferrer\">13001310500220050006801 &#8211; 20200114<\/a><br \/>\n<a href=\"https:\/\/cortesuprema.gov.co\/corte\/wp-content\/uploads\/not\/laboral20\/avisos\/F11001310502320130077001EdictoL20200113141651.pdf\" target=\"_blank\" rel=\"noopener noreferrer\">11001310502320130077001 &#8211; 20200114<\/a><br \/>\n<a href=\"https:\/\/cortesuprema.gov.co\/corte\/wp-content\/uploads\/not\/laboral20\/avisos\/F11001310501720110085801EdictoL20200113142602.pdf\" target=\"_blank\" rel=\"noopener noreferrer\">11001310501720110085801 &#8211; 20200114<\/a><br \/>\n<a href=\"https:\/\/cortesuprema.gov.co\/corte\/wp-content\/uploads\/not\/laboral20\/avisos\/F76001310501120130083801EdictoL20200113140326.pdf\" target=\"_blank\" rel=\"noopener noreferrer\">76001310501120130083801 &#8211; 20200114<\/a><br \/>\n<a href=\"https:\/\/cortesuprema.gov.co\/corte\/wp-content\/uploads\/not\/laboral20\/avisos\/F11001310501420090040301EdictoL20200113140230.pdf\" target=\"_blank\" rel=\"noopener noreferrer\">11001310501420090040301 &#8211; 20200114<\/a><br \/>\n<a href=\"https:\/\/cortesuprema.gov.co\/corte\/wp-content\/uploads\/not\/laboral20\/avisos\/F76001310500120150054401EdictoL20200113122041.pdf\" target=\"_blank\" rel=\"noopener noreferrer\">76001310500120150054401 &#8211; 20200114<\/a><br \/>\n<a href=\"https:\/\/cortesuprema.gov.co\/corte\/wp-content\/uploads\/not\/laboral20\/avisos\/F08001310500120080024301EdictoL20200113122112.pdf\" target=\"_blank\" rel=\"noopener noreferrer\">08001310500120080024301 &#8211; 20200114<\/a><br \/>\n<a href=\"https:\/\/cortesuprema.gov.co\/corte\/wp-content\/uploads\/not\/laboral20\/avisos\/F11001310500320110034601EdictoL20200113123851.pdf\" target=\"_blank\" rel=\"noopener noreferrer\">11001310500320110034601 &#8211; 20200114<\/a><br \/>\n<a href=\"https:\/\/cortesuprema.gov.co\/corte\/wp-content\/uploads\/not\/laboral20\/avisos\/F11001310500920120036901EdictoL20200113120820.pdf\" target=\"_blank\" rel=\"noopener noreferrer\">11001310500920120036901 &#8211; 20200114<\/a><br \/>\n<a href=\"https:\/\/cortesuprema.gov.co\/corte\/wp-content\/uploads\/not\/laboral20\/avisos\/F66001310500220150062901EdictoL20200113120310.pdf\" target=\"_blank\" rel=\"noopener noreferrer\">66001310500220150062901 &#8211; 20200114<\/a><br \/>\n<a href=\"https:\/\/cortesuprema.gov.co\/corte\/wp-content\/uploads\/not\/laboral20\/avisos\/F11001310501120140064101EdictoL20200113115204.pdf\" target=\"_blank\" rel=\"noopener noreferrer\">11001310501120140064101 &#8211; 20200114<\/a><br \/>\n<a href=\"https:\/\/cortesuprema.gov.co\/corte\/wp-content\/uploads\/not\/laboral20\/avisos\/F76001310500120150029001EdictoL20200113113917.pdf\" target=\"_blank\" rel=\"noopener noreferrer\">76001310500120150029001 &#8211; 20200114<\/a><br \/>\n<a href=\"https:\/\/cortesuprema.gov.co\/corte\/wp-content\/uploads\/not\/laboral20\/avisos\/F11001310502720140032801EdictoL20200113112813.pdf\" target=\"_blank\" rel=\"noopener noreferrer\">11001310502720140032801 &#8211; 20200114<\/a><br \/>\n<a href=\"https:\/\/cortesuprema.gov.co\/corte\/wp-content\/uploads\/not\/laboral20\/avisos\/F05001310500720140194301EdictoL20200113112052.pdf\" target=\"_blank\" rel=\"noopener noreferrer\">05001310500720140194301 &#8211; 20200114<\/a><br \/>\n<a href=\"https:\/\/cortesuprema.gov.co\/corte\/wp-content\/uploads\/not\/laboral20\/avisos\/F76001310500820140079901EdictoL20200113105445.pdf\" target=\"_blank\" rel=\"noopener noreferrer\">76001310500820140079901 &#8211; 20200114<\/a><br \/>\n<a href=\"https:\/\/cortesuprema.gov.co\/corte\/wp-content\/uploads\/not\/laboral20\/avisos\/F25286310300120130081701EdictoL20200113104701.pdf\" target=\"_blank\" rel=\"noopener noreferrer\">25286310300120130081701 &#8211; 20200114<\/a><br \/>\n<a href=\"https:\/\/cortesuprema.gov.co\/corte\/wp-content\/uploads\/not\/laboral20\/avisos\/F11001310503320140046601EdictoL20200113095053.pdf\" target=\"_blank\" rel=\"noopener noreferrer\">11001310503320140046601 &#8211; 20200114<\/a><br \/>\n<a href=\"https:\/\/cortesuprema.gov.co\/corte\/wp-content\/uploads\/not\/laboral20\/avisos\/F11001310502820130083501EdictoL20200113093454.pdf\" target=\"_blank\" rel=\"noopener noreferrer\">11001310502820130083501 &#8211; 20200114<\/a><br \/>\n<a href=\"https:\/\/cortesuprema.gov.co\/corte\/wp-content\/uploads\/not\/laboral20\/avisos\/F11001310501520140044301EdictoL20200113092557.pdf\" target=\"_blank\" rel=\"noopener noreferrer\">11001310501520140044301 &#8211; 20200114<\/a> <\/div><\/div> <\/div>\n<\/div><\/div>\n<hr \/>\n<div class=\"su-spoiler su-spoiler-style-default su-spoiler-icon-plus-square-1 su-spoiler-closed\" data-scroll-offset=\"0\" data-anchor-in-url=\"no\"><div class=\"su-spoiler-title\" tabindex=\"0\" role=\"button\"><span class=\"su-spoiler-icon\"><\/span>Ver notificaciones y avisos en contingencia por COVID 19<\/div><div class=\"su-spoiler-content su-u-clearfix su-u-trim\">\n<h3 style=\"text-align: center;\">Notificaciones y avisos en contingencia por COVID 19<\/h3>\n<div class=\"su-row\"><div class=\"su-column su-column-size-1-4\"><div class=\"su-column-inner su-u-clearfix su-u-trim\">\n<p><em><strong>Avisos<\/strong><\/em><\/p>\n<p>25\/09\/2020<\/p>\n<p><a href=\"https:\/\/cortesuprema.gov.co\/corte\/wp-content\/uploads\/not\/laboral20\/avisos\/25092020aviso60752.pdf\" target=\"_blank\" rel=\"noopener noreferrer\"> T 60752<\/a> &#8211;<a href=\"https:\/\/cortesuprema.gov.co\/corte\/wp-content\/uploads\/not\/laboral20\/avisos\/60752admite25092020.pdf\" target=\"_blank\" rel=\"noopener noreferrer\">ver providencia<\/a><br \/>\n<a href=\"https:\/\/cortesuprema.gov.co\/corte\/wp-content\/uploads\/not\/laboral20\/avisos\/25092020aviso60706.pdf\" target=\"_blank\" rel=\"noopener noreferrer\"> T 60706<\/a> &#8211; <a href=\"https:\/\/cortesuprema.gov.co\/corte\/wp-content\/uploads\/not\/laboral20\/avisos\/60706admite25092020.pdf\" target=\"_blank\" rel=\"noopener noreferrer\">ver providencia<\/a><br \/>\n<a href=\"https:\/\/cortesuprema.gov.co\/corte\/wp-content\/uploads\/not\/laboral20\/avisos\/25092020Aviso2020-00635.pdf\" target=\"_blank\" rel=\"noopener noreferrer\"> T 2020-0035<\/a> &#8211; <a href=\"https:\/\/cortesuprema.gov.co\/corte\/wp-content\/uploads\/not\/laboral20\/avisos\/2020-00635admite25092020.pdf\" target=\"_blank\" rel=\"noopener noreferrer\">ver providencia<\/a><\/p>\n<p>24\/09\/2020<\/p>\n<p><a href=\"https:\/\/cortesuprema.gov.co\/corte\/wp-content\/uploads\/not\/laboral20\/avisos\/24092020aviso60652.pdf\" target=\"_blank\" rel=\"noopener noreferrer\">T 60652<\/a>\u00a0&#8211; <a href=\"https:\/\/cortesuprema.gov.co\/corte\/wp-content\/uploads\/not\/laboral20\/avisos\/60652auto24092020.pdf\" target=\"_blank\" rel=\"noopener noreferrer\">ver providencia<\/a><\/p>\n<p>23\/09\/2020<\/p>\n<p><a href=\"https:\/\/cortesuprema.gov.co\/corte\/wp-content\/uploads\/not\/laboral20\/avisos\/23092020aviso90115.pdf\" target=\"_blank\" rel=\"noopener noreferrer\"> T 90115<\/a><br \/>\n<a href=\"https:\/\/cortesuprema.gov.co\/corte\/wp-content\/uploads\/not\/laboral20\/avisos\/23092020aviso90087.pdf\" target=\"_blank\" rel=\"noopener noreferrer\"> T 90087<\/a><br \/>\n<a href=\"https:\/\/cortesuprema.gov.co\/corte\/wp-content\/uploads\/not\/laboral20\/avisos\/23092020Aviso60718.pdf\" target=\"_blank\" rel=\"noopener noreferrer\"> T 60718<\/a> &#8211; <a href=\"https:\/\/cortesuprema.gov.co\/corte\/wp-content\/uploads\/not\/laboral20\/avisos\/60718admite23092020.pdf\" target=\"_blank\" rel=\"noopener noreferrer\">ver providencia<\/a><br \/>\n22\/09\/2020<\/p>\n<p><a href=\"https:\/\/cortesuprema.gov.co\/corte\/wp-content\/uploads\/not\/laboral20\/avisos\/22092020aviso60496.pdf\" target=\"_blank\" rel=\"noopener noreferrer\"> T 60496<\/a><br \/>\n<a href=\"https:\/\/cortesuprema.gov.co\/corte\/wp-content\/uploads\/not\/laboral20\/avisos\/22092020Aviso60468.pdf\" target=\"_blank\" rel=\"noopener noreferrer\"> T 60468<\/a><br \/>\n<a href=\"https:\/\/cortesuprema.gov.co\/corte\/wp-content\/uploads\/not\/laboral20\/avisos\/22092020aviso60462.pdf\" target=\"_blank\" rel=\"noopener noreferrer\"> T 60462<\/a> &#8211; <a href=\"https:\/\/cortesuprema.gov.co\/corte\/wp-content\/uploads\/not\/laboral20\/avisos\/60462fallo22092020.pdf\" target=\"_blank\" rel=\"noopener noreferrer\">ver providencia<\/a><\/p>\n<p>21\/09\/2020<\/p>\n<p><a href=\"https:\/\/cortesuprema.gov.co\/corte\/wp-content\/uploads\/not\/laboral20\/avisos\/21092020aviso60692.pdf\" target=\"_blank\" rel=\"noopener noreferrer\"> T 60692<\/a> &#8211; <a href=\"https:\/\/cortesuprema.gov.co\/corte\/wp-content\/uploads\/not\/laboral20\/avisos\/60692admite21092020.pdf\" target=\"_blank\" rel=\"noopener noreferrer\">ver providencia<\/a><br \/>\n<a href=\"https:\/\/cortesuprema.gov.co\/corte\/wp-content\/uploads\/not\/laboral20\/avisos\/21092020aviso60540.pdf\" target=\"_blank\" rel=\"noopener noreferrer\"> T 60540<\/a> &#8211; <a href=\"https:\/\/cortesuprema.gov.co\/corte\/wp-content\/uploads\/not\/laboral20\/avisos\/60540admite21092020.pdf\" target=\"_blank\" rel=\"noopener noreferrer\">ver providencia<\/a><br \/>\n<a href=\"https:\/\/cortesuprema.gov.co\/corte\/wp-content\/uploads\/not\/laboral20\/avisos\/21092020aviso58254.pdf\" target=\"_blank\" rel=\"noopener noreferrer\"> T 58254<\/a><\/p>\n<p>18\/09\/2020<\/p>\n<p><a href=\"https:\/\/cortesuprema.gov.co\/corte\/wp-content\/uploads\/not\/laboral20\/avisos\/18092020aviso60058.pdf\" target=\"_blank\" rel=\"noopener noreferrer\">T 60058<\/a> &#8211; <a href=\"https:\/\/cortesuprema.gov.co\/corte\/wp-content\/uploads\/not\/laboral20\/avisos\/60058fallo18092020.pdf\" target=\"_blank\" rel=\"noopener noreferrer\">ver providencia<\/a><\/p>\n<p>17\/09\/2020<\/p>\n<p><a href=\"https:\/\/cortesuprema.gov.co\/corte\/wp-content\/uploads\/not\/laboral20\/avisos\/17092020aviso89955.pdf\" target=\"_blank\" rel=\"noopener noreferrer\">T 89955<\/a><br \/>\n<a href=\"https:\/\/cortesuprema.gov.co\/corte\/wp-content\/uploads\/not\/laboral20\/avisos\/17092020aviso60638.pdf\" target=\"_blank\" rel=\"noopener noreferrer\"> T 60638<\/a> &#8211; <a href=\"https:\/\/cortesuprema.gov.co\/corte\/wp-content\/uploads\/not\/laboral20\/avisos\/60638admite17092020.pdf\" target=\"_blank\" rel=\"noopener noreferrer\">ver providencia<\/a><br \/>\n<a href=\"https:\/\/cortesuprema.gov.co\/corte\/wp-content\/uploads\/not\/laboral20\/avisos\/17092020aviso2020-00627.pdf\" target=\"_blank\" rel=\"noopener noreferrer\">\u00a0T 2020-00627<\/a> &#8211; <a href=\"https:\/\/cortesuprema.gov.co\/corte\/wp-content\/uploads\/not\/laboral20\/avisos\/17092020admisorio202000627.pdf\" target=\"_blank\" rel=\"noopener noreferrer\">ver providencia<\/a><\/p>\n<p>16\/09\/2020<\/p>\n<p><a href=\"https:\/\/cortesuprema.gov.co\/corte\/wp-content\/uploads\/not\/laboral20\/avisos\/16092020aviso90161.pdf\" target=\"_blank\" rel=\"noopener noreferrer\"> T 90161<\/a><br \/>\n<a href=\"https:\/\/cortesuprema.gov.co\/corte\/wp-content\/uploads\/not\/laboral20\/avisos\/16092020aviso90065.pdf\" target=\"_blank\" rel=\"noopener noreferrer\"> T 90065<\/a><br \/>\n<a href=\"https:\/\/cortesuprema.gov.co\/corte\/wp-content\/uploads\/not\/laboral20\/avisos\/16092020aviso89887.pdf\" target=\"_blank\" rel=\"noopener noreferrer\"> T 89887<\/a><\/p>\n<p>15\/09\/2020<\/p>\n<p><a href=\"https:\/\/cortesuprema.gov.co\/corte\/wp-content\/uploads\/not\/laboral20\/avisos\/15092020aviso90021.pdf\" target=\"_blank\" rel=\"noopener noreferrer\"> T 90021<\/a><br \/>\n<a href=\"https:\/\/cortesuprema.gov.co\/corte\/wp-content\/uploads\/not\/laboral20\/avisos\/15092020aviso89995.pdf\" target=\"_blank\" rel=\"noopener noreferrer\"> T 89995<\/a><br \/>\n<a href=\"https:\/\/cortesuprema.gov.co\/corte\/wp-content\/uploads\/not\/laboral20\/avisos\/15092020aviso89969.pdf\" target=\"_blank\" rel=\"noopener noreferrer\"> T 89969<\/a><br \/>\n<a href=\"https:\/\/cortesuprema.gov.co\/corte\/wp-content\/uploads\/not\/laboral20\/avisos\/15092020aviso89925.pdf\" target=\"_blank\" rel=\"noopener noreferrer\"> T 89925<\/a><br \/>\n<a href=\"https:\/\/cortesuprema.gov.co\/corte\/wp-content\/uploads\/not\/laboral20\/avisos\/15092020aviso89909.pdf\" target=\"_blank\" rel=\"noopener noreferrer\"> T 89909<\/a><br \/>\n<a href=\"https:\/\/cortesuprema.gov.co\/corte\/wp-content\/uploads\/not\/laboral20\/avisos\/15092020aviso60626.pdf\" target=\"_blank\" rel=\"noopener noreferrer\"> T 60626<\/a><br \/>\n<a href=\"https:\/\/cortesuprema.gov.co\/corte\/wp-content\/uploads\/not\/laboral20\/avisos\/15092020aviso60520.pdf\" target=\"_blank\" rel=\"noopener noreferrer\"> T 60520<\/a><br \/>\n<a href=\"https:\/\/cortesuprema.gov.co\/corte\/wp-content\/uploads\/not\/laboral20\/avisos\/15092020aviso60454.pdf\" target=\"_blank\" rel=\"noopener noreferrer\"> T 60454<\/a><br \/>\n<a href=\"https:\/\/cortesuprema.gov.co\/corte\/wp-content\/uploads\/not\/laboral20\/avisos\/15092020aviso60424.pdf\" target=\"_blank\" rel=\"noopener noreferrer\"> T 60424<\/a> &#8211; <a href=\"https:\/\/cortesuprema.gov.co\/corte\/wp-content\/uploads\/not\/laboral20\/avisos\/60424admite15092020.pdf\" target=\"_blank\" rel=\"noopener noreferrer\">ver providencia<\/a><\/p>\n<p>14\/09\/2020<\/p>\n<p><a href=\"https:\/\/cortesuprema.gov.co\/corte\/wp-content\/uploads\/not\/laboral20\/avisos\/14092020aviso88049.pdf\" target=\"_blank\" rel=\"noopener noreferrer\">T 88049<\/a>\u00a0&#8211; <a href=\"https:\/\/cortesuprema.gov.co\/corte\/wp-content\/uploads\/not\/laboral20\/avisos\/88049auto14092020.pdf\" target=\"_blank\" rel=\"noopener noreferrer\">Ver providencia<\/a><\/p>\n<p>11\/09\/2020<\/p>\n<p><a href=\"https:\/\/cortesuprema.gov.co\/corte\/wp-content\/uploads\/not\/laboral20\/avisos\/11092020aviso90009.pdf\" target=\"_blank\" rel=\"noopener noreferrer\"> T 90009<\/a><br \/>\n<a href=\"https:\/\/cortesuprema.gov.co\/corte\/wp-content\/uploads\/not\/laboral20\/avisos\/11092020aviso89957.pdf\" target=\"_blank\" rel=\"noopener noreferrer\"> T 89957<\/a><br \/>\n<a href=\"https:\/\/cortesuprema.gov.co\/corte\/wp-content\/uploads\/not\/laboral20\/avisos\/11092020aviso89903.pdf\" target=\"_blank\" rel=\"noopener noreferrer\"> T 89903<\/a><br \/>\n<a href=\"https:\/\/cortesuprema.gov.co\/corte\/wp-content\/uploads\/not\/laboral20\/avisos\/11092020aviso89853.pdf\" target=\"_blank\" rel=\"noopener noreferrer\"> T 89853<\/a><br \/>\n<a href=\"https:\/\/cortesuprema.gov.co\/corte\/wp-content\/uploads\/not\/laboral20\/avisos\/11092020aviso89815.pdf\" target=\"_blank\" rel=\"noopener noreferrer\"> T 89815<\/a><br \/>\n<a href=\"https:\/\/cortesuprema.gov.co\/corte\/wp-content\/uploads\/not\/laboral20\/avisos\/11092020aviso89805.pdf\" target=\"_blank\" rel=\"noopener noreferrer\"> T 89805<\/a><br \/>\n<a href=\"https:\/\/cortesuprema.gov.co\/corte\/wp-content\/uploads\/not\/laboral20\/avisos\/11092020aviso89759.pdf\" target=\"_blank\" rel=\"noopener noreferrer\"> T 89759<\/a><br \/>\n<a href=\"https:\/\/cortesuprema.gov.co\/corte\/wp-content\/uploads\/not\/laboral20\/avisos\/11092020aviso89757.pdf\" target=\"_blank\" rel=\"noopener noreferrer\"> T 89757<\/a><br \/>\n<a href=\"https:\/\/cortesuprema.gov.co\/corte\/wp-content\/uploads\/not\/laboral20\/avisos\/11092020aviso89705.pdf\" target=\"_blank\" rel=\"noopener noreferrer\"> T 89705<\/a><br \/>\n<a href=\"https:\/\/cortesuprema.gov.co\/corte\/wp-content\/uploads\/not\/laboral20\/avisos\/11092020aviso89657.pdf\" target=\"_blank\" rel=\"noopener noreferrer\"> T 89657<\/a><br \/>\n<a href=\"https:\/\/cortesuprema.gov.co\/corte\/wp-content\/uploads\/not\/laboral20\/avisos\/11092020aviso89593.pdf\" target=\"_blank\" rel=\"noopener noreferrer\"> T 89593<\/a><br \/>\n<a href=\"https:\/\/cortesuprema.gov.co\/corte\/wp-content\/uploads\/not\/laboral20\/avisos\/11092020aviso60602.pdf\" target=\"_blank\" rel=\"noopener noreferrer\"> T 60602<\/a><br \/>\n<a href=\"https:\/\/cortesuprema.gov.co\/corte\/wp-content\/uploads\/not\/laboral20\/avisos\/11092020aviso60590.pdf\" target=\"_blank\" rel=\"noopener noreferrer\"> T 60590<\/a><br \/>\n<a href=\"https:\/\/cortesuprema.gov.co\/corte\/wp-content\/uploads\/not\/laboral20\/avisos\/11092020aviso56396.pdf\" target=\"_blank\" rel=\"noopener noreferrer\"> T 56396<\/a><br \/>\n<a href=\"https:\/\/cortesuprema.gov.co\/corte\/wp-content\/uploads\/not\/laboral20\/avisos\/11092020aviso2020-00576.pdf\" target=\"_blank\" rel=\"noopener noreferrer\"> T 2020-00576<\/a><\/p>\n<p>10\/09\/2020<\/p>\n<p><a href=\"https:\/\/cortesuprema.gov.co\/corte\/wp-content\/uploads\/not\/laboral20\/avisos\/10092020aviso89537.pdf\" target=\"_blank\" rel=\"noopener noreferrer\"> T 89537<\/a><br \/>\n<a href=\"https:\/\/cortesuprema.gov.co\/corte\/wp-content\/uploads\/not\/laboral20\/avisos\/10092020aviso60564.pdf\" target=\"_blank\" rel=\"noopener noreferrer\"> T 60564<\/a><br \/>\n<a href=\"https:\/\/cortesuprema.gov.co\/corte\/wp-content\/uploads\/not\/laboral20\/avisos\/10092020aviso60562.pdf\" target=\"_blank\" rel=\"noopener noreferrer\"> T 60562<\/a><br \/>\n<a href=\"https:\/\/cortesuprema.gov.co\/corte\/wp-content\/uploads\/not\/laboral20\/avisos\/10092020aviso60062.pdf\" target=\"_blank\" rel=\"noopener noreferrer\"> T 60062<\/a><br \/>\n<a href=\"https:\/\/cortesuprema.gov.co\/corte\/wp-content\/uploads\/not\/laboral20\/avisos\/10092020aviso59958.pdf\" target=\"_blank\" rel=\"noopener noreferrer\"> T 59958<\/a><br \/>\n<a href=\"https:\/\/cortesuprema.gov.co\/corte\/wp-content\/uploads\/not\/laboral20\/avisos\/10092020aviso59914.pdf\" target=\"_blank\" rel=\"noopener noreferrer\"> T 59914<\/a><br \/>\n<a href=\"https:\/\/cortesuprema.gov.co\/corte\/wp-content\/uploads\/not\/laboral20\/avisos\/10092020aviso2020-00608.pdf\" target=\"_blank\" rel=\"noopener noreferrer\"> T 2020-00608<\/a><\/p>\n<p>09\/09\/2020<\/p>\n<p><a href=\"https:\/\/cortesuprema.gov.co\/corte\/wp-content\/uploads\/not\/laboral20\/avisos\/09092020aviso20200515.pdf\" target=\"_blank\" rel=\"noopener noreferrer\"> T 20200515<\/a><br \/>\n<a href=\"https:\/\/cortesuprema.gov.co\/corte\/wp-content\/uploads\/not\/laboral20\/avisos\/09092020aviso89849.pdf\" target=\"_blank\" rel=\"noopener noreferrer\"> T 89849<\/a><br \/>\n<a href=\"https:\/\/cortesuprema.gov.co\/corte\/wp-content\/uploads\/not\/laboral20\/avisos\/09092020aviso89789.pdf\" target=\"_blank\" rel=\"noopener noreferrer\"> T 89789<\/a><br \/>\n<a href=\"https:\/\/cortesuprema.gov.co\/corte\/wp-content\/uploads\/not\/laboral20\/avisos\/09092020aviso89771.pdf\" target=\"_blank\" rel=\"noopener noreferrer\"> T 89771<\/a><br \/>\n<a href=\"https:\/\/cortesuprema.gov.co\/corte\/wp-content\/uploads\/not\/laboral20\/avisos\/09092020aviso89699.pdf\" target=\"_blank\" rel=\"noopener noreferrer\"> T 89699<\/a><br \/>\n<a href=\"https:\/\/cortesuprema.gov.co\/corte\/wp-content\/uploads\/not\/laboral20\/avisos\/09092020aviso88907.pdf\" target=\"_blank\" rel=\"noopener noreferrer\"> T 88907<\/a><br \/>\n<a href=\"https:\/\/cortesuprema.gov.co\/corte\/wp-content\/uploads\/not\/laboral20\/avisos\/09092020aviso88303.pdf\" target=\"_blank\" rel=\"noopener noreferrer\"> T 88303<\/a><br \/>\n<a href=\"https:\/\/cortesuprema.gov.co\/corte\/wp-content\/uploads\/not\/laboral20\/avisos\/09092020aviso87729.pdf\" target=\"_blank\" rel=\"noopener noreferrer\"> T 87729<\/a><br \/>\n<a href=\"https:\/\/cortesuprema.gov.co\/corte\/wp-content\/uploads\/not\/laboral20\/avisos\/09092020aviso60460.pdf\" target=\"_blank\" rel=\"noopener noreferrer\"> T 60460<\/a><br \/>\n<a href=\"https:\/\/cortesuprema.gov.co\/corte\/wp-content\/uploads\/not\/laboral20\/avisos\/09092020aviso60404.pdf\" target=\"_blank\" rel=\"noopener noreferrer\"> T 60404<\/a><br \/>\n<a href=\"https:\/\/cortesuprema.gov.co\/corte\/wp-content\/uploads\/not\/laboral20\/avisos\/09092020aviso60358.pdf\" target=\"_blank\" rel=\"noopener noreferrer\"> T 60358<\/a><br \/>\n<a href=\"https:\/\/cortesuprema.gov.co\/corte\/wp-content\/uploads\/not\/laboral20\/avisos\/09092020aviso60310.pdf\" target=\"_blank\" rel=\"noopener noreferrer\"> T 60310<\/a><br \/>\n<a href=\"https:\/\/cortesuprema.gov.co\/corte\/wp-content\/uploads\/not\/laboral20\/avisos\/09092020aviso60308.pdf\" target=\"_blank\" rel=\"noopener noreferrer\"> T 60308<\/a><br \/>\n<a href=\"https:\/\/cortesuprema.gov.co\/corte\/wp-content\/uploads\/not\/laboral20\/avisos\/09092020aviso60278.pdf\" target=\"_blank\" rel=\"noopener noreferrer\"> T 60278<\/a><br \/>\n<a href=\"https:\/\/cortesuprema.gov.co\/corte\/wp-content\/uploads\/not\/laboral20\/avisos\/09092020aviso60270.pdf\" target=\"_blank\" rel=\"noopener noreferrer\"> T 60270<\/a><br \/>\n<a href=\"https:\/\/cortesuprema.gov.co\/corte\/wp-content\/uploads\/not\/laboral20\/avisos\/09092020aviso60260.pdf\" target=\"_blank\" rel=\"noopener noreferrer\"> T 60260<\/a><br \/>\n<a href=\"https:\/\/cortesuprema.gov.co\/corte\/wp-content\/uploads\/not\/laboral20\/avisos\/09092020aviso60204.pdf\" target=\"_blank\" rel=\"noopener noreferrer\"> T 60204<\/a><br \/>\n<a href=\"https:\/\/cortesuprema.gov.co\/corte\/wp-content\/uploads\/not\/laboral20\/avisos\/09092020aviso60162.pdf\" target=\"_blank\" rel=\"noopener noreferrer\"> T 60162<\/a><br \/>\n<a href=\"https:\/\/cortesuprema.gov.co\/corte\/wp-content\/uploads\/not\/laboral20\/avisos\/09092020aviso2020-00457.pdf\" target=\"_blank\" rel=\"noopener noreferrer\"> T 2020-00457<\/a><br \/>\n<a href=\"https:\/\/cortesuprema.gov.co\/corte\/wp-content\/uploads\/not\/laboral20\/avisos\/09092020aviso2019-00589.pdf\" target=\"_blank\" rel=\"noopener noreferrer\"> T 2019-00589<\/a><\/p>\n<p>08\/09\/2020<\/p>\n<p><a href=\"https:\/\/cortesuprema.gov.co\/corte\/wp-content\/uploads\/not\/laboral20\/avisos\/08092020aviso60258.pdf\" target=\"_blank\" rel=\"noopener noreferrer\"> T 60258<\/a>\u00a0&#8211; <a href=\"https:\/\/cortesuprema.gov.co\/corte\/wp-content\/uploads\/not\/laboral20\/avisos\/60258sentencia10092020.pdf\" target=\"_blank\" rel=\"noopener noreferrer\">Ver providencia<\/a><\/p>\n<p>07\/09\/2020<\/p>\n<p><a href=\"https:\/\/cortesuprema.gov.co\/corte\/wp-content\/uploads\/not\/laboral20\/avisos\/07092020aviso89941.pdf\" target=\"_blank\" rel=\"noopener noreferrer\"> T 89941<\/a> &#8211; <a href=\"https:\/\/cortesuprema.gov.co\/corte\/wp-content\/uploads\/not\/laboral20\/avisos\/89941provi07092020.pdf\" target=\"_blank\" rel=\"noopener noreferrer\">Ver providencia<\/a><br \/>\n<a href=\"https:\/\/cortesuprema.gov.co\/corte\/wp-content\/uploads\/not\/laboral20\/avisos\/07092020aviso60520.pdf\" target=\"_blank\" rel=\"noopener noreferrer\"> T 60520<\/a> &#8211; <a href=\"https:\/\/cortesuprema.gov.co\/corte\/wp-content\/uploads\/not\/laboral20\/avisos\/60520admite07092020.pdf\" target=\"_blank\" rel=\"noopener noreferrer\">Ver providencia<\/a><br \/>\n<a href=\"https:\/\/cortesuprema.gov.co\/corte\/wp-content\/uploads\/not\/laboral20\/avisos\/07092020aviso60512.pdf\" target=\"_blank\" rel=\"noopener noreferrer\"> T 60512<\/a><\/p>\n<p>04\/09\/2020<\/p>\n<p><a href=\"https:\/\/cortesuprema.gov.co\/corte\/wp-content\/uploads\/not\/laboral20\/avisos\/04092020aviso89921.pdf\" target=\"_blank\" rel=\"noopener noreferrer\"> T 89921<\/a><br \/>\n<a href=\"https:\/\/cortesuprema.gov.co\/corte\/wp-content\/uploads\/not\/laboral20\/avisos\/04092020aviso89905.pdf\" target=\"_blank\" rel=\"noopener noreferrer\"> T 89905<\/a><br \/>\n<a href=\"https:\/\/cortesuprema.gov.co\/corte\/wp-content\/uploads\/not\/laboral20\/avisos\/04092020aviso89747.pdf\" target=\"_blank\" rel=\"noopener noreferrer\"> T 89747<\/a><br \/>\n<a href=\"https:\/\/cortesuprema.gov.co\/corte\/wp-content\/uploads\/not\/laboral20\/avisos\/04092020aviso89721.pdf\" target=\"_blank\" rel=\"noopener noreferrer\"> T 89721<\/a><br \/>\n<a href=\"https:\/\/cortesuprema.gov.co\/corte\/wp-content\/uploads\/not\/laboral20\/avisos\/04092020aviso89259.pdf\" target=\"_blank\" rel=\"noopener noreferrer\"> T 89259<\/a><br \/>\n<a href=\"https:\/\/cortesuprema.gov.co\/corte\/wp-content\/uploads\/not\/laboral20\/avisos\/04092020aviso60496.pdf\" target=\"_blank\" rel=\"noopener noreferrer\"> T 60496<\/a><br \/>\n<a href=\"https:\/\/cortesuprema.gov.co\/corte\/wp-content\/uploads\/not\/laboral20\/avisos\/04092020aviso2020-00552.pdf\" target=\"_blank\" rel=\"noopener noreferrer\"> T 2020-00552<\/a><\/p>\n<p>03\/09\/2020<\/p>\n<p><a href=\"https:\/\/cortesuprema.gov.co\/corte\/wp-content\/uploads\/not\/laboral20\/avisos\/03092020aviso60488.pdf\" target=\"_blank\" rel=\"noopener noreferrer\"> T 60488<\/a> &#8211; <a href=\"https:\/\/cortesuprema.gov.co\/corte\/wp-content\/uploads\/not\/laboral20\/avisos\/60488admisorio03092020.pdf\" target=\"_blank\" rel=\"noopener noreferrer\">Ver providencia<\/a><br \/>\n<a href=\"https:\/\/cortesuprema.gov.co\/corte\/wp-content\/uploads\/not\/laboral20\/avisos\/03092020aviso60454.pdf\" target=\"_blank\" rel=\"noopener noreferrer\"> T 60454<\/a> &#8211; <a href=\"https:\/\/cortesuprema.gov.co\/corte\/wp-content\/uploads\/not\/laboral20\/avisos\/60454admite03092020.pdf\" target=\"_blank\" rel=\"noopener noreferrer\">Ver providencia<\/a><br \/>\n<a href=\"https:\/\/cortesuprema.gov.co\/corte\/wp-content\/uploads\/not\/laboral20\/avisos\/03092020aviso2020-00576.pdf\" target=\"_blank\" rel=\"noopener noreferrer\"> T 2020-00576<\/a> &#8211; <a href=\"https:\/\/cortesuprema.gov.co\/corte\/wp-content\/uploads\/not\/laboral20\/avisos\/03092020admite202000576.pdf\" target=\"_blank\" rel=\"noopener noreferrer\">Ver providencia<\/a><\/p>\n<p>02\/09\/2020<\/p>\n<p><a href=\"https:\/\/cortesuprema.gov.co\/corte\/wp-content\/uploads\/not\/laboral20\/avisos\/60388admite02092020.pdf\" target=\"_blank\" rel=\"noopener noreferrer\">T 60388<\/a>\u00a0&#8211; <a href=\"https:\/\/cortesuprema.gov.co\/corte\/wp-content\/uploads\/not\/laboral20\/avisos\/02092020aviso60388.pdf\" target=\"_blank\" rel=\"noopener noreferrer\">Ver providencia<\/a><\/p>\n<p>01\/09\/2020<\/p>\n<p><a href=\"https:\/\/cortesuprema.gov.co\/corte\/wp-content\/uploads\/not\/laboral20\/avisos\/01092020aviso89831.pdf\" target=\"_blank\" rel=\"noopener noreferrer\"> T 89831<\/a><br \/>\n<a href=\"https:\/\/cortesuprema.gov.co\/corte\/wp-content\/uploads\/not\/laboral20\/avisos\/01092020aviso89801.pdf\" target=\"_blank\" rel=\"noopener noreferrer\"> T 89801<\/a><br \/>\n<a href=\"https:\/\/cortesuprema.gov.co\/corte\/wp-content\/uploads\/not\/laboral20\/avisos\/01092020aviso89777.pdf\" target=\"_blank\" rel=\"noopener noreferrer\"> T 89777<\/a><br \/>\n<a href=\"https:\/\/cortesuprema.gov.co\/corte\/wp-content\/uploads\/not\/laboral20\/avisos\/01092020aviso89773.pdf\" target=\"_blank\" rel=\"noopener noreferrer\"> T 89773<\/a><br \/>\n<a href=\"https:\/\/cortesuprema.gov.co\/corte\/wp-content\/uploads\/not\/laboral20\/avisos\/01092020aviso89707.pdf\" target=\"_blank\" rel=\"noopener noreferrer\"> T 89707<\/a><br \/>\n<a href=\"https:\/\/cortesuprema.gov.co\/corte\/wp-content\/uploads\/not\/laboral20\/avisos\/01092020aviso89687.pdf\" target=\"_blank\" rel=\"noopener noreferrer\"> T 89687<\/a><br \/>\n<a href=\"https:\/\/cortesuprema.gov.co\/corte\/wp-content\/uploads\/not\/laboral20\/avisos\/01092020aviso60476.pdf\" target=\"_blank\" rel=\"noopener noreferrer\"> T 60476<\/a> &#8211; <a href=\"https:\/\/cortesuprema.gov.co\/corte\/wp-content\/uploads\/not\/laboral20\/avisos\/60476admite01092020.pdf\" target=\"_blank\" rel=\"noopener noreferrer\">Ver providencia<\/a><br \/>\n<a href=\"https:\/\/cortesuprema.gov.co\/corte\/wp-content\/uploads\/not\/laboral20\/avisos\/01092020aviso60390.pdf\" target=\"_blank\" rel=\"noopener noreferrer\"> T 60390<\/a> &#8211; <a href=\"https:\/\/cortesuprema.gov.co\/corte\/wp-content\/uploads\/not\/laboral20\/avisos\/60390admite01092020.pdf\" target=\"_blank\" rel=\"noopener noreferrer\">Ver providencia<\/a><br \/>\n<a href=\"https:\/\/cortesuprema.gov.co\/corte\/wp-content\/uploads\/not\/laboral20\/avisos\/01092020aviso60150.pdf\" target=\"_blank\" rel=\"noopener noreferrer\"> T 60150<\/a><br \/>\n<a href=\"https:\/\/cortesuprema.gov.co\/corte\/wp-content\/uploads\/not\/laboral20\/avisos\/01092020aviso60104.pdf\" target=\"_blank\" rel=\"noopener noreferrer\"> T 60104<\/a><\/p>\n<p>31\/08\/2020<\/p>\n<p><a href=\"https:\/\/cortesuprema.gov.co\/corte\/wp-content\/uploads\/not\/laboral20\/avisos\/31082020aviso60462.pdf\" target=\"_blank\" rel=\"noopener noreferrer\">T 60468<\/a> &#8211; <a href=\"https:\/\/cortesuprema.gov.co\/corte\/wp-content\/uploads\/not\/laboral20\/avisos\/60468admite31082020.pdf\" target=\"_blank\" rel=\"noopener noreferrer\">Ver providencia<\/a><br \/>\n<a href=\"https:\/\/cortesuprema.gov.co\/corte\/wp-content\/uploads\/not\/laboral20\/avisos\/31082020aviso60462.pdf\" target=\"_blank\" rel=\"noopener noreferrer\"> T 60462<\/a> &#8211; <a href=\"https:\/\/cortesuprema.gov.co\/corte\/wp-content\/uploads\/not\/laboral20\/avisos\/60462admite31082020.pdf\" target=\"_blank\" rel=\"noopener noreferrer\">Ver providencia<\/a><\/p>\n<p>27\/08\/2020<\/p>\n<p><a href=\"https:\/\/cortesuprema.gov.co\/corte\/wp-content\/uploads\/not\/laboral20\/avisos\/270820202aviso89873.pdf\" target=\"_blank\" rel=\"noopener noreferrer\"> T 89873<\/a><br \/>\n<a href=\"https:\/\/cortesuprema.gov.co\/corte\/wp-content\/uploads\/not\/laboral20\/avisos\/27082020aviso89847.pdf\" target=\"_blank\" rel=\"noopener noreferrer\"> T 89847<\/a><br \/>\n<a href=\"https:\/\/cortesuprema.gov.co\/corte\/wp-content\/uploads\/not\/laboral20\/avisos\/27082020AVISO89645.pdf\" target=\"_blank\" rel=\"noopener noreferrer\"> T 89645<\/a><br \/>\n<a href=\"https:\/\/cortesuprema.gov.co\/corte\/wp-content\/uploads\/not\/laboral20\/avisos\/27082020aviso89631.pdf\" target=\"_blank\" rel=\"noopener noreferrer\"> T 89631<\/a><br \/>\n<a href=\"https:\/\/cortesuprema.gov.co\/corte\/wp-content\/uploads\/not\/laboral20\/avisos\/27082020AVISO89611.pdf\" target=\"_blank\" rel=\"noopener noreferrer\"> T 89611<\/a><br \/>\n<a href=\"https:\/\/cortesuprema.gov.co\/corte\/wp-content\/uploads\/not\/laboral20\/avisos\/27082020aviso60460.pdf\" target=\"_blank\" rel=\"noopener noreferrer\"> T 60460<\/a><br \/>\n<a href=\"https:\/\/cortesuprema.gov.co\/corte\/wp-content\/uploads\/not\/laboral20\/avisos\/27082020aviso60446.pdf\" target=\"_blank\" rel=\"noopener noreferrer\"> T 60446<\/a><br \/>\n<a href=\"https:\/\/cortesuprema.gov.co\/corte\/wp-content\/uploads\/not\/laboral20\/avisos\/27082020aviso60422.pdf\" target=\"_blank\" rel=\"noopener noreferrer\"> T 60422<\/a><\/p>\n<p>26\/08\/2020<\/p>\n<p><a href=\"https:\/\/cortesuprema.gov.co\/corte\/wp-content\/uploads\/not\/laboral20\/avisos\/26082020aviso60414.pdf\" target=\"_blank\" rel=\"noopener noreferrer\"> T 60414<\/a> &#8211; <a href=\"https:\/\/cortesuprema.gov.co\/corte\/wp-content\/uploads\/not\/laboral20\/avisos\/26082020admite60414.pdf\" target=\"_blank\" rel=\"noopener noreferrer\">ver providencia<\/a><br \/>\n<a href=\"https:\/\/cortesuprema.gov.co\/corte\/wp-content\/uploads\/not\/laboral20\/avisos\/26082020aviso59992.pdf\" target=\"_blank\" rel=\"noopener noreferrer\"> T 59992<\/a><br \/>\n<a href=\"https:\/\/cortesuprema.gov.co\/corte\/wp-content\/uploads\/not\/laboral20\/avisos\/26082020aviso2019-00481.pdf\" target=\"_blank\" rel=\"noopener noreferrer\"> T 2019-00481<\/a><\/p>\n<p>25\/08\/2020<\/p>\n<p><a href=\"https:\/\/cortesuprema.gov.co\/corte\/wp-content\/uploads\/not\/laboral20\/avisos\/25082020aviso89571.pdf\" target=\"_blank\" rel=\"noopener noreferrer\">T 89571<\/a><\/p>\n<p>24\/08\/2020<\/p>\n<p><a href=\"https:\/\/cortesuprema.gov.co\/corte\/wp-content\/uploads\/not\/laboral20\/avisos\/24082020aviso60310.pdf\" target=\"_blank\" rel=\"noopener noreferrer\"> T 60310<\/a><br \/>\n<a href=\"https:\/\/cortesuprema.gov.co\/corte\/wp-content\/uploads\/not\/laboral20\/avisos\/24082020aviso60278.pdf\" target=\"_blank\" rel=\"noopener noreferrer\"> T 60278<\/a><br \/>\n<a href=\"https:\/\/cortesuprema.gov.co\/corte\/wp-content\/uploads\/not\/laboral20\/avisos\/24082020aviso60270.pdf\" target=\"_blank\" rel=\"noopener noreferrer\"> T 60270<\/a><br \/>\n<a href=\"https:\/\/cortesuprema.gov.co\/corte\/wp-content\/uploads\/not\/laboral20\/avisos\/24082020aviso60218.pdf\" target=\"_blank\" rel=\"noopener noreferrer\"> T 60218<\/a><\/p>\n<p>20\/08\/2020<\/p>\n<p><a href=\"https:\/\/cortesuprema.gov.co\/corte\/wp-content\/uploads\/not\/laboral20\/avisos\/20082020aviso89817.pdf\" target=\"_blank\" rel=\"noopener noreferrer\"> T 89817<\/a><br \/>\n<a href=\"https:\/\/cortesuprema.gov.co\/corte\/wp-content\/uploads\/not\/laboral20\/avisos\/20082020aviso89093.pdf\" target=\"_blank\" rel=\"noopener noreferrer\"> T 89093<\/a><br \/>\n<a href=\"https:\/\/cortesuprema.gov.co\/corte\/wp-content\/uploads\/not\/laboral20\/avisos\/20082020aviso89037.pdf\" target=\"_blank\" rel=\"noopener noreferrer\"> T 89037<\/a><br \/>\n<a href=\"https:\/\/cortesuprema.gov.co\/corte\/wp-content\/uploads\/not\/laboral20\/avisos\/20082020aviso89031.pdf\" target=\"_blank\" rel=\"noopener noreferrer\"> T 89031<\/a><br \/>\n<a href=\"https:\/\/cortesuprema.gov.co\/corte\/wp-content\/uploads\/not\/laboral20\/avisos\/20082020aviso88979.pdf\" target=\"_blank\" rel=\"noopener noreferrer\"> T 88979<\/a><br \/>\n<a href=\"https:\/\/cortesuprema.gov.co\/corte\/wp-content\/uploads\/not\/laboral20\/avisos\/20082020aviso88977.pdf\" target=\"_blank\" rel=\"noopener noreferrer\"> T 88977<\/a><br \/>\n<a href=\"https:\/\/cortesuprema.gov.co\/corte\/wp-content\/uploads\/not\/laboral20\/avisos\/20082020aviso88925.pdf\" target=\"_blank\" rel=\"noopener noreferrer\"> T 88925<\/a><br \/>\n<a href=\"https:\/\/cortesuprema.gov.co\/corte\/wp-content\/uploads\/not\/laboral20\/avisos\/20082020aviso88913.pdf\" target=\"_blank\" rel=\"noopener noreferrer\"> T 88913<\/a><br \/>\n<a href=\"https:\/\/cortesuprema.gov.co\/corte\/wp-content\/uploads\/not\/laboral20\/avisos\/20082020aviso88909.pdf\" target=\"_blank\" rel=\"noopener noreferrer\"> T 88909<\/a><br \/>\n<a href=\"https:\/\/cortesuprema.gov.co\/corte\/wp-content\/uploads\/not\/laboral20\/avisos\/20082020aviso88905.pdf\" target=\"_blank\" rel=\"noopener noreferrer\"> T 88905<\/a><br \/>\n<a href=\"https:\/\/cortesuprema.gov.co\/corte\/wp-content\/uploads\/not\/laboral20\/avisos\/20082020aviso88901.pdf\" target=\"_blank\" rel=\"noopener noreferrer\"> T 88901<\/a><br \/>\n<a href=\"https:\/\/cortesuprema.gov.co\/corte\/wp-content\/uploads\/not\/laboral20\/avisos\/20082020aviso88795.pdf\" target=\"_blank\" rel=\"noopener noreferrer\"> T 88795<\/a><br \/>\n<a href=\"https:\/\/cortesuprema.gov.co\/corte\/wp-content\/uploads\/not\/laboral20\/avisos\/20082020aviso60364.pdf\" target=\"_blank\" rel=\"noopener noreferrer\"> T 60364<\/a> &#8211; <a href=\"https:\/\/cortesuprema.gov.co\/corte\/wp-content\/uploads\/not\/laboral20\/avisos\/60364admite20082020.pdf\" target=\"_blank\" rel=\"noopener noreferrer\">ver providencia<\/a><br \/>\n<a href=\"https:\/\/cortesuprema.gov.co\/corte\/wp-content\/uploads\/not\/laboral20\/avisos\/20082020aviso60358.pdf\" target=\"_blank\" rel=\"noopener noreferrer\"> T 60358<\/a><br \/>\n<a href=\"https:\/\/cortesuprema.gov.co\/corte\/wp-content\/uploads\/not\/laboral20\/avisos\/20082020aviso60058.pdf\" target=\"_blank\" rel=\"noopener noreferrer\"> T 60058<\/a><\/p>\n<p>19\/08\/2020<\/p>\n<p><a href=\"https:\/\/cortesuprema.gov.co\/corte\/wp-content\/uploads\/not\/laboral20\/avisos\/19082020aviso89541.pdf\" target=\"_blank\" rel=\"noopener noreferrer\"> T 89541<\/a><br \/>\n<a href=\"https:\/\/cortesuprema.gov.co\/corte\/wp-content\/uploads\/not\/laboral20\/avisos\/19082020aviso89509.pdf\" target=\"_blank\" rel=\"noopener noreferrer\"> T 89509<\/a><br \/>\n<a href=\"https:\/\/cortesuprema.gov.co\/corte\/wp-content\/uploads\/not\/laboral20\/avisos\/19082020aviso88663.pdf\" target=\"_blank\" rel=\"noopener noreferrer\"> T 88663<\/a><br \/>\n<a href=\"https:\/\/cortesuprema.gov.co\/corte\/wp-content\/uploads\/not\/laboral20\/avisos\/19082020aviso88649.pdf\" target=\"_blank\" rel=\"noopener noreferrer\"> T 88649<\/a><br \/>\n<a href=\"https:\/\/cortesuprema.gov.co\/corte\/wp-content\/uploads\/not\/laboral20\/avisos\/19082020aviso60328.pdf\" target=\"_blank\" rel=\"noopener noreferrer\"> T 60328<\/a> &#8211; <a href=\"https:\/\/cortesuprema.gov.co\/corte\/wp-content\/uploads\/not\/laboral20\/avisos\/60328admite20082020.pdf\" target=\"_blank\" rel=\"noopener noreferrer\">ver providencia<\/a><br \/>\n<a href=\"https:\/\/cortesuprema.gov.co\/corte\/wp-content\/uploads\/not\/laboral20\/avisos\/19082020aviso60198.pdf\" target=\"_blank\" rel=\"noopener noreferrer\"> T 60198<\/a><br \/>\n<a href=\"https:\/\/cortesuprema.gov.co\/corte\/wp-content\/uploads\/not\/laboral20\/avisos\/19082020aviso60084.pdf\" target=\"_blank\" rel=\"noopener noreferrer\"> T 60084<\/a><\/p>\n<p>18\/08\/2020<\/p>\n<p><a href=\"https:\/\/cortesuprema.gov.co\/corte\/wp-content\/uploads\/not\/laboral20\/avisos\/18082020aviso202000552.pdf\" target=\"_blank\" rel=\"noopener noreferrer\"> T 2020-00552<\/a> &#8211; <a href=\"https:\/\/cortesuprema.gov.co\/corte\/wp-content\/uploads\/not\/laboral20\/avisos\/202000552admite18082020.pdf\" target=\"_blank\" rel=\"noopener noreferrer\">ver providencia<\/a><br \/>\n<a href=\"https:\/\/cortesuprema.gov.co\/corte\/wp-content\/uploads\/not\/laboral20\/avisos\/18082020aviso89783.pdf\" target=\"_blank\" rel=\"noopener noreferrer\"> T 89783<\/a><br \/>\n<a href=\"https:\/\/cortesuprema.gov.co\/corte\/wp-content\/uploads\/not\/laboral20\/avisos\/18082020aviso88589.pdf\" target=\"_blank\" rel=\"noopener noreferrer\"> T 88589<\/a><br \/>\n<a href=\"https:\/\/cortesuprema.gov.co\/corte\/wp-content\/uploads\/not\/laboral20\/avisos\/18082020aviso88309.pdf\" target=\"_blank\" rel=\"noopener noreferrer\"> T 88309<\/a><br \/>\n<a href=\"https:\/\/cortesuprema.gov.co\/corte\/wp-content\/uploads\/not\/laboral20\/avisos\/18082020aviso60308.pdf\" target=\"_blank\" rel=\"noopener noreferrer\"> T 60308<\/a><br \/>\n<a href=\"https:\/\/cortesuprema.gov.co\/corte\/wp-content\/uploads\/not\/laboral20\/avisos\/18082020aviso60150.pdf\" target=\"_blank\" rel=\"noopener noreferrer\"> T 60150<\/a><br \/>\n<a href=\"https:\/\/cortesuprema.gov.co\/corte\/wp-content\/uploads\/not\/laboral20\/avisos\/18082020aviso60118.pdf\" target=\"_blank\" rel=\"noopener noreferrer\"> T 60118<\/a><br \/>\n<a href=\"https:\/\/cortesuprema.gov.co\/corte\/wp-content\/uploads\/not\/laboral20\/avisos\/18082020aviso60104.pdf\" target=\"_blank\" rel=\"noopener noreferrer\"> T 60104<\/a><br \/>\n<a href=\"https:\/\/cortesuprema.gov.co\/corte\/wp-content\/uploads\/not\/laboral20\/avisos\/18082020aviso59992.pdf\" target=\"_blank\" rel=\"noopener noreferrer\"> T 59992<\/a><\/p>\n<p>14\/08\/2020<\/p>\n<p><a href=\"https:\/\/cortesuprema.gov.co\/corte\/wp-content\/uploads\/not\/laboral20\/avisos\/14082020aviso60258.pdf\" target=\"_blank\" rel=\"noopener noreferrer\"> T 60258<\/a> &#8211; <a href=\"https:\/\/cortesuprema.gov.co\/corte\/wp-content\/uploads\/not\/laboral20\/avisos\/60258autoadmi14082020.pdf\" target=\"_blank\" rel=\"noopener noreferrer\">ver providencia<\/a><br \/>\n<a href=\"https:\/\/cortesuprema.gov.co\/corte\/wp-content\/uploads\/not\/laboral20\/avisos\/14082020aviso59902.pdf\" target=\"_blank\" rel=\"noopener noreferrer\"> T 59902<\/a><br \/>\n<a href=\"https:\/\/cortesuprema.gov.co\/corte\/wp-content\/uploads\/not\/laboral20\/avisos\/14082020aviso2019-00777.pdf\" target=\"_blank\" rel=\"noopener noreferrer\"> T 2019-00777<\/a><br \/>\n<a href=\"https:\/\/cortesuprema.gov.co\/corte\/wp-content\/uploads\/not\/laboral20\/avisos\/14082020aviso2019-00481.pdf\" target=\"_blank\" rel=\"noopener noreferrer\"> T 2019-00481<\/a><br \/>\n<a href=\"https:\/\/cortesuprema.gov.co\/corte\/wp-content\/uploads\/not\/laboral20\/avisos\/14082020aviso2019-00374.pdf\" target=\"_blank\" rel=\"noopener noreferrer\"> T 2019-00374<\/a><br \/>\n13\/08\/2020<\/p>\n<p><a href=\"https:\/\/cortesuprema.gov.co\/corte\/wp-content\/uploads\/not\/laboral20\/avisos\/13082020AVISO89453.pdf\" target=\"_blank\" rel=\"noopener noreferrer\"> T 89453<\/a><br \/>\n<a href=\"https:\/\/cortesuprema.gov.co\/corte\/wp-content\/uploads\/not\/laboral20\/avisos\/13082020aviso60290.pdf\" target=\"_blank\" rel=\"noopener noreferrer\"> T 60290<\/a> &#8211; <a href=\"https:\/\/cortesuprema.gov.co\/corte\/wp-content\/uploads\/not\/laboral20\/avisos\/60290autoadmisorio13082020.pdf\" target=\"_blank\" rel=\"noopener noreferrer\">ver providencia<\/a><br \/>\n<a href=\"https:\/\/cortesuprema.gov.co\/corte\/wp-content\/uploads\/not\/laboral20\/avisos\/13082020aviso60138.pdf\" target=\"_blank\" rel=\"noopener noreferrer\"> T 60138<\/a> &#8211; <a href=\"https:\/\/cortesuprema.gov.co\/corte\/wp-content\/uploads\/not\/laboral20\/avisos\/60138autoadmisoriorp.pdf\" target=\"_blank\" rel=\"noopener noreferrer\">ver providencia<\/a><br \/>\n<a href=\"https:\/\/cortesuprema.gov.co\/corte\/wp-content\/uploads\/not\/laboral20\/avisos\/13082020aviso60006.pdf\" target=\"_blank\" rel=\"noopener noreferrer\"> T 60006<\/a><\/p>\n<p>12\/08\/2020<\/p>\n<p><a href=\"https:\/\/cortesuprema.gov.co\/corte\/wp-content\/uploads\/not\/laboral20\/avisos\/12082020aviso89629.pdf\" target=\"_blank\" rel=\"noopener noreferrer\"> T 89629<\/a><br \/>\n<a href=\"https:\/\/cortesuprema.gov.co\/corte\/wp-content\/uploads\/not\/laboral20\/avisos\/12082020aviso89623.pdf\" target=\"_blank\" rel=\"noopener noreferrer\"> T 89623<\/a><br \/>\n<a href=\"https:\/\/cortesuprema.gov.co\/corte\/wp-content\/uploads\/not\/laboral20\/avisos\/12082020aviso89491.pdf\" target=\"_blank\" rel=\"noopener noreferrer\"> T 89491<\/a><br \/>\n<a href=\"https:\/\/cortesuprema.gov.co\/corte\/wp-content\/uploads\/not\/laboral20\/avisos\/12082020aviso89407.pdf\" target=\"_blank\" rel=\"noopener noreferrer\"> T 89407<\/a><br \/>\n<a href=\"https:\/\/cortesuprema.gov.co\/corte\/wp-content\/uploads\/not\/laboral20\/avisos\/12082020aviso60128.pdf\" target=\"_blank\" rel=\"noopener noreferrer\"> T 60128<\/a><\/p>\n<p>11\/08\/2020<\/p>\n<p><a href=\"https:\/\/cortesuprema.gov.co\/corte\/wp-content\/uploads\/not\/laboral20\/avisos\/11082020aviso89339.pdf\" target=\"_blank\" rel=\"noopener noreferrer\"> T 89339<\/a><br \/>\n<a href=\"https:\/\/cortesuprema.gov.co\/corte\/wp-content\/uploads\/not\/laboral20\/avisos\/11082020aviso89317.pdf\" target=\"_blank\" rel=\"noopener noreferrer\"> T 89317<\/a><br \/>\n<a href=\"https:\/\/cortesuprema.gov.co\/corte\/wp-content\/uploads\/not\/laboral20\/avisos\/11082020aviso89299.pdf\" target=\"_blank\" rel=\"noopener noreferrer\"> T 89299<\/a><br \/>\n<a href=\"https:\/\/cortesuprema.gov.co\/corte\/wp-content\/uploads\/not\/laboral20\/avisos\/11082020aviso88299.pdf\" target=\"_blank\" rel=\"noopener noreferrer\"> T 88299<\/a><br \/>\n<a href=\"https:\/\/cortesuprema.gov.co\/corte\/wp-content\/uploads\/not\/laboral20\/avisos\/11082020aviso59982.pdf\" target=\"_blank\" rel=\"noopener noreferrer\"> T 59982<\/a><\/p>\n<p>10\/08\/2020<\/p>\n<p><a href=\"https:\/\/cortesuprema.gov.co\/corte\/wp-content\/uploads\/not\/laboral20\/avisos\/10082020aviso89487.pdf\" target=\"_blank\" rel=\"noopener noreferrer\"> T 89487<\/a><br \/>\n<a href=\"https:\/\/cortesuprema.gov.co\/corte\/wp-content\/uploads\/not\/laboral20\/avisos\/10082020aviso60260.pdf\" target=\"_blank\" rel=\"noopener noreferrer\"> T 60260<\/a><br \/>\n<a href=\"https:\/\/cortesuprema.gov.co\/corte\/wp-content\/uploads\/not\/laboral20\/avisos\/10082020aviso60062.pdf\" target=\"_blank\" rel=\"noopener noreferrer\"> T 60062<\/a><br \/>\n<a href=\"https:\/\/cortesuprema.gov.co\/corte\/wp-content\/uploads\/not\/laboral20\/avisos\/10082020aviso60004.pdf\" target=\"_blank\" rel=\"noopener noreferrer\"> T 60004<\/a><br \/>\n<a href=\"https:\/\/cortesuprema.gov.co\/corte\/wp-content\/uploads\/not\/laboral20\/avisos\/10082020aviso59864.pdf\" target=\"_blank\" rel=\"noopener noreferrer\"> T 59864<\/a><\/p>\n<p>6\/08\/2020<\/p>\n<p><a href=\"https:\/\/cortesuprema.gov.co\/corte\/wp-content\/uploads\/not\/laboral20\/avisos\/06082020aviso89379.pdf\" target=\"_blank\" rel=\"noopener noreferrer\"> T 89379<\/a><br \/>\n<a href=\"https:\/\/cortesuprema.gov.co\/corte\/wp-content\/uploads\/not\/laboral20\/avisos\/06082020aviso89307.pdf\" target=\"_blank\" rel=\"noopener noreferrer\"> T 89307<\/a><br \/>\n<a href=\"https:\/\/cortesuprema.gov.co\/corte\/wp-content\/uploads\/not\/laboral20\/avisos\/06082020aviso89287.pdf\" target=\"_blank\" rel=\"noopener noreferrer\"> T 89287<\/a><br \/>\n<a href=\"https:\/\/cortesuprema.gov.co\/corte\/wp-content\/uploads\/not\/laboral20\/avisos\/06082020aviso88635.pdf\" target=\"_blank\" rel=\"noopener noreferrer\"> T 88635<\/a><br \/>\n<a href=\"https:\/\/cortesuprema.gov.co\/corte\/wp-content\/uploads\/not\/laboral20\/avisos\/06082020aviso88625.pdf\" target=\"_blank\" rel=\"noopener noreferrer\"> T 88625<\/a><br \/>\n<a href=\"https:\/\/cortesuprema.gov.co\/corte\/wp-content\/uploads\/not\/laboral20\/avisos\/06082020aviso88617.pdf\" target=\"_blank\" rel=\"noopener noreferrer\"> T 88617<\/a><br \/>\n<a href=\"https:\/\/cortesuprema.gov.co\/corte\/wp-content\/uploads\/not\/laboral20\/avisos\/06082020aviso88615.pdf\" target=\"_blank\" rel=\"noopener noreferrer\"> T 88615<\/a><br \/>\n<a href=\"https:\/\/cortesuprema.gov.co\/corte\/wp-content\/uploads\/not\/laboral20\/avisos\/06082020aviso88603.pdf\" target=\"_blank\" rel=\"noopener noreferrer\"> T 88603<\/a><br \/>\n<a href=\"https:\/\/cortesuprema.gov.co\/corte\/wp-content\/uploads\/not\/laboral20\/avisos\/06082020aviso88597.pdf\" target=\"_blank\" rel=\"noopener noreferrer\"> T 88597<\/a><br \/>\n<a href=\"https:\/\/cortesuprema.gov.co\/corte\/wp-content\/uploads\/not\/laboral20\/avisos\/06082020aviso88595.pdf\" target=\"_blank\" rel=\"noopener noreferrer\"> T 88595<\/a><br \/>\n<a href=\"https:\/\/cortesuprema.gov.co\/corte\/wp-content\/uploads\/not\/laboral20\/avisos\/06082020aviso88575.pdf\" target=\"_blank\" rel=\"noopener noreferrer\"> T 88575<\/a><br \/>\n<a href=\"https:\/\/cortesuprema.gov.co\/corte\/wp-content\/uploads\/not\/laboral20\/avisos\/06082020aviso88573.pdf\" target=\"_blank\" rel=\"noopener noreferrer\"> T 88573<\/a><br \/>\n<a href=\"https:\/\/cortesuprema.gov.co\/corte\/wp-content\/uploads\/not\/laboral20\/avisos\/06082020aviso88567.pdf\" target=\"_blank\" rel=\"noopener noreferrer\"> T 88567<\/a><br \/>\n<a href=\"https:\/\/cortesuprema.gov.co\/corte\/wp-content\/uploads\/not\/laboral20\/avisos\/06082020aviso60006.pdf\" target=\"_blank\" rel=\"noopener noreferrer\"> T 60006<\/a><\/p>\n<p>5\/08\/2020<\/p>\n<p><a href=\"https:\/\/cortesuprema.gov.co\/corte\/wp-content\/uploads\/not\/laboral20\/avisos\/05082020aviso89561.pdf\" target=\"_blank\" rel=\"noopener noreferrer\"> T 89561<\/a><br \/>\n<a href=\"https:\/\/cortesuprema.gov.co\/corte\/wp-content\/uploads\/not\/laboral20\/avisos\/05082020aviso89457.pdf\" target=\"_blank\" rel=\"noopener noreferrer\"> T 89457<\/a><br \/>\n<a href=\"https:\/\/cortesuprema.gov.co\/corte\/wp-content\/uploads\/not\/laboral20\/avisos\/05082020aviso89409.pdf\" target=\"_blank\" rel=\"noopener noreferrer\"> T 89409<\/a><br \/>\n<a href=\"https:\/\/cortesuprema.gov.co\/corte\/wp-content\/uploads\/not\/laboral20\/avisos\/05082020aviso89389.pdf\" target=\"_blank\" rel=\"noopener noreferrer\"> T 89389<\/a><br \/>\n<a href=\"https:\/\/cortesuprema.gov.co\/corte\/wp-content\/uploads\/not\/laboral20\/avisos\/05082020aviso89279.pdf\" target=\"_blank\" rel=\"noopener noreferrer\"> T 89279<\/a><br \/>\n<a href=\"https:\/\/cortesuprema.gov.co\/corte\/wp-content\/uploads\/not\/laboral20\/avisos\/05082020aviso87997.pdf\" target=\"_blank\" rel=\"noopener noreferrer\"> T 87997<\/a><br \/>\n<a href=\"https:\/\/cortesuprema.gov.co\/corte\/wp-content\/uploads\/not\/laboral20\/avisos\/05082020aviso58390.pdf\" target=\"_blank\" rel=\"noopener noreferrer\"> T 58390<\/a><br \/>\n<a href=\"https:\/\/cortesuprema.gov.co\/corte\/wp-content\/uploads\/not\/laboral20\/avisos\/05082020aviso2019-00777.pdf\" target=\"_blank\" rel=\"noopener noreferrer\"> T 2019-00777<\/a><\/p>\n<p>4\/08\/2020<\/p>\n<p><a href=\"https:\/\/cortesuprema.gov.co\/corte\/wp-content\/uploads\/not\/laboral20\/avisos\/04082020aviso89511.pdf\" target=\"_blank\" rel=\"noopener noreferrer\"> T 89511<\/a><br \/>\n<a href=\"https:\/\/cortesuprema.gov.co\/corte\/wp-content\/uploads\/not\/laboral20\/avisos\/04082020AVISO89275.pdf\" target=\"_blank\" rel=\"noopener noreferrer\"> T 89275<\/a><br \/>\n<a href=\"https:\/\/cortesuprema.gov.co\/corte\/wp-content\/uploads\/not\/laboral20\/avisos\/04082020aviso60198.pdf\" target=\"_blank\" rel=\"noopener noreferrer\"> T 60198<\/a> &#8211; <a href=\"https:\/\/cortesuprema.gov.co\/corte\/wp-content\/uploads\/not\/laboral20\/avisos\/60198admite04082020.pdf\" target=\"_blank\" rel=\"noopener noreferrer\">ver providencia<\/a><br \/>\n<a href=\"https:\/\/cortesuprema.gov.co\/corte\/wp-content\/uploads\/not\/laboral20\/avisos\/04082020aviso2019-00757.pdf\" target=\"_blank\" rel=\"noopener noreferrer\"> T 2019-00757<\/a><br \/>\n<a href=\"https:\/\/cortesuprema.gov.co\/corte\/wp-content\/uploads\/not\/laboral20\/avisos\/04082020aviso60204.pdf\" target=\"_blank\" rel=\"noopener noreferrer\"> T 60204<\/a><\/p>\n<p>3\/08\/2020<\/p>\n<p><a href=\"https:\/\/cortesuprema.gov.co\/corte\/wp-content\/uploads\/not\/laboral20\/avisos\/03082020aviso89459.pdf\" target=\"_blank\" rel=\"noopener noreferrer\"> T 89459<\/a><br \/>\n<a href=\"https:\/\/cortesuprema.gov.co\/corte\/wp-content\/uploads\/not\/laboral20\/avisos\/03082020aviso89429.pdf\" target=\"_blank\" rel=\"noopener noreferrer\"> T 89429<\/a><br \/>\n<a href=\"https:\/\/cortesuprema.gov.co\/corte\/wp-content\/uploads\/not\/laboral20\/avisos\/03082020aviso88607.pdf\" target=\"_blank\" rel=\"noopener noreferrer\"> T 88607<\/a><br \/>\n<a href=\"https:\/\/cortesuprema.gov.co\/corte\/wp-content\/uploads\/not\/laboral20\/avisos\/03082020aviso59888.pdf\" target=\"_blank\" rel=\"noopener noreferrer\"> T 59888<\/a><\/p>\n<p>31\/07\/2020<\/p>\n<p><a href=\"https:\/\/cortesuprema.gov.co\/corte\/wp-content\/uploads\/not\/laboral20\/avisos\/31072020aviso89381.pdf\" target=\"_blank\" rel=\"noopener noreferrer\"> T 89381<\/a><br \/>\n<a href=\"https:\/\/cortesuprema.gov.co\/corte\/wp-content\/uploads\/not\/laboral20\/avisos\/31072020aviso89329.pdf\" target=\"_blank\" rel=\"noopener noreferrer\"> T 89329<\/a><br \/>\n<a href=\"https:\/\/cortesuprema.gov.co\/corte\/wp-content\/uploads\/not\/laboral20\/avisos\/31072020aviso88629.pdf\" target=\"_blank\" rel=\"noopener noreferrer\"> T 88629<\/a><br \/>\n<a href=\"https:\/\/cortesuprema.gov.co\/corte\/wp-content\/uploads\/not\/laboral20\/avisos\/31072020aviso88565.pdf\" target=\"_blank\" rel=\"noopener noreferrer\"> T 88565<\/a><br \/>\n<a href=\"https:\/\/cortesuprema.gov.co\/corte\/wp-content\/uploads\/not\/laboral20\/avisos\/31072020aviso88563.pdf\" target=\"_blank\" rel=\"noopener noreferrer\"> T 88563<\/a><br \/>\n<a href=\"https:\/\/cortesuprema.gov.co\/corte\/wp-content\/uploads\/not\/laboral20\/avisos\/31072020aviso88429.pdf\" target=\"_blank\" rel=\"noopener noreferrer\"> T 88429<\/a><br \/>\n<a href=\"https:\/\/cortesuprema.gov.co\/corte\/wp-content\/uploads\/not\/laboral20\/avisos\/31072020aviso88191.pdf\" target=\"_blank\" rel=\"noopener noreferrer\"> T 88191<\/a><br \/>\n<a href=\"https:\/\/cortesuprema.gov.co\/corte\/wp-content\/uploads\/not\/laboral20\/avisos\/31072020aviso59902.pdf\" target=\"_blank\" rel=\"noopener noreferrer\"> T 59902<\/a><br \/>\n<a href=\"https:\/\/cortesuprema.gov.co\/corte\/wp-content\/uploads\/not\/laboral20\/avisos\/31072020aviso59800.pdf\" target=\"_blank\" rel=\"noopener noreferrer\"> T 59800<\/a><br \/>\n<a href=\"https:\/\/cortesuprema.gov.co\/corte\/wp-content\/uploads\/not\/laboral20\/avisos\/31072020aviso57124.pdf\" target=\"_blank\" rel=\"noopener noreferrer\"> T 57124<\/a><\/p>\n<p>30\/07\/2020<\/p>\n<p><a href=\"https:\/\/cortesuprema.gov.co\/corte\/wp-content\/uploads\/not\/laboral20\/avisos\/30072020aviso89475.pdf\" target=\"_blank\" rel=\"noopener noreferrer\"> T 89475<\/a><br \/>\n<a href=\"https:\/\/cortesuprema.gov.co\/corte\/wp-content\/uploads\/not\/laboral20\/avisos\/30072020aviso89435.pdf\" target=\"_blank\" rel=\"noopener noreferrer\"> T 89435<\/a><br \/>\n<a href=\"https:\/\/cortesuprema.gov.co\/corte\/wp-content\/uploads\/not\/laboral20\/avisos\/30072020aviso88911.pdf\" target=\"_blank\" rel=\"noopener noreferrer\"> T 88911<\/a><br \/>\n<a href=\"https:\/\/cortesuprema.gov.co\/corte\/wp-content\/uploads\/not\/laboral20\/avisos\/30072020aviso60174.pdf\" target=\"_blank\" rel=\"noopener noreferrer\"> T 60174<\/a> &#8211; <a href=\"https:\/\/cortesuprema.gov.co\/corte\/wp-content\/uploads\/not\/laboral20\/avisos\/60174admite30072020.pdf\" target=\"_blank\" rel=\"noopener noreferrer\">ver providencia<\/a><br \/>\n<a href=\"https:\/\/cortesuprema.gov.co\/corte\/wp-content\/uploads\/not\/laboral20\/avisos\/30072020aviso60162.pdf\" target=\"_blank\" rel=\"noopener noreferrer\"> T 60162<\/a><br \/>\n<a href=\"https:\/\/cortesuprema.gov.co\/corte\/wp-content\/uploads\/not\/laboral20\/avisos\/30072020aviso2020-00528.pdf\" target=\"_blank\" rel=\"noopener noreferrer\"> T 2020-00528<\/a> &#8211; <a href=\"https:\/\/cortesuprema.gov.co\/corte\/wp-content\/uploads\/not\/laboral20\/avisos\/2020-528admite30072020.pdf\" target=\"_blank\" rel=\"noopener noreferrer\">ver providencia<\/a><\/p>\n<p>29\/07\/2020<\/p>\n<p><a href=\"https:\/\/cortesuprema.gov.co\/corte\/wp-content\/uploads\/not\/laboral20\/prov\/29072020aviso89323.pdf\" target=\"_blank\" rel=\"noopener noreferrer\"> 89323<\/a><br \/>\n<a href=\"https:\/\/cortesuprema.gov.co\/corte\/wp-content\/uploads\/not\/laboral20\/prov\/29072020aviso60150.pdf\" target=\"_blank\" rel=\"noopener noreferrer\"> 60150<\/a> &#8211; <a href=\"https:\/\/cortesuprema.gov.co\/corte\/wp-content\/uploads\/not\/laboral20\/avisos\/60150admite29072020.pdf\" target=\"_blank\" rel=\"noopener noreferrer\">ver providencia<\/a><br \/>\n<a href=\"https:\/\/cortesuprema.gov.co\/corte\/wp-content\/uploads\/not\/laboral20\/prov\/29072020aviso59842.pdf\" target=\"_blank\" rel=\"noopener noreferrer\"> 59842<\/a><\/p>\n<p>28\/07\/2020<\/p>\n<p><a href=\"https:\/\/cortesuprema.gov.co\/corte\/wp-content\/uploads\/not\/laboral20\/avisos\/28072020aviso89391.pdf\" target=\"_blank\" rel=\"noopener noreferrer\"> T 89391<\/a><br \/>\n<a href=\"https:\/\/cortesuprema.gov.co\/corte\/wp-content\/uploads\/not\/laboral20\/avisos\/28072020aviso89327.pdf\" target=\"_blank\" rel=\"noopener noreferrer\"> T 89327<\/a><br \/>\n<a href=\"https:\/\/cortesuprema.gov.co\/corte\/wp-content\/uploads\/not\/laboral20\/avisos\/28072020aviso89259.pdf\" target=\"_blank\" rel=\"noopener noreferrer\"> T 89259<\/a><br \/>\n<a href=\"https:\/\/cortesuprema.gov.co\/corte\/wp-content\/uploads\/not\/laboral20\/avisos\/28072020aviso89223.pdf\" target=\"_blank\" rel=\"noopener noreferrer\"> T 89223<\/a><br \/>\n<a href=\"https:\/\/cortesuprema.gov.co\/corte\/wp-content\/uploads\/not\/laboral20\/avisos\/28072020aviso88559.pdf\" target=\"_blank\" rel=\"noopener noreferrer\"> T 88559<\/a><br \/>\n<a href=\"https:\/\/cortesuprema.gov.co\/corte\/wp-content\/uploads\/not\/laboral20\/avisos\/28072020aviso88553.pdf\" target=\"_blank\" rel=\"noopener noreferrer\"> T 88553<\/a><br \/>\n<a href=\"https:\/\/cortesuprema.gov.co\/corte\/wp-content\/uploads\/not\/laboral20\/avisos\/28072020aviso88549.pdf\" target=\"_blank\" rel=\"noopener noreferrer\"> T 88549<\/a><br \/>\n<a href=\"https:\/\/cortesuprema.gov.co\/corte\/wp-content\/uploads\/not\/laboral20\/avisos\/28072020aviso88537.pdf\" target=\"_blank\" rel=\"noopener noreferrer\"> T 88537<\/a><br \/>\n<a href=\"https:\/\/cortesuprema.gov.co\/corte\/wp-content\/uploads\/not\/laboral20\/avisos\/28072020aviso88535.pdf\" target=\"_blank\" rel=\"noopener noreferrer\"> T 88535<\/a><br \/>\n<a href=\"https:\/\/cortesuprema.gov.co\/corte\/wp-content\/uploads\/not\/laboral20\/avisos\/28072020aviso88507.pdf\" target=\"_blank\" rel=\"noopener noreferrer\"> T 88507<\/a><br \/>\n<a href=\"https:\/\/cortesuprema.gov.co\/corte\/wp-content\/uploads\/not\/laboral20\/avisos\/28072020aviso88143.pdf\" target=\"_blank\" rel=\"noopener noreferrer\"> T 88143<\/a><br \/>\n<a href=\"https:\/\/cortesuprema.gov.co\/corte\/wp-content\/uploads\/not\/laboral20\/avisos\/28072020aviso87917.pdf\" target=\"_blank\" rel=\"noopener noreferrer\"> T 87917<\/a><br \/>\n<a href=\"https:\/\/cortesuprema.gov.co\/corte\/wp-content\/uploads\/not\/laboral20\/avisos\/28072020aviso60118.pdf\" target=\"_blank\" rel=\"noopener noreferrer\"> T 60118<\/a> &#8211; <a href=\"https:\/\/cortesuprema.gov.co\/corte\/wp-content\/uploads\/not\/laboral20\/avisos\/60118admite28072020.pdf\" target=\"_blank\" rel=\"noopener noreferrer\">ver providencia<\/a><br \/>\n<a href=\"https:\/\/cortesuprema.gov.co\/corte\/wp-content\/uploads\/not\/laboral20\/avisos\/28072020aviso60104.pdf\" target=\"_blank\" rel=\"noopener noreferrer\"> T 60104<\/a> &#8211; <a href=\"https:\/\/cortesuprema.gov.co\/corte\/wp-content\/uploads\/not\/laboral20\/avisos\/60104admite28072020.pdf\" target=\"_blank\" rel=\"noopener noreferrer\">ver providencia<\/a><br \/>\n<a href=\"https:\/\/cortesuprema.gov.co\/corte\/wp-content\/uploads\/not\/laboral20\/avisos\/28072020aviso60004.pdf\" target=\"_blank\" rel=\"noopener noreferrer\"> T 60004<\/a><br \/>\n<a href=\"https:\/\/cortesuprema.gov.co\/corte\/wp-content\/uploads\/not\/laboral20\/avisos\/28072020aviso59958.pdf\" target=\"_blank\" rel=\"noopener noreferrer\"> T 59958<\/a><br \/>\n<a href=\"https:\/\/cortesuprema.gov.co\/corte\/wp-content\/uploads\/not\/laboral20\/avisos\/28072020aviso59914.pdf\" target=\"_blank\" rel=\"noopener noreferrer\"> T 59914<\/a><br \/>\n<a href=\"https:\/\/cortesuprema.gov.co\/corte\/wp-content\/uploads\/not\/laboral20\/avisos\/28072020aviso59864.pdf\" target=\"_blank\" rel=\"noopener noreferrer\"> T 59864<\/a><br \/>\n<a href=\"https:\/\/cortesuprema.gov.co\/corte\/wp-content\/uploads\/not\/laboral20\/avisos\/28072020aviso59754.pdf\" target=\"_blank\" rel=\"noopener noreferrer\"> T 59754<\/a><\/p>\n<p>27\/07\/2020<\/p>\n<p><a href=\"https:\/\/cortesuprema.gov.co\/corte\/wp-content\/uploads\/not\/laboral20\/avisos\/27072020aviso89465.pdf\" target=\"_blank\" rel=\"noopener noreferrer\"> T 89465<\/a><br \/>\n<a href=\"https:\/\/cortesuprema.gov.co\/corte\/wp-content\/uploads\/not\/laboral20\/avisos\/27072020aviso89403.pdf\" target=\"_blank\" rel=\"noopener noreferrer\"> T 89403<\/a><br \/>\n<a href=\"https:\/\/cortesuprema.gov.co\/corte\/wp-content\/uploads\/not\/laboral20\/avisos\/27072020AVISO89301.pdf\" target=\"_blank\" rel=\"noopener noreferrer\"> T 89301<\/a><br \/>\n<a href=\"https:\/\/cortesuprema.gov.co\/corte\/wp-content\/uploads\/not\/laboral20\/avisos\/27072020aviso60128.pdf\" target=\"_blank\" rel=\"noopener noreferrer\"> T 60128<\/a> &#8211; <a href=\"https:\/\/cortesuprema.gov.co\/corte\/wp-content\/uploads\/not\/laboral20\/avisos\/60128admite27072020.pdf\" target=\"_blank\" rel=\"noopener noreferrer\">ver providencia<\/a><br \/>\n<a href=\"https:\/\/cortesuprema.gov.co\/corte\/wp-content\/uploads\/not\/laboral20\/avisos\/27072020aviso60062.pdf\" target=\"_blank\" rel=\"noopener noreferrer\"> T 60062<\/a><br \/>\n<a href=\"https:\/\/cortesuprema.gov.co\/corte\/wp-content\/uploads\/not\/laboral20\/avisos\/27072020aviso59992.pdf\" target=\"_blank\" rel=\"noopener noreferrer\"> T 59992<\/a> &#8211; <a href=\"https:\/\/cortesuprema.gov.co\/corte\/wp-content\/uploads\/not\/laboral20\/avisos\/59992admite27072020.pdf\" target=\"_blank\" rel=\"noopener noreferrer\">ver providencia<\/a><\/p>\n<p>24\/07\/2020<\/p>\n<p><a href=\"https:\/\/cortesuprema.gov.co\/corte\/wp-content\/uploads\/not\/laboral20\/avisos\/24072020aviso20200515.pdf\" target=\"_blank\" rel=\"noopener noreferrer\"> T 2020-0515<\/a><br \/>\n<a href=\"https:\/\/cortesuprema.gov.co\/corte\/wp-content\/uploads\/not\/laboral20\/avisos\/24072020aviso88517.pdf\" target=\"_blank\" rel=\"noopener noreferrer\"> T 88517<\/a><br \/>\n<a href=\"https:\/\/cortesuprema.gov.co\/corte\/wp-content\/uploads\/not\/laboral20\/avisos\/24072020aviso88495.pdf\" target=\"_blank\" rel=\"noopener noreferrer\"> T 88495<\/a><br \/>\n<a href=\"https:\/\/cortesuprema.gov.co\/corte\/wp-content\/uploads\/not\/laboral20\/avisos\/24072020aviso88485.pdf\" target=\"_blank\" rel=\"noopener noreferrer\"> T 88485<\/a><br \/>\n<a href=\"https:\/\/cortesuprema.gov.co\/corte\/wp-content\/uploads\/not\/laboral20\/avisos\/24072020aviso88461.pdf\" target=\"_blank\" rel=\"noopener noreferrer\"> T 88461<\/a><br \/>\n<a href=\"https:\/\/cortesuprema.gov.co\/corte\/wp-content\/uploads\/not\/laboral20\/avisos\/24072020aviso88457.pdf\" target=\"_blank\" rel=\"noopener noreferrer\"> T 88457<\/a><br \/>\n<a href=\"https:\/\/cortesuprema.gov.co\/corte\/wp-content\/uploads\/not\/laboral20\/avisos\/24072020aviso88409.pdf\" target=\"_blank\" rel=\"noopener noreferrer\"> T 88409<\/a><br \/>\n<a href=\"https:\/\/cortesuprema.gov.co\/corte\/wp-content\/uploads\/not\/laboral20\/avisos\/24072020aviso88401.pdf\" target=\"_blank\" rel=\"noopener noreferrer\"> T 88401<\/a><br \/>\n<a href=\"https:\/\/cortesuprema.gov.co\/corte\/wp-content\/uploads\/not\/laboral20\/avisos\/24072020aviso88397.pdf\" target=\"_blank\" rel=\"noopener noreferrer\"> T 88397<\/a><br \/>\n<a href=\"https:\/\/cortesuprema.gov.co\/corte\/wp-content\/uploads\/not\/laboral20\/avisos\/24072020aviso59750.pdf\" target=\"_blank\" rel=\"noopener noreferrer\"> T 59750<\/a><br \/>\n<a href=\"https:\/\/cortesuprema.gov.co\/corte\/wp-content\/uploads\/not\/laboral20\/avisos\/24072020aviso59696.pdf\" target=\"_blank\" rel=\"noopener noreferrer\"> T 59696<\/a><br \/>\n<a href=\"https:\/\/cortesuprema.gov.co\/corte\/wp-content\/uploads\/not\/laboral20\/avisos\/24072020aviso60058.pdf\" target=\"_blank\" rel=\"noopener noreferrer\">T 60058<\/a> &#8211; <a href=\"https:\/\/cortesuprema.gov.co\/corte\/wp-content\/uploads\/not\/laboral20\/avisos\/60058admite24072020.pdf\" target=\"_blank\" rel=\"noopener noreferrer\">ver providencia<\/a><br \/>\n<a href=\"https:\/\/cortesuprema.gov.co\/corte\/wp-content\/uploads\/not\/laboral20\/avisos\/24072020aviso57124.pdf\" target=\"_blank\" rel=\"noopener noreferrer\"> T 57124<\/a><br \/>\n<a href=\"https:\/\/cortesuprema.gov.co\/corte\/wp-content\/uploads\/not\/laboral20\/avisos\/24072020aviso2019-00757.pdf\" target=\"_blank\" rel=\"noopener noreferrer\"> T 2019-00757<\/a><\/p>\n<p>23\/07\/2020<\/p>\n<p><a href=\"https:\/\/cortesuprema.gov.co\/corte\/wp-content\/uploads\/not\/laboral20\/avisos\/23072020aviso89437.pdf\" target=\"_blank\" rel=\"noopener noreferrer\"> T 89437<\/a><br \/>\n<a href=\"https:\/\/cortesuprema.gov.co\/corte\/wp-content\/uploads\/not\/laboral20\/avisos\/23072020aviso89195.pdf\" target=\"_blank\" rel=\"noopener noreferrer\"> T 89195<\/a><br \/>\n<a href=\"https:\/\/cortesuprema.gov.co\/corte\/wp-content\/uploads\/not\/laboral20\/avisos\/23072020aviso88805.pdf\" target=\"_blank\" rel=\"noopener noreferrer\"> T 88805<\/a><\/p>\n<p>&nbsp;<\/p>\n<\/div><\/div>\n<div class=\"su-column su-column-size-1-4\"><div class=\"su-column-inner su-u-clearfix su-u-trim\">\n<p><strong>Avisos<\/strong><\/p>\n<p>22\/07\/2020<\/p>\n<p><a href=\"https:\/\/cortesuprema.gov.co\/corte\/wp-content\/uploads\/not\/laboral20\/avisos\/22072020aviso201900693.pdf\" target=\"_blank\" rel=\"noopener noreferrer\">T 201900693<\/a><br \/>\n<a href=\"https:\/\/cortesuprema.gov.co\/corte\/wp-content\/uploads\/not\/laboral20\/avisos\/22072020aviso89297.pdf\" target=\"_blank\" rel=\"noopener noreferrer\"> T 89297<\/a><br \/>\n<a href=\"https:\/\/cortesuprema.gov.co\/corte\/wp-content\/uploads\/not\/laboral20\/avisos\/22072020aviso89247.pdf\" target=\"_blank\" rel=\"noopener noreferrer\"> T 89247<\/a><br \/>\n<a href=\"https:\/\/cortesuprema.gov.co\/corte\/wp-content\/uploads\/not\/laboral20\/avisos\/22072020aviso89201.pdf\" target=\"_blank\" rel=\"noopener noreferrer\"> T 89201<\/a><br \/>\n<a href=\"https:\/\/cortesuprema.gov.co\/corte\/wp-content\/uploads\/not\/laboral20\/avisos\/22072020aviso89131.pdf\" target=\"_blank\" rel=\"noopener noreferrer\"> T 89131<\/a><br \/>\n<a href=\"https:\/\/cortesuprema.gov.co\/corte\/wp-content\/uploads\/not\/laboral20\/avisos\/22072020aviso88455.pdf\" target=\"_blank\" rel=\"noopener noreferrer\"> T 88455<\/a><br \/>\n<a href=\"https:\/\/cortesuprema.gov.co\/corte\/wp-content\/uploads\/not\/laboral20\/avisos\/22072020aviso88435.pdf\" target=\"_blank\" rel=\"noopener noreferrer\"> T 88435<\/a><br \/>\n<a href=\"https:\/\/cortesuprema.gov.co\/corte\/wp-content\/uploads\/not\/laboral20\/avisos\/22072020aviso88391.pdf\" target=\"_blank\" rel=\"noopener noreferrer\"> T 88391<\/a><br \/>\n<a href=\"https:\/\/cortesuprema.gov.co\/corte\/wp-content\/uploads\/not\/laboral20\/avisos\/22072020aviso88353.pdf\" target=\"_blank\" rel=\"noopener noreferrer\"> T 88353<\/a><br \/>\n<a href=\"https:\/\/cortesuprema.gov.co\/corte\/wp-content\/uploads\/not\/laboral20\/avisos\/22072020aviso88345.pdf\" target=\"_blank\" rel=\"noopener noreferrer\"> T 88345<\/a><br \/>\n<a href=\"https:\/\/cortesuprema.gov.co\/corte\/wp-content\/uploads\/not\/laboral20\/avisos\/22072020aviso88331.pdf\" target=\"_blank\" rel=\"noopener noreferrer\"> T 88331<\/a><br \/>\n<a href=\"https:\/\/cortesuprema.gov.co\/corte\/wp-content\/uploads\/not\/laboral20\/avisos\/22072020aviso88317.pdf\" target=\"_blank\" rel=\"noopener noreferrer\"> T 88317<\/a><br \/>\n<a href=\"https:\/\/cortesuprema.gov.co\/corte\/wp-content\/uploads\/not\/laboral20\/avisos\/22072020aviso88235.pdf\" target=\"_blank\" rel=\"noopener noreferrer\"> T 88235<\/a><br \/>\n<a href=\"https:\/\/cortesuprema.gov.co\/corte\/wp-content\/uploads\/not\/laboral20\/avisos\/22072020aviso88155.pdf\" target=\"_blank\" rel=\"noopener noreferrer\"> T 88155<\/a><br \/>\n<a href=\"https:\/\/cortesuprema.gov.co\/corte\/wp-content\/uploads\/not\/laboral20\/avisos\/22072020aviso87949.pdf\" target=\"_blank\" rel=\"noopener noreferrer\"> T 87949<\/a><br \/>\n<a href=\"https:\/\/cortesuprema.gov.co\/corte\/wp-content\/uploads\/not\/laboral20\/avisos\/22072020aviso59850.pdf\" target=\"_blank\" rel=\"noopener noreferrer\"> T 59850<\/a><br \/>\n<a href=\"https:\/\/cortesuprema.gov.co\/corte\/wp-content\/uploads\/not\/laboral20\/avisos\/22072020aviso59842.pdf\" target=\"_blank\" rel=\"noopener noreferrer\"> T 59842<\/a><br \/>\n<a href=\"https:\/\/cortesuprema.gov.co\/corte\/wp-content\/uploads\/not\/laboral20\/avisos\/22072020aviso59836.pdf\" target=\"_blank\" rel=\"noopener noreferrer\"> T 59836<\/a><br \/>\n<a href=\"https:\/\/cortesuprema.gov.co\/corte\/wp-content\/uploads\/not\/laboral20\/avisos\/22072020aviso59316.pdf\" target=\"_blank\" rel=\"noopener noreferrer\"> T 59316<\/a><br \/>\n<a href=\"https:\/\/cortesuprema.gov.co\/corte\/wp-content\/uploads\/not\/laboral20\/avisos\/22072020aviso59006.pdf\" target=\"_blank\" rel=\"noopener noreferrer\"> T 59006<\/a><\/p>\n<p>21\/07\/2020<\/p>\n<p><a href=\"https:\/\/cortesuprema.gov.co\/corte\/wp-content\/uploads\/not\/laboral20\/avisos\/21072020aviso89197.pdf\" target=\"_blank\" rel=\"noopener noreferrer\"> T 89197<\/a><br \/>\n<a href=\"https:\/\/cortesuprema.gov.co\/corte\/wp-content\/uploads\/not\/laboral20\/avisos\/21072020aviso89101.pdf\" target=\"_blank\" rel=\"noopener noreferrer\"> T 89101<\/a><br \/>\n<a href=\"https:\/\/cortesuprema.gov.co\/corte\/wp-content\/uploads\/not\/laboral20\/avisos\/21072020aviso88163.pdf\" target=\"_blank\" rel=\"noopener noreferrer\"> T 88163<\/a><\/p>\n<p>17\/07\/2020<\/p>\n<p><a href=\"https:\/\/cortesuprema.gov.co\/corte\/wp-content\/uploads\/not\/laboral20\/avisos\/17072020aviso89413.pdf\" target=\"_blank\" rel=\"noopener noreferrer\"> T 89413<\/a><br \/>\n<a href=\"https:\/\/cortesuprema.gov.co\/corte\/wp-content\/uploads\/not\/laboral20\/avisos\/17072020aviso89395.pdf\" target=\"_blank\" rel=\"noopener noreferrer\"> T 89395<\/a><br \/>\n<a href=\"https:\/\/cortesuprema.gov.co\/corte\/wp-content\/uploads\/not\/laboral20\/avisos\/17072020aviso89377.pdf\" target=\"_blank\" rel=\"noopener noreferrer\"> T 89377<\/a><br \/>\n<a href=\"https:\/\/cortesuprema.gov.co\/corte\/wp-content\/uploads\/not\/laboral20\/avisos\/17072020aviso89291.pdf\" target=\"_blank\" rel=\"noopener noreferrer\"> T 89291<\/a><br \/>\n<a href=\"https:\/\/cortesuprema.gov.co\/corte\/wp-content\/uploads\/not\/laboral20\/avisos\/17072020aviso89103.pdf\" target=\"_blank\" rel=\"noopener noreferrer\"> T 89103<\/a><br \/>\n<a href=\"https:\/\/cortesuprema.gov.co\/corte\/wp-content\/uploads\/not\/laboral20\/avisos\/17072020aviso59998.pdf\" target=\"_blank\" rel=\"noopener noreferrer\"> T 59998<\/a> &#8211; <a href=\"https:\/\/cortesuprema.gov.co\/corte\/wp-content\/uploads\/not\/laboral20\/avisos\/59998auto17072020.pdf\" target=\"_blank\" rel=\"noopener noreferrer\">Ver providencia<\/a><br \/>\n<a href=\"https:\/\/cortesuprema.gov.co\/corte\/wp-content\/uploads\/not\/laboral20\/avisos\/17072020aviso59902 .pdf\" target=\"_blank\" rel=\"noopener noreferrer\"> T 59902<\/a><br \/>\n<a href=\"https:\/\/cortesuprema.gov.co\/corte\/wp-content\/uploads\/not\/laboral20\/avisos\/17072020aviso59830.pdf\" target=\"_blank\" rel=\"noopener noreferrer\"> T 59830<\/a><br \/>\n<a href=\"https:\/\/cortesuprema.gov.co\/corte\/wp-content\/uploads\/not\/laboral20\/avisos\/17072020aviso59758.pdf\" target=\"_blank\" rel=\"noopener noreferrer\"> T 59758<\/a><br \/>\n<a href=\"https:\/\/cortesuprema.gov.co\/corte\/wp-content\/uploads\/not\/laboral20\/avisos\/17072020aviso2020-00113.pdf\" target=\"_blank\" rel=\"noopener noreferrer\"> T 2020-00113<\/a> &#8211; <a href=\"https:\/\/cortesuprema.gov.co\/corte\/wp-content\/uploads\/not\/laboral20\/avisos\/2020-0011300auto17072020.pdf\" target=\"_blank\" rel=\"noopener noreferrer\">Ver providencia<\/a><\/p>\n<p>16\/07\/2020<\/p>\n<p><a href=\"https:\/\/cortesuprema.gov.co\/corte\/wp-content\/uploads\/not\/laboral20\/avisos\/16072020aviso89181.pdf\" target=\"_blank\" rel=\"noopener noreferrer\"> T 89181<\/a><br \/>\n<a href=\"https:\/\/cortesuprema.gov.co\/corte\/wp-content\/uploads\/not\/laboral20\/avisos\/16072020aviso89171.pdf\" target=\"_blank\" rel=\"noopener noreferrer\"> T 89171<\/a><br \/>\n<a href=\"https:\/\/cortesuprema.gov.co\/corte\/wp-content\/uploads\/not\/laboral20\/avisos\/16072020aviso88935.pdf\" target=\"_blank\" rel=\"noopener noreferrer\"> T 88935<\/a><br \/>\n<a href=\"https:\/\/cortesuprema.gov.co\/corte\/wp-content\/uploads\/not\/laboral20\/avisos\/16072020aviso88361.pdf\" target=\"_blank\" rel=\"noopener noreferrer\"> T 88361<\/a><br \/>\n<a href=\"https:\/\/cortesuprema.gov.co\/corte\/wp-content\/uploads\/not\/laboral20\/avisos\/16072020aviso88337.pdf\" target=\"_blank\" rel=\"noopener noreferrer\"> T 88337<\/a><br \/>\n<a href=\"https:\/\/cortesuprema.gov.co\/corte\/wp-content\/uploads\/not\/laboral20\/avisos\/16072020aviso88281.pdf\" target=\"_blank\" rel=\"noopener noreferrer\"> T 88281<\/a><br \/>\n<a href=\"https:\/\/cortesuprema.gov.co\/corte\/wp-content\/uploads\/not\/laboral20\/avisos\/16072020aviso88275.pdf\" target=\"_blank\" rel=\"noopener noreferrer\"> T 88275<\/a><br \/>\n<a href=\"https:\/\/cortesuprema.gov.co\/corte\/wp-content\/uploads\/not\/laboral20\/avisos\/16072020aviso88271.pdf\" target=\"_blank\" rel=\"noopener noreferrer\"> T 88271<\/a><br \/>\n<a href=\"https:\/\/cortesuprema.gov.co\/corte\/wp-content\/uploads\/not\/laboral20\/avisos\/16072020aviso60006.pdf\" target=\"_blank\" rel=\"noopener noreferrer\"> T 60006<\/a> &#8211; <a href=\"https:\/\/cortesuprema.gov.co\/corte\/wp-content\/uploads\/not\/laboral20\/avisos\/16072020admite60006.pdf\" target=\"_blank\" rel=\"noopener noreferrer\">Ver providencia<\/a><br \/>\n<a href=\"https:\/\/cortesuprema.gov.co\/corte\/wp-content\/uploads\/not\/laboral20\/avisos\/16072020aviso60004.pdf\" target=\"_blank\" rel=\"noopener noreferrer\"> T 60004<\/a><br \/>\n<a href=\"https:\/\/cortesuprema.gov.co\/corte\/wp-content\/uploads\/not\/laboral20\/avisos\/16072020aviso60000.pdf\" target=\"_blank\" rel=\"noopener noreferrer\"> T 60000<\/a> &#8211; <a href=\"https:\/\/cortesuprema.gov.co\/corte\/wp-content\/uploads\/not\/laboral20\/avisos\/60000admite16072020.pdf\" target=\"_blank\" rel=\"noopener noreferrer\">Ver providencia<\/a><br \/>\n<a href=\"https:\/\/cortesuprema.gov.co\/corte\/wp-content\/uploads\/not\/laboral20\/avisos\/16072020aviso59982.pdf\" target=\"_blank\" rel=\"noopener noreferrer\"> T 59982<\/a> &#8211; <a href=\"https:\/\/cortesuprema.gov.co\/corte\/wp-content\/uploads\/not\/laboral20\/avisos\/59982admite16072020.pdf\" target=\"_blank\" rel=\"noopener noreferrer\">Ver providencia<\/a><br \/>\n<a href=\"https:\/\/cortesuprema.gov.co\/corte\/wp-content\/uploads\/not\/laboral20\/avisos\/16072020aviso59654.pdf\" target=\"_blank\" rel=\"noopener noreferrer\"> T 59654<\/a><\/p>\n<p>15\/07\/2020<\/p>\n<p><a href=\"https:\/\/cortesuprema.gov.co\/corte\/wp-content\/uploads\/not\/laboral20\/avisos\/15072020aviso88251.pdf\" target=\"_blank\" rel=\"noopener noreferrer\"> T 88251<\/a><br \/>\n<a href=\"https:\/\/cortesuprema.gov.co\/corte\/wp-content\/uploads\/not\/laboral20\/avisos\/15072020aviso88227.pdf\" target=\"_blank\" rel=\"noopener noreferrer\"> T 88227<\/a><br \/>\n<a href=\"https:\/\/cortesuprema.gov.co\/corte\/wp-content\/uploads\/not\/laboral20\/avisos\/15072020aviso88057.pdf\" target=\"_blank\" rel=\"noopener noreferrer\"> T 88057<\/a><br \/>\n<a href=\"https:\/\/cortesuprema.gov.co\/corte\/wp-content\/uploads\/not\/laboral20\/avisos\/15072020aviso59800.pdf\" target=\"_blank\" rel=\"noopener noreferrer\"> T 59800<\/a><br \/>\n<a href=\"https:\/\/cortesuprema.gov.co\/corte\/wp-content\/uploads\/not\/laboral20\/avisos\/15072020aviso59750.pdf\" target=\"_blank\" rel=\"noopener noreferrer\"> T 59750<\/a><br \/>\n<a href=\"https:\/\/cortesuprema.gov.co\/corte\/wp-content\/uploads\/not\/laboral20\/avisos\/15072020aviso59696.pdf\" target=\"_blank\" rel=\"noopener noreferrer\"> T 59696<\/a><br \/>\n<a href=\"https:\/\/cortesuprema.gov.co\/corte\/wp-content\/uploads\/not\/laboral20\/avisos\/15072020aviso59670.pdf\" target=\"_blank\" rel=\"noopener noreferrer\"> T 59670<\/a><br \/>\n<a href=\"https:\/\/cortesuprema.gov.co\/corte\/wp-content\/uploads\/not\/laboral20\/avisos\/15072020aviso51566.pdf\" target=\"_blank\" rel=\"noopener noreferrer\"> T 51566<\/a><br \/>\n<a href=\"https:\/\/cortesuprema.gov.co\/corte\/wp-content\/uploads\/not\/laboral20\/avisos\/15072020aviso88561.pdf\" target=\"_blank\" rel=\"noopener noreferrer\"> T 88561<\/a><br \/>\n<a href=\"https:\/\/cortesuprema.gov.co\/corte\/wp-content\/uploads\/not\/laboral20\/avisos\/15072020aviso59888.pdf\" target=\"_blank\" rel=\"noopener noreferrer\"> T 59888<\/a> &#8211; <a href=\"https:\/\/cortesuprema.gov.co\/corte\/wp-content\/uploads\/not\/laboral20\/avisos\/59888admite15072020.pdf\" target=\"_blank\" rel=\"noopener noreferrer\">Ver providencia<\/a><br \/>\n<a href=\"https:\/\/cortesuprema.gov.co\/corte\/wp-content\/uploads\/not\/laboral20\/avisos\/15072020aviso59970.pdf\" target=\"_blank\" rel=\"noopener noreferrer\"> T 59970<\/a> &#8211; <a href=\"https:\/\/cortesuprema.gov.co\/corte\/wp-content\/uploads\/not\/laboral20\/avisos\/59970admite15072020.pdf\" target=\"_blank\" rel=\"noopener noreferrer\">Ver providencia<\/a><br \/>\n<a href=\"https:\/\/cortesuprema.gov.co\/corte\/wp-content\/uploads\/not\/laboral20\/avisos\/15072020aviso59902.pdf\" target=\"_blank\" rel=\"noopener noreferrer\"> T 59902<\/a> &#8211; <a href=\"https:\/\/cortesuprema.gov.co\/corte\/wp-content\/uploads\/not\/laboral20\/avisos\/59902admite15072020.pdf\" target=\"_blank\" rel=\"noopener noreferrer\">Ver providencia<\/a><br \/>\n<a href=\"https:\/\/cortesuprema.gov.co\/corte\/wp-content\/uploads\/not\/laboral20\/avisos\/15072020aviso59922.pdf\" target=\"_blank\" rel=\"noopener noreferrer\">T 59922<\/a> &#8211; <a href=\"https:\/\/cortesuprema.gov.co\/corte\/wp-content\/uploads\/not\/laboral20\/avisos\/59922admite15072020.pdf\" target=\"_blank\" rel=\"noopener noreferrer\">Ver providencia<\/a><\/p>\n<p>14\/07\/2020<\/p>\n<p><a href=\"https:\/\/cortesuprema.gov.co\/corte\/wp-content\/uploads\/not\/laboral20\/avisos\/14072020aviso59884.pdf\" target=\"_blank\" rel=\"noopener noreferrer\"> T 59884<\/a> &#8211; <a href=\"https:\/\/cortesuprema.gov.co\/corte\/wp-content\/uploads\/not\/laboral20\/avisos\/59884admisorio14072020.pdf\" target=\"_blank\" rel=\"noopener noreferrer\">Ver providencia<\/a><br \/>\n<a href=\"https:\/\/cortesuprema.gov.co\/corte\/wp-content\/uploads\/not\/laboral20\/avisos\/14072020aviso59842.pdf\" target=\"_blank\" rel=\"noopener noreferrer\">T 59842<\/a> &#8211; <a href=\"https:\/\/cortesuprema.gov.co\/corte\/wp-content\/uploads\/not\/laboral20\/avisos\/59842admite14072020.pdf\" target=\"_blank\" rel=\"noopener noreferrer\">Ver providencia<\/a><br \/>\n<a href=\"https:\/\/cortesuprema.gov.co\/corte\/wp-content\/uploads\/not\/laboral20\/avisos\/14072020aviso59160.pdf\" target=\"_blank\" rel=\"noopener noreferrer\"> T 59160<\/a><br \/>\n<a href=\"https:\/\/cortesuprema.gov.co\/corte\/wp-content\/uploads\/not\/laboral20\/avisos\/14072020aviso89135.pdf\" target=\"_blank\" rel=\"noopener noreferrer\"> T 89135<\/a><\/p>\n<p>13\/07\/2020<\/p>\n<p><a href=\"https:\/\/cortesuprema.gov.co\/corte\/wp-content\/uploads\/not\/laboral20\/avisos\/13072020aviso88417.pdf\" target=\"_blank\" rel=\"noopener noreferrer\"> T 88417<\/a><br \/>\n<a href=\"https:\/\/cortesuprema.gov.co\/corte\/wp-content\/uploads\/not\/laboral20\/avisos\/13072020aviso88383.pdf\" target=\"_blank\" rel=\"noopener noreferrer\"> T 88383<\/a><br \/>\n<a href=\"https:\/\/cortesuprema.gov.co\/corte\/wp-content\/uploads\/not\/laboral20\/avisos\/13072020aviso88051.pdf\" target=\"_blank\" rel=\"noopener noreferrer\"> T 88051<\/a><br \/>\n<a href=\"https:\/\/cortesuprema.gov.co\/corte\/wp-content\/uploads\/not\/laboral20\/avisos\/13072020aviso87999.pdf\" target=\"_blank\" rel=\"noopener noreferrer\"> T 87999<\/a><br \/>\n<a href=\"https:\/\/cortesuprema.gov.co\/corte\/wp-content\/uploads\/not\/laboral20\/avisos\/13072020aviso59822.pdf\" target=\"_blank\" rel=\"noopener noreferrer\"> T 59822<\/a><\/p>\n<p>10\/07\/2020<\/p>\n<p><a href=\"https:\/\/cortesuprema.gov.co\/corte\/wp-content\/uploads\/not\/laboral20\/avisos\/10072020aviso59892.pdf\" target=\"_blank\" rel=\"noopener noreferrer\"> T 59892<\/a> &#8211; <a href=\"https:\/\/cortesuprema.gov.co\/corte\/wp-content\/uploads\/not\/laboral20\/avisos\/59892admit10072020.pdf\" target=\"_blank\" rel=\"noopener noreferrer\">Ver providencia<\/a><br \/>\n<a href=\"https:\/\/cortesuprema.gov.co\/corte\/wp-content\/uploads\/not\/laboral20\/avisos\/10072020aviso89263.pdf\" target=\"_blank\" rel=\"noopener noreferrer\"> T 89263<\/a><br \/>\n<a href=\"https:\/\/cortesuprema.gov.co\/corte\/wp-content\/uploads\/not\/laboral20\/avisos\/10072020aviso89309.pdf\" target=\"_blank\" rel=\"noopener noreferrer\"> T 89309<\/a><\/p>\n<p>9\/07\/2020<\/p>\n<p><a href=\"https:\/\/cortesuprema.gov.co\/corte\/wp-content\/uploads\/not\/laboral20\/avisos\/09072020aviso89127.pdf\" target=\"_blank\" rel=\"noopener noreferrer\"> T 89127<\/a><br \/>\n<a href=\"https:\/\/cortesuprema.gov.co\/corte\/wp-content\/uploads\/not\/laboral20\/avisos\/09072020AVISO89113.pdf\" target=\"_blank\" rel=\"noopener noreferrer\"> T 89113<\/a><br \/>\n<a href=\"https:\/\/cortesuprema.gov.co\/corte\/wp-content\/uploads\/not\/laboral20\/avisos\/09072020aviso89029.pdf\" target=\"_blank\" rel=\"noopener noreferrer\"> T 89029<\/a><br \/>\n<a href=\"https:\/\/cortesuprema.gov.co\/corte\/wp-content\/uploads\/not\/laboral20\/avisos\/09072020aviso87985.pdf\" target=\"_blank\" rel=\"noopener noreferrer\"> T 87985<\/a><br \/>\n<a href=\"https:\/\/cortesuprema.gov.co\/corte\/wp-content\/uploads\/not\/laboral20\/avisos\/09072020aviso59864.pdf\" target=\"_blank\" rel=\"noopener noreferrer\"> T 59864<\/a><br \/>\n<a href=\"https:\/\/cortesuprema.gov.co\/corte\/wp-content\/uploads\/not\/laboral20\/avisos\/09072020aviso59866.pdf\" target=\"_blank\" rel=\"noopener noreferrer\"> T 59866<\/a> &#8211; <a href=\"https:\/\/cortesuprema.gov.co\/corte\/wp-content\/uploads\/not\/laboral20\/avisos\/59866admite09072020.pdf\" target=\"_blank\" rel=\"noopener noreferrer\">Ver providencia<\/a><br \/>\n<a href=\"https:\/\/cortesuprema.gov.co\/corte\/wp-content\/uploads\/not\/laboral20\/avisos\/09072020aviso59836.pdf\" target=\"_blank\" rel=\"noopener noreferrer\"> T 59836<\/a> &#8211; <a href=\"https:\/\/cortesuprema.gov.co\/corte\/wp-content\/uploads\/not\/laboral20\/avisos\/59836admite09072020.pdf\" target=\"_blank\" rel=\"noopener noreferrer\">Ver providencia<\/a><br \/>\n<a href=\"https:\/\/cortesuprema.gov.co\/corte\/wp-content\/uploads\/not\/laboral20\/avisos\/09072020aviso59850.pdf\" target=\"_blank\" rel=\"noopener noreferrer\"> T 59850<\/a> &#8211; <a href=\"https:\/\/cortesuprema.gov.co\/corte\/wp-content\/uploads\/not\/laboral20\/avisos\/59850admite09072020.pdf\" target=\"_blank\" rel=\"noopener noreferrer\">Ver providencia<\/a><\/p>\n<p>8\/07\/2020<\/p>\n<p><a href=\"https:\/\/cortesuprema.gov.co\/corte\/wp-content\/uploads\/not\/laboral20\/avisos\/08072020aviso86911.pdf\" target=\"_blank\" rel=\"noopener noreferrer\">T 86911<\/a><\/p>\n<p>7\/07\/2020<\/p>\n<p><a href=\"https:\/\/cortesuprema.gov.co\/corte\/wp-content\/uploads\/not\/laboral20\/avisos\/07072020aviso2019-00481.pdf\" target=\"_blank\" rel=\"noopener noreferrer\"> T 2019-00481<\/a> &#8211; <a href=\"https:\/\/cortesuprema.gov.co\/corte\/wp-content\/uploads\/not\/laboral20\/avisos\/2019-00481auto07072020.pdf\" target=\"_blank\" rel=\"noopener noreferrer\">Ver providencia<\/a><br \/>\n<a href=\"https:\/\/cortesuprema.gov.co\/corte\/wp-content\/uploads\/not\/laboral20\/avisos\/07072020aviso89077.pdf\" target=\"_blank\" rel=\"noopener noreferrer\"> T 89077<\/a><br \/>\n<a href=\"https:\/\/cortesuprema.gov.co\/corte\/wp-content\/uploads\/not\/laboral20\/avisos\/07072020aviso59650.pdf\" target=\"_blank\" rel=\"noopener noreferrer\"> T 59650<\/a><\/p>\n<p>6\/07\/2020<\/p>\n<p><a href=\"https:\/\/cortesuprema.gov.co\/corte\/wp-content\/uploads\/not\/laboral20\/avisos\/06072020aviso59726.pdf\" target=\"_blank\" rel=\"noopener noreferrer\"> T 59726<\/a><br \/>\n<a href=\"https:\/\/cortesuprema.gov.co\/corte\/wp-content\/uploads\/not\/laboral20\/avisos\/06072020aviso59702.pdf\" target=\"_blank\" rel=\"noopener noreferrer\"> T 59702<\/a><br \/>\n<a href=\"https:\/\/cortesuprema.gov.co\/corte\/wp-content\/uploads\/not\/laboral20\/avisos\/06072020aviso2020-00457.pdf\" target=\"_blank\" rel=\"noopener noreferrer\"> T 2020-00457<\/a><\/p>\n<p>3\/07\/2020<\/p>\n<p><a href=\"https:\/\/cortesuprema.gov.co\/corte\/wp-content\/uploads\/not\/laboral20\/avisos\/03072020aviso89039.pdf\" target=\"_blank\" rel=\"noopener noreferrer\"> T 89039<\/a><br \/>\n<a href=\"https:\/\/cortesuprema.gov.co\/corte\/wp-content\/uploads\/not\/laboral20\/avisos\/03072020aviso88063.pdf\" target=\"_blank\" rel=\"noopener noreferrer\"> T 88063<\/a><br \/>\n<a href=\"https:\/\/cortesuprema.gov.co\/corte\/wp-content\/uploads\/not\/laboral20\/avisos\/03072020aviso59754.pdf\" target=\"_blank\" rel=\"noopener noreferrer\"> T 59754<\/a><br \/>\n<a href=\"https:\/\/cortesuprema.gov.co\/corte\/wp-content\/uploads\/not\/laboral20\/avisos\/03072020aviso59688.pdf\" target=\"_blank\" rel=\"noopener noreferrer\"> T 59688<\/a><br \/>\n<a href=\"https:\/\/cortesuprema.gov.co\/corte\/wp-content\/uploads\/not\/laboral20\/avisos\/03072020aviso2019-00757.pdf\" target=\"_blank\" rel=\"noopener noreferrer\"> T 2019-00757<\/a> &#8211; <a href=\"https:\/\/cortesuprema.gov.co\/corte\/wp-content\/uploads\/not\/laboral20\/avisos\/2019-0757-00Admite.pdf\" target=\"_blank\" rel=\"noopener noreferrer\">ver providencia<\/a><\/p>\n<p>2\/07\/2020<\/p>\n<p><a href=\"https:\/\/cortesuprema.gov.co\/corte\/wp-content\/uploads\/not\/laboral20\/avisos\/02072020aviso202000428.pdf\" target=\"_blank\" rel=\"noopener noreferrer\"> T 2020-00428<\/a><br \/>\n<a href=\"https:\/\/cortesuprema.gov.co\/corte\/wp-content\/uploads\/not\/laboral20\/avisos\/02072020aviso89067.pdf\" target=\"_blank\" rel=\"noopener noreferrer\"> T 89067<\/a><br \/>\n<a href=\"https:\/\/cortesuprema.gov.co\/corte\/wp-content\/uploads\/not\/laboral20\/avisos\/02072020aviso59316.pdf\" target=\"_blank\" rel=\"noopener noreferrer\"> T 59316<\/a><br \/>\n<a href=\"https:\/\/cortesuprema.gov.co\/corte\/wp-content\/uploads\/not\/laboral20\/avisos\/02072020AVISO59784.pdf\" target=\"_blank\" rel=\"noopener noreferrer\"> T 59784<\/a> &#8211; <a href=\"https:\/\/cortesuprema.gov.co\/corte\/wp-content\/uploads\/not\/laboral20\/avisos\/59784 admite.pdf\" target=\"_blank\" rel=\"noopener noreferrer\">ver providencia<\/a><br \/>\n<a href=\"https:\/\/cortesuprema.gov.co\/corte\/wp-content\/uploads\/not\/laboral20\/avisos\/02072020aviso57124.pdf\" target=\"_blank\" rel=\"noopener noreferrer\"> T 57124<\/a> &#8211; <a href=\"https:\/\/cortesuprema.gov.co\/corte\/wp-content\/uploads\/not\/laboral20\/avisos\/57124admite.pdf\" target=\"_blank\" rel=\"noopener noreferrer\">ver providencia<\/a><br \/>\n<a href=\"https:\/\/cortesuprema.gov.co\/corte\/wp-content\/uploads\/not\/laboral20\/avisos\/02072020aviso59830.pdf\" target=\"_blank\" rel=\"noopener noreferrer\"> T 59830<\/a> &#8211; <a href=\"https:\/\/cortesuprema.gov.co\/corte\/wp-content\/uploads\/not\/laboral20\/avisos\/59830auto02072020.pdf\" target=\"_blank\" rel=\"noopener noreferrer\">ver providencia<\/a><\/p>\n<p>1\/07\/2020<\/p>\n<p><a href=\"https:\/\/cortesuprema.gov.co\/corte\/wp-content\/uploads\/not\/laboral20\/avisos\/30062020aviso89145.pdf\" target=\"_blank\" rel=\"noopener noreferrer\"> T 89145<\/a><br \/>\n<a href=\"https:\/\/cortesuprema.gov.co\/corte\/wp-content\/uploads\/not\/laboral20\/avisos\/30062020aviso89125.pdf\" target=\"_blank\" rel=\"noopener noreferrer\"> T 89125<\/a><br \/>\n<a href=\"https:\/\/cortesuprema.gov.co\/corte\/wp-content\/uploads\/not\/laboral20\/avisos\/30062020aviso59702.pdf\" target=\"_blank\" rel=\"noopener noreferrer\"> T 59702<\/a><br \/>\n<a href=\"https:\/\/cortesuprema.gov.co\/corte\/wp-content\/uploads\/not\/laboral20\/avisos\/01072020aviso59822.pdf\" target=\"_blank\" rel=\"noopener noreferrer\"> T 59822<\/a><\/p>\n<p>30\/06\/2020<\/p>\n<p><a href=\"https:\/\/cortesuprema.gov.co\/corte\/wp-content\/uploads\/not\/laboral20\/avisos\/30062020aviso20190693.pdf\" target=\"_blank\" rel=\"noopener noreferrer\"> T 20190693<\/a><br \/>\n<a href=\"https:\/\/cortesuprema.gov.co\/corte\/wp-content\/uploads\/not\/laboral20\/avisos\/30062020AVISO88985.pdf\" target=\"_blank\" rel=\"noopener noreferrer\"> T 88985<\/a><br \/>\n<a href=\"https:\/\/cortesuprema.gov.co\/corte\/wp-content\/uploads\/not\/laboral20\/avisos\/30062020aviso88935.pdf\" target=\"_blank\" rel=\"noopener noreferrer\"> T 88935<\/a><br \/>\n<a href=\"https:\/\/cortesuprema.gov.co\/corte\/wp-content\/uploads\/not\/laboral20\/avisos\/30062020aviso88479.pdf\" target=\"_blank\" rel=\"noopener noreferrer\"> T 88479<\/a><br \/>\n<a href=\"https:\/\/cortesuprema.gov.co\/corte\/wp-content\/uploads\/not\/laboral20\/avisos\/30062020aviso88375.pdf\" target=\"_blank\" rel=\"noopener noreferrer\"> T 88375<\/a><br \/>\n<a href=\"https:\/\/cortesuprema.gov.co\/corte\/wp-content\/uploads\/not\/laboral20\/avisos\/30062020aviso88323.pdf\" target=\"_blank\" rel=\"noopener noreferrer\"> T 88323<\/a><br \/>\n<a href=\"https:\/\/cortesuprema.gov.co\/corte\/wp-content\/uploads\/not\/laboral20\/avisos\/30062020aviso59800.pdf\" target=\"_blank\" rel=\"noopener noreferrer\"> T 59800<\/a><br \/>\n<a href=\"https:\/\/cortesuprema.gov.co\/corte\/wp-content\/uploads\/not\/laboral20\/avisos\/30062020aviso59782.pdf\" target=\"_blank\" rel=\"noopener noreferrer\"> T 59782<\/a> &#8211; <a href=\"https:\/\/cortesuprema.gov.co\/corte\/wp-content\/uploads\/not\/laboral20\/avisos\/30062020auto59782.pdf\" target=\"_blank\" rel=\"noopener noreferrer\">ver providencia<\/a><br \/>\n<a href=\"https:\/\/cortesuprema.gov.co\/corte\/wp-content\/uploads\/not\/laboral20\/avisos\/30062020aviso59624.pdf\" target=\"_blank\" rel=\"noopener noreferrer\"> T 59624<\/a><br \/>\n<a href=\"https:\/\/cortesuprema.gov.co\/corte\/wp-content\/uploads\/not\/laboral20\/avisos\/30062020aviso51566.pdf\" target=\"_blank\" rel=\"noopener noreferrer\"> T 51566<\/a><br \/>\n<a href=\"https:\/\/cortesuprema.gov.co\/corte\/wp-content\/uploads\/not\/laboral20\/avisos\/30062020aviso2020-00432.pdf\" target=\"_blank\" rel=\"noopener noreferrer\"> T 2020-00432<\/a><\/p>\n<p>26\/06\/2020<\/p>\n<p><a href=\"https:\/\/cortesuprema.gov.co\/corte\/wp-content\/uploads\/not\/laboral20\/avisos\/26062020aviso89119.pdf\" target=\"_blank\" rel=\"noopener noreferrer\"> T 89119<\/a><br \/>\n<a href=\"https:\/\/cortesuprema.gov.co\/corte\/wp-content\/uploads\/not\/laboral20\/avisos\/26062020aviso89003.pdf\" target=\"_blank\" rel=\"noopener noreferrer\"> T 89003<\/a><br \/>\n<a href=\"https:\/\/cortesuprema.gov.co\/corte\/wp-content\/uploads\/not\/laboral20\/avisos\/26062020aviso59758.pdf\" target=\"_blank\" rel=\"noopener noreferrer\"> T 59758<\/a> &#8211; <a href=\"https:\/\/cortesuprema.gov.co\/corte\/wp-content\/uploads\/not\/laboral20\/avisos\/26062020admite59758.pdf\" target=\"_blank\" rel=\"noopener noreferrer\">ver providencia<\/a><br \/>\n<a href=\"https:\/\/cortesuprema.gov.co\/corte\/wp-content\/uploads\/not\/laboral20\/avisos\/26062020aviso59686.pdf\" target=\"_blank\" rel=\"noopener noreferrer\"> T 59686<\/a><br \/>\n<a href=\"https:\/\/cortesuprema.gov.co\/corte\/wp-content\/uploads\/not\/laboral20\/avisos\/26062020aviso59654.pdf\" target=\"_blank\" rel=\"noopener noreferrer\"> T 59654<\/a><br \/>\n<a href=\"https:\/\/cortesuprema.gov.co\/corte\/wp-content\/uploads\/not\/laboral20\/avisos\/26062020aviso59606.pdf\" target=\"_blank\" rel=\"noopener noreferrer\"> T 59606<\/a><br \/>\n<a href=\"https:\/\/cortesuprema.gov.co\/corte\/wp-content\/uploads\/not\/laboral20\/avisos\/26062020aviso59570.pdf\" target=\"_blank\" rel=\"noopener noreferrer\"> T 59570<\/a><br \/>\n<a href=\"https:\/\/cortesuprema.gov.co\/corte\/wp-content\/uploads\/not\/laboral20\/avisos\/26062020aviso59554.pdf\" target=\"_blank\" rel=\"noopener noreferrer\"> T 59554<\/a><br \/>\n<a href=\"https:\/\/cortesuprema.gov.co\/corte\/wp-content\/uploads\/not\/laboral20\/avisos\/26062020aviso59506.pdf\" target=\"_blank\" rel=\"noopener noreferrer\"> T 59506<\/a><br \/>\n<a href=\"https:\/\/cortesuprema.gov.co\/corte\/wp-content\/uploads\/not\/laboral20\/avisos\/26062020aviso59272.pdf\" target=\"_blank\" rel=\"noopener noreferrer\"> T 59272<\/a><br \/>\n<a href=\"https:\/\/cortesuprema.gov.co\/corte\/wp-content\/uploads\/not\/laboral20\/avisos\/26062020aviso59212.pdf\" target=\"_blank\" rel=\"noopener noreferrer\"> T 59212<\/a><br \/>\n<a href=\"https:\/\/cortesuprema.gov.co\/corte\/wp-content\/uploads\/not\/laboral20\/avisos\/26062020aviso58658.pdf\" target=\"_blank\" rel=\"noopener noreferrer\"> T 58658<\/a><\/p>\n<p>25\/06\/2020<\/p>\n<p><a href=\"https:\/\/cortesuprema.gov.co\/corte\/wp-content\/uploads\/not\/laboral20\/avisos\/25062020aviso202000428.pdf\" target=\"_blank\" rel=\"noopener noreferrer\"> T 202000428<\/a><br \/>\n<a href=\"https:\/\/cortesuprema.gov.co\/corte\/wp-content\/uploads\/not\/laboral20\/avisos\/25062020aviso88995.pdf\" target=\"_blank\" rel=\"noopener noreferrer\"> T 88995<\/a><br \/>\n<a href=\"https:\/\/cortesuprema.gov.co\/corte\/wp-content\/uploads\/not\/laboral20\/avisos\/25062020aviso88611.pdf\" target=\"_blank\" rel=\"noopener noreferrer\"> T 88611<\/a><br \/>\n<a href=\"https:\/\/cortesuprema.gov.co\/corte\/wp-content\/uploads\/not\/laboral20\/avisos\/25062020aviso88295.pdf\" target=\"_blank\" rel=\"noopener noreferrer\"> T 88295<\/a><br \/>\n<a href=\"https:\/\/cortesuprema.gov.co\/corte\/wp-content\/uploads\/not\/laboral20\/avisos\/25062020aviso88259.pdf\" target=\"_blank\" rel=\"noopener noreferrer\"> T 88259<\/a><br \/>\n<a href=\"https:\/\/cortesuprema.gov.co\/corte\/wp-content\/uploads\/not\/laboral20\/avisos\/25062020aviso88241.pdf\" target=\"_blank\" rel=\"noopener noreferrer\"> T 88241<\/a><br \/>\n<a href=\"https:\/\/cortesuprema.gov.co\/corte\/wp-content\/uploads\/not\/laboral20\/avisos\/25062020aviso88225.pdf\" target=\"_blank\" rel=\"noopener noreferrer\"> T 88225<\/a><br \/>\n<a href=\"https:\/\/cortesuprema.gov.co\/corte\/wp-content\/uploads\/not\/laboral20\/avisos\/25062020aviso88217.pdf\" target=\"_blank\" rel=\"noopener noreferrer\"> T 88217<\/a><br \/>\n<a href=\"https:\/\/cortesuprema.gov.co\/corte\/wp-content\/uploads\/not\/laboral20\/avisos\/25062020aviso88199.pdf\" target=\"_blank\" rel=\"noopener noreferrer\"> T 88199<\/a><br \/>\n<a href=\"https:\/\/cortesuprema.gov.co\/corte\/wp-content\/uploads\/not\/laboral20\/avisos\/25062020aviso88109.pdf\" target=\"_blank\" rel=\"noopener noreferrer\"> T 88109<\/a><br \/>\n<a href=\"https:\/\/cortesuprema.gov.co\/corte\/wp-content\/uploads\/not\/laboral20\/avisos\/25062020aviso88067.pdf\" target=\"_blank\" rel=\"noopener noreferrer\"> T 88067<\/a><br \/>\n<a href=\"https:\/\/cortesuprema.gov.co\/corte\/wp-content\/uploads\/not\/laboral20\/avisos\/25062020aviso88041.pdf\" target=\"_blank\" rel=\"noopener noreferrer\"> T 88041<\/a><br \/>\n<a href=\"https:\/\/cortesuprema.gov.co\/corte\/wp-content\/uploads\/not\/laboral20\/avisos\/25062020aviso88033.pdf\" target=\"_blank\" rel=\"noopener noreferrer\"> T 88033<\/a><br \/>\n<a href=\"https:\/\/cortesuprema.gov.co\/corte\/wp-content\/uploads\/not\/laboral20\/avisos\/25062020aviso59670.pdf\" target=\"_blank\" rel=\"noopener noreferrer\"> T 59670<\/a><br \/>\n<a href=\"https:\/\/cortesuprema.gov.co\/corte\/wp-content\/uploads\/not\/laboral20\/avisos\/25062020aviso59650.pdf\" target=\"_blank\" rel=\"noopener noreferrer\"> T 59650<\/a><br \/>\n<a href=\"https:\/\/cortesuprema.gov.co\/corte\/wp-content\/uploads\/not\/laboral20\/avisos\/25062020aviso58506.pdf\" target=\"_blank\" rel=\"noopener noreferrer\"> T 58506<\/a><br \/>\n<a href=\"https:\/\/cortesuprema.gov.co\/corte\/wp-content\/uploads\/not\/laboral20\/avisos\/25062020aviso 89013.pdf\" target=\"_blank\" rel=\"noopener noreferrer\"> T 89013<\/a><\/p>\n<p>24\/06\/2020<\/p>\n<p><a href=\"https:\/\/cortesuprema.gov.co\/corte\/wp-content\/uploads\/not\/laboral20\/avisos\/24062020aviso59750.pdf\" target=\"_blank\" rel=\"noopener noreferrer\">T 59750<\/a><\/p>\n<p>23\/06\/2020<\/p>\n<p><a href=\"https:\/\/cortesuprema.gov.co\/corte\/wp-content\/uploads\/not\/laboral20\/avisos\/23062020aviso88845.pdf\" target=\"_blank\" rel=\"noopener noreferrer\"> T 88845<\/a><br \/>\n<a href=\"https:\/\/cortesuprema.gov.co\/corte\/wp-content\/uploads\/not\/laboral20\/avisos\/23062020aviso88587.pdf\" target=\"_blank\" rel=\"noopener noreferrer\"> T 88587<\/a><br \/>\n<a href=\"https:\/\/cortesuprema.gov.co\/corte\/wp-content\/uploads\/not\/laboral20\/avisos\/23062020aviso88277.pdf\" target=\"_blank\" rel=\"noopener noreferrer\"> T 88277<\/a><br \/>\n<a href=\"https:\/\/cortesuprema.gov.co\/corte\/wp-content\/uploads\/not\/laboral20\/avisos\/23062020aviso87985.pdf\" target=\"_blank\" rel=\"noopener noreferrer\"> T 87985<\/a><br \/>\n<a href=\"https:\/\/cortesuprema.gov.co\/corte\/wp-content\/uploads\/not\/laboral20\/avisos\/23062020aviso59704.pdf\" target=\"_blank\" rel=\"noopener noreferrer\"> T 59704<\/a><br \/>\n<a href=\"https:\/\/cortesuprema.gov.co\/corte\/wp-content\/uploads\/not\/laboral20\/avisos\/23062020aviso59000.pdf\" target=\"_blank\" rel=\"noopener noreferrer\"> T 59000<\/a><br \/>\n<a href=\"https:\/\/cortesuprema.gov.co\/corte\/wp-content\/uploads\/not\/laboral20\/avisos\/23062020aviso58984.pdf\" target=\"_blank\" rel=\"noopener noreferrer\"> T 58984<\/a><br \/>\n<a href=\"https:\/\/cortesuprema.gov.co\/corte\/wp-content\/uploads\/not\/laboral20\/avisos\/23062020aviso58644.pdf\" target=\"_blank\" rel=\"noopener noreferrer\"> T 58644<\/a><br \/>\n<a href=\"https:\/\/cortesuprema.gov.co\/corte\/wp-content\/uploads\/not\/laboral20\/avisos\/23062020aviso2020-00457.pdf\" target=\"_blank\" rel=\"noopener noreferrer\"> T 2020-00457<\/a> &#8211; <a href=\"https:\/\/cortesuprema.gov.co\/corte\/wp-content\/uploads\/not\/laboral20\/avisos\/2020-457admite23062020.pdf\" target=\"_blank\" rel=\"noopener noreferrer\">ver providencia<\/a><br \/>\n<a href=\"https:\/\/cortesuprema.gov.co\/corte\/wp-content\/uploads\/not\/laboral20\/avisos\/23062020AVISO59682.pdf\" target=\"_blank\" rel=\"noopener noreferrer\"> T 59682<\/a> &#8211; <a href=\"https:\/\/cortesuprema.gov.co\/corte\/wp-content\/uploads\/not\/laboral20\/avisos\/59682admite230620.pdf\" target=\"_blank\" rel=\"noopener noreferrer\">ver providencia<\/a><\/p>\n<p>18\/06\/2020<\/p>\n<p><a href=\"https:\/\/cortesuprema.gov.co\/corte\/wp-content\/uploads\/not\/laboral20\/avisos\/18062020reposicion85248.pdf\" target=\"_blank\" rel=\"noopener noreferrer\">Reposici\u00f3n 85248<\/a><br \/>\n<a href=\"https:\/\/cortesuprema.gov.co\/corte\/wp-content\/uploads\/not\/laboral20\/avisos\/18062020AVISO59582.pdf\" target=\"_blank\" rel=\"noopener noreferrer\"> T 59582<\/a> &#8211; <a href=\"https:\/\/cortesuprema.gov.co\/corte\/wp-content\/uploads\/not\/laboral20\/avisos\/59582 admite.pdf\" target=\"_blank\" rel=\"noopener noreferrer\">ver providencia<\/a><br \/>\n<a href=\"https:\/\/cortesuprema.gov.co\/corte\/wp-content\/uploads\/not\/laboral20\/avisos\/18062020aviso59480.pdf\" target=\"_blank\" rel=\"noopener noreferrer\"> T 59480<\/a><br \/>\n<a href=\"https:\/\/cortesuprema.gov.co\/corte\/wp-content\/uploads\/not\/laboral20\/avisos\/18062020aviso88899.pdf\" target=\"_blank\" rel=\"noopener noreferrer\"> T 88899<\/a><\/p>\n<p>17\/06\/2020<\/p>\n<p><a href=\"https:\/\/cortesuprema.gov.co\/corte\/wp-content\/uploads\/not\/laboral20\/avisos\/17062020aviso 59480.pdf\" target=\"_blank\" rel=\"noopener noreferrer\"> T 59480<\/a><br \/>\n<a href=\"https:\/\/cortesuprema.gov.co\/corte\/wp-content\/uploads\/not\/laboral20\/avisos\/16062020aviso89043.pdf\" target=\"_blank\" rel=\"noopener noreferrer\"> T 89043<\/a><br \/>\n<a href=\"https:\/\/cortesuprema.gov.co\/corte\/wp-content\/uploads\/not\/laboral20\/avisos\/16062020aviso89035.pdf\" target=\"_blank\" rel=\"noopener noreferrer\"> T 89035<\/a><br \/>\n<a href=\"https:\/\/cortesuprema.gov.co\/corte\/wp-content\/uploads\/not\/laboral20\/avisos\/17062020aviso88303.pdf\" target=\"_blank\" rel=\"noopener noreferrer\"> T 88303<\/a><br \/>\n<a href=\"https:\/\/cortesuprema.gov.co\/corte\/wp-content\/uploads\/not\/laboral20\/avisos\/17062020aviso88125.pdf\" target=\"_blank\" rel=\"noopener noreferrer\"> T 88125<\/a><br \/>\n<a href=\"https:\/\/cortesuprema.gov.co\/corte\/wp-content\/uploads\/not\/laboral20\/avisos\/17062020aviso59726.pdf\" target=\"_blank\" rel=\"noopener noreferrer\"> T 59726<\/a> &#8211; <a href=\"https:\/\/cortesuprema.gov.co\/corte\/wp-content\/uploads\/not\/laboral20\/avisos\/59726auto17062020.pdf\" target=\"_blank\" rel=\"noopener noreferrer\">ver providencia<\/a><br \/>\n<a href=\"https:\/\/cortesuprema.gov.co\/corte\/wp-content\/uploads\/not\/laboral20\/avisos\/88079fijatras17062020.pdf\" target=\"_blank\" rel=\"noopener noreferrer\">Queja 88079 fijaci\u00f3n y traslado<\/a><\/p>\n<p>16\/06\/2020<\/p>\n<p><a href=\"https:\/\/cortesuprema.gov.co\/corte\/wp-content\/uploads\/not\/laboral20\/avisos\/16062020aviso88297.pdf\" target=\"_blank\" rel=\"noopener noreferrer\"> T 88297<\/a><br \/>\n<a href=\"https:\/\/cortesuprema.gov.co\/corte\/wp-content\/uploads\/not\/laboral20\/avisos\/16062020aviso59570.pdf\" target=\"_blank\" rel=\"noopener noreferrer\"> T 59570<\/a><br \/>\n<a href=\"https:\/\/cortesuprema.gov.co\/corte\/wp-content\/uploads\/not\/laboral20\/avisos\/16062020aviso59554.pdf\" target=\"_blank\" rel=\"noopener noreferrer\"> T 59554<\/a><br \/>\n<a href=\"https:\/\/cortesuprema.gov.co\/corte\/wp-content\/uploads\/not\/laboral20\/avisos\/16062020aviso59542.pdf\" target=\"_blank\" rel=\"noopener noreferrer\"> T 59542<\/a><br \/>\n<a href=\"https:\/\/cortesuprema.gov.co\/corte\/wp-content\/uploads\/not\/laboral20\/avisos\/16062020aviso59688.pdf\" target=\"_blank\" rel=\"noopener noreferrer\"> T 59688<\/a> &#8211; <a href=\"https:\/\/cortesuprema.gov.co\/corte\/wp-content\/uploads\/not\/laboral20\/avisos\/59688admite.pdf\" target=\"_blank\" rel=\"noopener noreferrer\">ver providencia<\/a><br \/>\n<a href=\"https:\/\/cortesuprema.gov.co\/corte\/wp-content\/uploads\/not\/laboral20\/avisos\/16062020aviso59702.pdf\" target=\"_blank\" rel=\"noopener noreferrer\"> T 59702<\/a> &#8211; <a href=\"https:\/\/cortesuprema.gov.co\/corte\/wp-content\/uploads\/not\/laboral20\/avisos\/59702admite.pdf\" target=\"_blank\" rel=\"noopener noreferrer\">ver providencia<\/a><br \/>\n<a href=\"https:\/\/cortesuprema.gov.co\/corte\/wp-content\/uploads\/not\/laboral20\/avisos\/16062020aviso59534.pdf\" target=\"_blank\" rel=\"noopener noreferrer\"> T 59534<\/a>&#8211; <a href=\"https:\/\/cortesuprema.gov.co\/corte\/wp-content\/uploads\/not\/laboral20\/avisos\/59534admite.pdf\" target=\"_blank\" rel=\"noopener noreferrer\">ver providencia<\/a><br \/>\n<a href=\"https:\/\/cortesuprema.gov.co\/corte\/wp-content\/uploads\/not\/laboral20\/avisos\/16062020aviso2020-00432.pdf\" target=\"_blank\" rel=\"noopener noreferrer\"> T 2020-00432<\/a> &#8211; <a href=\"https:\/\/cortesuprema.gov.co\/corte\/wp-content\/uploads\/not\/laboral20\/avisos\/J-2020-00432.pdf\" target=\"_blank\" rel=\"noopener noreferrer\">ver providencia<\/a><\/p>\n<p>12\/06\/2020<\/p>\n<p><a href=\"https:\/\/cortesuprema.gov.co\/corte\/wp-content\/uploads\/not\/laboral20\/avisos\/12062020AVISO58770.pdf\" target=\"_blank\" rel=\"noopener noreferrer\">T 58770<\/a><br \/>\n<a href=\"https:\/\/cortesuprema.gov.co\/corte\/wp-content\/uploads\/not\/laboral20\/avisos\/12062020AVISO58628.pdf\" target=\"_blank\" rel=\"noopener noreferrer\"> T 58628<\/a><\/p>\n<p>11\/06\/020<\/p>\n<p><a href=\"https:\/\/cortesuprema.gov.co\/corte\/wp-content\/uploads\/not\/laboral20\/avisos\/11062020AVISO59624.pdf\" target=\"_blank\" rel=\"noopener noreferrer\"> T 59624<\/a><br \/>\n<a href=\"https:\/\/cortesuprema.gov.co\/corte\/wp-content\/uploads\/not\/laboral20\/avisos\/11062020AVISO59600.pdf\" target=\"_blank\" rel=\"noopener noreferrer\"> T 59600<\/a><br \/>\n<a href=\"https:\/\/cortesuprema.gov.co\/corte\/wp-content\/uploads\/not\/laboral20\/avisos\/11062020AVISO59316.pdf\" target=\"_blank\" rel=\"noopener noreferrer\"> T 59316<\/a><br \/>\n<a href=\"https:\/\/cortesuprema.gov.co\/corte\/wp-content\/uploads\/not\/laboral20\/avisos\/11062020aviso59498.pdf\" target=\"_blank\" rel=\"noopener noreferrer\"> T 59498<\/a><\/p>\n<p>10\/06\/2020<\/p>\n<p><a href=\"https:\/\/cortesuprema.gov.co\/corte\/wp-content\/uploads\/not\/laboral20\/avisos\/10062020aviso59670.pdf\" target=\"_blank\" rel=\"noopener noreferrer\">T 59670<\/a> &#8211; <a href=\"https:\/\/cortesuprema.gov.co\/corte\/wp-content\/uploads\/not\/laboral20\/avisos\/10062020auto59670.pdf\" target=\"_blank\" rel=\"noopener noreferrer\">ver providencia<\/a><br \/>\n<a href=\"https:\/\/cortesuprema.gov.co\/corte\/wp-content\/uploads\/not\/laboral20\/avisos\/10062020aviso59276.pdf\" target=\"_blank\" rel=\"noopener noreferrer\">T 59276<\/a><\/p>\n<p>9\/06\/2020<\/p>\n<p><a href=\"https:\/\/cortesuprema.gov.co\/corte\/wp-content\/uploads\/not\/laboral20\/avisos\/09062020aviso2019-00374.pdf\" target=\"_blank\" rel=\"noopener noreferrer\">T 2019-00374<\/a><br \/>\n<a href=\"https:\/\/cortesuprema.gov.co\/corte\/wp-content\/uploads\/not\/laboral20\/avisos\/09062020aviso202000428.pdf\" target=\"_blank\" rel=\"noopener noreferrer\"> T 2020-00428<\/a> &#8211;\u00a0 <a href=\"https:\/\/cortesuprema.gov.co\/corte\/wp-content\/uploads\/not\/laboral20\/avisos\/2020-00428admite.pdf\" target=\"_blank\" rel=\"noopener noreferrer\">ver providencia<\/a><\/p>\n<p>8\/06\/2020<\/p>\n<p><a href=\"https:\/\/cortesuprema.gov.co\/corte\/wp-content\/uploads\/not\/laboral20\/avisos\/08063030aviso59626.pdf\" target=\"_blank\" rel=\"noopener noreferrer\"> T 59626<\/a><br \/>\n<a href=\"https:\/\/cortesuprema.gov.co\/corte\/wp-content\/uploads\/not\/laboral20\/avisos\/08062020aviso88847.pdf\" target=\"_blank\" rel=\"noopener noreferrer\"> T 88847<\/a><br \/>\n<a href=\"https:\/\/cortesuprema.gov.co\/corte\/wp-content\/uploads\/not\/laboral20\/avisos\/08062020aviso59654.pdf\" target=\"_blank\" rel=\"noopener noreferrer\"> T 59654<\/a><br \/>\n<a href=\"https:\/\/cortesuprema.gov.co\/corte\/wp-content\/uploads\/not\/laboral20\/avisos\/08062020aviso59650.pdf\" target=\"_blank\" rel=\"noopener noreferrer\"> T 59650<\/a><br \/>\n<a href=\"https:\/\/cortesuprema.gov.co\/corte\/wp-content\/uploads\/not\/laboral20\/avisos\/08062020aviso59606.pdf\" target=\"_blank\" rel=\"noopener noreferrer\"> T 59606<\/a><br \/>\n<a href=\"https:\/\/cortesuprema.gov.co\/corte\/wp-content\/uploads\/not\/laboral20\/avisos\/08062020aviso59552 .pdf\" target=\"_blank\" rel=\"noopener noreferrer\"> T 59552<\/a><br \/>\n<a href=\"https:\/\/cortesuprema.gov.co\/corte\/wp-content\/uploads\/not\/laboral20\/avisos\/08062020aviso59534.pdf\" target=\"_blank\" rel=\"noopener noreferrer\"> T 59534<\/a><br \/>\n<a href=\"https:\/\/cortesuprema.gov.co\/corte\/wp-content\/uploads\/not\/laboral20\/avisos\/08062020aviso59506.pdf\" target=\"_blank\" rel=\"noopener noreferrer\"> T 59506<\/a><br \/>\n<a href=\"https:\/\/cortesuprema.gov.co\/corte\/wp-content\/uploads\/not\/laboral20\/avisos\/08062020aviso59480.pdf\" target=\"_blank\" rel=\"noopener noreferrer\"> T 59480<\/a><br \/>\n<a href=\"https:\/\/cortesuprema.gov.co\/corte\/wp-content\/uploads\/not\/laboral20\/avisos\/08062020aviso58912.pdf\" target=\"_blank\" rel=\"noopener noreferrer\"> T 58912<\/a><br \/>\n<a href=\"https:\/\/cortesuprema.gov.co\/corte\/wp-content\/uploads\/not\/laboral20\/avisos\/08062020aviso58700.pdf\" target=\"_blank\" rel=\"noopener noreferrer\"> T 58700<\/a><br \/>\n<a href=\"https:\/\/cortesuprema.gov.co\/corte\/wp-content\/uploads\/not\/laboral20\/avisos\/08062020aviso58672.pdf\" target=\"_blank\" rel=\"noopener noreferrer\"> T 58672<\/a><br \/>\n<a href=\"https:\/\/cortesuprema.gov.co\/corte\/wp-content\/uploads\/not\/laboral20\/avisos\/08062020AVISO58440.pdf\" target=\"_blank\" rel=\"noopener noreferrer\"> T 58440<\/a><br \/>\n<a href=\"https:\/\/cortesuprema.gov.co\/corte\/wp-content\/uploads\/not\/laboral20\/avisos\/08062020aviso58406.pdf\" target=\"_blank\" rel=\"noopener noreferrer\"> T 58406<\/a><br \/>\n<a href=\"https:\/\/cortesuprema.gov.co\/corte\/wp-content\/uploads\/not\/laboral20\/avisos\/08062020aviso2020-0082.pdf\" target=\"_blank\" rel=\"noopener noreferrer\"> T 2020-0082<\/a><br \/>\n<a href=\"https:\/\/cortesuprema.gov.co\/corte\/wp-content\/uploads\/not\/laboral20\/avisos\/08062020 aviso58540.pdf\" target=\"_blank\" rel=\"noopener noreferrer\"> T 58540<\/a><\/p>\n<p>5\/06\/2020<\/p>\n<p><a href=\"https:\/\/cortesuprema.gov.co\/corte\/wp-content\/uploads\/not\/laboral20\/avisos\/05062020aviso59410.pdf\" target=\"_blank\" rel=\"noopener noreferrer\"> T 59410<\/a><br \/>\n<a href=\"https:\/\/cortesuprema.gov.co\/corte\/wp-content\/uploads\/not\/laboral20\/avisos\/05062020aviso88131.pdf\" target=\"_blank\" rel=\"noopener noreferrer\"> T 88131<\/a><\/p>\n<p>3\/06\/2020<\/p>\n<p><a href=\"https:\/\/cortesuprema.gov.co\/corte\/wp-content\/uploads\/not\/laboral20\/avisos\/03062020aviso59498.pdf\" target=\"_blank\" rel=\"noopener noreferrer\"> T 59498<\/a><br \/>\n<a href=\"https:\/\/cortesuprema.gov.co\/corte\/wp-content\/uploads\/not\/laboral20\/avisos\/03062020AVISO58922.pdf\" target=\"_blank\" rel=\"noopener noreferrer\">T58922<\/a><\/p>\n<p>2\/06\/2020<\/p>\n<p><a href=\"https:\/\/cortesuprema.gov.co\/corte\/wp-content\/uploads\/not\/laboral20\/avisos\/87904fijacion02062020.pdf\" target=\"_blank\" rel=\"noopener noreferrer\">87904 Fijaci\u00f3n en lista<\/a><br \/>\n<a href=\"https:\/\/cortesuprema.gov.co\/corte\/wp-content\/uploads\/not\/laboral20\/avisos\/87913fijacion02062020.pdf\" target=\"_blank\" rel=\"noopener noreferrer\">87913 Fijaci\u00f3n en lista<\/a><br \/>\n<a href=\"https:\/\/cortesuprema.gov.co\/corte\/wp-content\/uploads\/not\/laboral20\/avisos\/02062020aviso88869.pdf\" target=\"_blank\" rel=\"noopener noreferrer\"> T 88869<\/a><br \/>\n<a href=\"https:\/\/cortesuprema.gov.co\/corte\/wp-content\/uploads\/not\/laboral20\/avisos\/02062020aviso88655.pdf\" target=\"_blank\" rel=\"noopener noreferrer\"> T 88655<\/a><\/p>\n<p>1\/06\/2020<\/p>\n<p><a href=\"https:\/\/cortesuprema.gov.co\/corte\/wp-content\/uploads\/not\/laboral20\/avisos\/86042fijacion02062020.pdf\" target=\"_blank\" rel=\"noopener noreferrer\">86042 Fijaci\u00f3n en lista<\/a><br \/>\n<a href=\"https:\/\/cortesuprema.gov.co\/corte\/wp-content\/uploads\/not\/laboral20\/avisos\/01062020aviso59588.pdf\" target=\"_blank\" rel=\"noopener noreferrer\">T 59588<\/a>\u00a0&#8211; <a href=\"https:\/\/cortesuprema.gov.co\/corte\/wp-content\/uploads\/not\/laboral20\/avisos\/01062020auto59588.pdf\">ver providencia<\/a><\/p>\n<p>29\/05\/2020<\/p>\n<p><a href=\"https:\/\/cortesuprema.gov.co\/corte\/wp-content\/uploads\/not\/laboral20\/avisos\/29052020aviso87239.pdf\" target=\"_blank\" rel=\"noopener noreferrer\"> T 87239<\/a><br \/>\n<a href=\"https:\/\/cortesuprema.gov.co\/corte\/wp-content\/uploads\/not\/laboral20\/avisos\/29052020aviso59454.pdf\" target=\"_blank\" rel=\"noopener noreferrer\"> T 59454<\/a><br \/>\n<a href=\"https:\/\/cortesuprema.gov.co\/corte\/wp-content\/uploads\/not\/laboral20\/avisos\/29052020AVISO59410.pdf\" target=\"_blank\" rel=\"noopener noreferrer\"> T 59410<\/a><br \/>\n<a href=\"https:\/\/cortesuprema.gov.co\/corte\/wp-content\/uploads\/not\/laboral20\/avisos\/29052020aviso59404.pdf\" target=\"_blank\" rel=\"noopener noreferrer\"> T 59404<\/a><br \/>\n<a href=\"https:\/\/cortesuprema.gov.co\/corte\/wp-content\/uploads\/not\/laboral20\/avisos\/29052020aviso59200.pdf\" target=\"_blank\" rel=\"noopener noreferrer\"> T 59200<\/a><br \/>\n<a href=\"https:\/\/cortesuprema.gov.co\/corte\/wp-content\/uploads\/not\/laboral20\/avisos\/29052020aviso59182.pdf\" target=\"_blank\" rel=\"noopener noreferrer\"> T 59182<\/a><br \/>\n<a href=\"https:\/\/cortesuprema.gov.co\/corte\/wp-content\/uploads\/not\/laboral20\/avisos\/29052020aviso59056.pdf\" target=\"_blank\" rel=\"noopener noreferrer\"> T 59056<\/a><br \/>\n<a href=\"https:\/\/cortesuprema.gov.co\/corte\/wp-content\/uploads\/not\/laboral20\/avisos\/29052020aviso59038.pdf\" target=\"_blank\" rel=\"noopener noreferrer\"> T 59038<\/a><br \/>\n<a href=\"https:\/\/cortesuprema.gov.co\/corte\/wp-content\/uploads\/not\/laboral20\/avisos\/29052020aviso58940.pdf\" target=\"_blank\" rel=\"noopener noreferrer\"> T 58940<\/a><\/p>\n<p>28\/05\/2020<\/p>\n<p><a href=\"https:\/\/cortesuprema.gov.co\/corte\/wp-content\/uploads\/not\/laboral20\/avisos\/28052020aviso88179.pdf\" target=\"_blank\" rel=\"noopener noreferrer\"> T 88179<\/a><br \/>\n<a href=\"https:\/\/cortesuprema.gov.co\/corte\/wp-content\/uploads\/not\/laboral20\/avisos\/28052020aviso59446.pdf\" target=\"_blank\" rel=\"noopener noreferrer\"> T 59446<\/a><br \/>\n<a href=\"https:\/\/cortesuprema.gov.co\/corte\/wp-content\/uploads\/not\/laboral20\/avisos\/28052020aviso59330.pdf\" target=\"_blank\" rel=\"noopener noreferrer\"> T 59330<\/a><\/p>\n<p>27\/05\/2020<\/p>\n<p><a href=\"https:\/\/cortesuprema.gov.co\/corte\/wp-content\/uploads\/not\/laboral20\/avisos\/27052020aviso59570.pdf\" target=\"_blank\" rel=\"noopener noreferrer\"> T 59570<\/a><br \/>\n<a href=\"https:\/\/cortesuprema.gov.co\/corte\/wp-content\/uploads\/not\/laboral20\/avisos\/27052020aviso59554.pdf\" target=\"_blank\" rel=\"noopener noreferrer\"> T 59554<\/a><br \/>\n<a href=\"https:\/\/cortesuprema.gov.co\/corte\/wp-content\/uploads\/not\/laboral20\/avisos\/27052020aviso51566.pdf\" target=\"_blank\" rel=\"noopener noreferrer\"> T 51566<\/a><br \/>\n<a href=\"https:\/\/cortesuprema.gov.co\/corte\/wp-content\/uploads\/not\/laboral20\/avisos\/27052020aviso88677.pdf\" target=\"_blank\" rel=\"noopener noreferrer\"> T 88677<\/a><br \/>\n<a href=\"https:\/\/cortesuprema.gov.co\/corte\/wp-content\/uploads\/not\/laboral20\/avisos\/27052020aviso59396.pdf\" target=\"_blank\" rel=\"noopener noreferrer\"> T 59396<\/a><br \/>\n<a href=\"https:\/\/cortesuprema.gov.co\/corte\/wp-content\/uploads\/not\/laboral20\/avisos\/27052020aviso58406.pdf\" target=\"_blank\" rel=\"noopener noreferrer\"> T 58406<\/a><\/p>\n<p>26\/05\/2020<\/p>\n<p><a href=\"https:\/\/cortesuprema.gov.co\/corte\/wp-content\/uploads\/not\/laboral20\/avisos\/26052020aviso59124.pdf\" target=\"_blank\" rel=\"noopener noreferrer\"> T 59124<\/a><\/p>\n<p>22\/05\/2020<\/p>\n<p><a href=\"https:\/\/cortesuprema.gov.co\/corte\/wp-content\/uploads\/not\/laboral20\/avisos\/22052020aviso88643.pdf\" target=\"_blank\" rel=\"noopener noreferrer\"> T 88643<\/a><br \/>\n<a href=\"https:\/\/cortesuprema.gov.co\/corte\/wp-content\/uploads\/not\/laboral20\/avisos\/22052020aviso88527.pdf\" target=\"_blank\" rel=\"noopener noreferrer\"> T 88527<\/a><br \/>\n<a href=\"https:\/\/cortesuprema.gov.co\/corte\/wp-content\/uploads\/not\/laboral20\/avisos\/22052020aviso88463.pdf\" target=\"_blank\" rel=\"noopener noreferrer\"> T 88463<\/a><br \/>\n<a href=\"https:\/\/cortesuprema.gov.co\/corte\/wp-content\/uploads\/not\/laboral20\/avisos\/22052020aviso88437.pdf\" target=\"_blank\" rel=\"noopener noreferrer\"> T 88437<\/a><br \/>\n<a href=\"https:\/\/cortesuprema.gov.co\/corte\/wp-content\/uploads\/not\/laboral20\/avisos\/22052020aviso88173.pdf\" target=\"_blank\" rel=\"noopener noreferrer\"> T 88173<\/a><br \/>\n<a href=\"https:\/\/cortesuprema.gov.co\/corte\/wp-content\/uploads\/not\/laboral20\/avisos\/22052020aviso88161.pdf\" target=\"_blank\" rel=\"noopener noreferrer\"> T 88161<\/a><br \/>\n<a href=\"https:\/\/cortesuprema.gov.co\/corte\/wp-content\/uploads\/not\/laboral20\/avisos\/22052020aviso88149.pdf\" target=\"_blank\" rel=\"noopener noreferrer\"> T 88149<\/a><br \/>\n<a href=\"https:\/\/cortesuprema.gov.co\/corte\/wp-content\/uploads\/not\/laboral20\/avisos\/22052020aviso59542.pdf\" target=\"_blank\" rel=\"noopener noreferrer\"> T 59542<\/a><br \/>\n<a href=\"https:\/\/cortesuprema.gov.co\/corte\/wp-content\/uploads\/not\/laboral20\/avisos\/22052020aviso59272.pdf\" target=\"_blank\" rel=\"noopener noreferrer\"> T 59272<\/a><br \/>\n<a href=\"https:\/\/cortesuprema.gov.co\/corte\/wp-content\/uploads\/not\/laboral20\/avisos\/22052020aviso59222.pdf\" target=\"_blank\" rel=\"noopener noreferrer\"> T 59222<\/a><br \/>\n<a href=\"https:\/\/cortesuprema.gov.co\/corte\/wp-content\/uploads\/not\/laboral20\/avisos\/22052020aviso59212.pdf\" target=\"_blank\" rel=\"noopener noreferrer\"> T 59212<\/a><br \/>\n<a href=\"https:\/\/cortesuprema.gov.co\/corte\/wp-content\/uploads\/not\/laboral20\/avisos\/22052020aviso59192.pdf\" target=\"_blank\" rel=\"noopener noreferrer\"> T 59192<\/a><br \/>\n<a href=\"https:\/\/cortesuprema.gov.co\/corte\/wp-content\/uploads\/not\/laboral20\/avisos\/22052020aviso59158.pdf\" target=\"_blank\" rel=\"noopener noreferrer\"> T 59158<\/a><br \/>\n<a href=\"https:\/\/cortesuprema.gov.co\/corte\/wp-content\/uploads\/not\/laboral20\/avisos\/22052020aviso59156.pdf\" target=\"_blank\" rel=\"noopener noreferrer\"> T 59156<\/a><br \/>\n<a href=\"https:\/\/cortesuprema.gov.co\/corte\/wp-content\/uploads\/not\/laboral20\/avisos\/22052020aviso59148.pdf\" target=\"_blank\" rel=\"noopener noreferrer\"> T 59148<\/a><br \/>\n<a href=\"https:\/\/cortesuprema.gov.co\/corte\/wp-content\/uploads\/not\/laboral20\/avisos\/22052020aviso59134.pdf\" target=\"_blank\" rel=\"noopener noreferrer\"> T 59134<\/a><br \/>\n<a href=\"https:\/\/cortesuprema.gov.co\/corte\/wp-content\/uploads\/not\/laboral20\/avisos\/22052020aviso59124.pdf\" target=\"_blank\" rel=\"noopener noreferrer\"> T 59124<\/a><br \/>\n<a href=\"https:\/\/cortesuprema.gov.co\/corte\/wp-content\/uploads\/not\/laboral20\/avisos\/22052020aviso59118.pdf\" target=\"_blank\" rel=\"noopener noreferrer\"> T 59118<\/a><br \/>\n<a href=\"https:\/\/cortesuprema.gov.co\/corte\/wp-content\/uploads\/not\/laboral20\/avisos\/22052020aviso59104.pdf\" target=\"_blank\" rel=\"noopener noreferrer\"> T 59104<\/a><br \/>\n<a href=\"https:\/\/cortesuprema.gov.co\/corte\/wp-content\/uploads\/not\/laboral20\/avisos\/22052020aviso59088.pdf\" target=\"_blank\" rel=\"noopener noreferrer\"> T 59088<\/a><br \/>\n<a href=\"https:\/\/cortesuprema.gov.co\/corte\/wp-content\/uploads\/not\/laboral20\/avisos\/22052020aviso59070.pdf\" target=\"_blank\" rel=\"noopener noreferrer\"> T 59070<\/a><br \/>\n<a href=\"https:\/\/cortesuprema.gov.co\/corte\/wp-content\/uploads\/not\/laboral20\/avisos\/22052020aviso59066.pdf\" target=\"_blank\" rel=\"noopener noreferrer\"> T 59066<\/a><br \/>\n<a href=\"https:\/\/cortesuprema.gov.co\/corte\/wp-content\/uploads\/not\/laboral20\/avisos\/22052020aviso59050.pdf\" target=\"_blank\" rel=\"noopener noreferrer\"> T 59050<\/a><br \/>\n<a href=\"https:\/\/cortesuprema.gov.co\/corte\/wp-content\/uploads\/not\/laboral20\/avisos\/22052020aviso59004.pdf\" target=\"_blank\" rel=\"noopener noreferrer\"> T 59004<\/a><br \/>\n<a href=\"https:\/\/cortesuprema.gov.co\/corte\/wp-content\/uploads\/not\/laboral20\/avisos\/22052020aviso58996.pdf\" target=\"_blank\" rel=\"noopener noreferrer\"> T 58996<\/a><br \/>\n<a href=\"https:\/\/cortesuprema.gov.co\/corte\/wp-content\/uploads\/not\/laboral20\/avisos\/22052020aviso58992.pdf\" target=\"_blank\" rel=\"noopener noreferrer\"> T 58992<\/a><br \/>\n<a href=\"https:\/\/cortesuprema.gov.co\/corte\/wp-content\/uploads\/not\/laboral20\/avisos\/22052020aviso58984.pdf\" target=\"_blank\" rel=\"noopener noreferrer\"> T 58984<\/a><br \/>\n<a href=\"https:\/\/cortesuprema.gov.co\/corte\/wp-content\/uploads\/not\/laboral20\/avisos\/22052020aviso58968.pdf\" target=\"_blank\" rel=\"noopener noreferrer\"> T 58968<\/a><br \/>\n<a href=\"https:\/\/cortesuprema.gov.co\/corte\/wp-content\/uploads\/not\/laboral20\/avisos\/22052020aviso58952.pdf\" target=\"_blank\" rel=\"noopener noreferrer\"> T 58952<\/a><br \/>\n<a href=\"https:\/\/cortesuprema.gov.co\/corte\/wp-content\/uploads\/not\/laboral20\/avisos\/22052020aviso58854.pdf\" target=\"_blank\" rel=\"noopener noreferrer\"> T 58854<\/a><br \/>\n<a href=\"https:\/\/cortesuprema.gov.co\/corte\/wp-content\/uploads\/not\/laboral20\/avisos\/22052020aviso58824.pdf\" target=\"_blank\" rel=\"noopener noreferrer\"> T 58824<\/a><br \/>\n<a href=\"https:\/\/cortesuprema.gov.co\/corte\/wp-content\/uploads\/not\/laboral20\/avisos\/22052020aviso58804.pdf\" target=\"_blank\" rel=\"noopener noreferrer\"> T 58804<\/a><br \/>\n<a href=\"https:\/\/cortesuprema.gov.co\/corte\/wp-content\/uploads\/not\/laboral20\/avisos\/22052020aviso58698.pdf\" target=\"_blank\" rel=\"noopener noreferrer\"> T 58698<\/a><br \/>\n<a href=\"https:\/\/cortesuprema.gov.co\/corte\/wp-content\/uploads\/not\/laboral20\/avisos\/22052020aviso58580.pdf\" target=\"_blank\" rel=\"noopener noreferrer\"> T 58580<\/a><br \/>\n<a href=\"https:\/\/cortesuprema.gov.co\/corte\/wp-content\/uploads\/not\/laboral20\/avisos\/22052020aviso57464.pdf\" target=\"_blank\" rel=\"noopener noreferrer\"> T 57464<\/a><\/p>\n<p>21\/05\/2020<\/p>\n<p><a href=\"https:\/\/cortesuprema.gov.co\/corte\/wp-content\/uploads\/not\/laboral20\/avisos\/21052020AVISO88445.pdf\" target=\"_blank\" rel=\"noopener noreferrer\"> T 88445<\/a><br \/>\n<a href=\"https:\/\/cortesuprema.gov.co\/corte\/wp-content\/uploads\/not\/laboral20\/avisos\/21052020AVISO88421.pdf\" target=\"_blank\" rel=\"noopener noreferrer\"> T 88421<\/a><br \/>\n<a href=\"https:\/\/cortesuprema.gov.co\/corte\/wp-content\/uploads\/not\/laboral20\/avisos\/21052020aviso88399.pdf\" target=\"_blank\" rel=\"noopener noreferrer\"> T 88399<\/a><br \/>\n<a href=\"https:\/\/cortesuprema.gov.co\/corte\/wp-content\/uploads\/not\/laboral20\/avisos\/21052020AVISO88365.pdf\" target=\"_blank\" rel=\"noopener noreferrer\"> T 88365<\/a><br \/>\n<a href=\"https:\/\/cortesuprema.gov.co\/corte\/wp-content\/uploads\/not\/laboral20\/avisos\/21052020aviso88115.pdf\" target=\"_blank\" rel=\"noopener noreferrer\"> T 88115<\/a><br \/>\n<a href=\"https:\/\/cortesuprema.gov.co\/corte\/wp-content\/uploads\/not\/laboral20\/avisos\/21052020aviso88097.pdf\" target=\"_blank\" rel=\"noopener noreferrer\"> T 88097<\/a><br \/>\n<a href=\"https:\/\/cortesuprema.gov.co\/corte\/wp-content\/uploads\/not\/laboral20\/avisos\/21052020AVISO59530.pdf\" target=\"_blank\" rel=\"noopener noreferrer\"> T 59530<\/a> &#8211; <a href=\"https:\/\/cortesuprema.gov.co\/corte\/wp-content\/uploads\/not\/laboral20\/avisos\/59530admisorio21052020.pdf\">ver providencia<\/a><br \/>\n<a href=\"https:\/\/cortesuprema.gov.co\/corte\/wp-content\/uploads\/not\/laboral20\/avisos\/21052020aviso58916.pdf\" target=\"_blank\" rel=\"noopener noreferrer\"> T 58916<\/a><\/p>\n<p>20\/05\/2020<\/p>\n<p><a href=\"https:\/\/cortesuprema.gov.co\/corte\/wp-content\/uploads\/not\/laboral20\/avisos\/20052020aviso88355.pdf\" target=\"_blank\" rel=\"noopener noreferrer\"> T 88355<\/a><br \/>\n<a href=\"https:\/\/cortesuprema.gov.co\/corte\/wp-content\/uploads\/not\/laboral20\/avisos\/20052020aviso88333.pdf\" target=\"_blank\" rel=\"noopener noreferrer\"> T 88333<\/a><br \/>\n<a href=\"https:\/\/cortesuprema.gov.co\/corte\/wp-content\/uploads\/not\/laboral20\/avisos\/20052020aviso88189.pdf\" target=\"_blank\" rel=\"noopener noreferrer\"> T 88189<\/a><br \/>\n<a href=\"https:\/\/cortesuprema.gov.co\/corte\/wp-content\/uploads\/not\/laboral20\/avisos\/20052020aviso88087.pdf\" target=\"_blank\" rel=\"noopener noreferrer\"> T 88087<\/a><br \/>\n<a href=\"https:\/\/cortesuprema.gov.co\/corte\/wp-content\/uploads\/not\/laboral20\/avisos\/20052020aviso88079.pdf\" target=\"_blank\" rel=\"noopener noreferrer\"> T 88079<\/a><br \/>\n<a href=\"https:\/\/cortesuprema.gov.co\/corte\/wp-content\/uploads\/not\/laboral20\/avisos\/20052020aviso59128.pdf\" target=\"_blank\" rel=\"noopener noreferrer\"> T 59128<\/a><\/p>\n<p>19\/05\/2020<\/p>\n<p><a href=\"https:\/\/cortesuprema.gov.co\/corte\/wp-content\/uploads\/not\/laboral20\/avisos\/19052020aviso88297.pdf\" target=\"_blank\" rel=\"noopener noreferrer\"> T 88297<\/a><br \/>\n<a href=\"https:\/\/cortesuprema.gov.co\/corte\/wp-content\/uploads\/not\/laboral20\/avisos\/19052020aviso88183.pdf\" target=\"_blank\" rel=\"noopener noreferrer\"> T 88183<\/a><br \/>\n<a href=\"https:\/\/cortesuprema.gov.co\/corte\/wp-content\/uploads\/not\/laboral20\/avisos\/19052020AVISO88047.pdf\" target=\"_blank\" rel=\"noopener noreferrer\"> T 88047<\/a><br \/>\n<a href=\"https:\/\/cortesuprema.gov.co\/corte\/wp-content\/uploads\/not\/laboral20\/avisos\/19052020aviso88021.pdf\" target=\"_blank\" rel=\"noopener noreferrer\"> T 88021<\/a><br \/>\n<a href=\"https:\/\/cortesuprema.gov.co\/corte\/wp-content\/uploads\/not\/laboral20\/avisos\/19052020aviso88015.pdf\" target=\"_blank\" rel=\"noopener noreferrer\"> T 88015<\/a><br \/>\n<a href=\"https:\/\/cortesuprema.gov.co\/corte\/wp-content\/uploads\/not\/laboral20\/avisos\/19052020aviso87981.pdf\" target=\"_blank\" rel=\"noopener noreferrer\"> T 87981<\/a><br \/>\n<a href=\"https:\/\/cortesuprema.gov.co\/corte\/wp-content\/uploads\/not\/laboral20\/avisos\/19052020aviso87969.pdf\" target=\"_blank\" rel=\"noopener noreferrer\"> T 87969<\/a><br \/>\n<a href=\"https:\/\/cortesuprema.gov.co\/corte\/wp-content\/uploads\/not\/laboral20\/avisos\/19052020aviso87945.pdf\" target=\"_blank\" rel=\"noopener noreferrer\"> T 87945<\/a><br \/>\n<a href=\"https:\/\/cortesuprema.gov.co\/corte\/wp-content\/uploads\/not\/laboral20\/avisos\/19052020aviso87937.pdf\" target=\"_blank\" rel=\"noopener noreferrer\"> T 87937<\/a><br \/>\n<a href=\"https:\/\/cortesuprema.gov.co\/corte\/wp-content\/uploads\/not\/laboral20\/avisos\/19052020aviso87719.pdf\" target=\"_blank\" rel=\"noopener noreferrer\"> T 87719<\/a><br \/>\n<a href=\"https:\/\/cortesuprema.gov.co\/corte\/wp-content\/uploads\/not\/laboral20\/avisos\/19052020aviso59506.pdf\" target=\"_blank\" rel=\"noopener noreferrer\"> T 59506<\/a><br \/>\n<a href=\"https:\/\/cortesuprema.gov.co\/corte\/wp-content\/uploads\/not\/laboral20\/avisos\/19052020aviso59296.pdf\" target=\"_blank\" rel=\"noopener noreferrer\"> T 59296<\/a><br \/>\n<a href=\"https:\/\/cortesuprema.gov.co\/corte\/wp-content\/uploads\/not\/laboral20\/avisos\/19052020AVISO59154.pdf\" target=\"_blank\" rel=\"noopener noreferrer\"> T 59154<\/a><br \/>\n<a href=\"https:\/\/cortesuprema.gov.co\/corte\/wp-content\/uploads\/not\/laboral20\/avisos\/19052020aviso59150.pdf\" target=\"_blank\" rel=\"noopener noreferrer\"> T 59150<\/a><br \/>\n<a href=\"https:\/\/cortesuprema.gov.co\/corte\/wp-content\/uploads\/not\/laboral20\/avisos\/19052020aviso59124.pdf\" target=\"_blank\" rel=\"noopener noreferrer\"> T 59124<\/a><br \/>\n<a href=\"https:\/\/cortesuprema.gov.co\/corte\/wp-content\/uploads\/not\/laboral20\/avisos\/19052020aviso59108.pdf\" target=\"_blank\" rel=\"noopener noreferrer\"> T 59108<\/a><br \/>\n<a href=\"https:\/\/cortesuprema.gov.co\/corte\/wp-content\/uploads\/not\/laboral20\/avisos\/19052020aviso59078.pdf\" target=\"_blank\" rel=\"noopener noreferrer\"> T 59078<\/a><br \/>\n<a href=\"https:\/\/cortesuprema.gov.co\/corte\/wp-content\/uploads\/not\/laboral20\/avisos\/19052020aviso59000.pdf\" target=\"_blank\" rel=\"noopener noreferrer\"> T 59000<\/a><br \/>\n<a href=\"https:\/\/cortesuprema.gov.co\/corte\/wp-content\/uploads\/not\/laboral20\/avisos\/19052020aviso58782.pdf\" target=\"_blank\" rel=\"noopener noreferrer\"> T 58782<\/a><br \/>\n<a href=\"https:\/\/cortesuprema.gov.co\/corte\/wp-content\/uploads\/not\/laboral20\/avisos\/19052020aviso58030.pdf\" target=\"_blank\" rel=\"noopener noreferrer\"> T 58030<\/a><br \/>\n<a href=\"https:\/\/cortesuprema.gov.co\/corte\/wp-content\/uploads\/not\/laboral20\/avisos\/19052020aviso57464.pdf\" target=\"_blank\" rel=\"noopener noreferrer\"> T 57464<\/a><\/p>\n<p>18\/05\/2020<\/p>\n<p><a href=\"https:\/\/cortesuprema.gov.co\/corte\/wp-content\/uploads\/not\/laboral20\/avisos\/18052020aviso88827.pdf\" target=\"_blank\" rel=\"noopener noreferrer\"> T 88827<\/a><br \/>\n<a href=\"https:\/\/cortesuprema.gov.co\/corte\/wp-content\/uploads\/not\/laboral20\/avisos\/18052020aviso59498.pdf\" target=\"_blank\" rel=\"noopener noreferrer\"> T 59498<\/a><br \/>\n<a href=\"https:\/\/cortesuprema.gov.co\/corte\/wp-content\/uploads\/not\/laboral20\/avisos\/18052020aviso59020.pdf\" target=\"_blank\" rel=\"noopener noreferrer\"> T 59020<\/a><br \/>\n<a href=\"https:\/\/cortesuprema.gov.co\/corte\/wp-content\/uploads\/not\/laboral20\/avisos\/18052020aviso58628.pdf\" target=\"_blank\" rel=\"noopener noreferrer\"> T 58628<\/a><\/p>\n<\/div><\/div> <div class=\"su-column su-column-size-1-4\"><div class=\"su-column-inner su-u-clearfix su-u-trim\">\n<p><em><strong>Avisos<\/strong><\/em><\/p>\n<p>15\/05\/2020<\/p>\n<p><a href=\"https:\/\/cortesuprema.gov.co\/corte\/wp-content\/uploads\/not\/laboral20\/avisos\/15052020AVISO88807.pdf\" target=\"_blank\" rel=\"noopener noreferrer\"> T 88807<\/a><br \/>\n<a href=\"https:\/\/cortesuprema.gov.co\/corte\/wp-content\/uploads\/not\/laboral20\/avisos\/15052020aviso88589.pdf\" target=\"_blank\" rel=\"noopener noreferrer\"> T 88589<\/a><br \/>\n<a href=\"https:\/\/cortesuprema.gov.co\/corte\/wp-content\/uploads\/not\/laboral20\/avisos\/15052020aviso88579.pdf\" target=\"_blank\" rel=\"noopener noreferrer\"> T 88579<\/a><br \/>\n<a href=\"https:\/\/cortesuprema.gov.co\/corte\/wp-content\/uploads\/not\/laboral20\/avisos\/15052020aviso88397.pdf\" target=\"_blank\" rel=\"noopener noreferrer\"> T 88397<\/a><br \/>\n<a href=\"https:\/\/cortesuprema.gov.co\/corte\/wp-content\/uploads\/not\/laboral20\/avisos\/15052020AVISO88119.pdf\" target=\"_blank\" rel=\"noopener noreferrer\"> T 88119<\/a><br \/>\n<a href=\"https:\/\/cortesuprema.gov.co\/corte\/wp-content\/uploads\/not\/laboral20\/avisos\/15052020AVISO87471.pdf\" target=\"_blank\" rel=\"noopener noreferrer\"> T 87471<\/a><br \/>\n<a href=\"https:\/\/cortesuprema.gov.co\/corte\/wp-content\/uploads\/not\/laboral20\/avisos\/15052020AVISO59396.pdf\" target=\"_blank\" rel=\"noopener noreferrer\"> T 59396<\/a><br \/>\n<a href=\"https:\/\/cortesuprema.gov.co\/corte\/wp-content\/uploads\/not\/laboral20\/avisos\/15052020aviso58408.pdf\" target=\"_blank\" rel=\"noopener noreferrer\"> T 58408<\/a><br \/>\n<a href=\"https:\/\/cortesuprema.gov.co\/corte\/wp-content\/uploads\/not\/laboral20\/avisos\/15052020AVISO58390.pdf\" target=\"_blank\" rel=\"noopener noreferrer\"> T 58390<\/a><br \/>\n<a href=\"https:\/\/cortesuprema.gov.co\/corte\/wp-content\/uploads\/not\/laboral20\/avisos\/15052020AVISO58354.pdf\" target=\"_blank\" rel=\"noopener noreferrer\"> T 58354<\/a><br \/>\n<a href=\"https:\/\/cortesuprema.gov.co\/corte\/wp-content\/uploads\/not\/laboral20\/avisos\/15052020AVISO2019-00777.pdf\" target=\"_blank\" rel=\"noopener noreferrer\"> T 2019-00777<\/a><\/p>\n<p>14\/05\/2020<\/p>\n<p><a href=\"https:\/\/cortesuprema.gov.co\/corte\/wp-content\/uploads\/not\/laboral20\/avisos\/14052020aviso88659.pdf\" target=\"_blank\" rel=\"noopener noreferrer\"> T 88659<\/a><br \/>\n<a href=\"https:\/\/cortesuprema.gov.co\/corte\/wp-content\/uploads\/not\/laboral20\/avisos\/14052020aviso88601.pdf\" target=\"_blank\" rel=\"noopener noreferrer\"> T 88601<\/a><br \/>\n<a href=\"https:\/\/cortesuprema.gov.co\/corte\/wp-content\/uploads\/not\/laboral20\/avisos\/14052020aviso88363.pdf\" target=\"_blank\" rel=\"noopener noreferrer\"> T 88363<\/a><br \/>\n<a href=\"https:\/\/cortesuprema.gov.co\/corte\/wp-content\/uploads\/not\/laboral20\/avisos\/14052020aviso87909.pdf\" target=\"_blank\" rel=\"noopener noreferrer\"> T 87909<\/a><br \/>\n<a href=\"https:\/\/cortesuprema.gov.co\/corte\/wp-content\/uploads\/not\/laboral20\/avisos\/14052020aviso87905.pdf\" target=\"_blank\" rel=\"noopener noreferrer\"> T 87905<\/a><br \/>\n<a href=\"https:\/\/cortesuprema.gov.co\/corte\/wp-content\/uploads\/not\/laboral20\/avisos\/14052020aviso87861.pdf\" target=\"_blank\" rel=\"noopener noreferrer\"> T 87861<\/a><br \/>\n<a href=\"https:\/\/cortesuprema.gov.co\/corte\/wp-content\/uploads\/not\/laboral20\/avisos\/14052020AVISO86823.pdf\" target=\"_blank\" rel=\"noopener noreferrer\"> T 86823<\/a><br \/>\n<a href=\"https:\/\/cortesuprema.gov.co\/corte\/wp-content\/uploads\/not\/laboral20\/avisos\/14052020aviso86585.pdf\" target=\"_blank\" rel=\"noopener noreferrer\"> T 86585<\/a><br \/>\n<a href=\"https:\/\/cortesuprema.gov.co\/corte\/wp-content\/uploads\/not\/laboral20\/avisos\/14052020aviso58740.pdf\" target=\"_blank\" rel=\"noopener noreferrer\"> T 58740<\/a><br \/>\n<a href=\"https:\/\/cortesuprema.gov.co\/corte\/wp-content\/uploads\/not\/laboral20\/avisos\/14052020aviso57458.pdf\" target=\"_blank\" rel=\"noopener noreferrer\"> T 57458<\/a><br \/>\n<a href=\"https:\/\/cortesuprema.gov.co\/corte\/wp-content\/uploads\/not\/laboral20\/avisos\/14052020aviso59480.pdf\" target=\"_blank\" rel=\"noopener noreferrer\"> T 59480<\/a> &#8211; <a href=\"https:\/\/cortesuprema.gov.co\/corte\/wp-content\/uploads\/not\/laboral20\/avisos\/59480admite14052020.pdf\">Ver providencia<\/a><\/p>\n<p>13\/05\/2020<\/p>\n<p><a href=\"https:\/\/cortesuprema.gov.co\/corte\/wp-content\/uploads\/not\/laboral20\/avisos\/13052020aviso88531.pdf\" target=\"_blank\" rel=\"noopener noreferrer\"> T 88531<\/a><br \/>\n<a href=\"https:\/\/cortesuprema.gov.co\/corte\/wp-content\/uploads\/not\/laboral20\/avisos\/13052020aviso88501.pdf\" target=\"_blank\" rel=\"noopener noreferrer\"> T 88501<\/a><br \/>\n<a href=\"https:\/\/cortesuprema.gov.co\/corte\/wp-content\/uploads\/not\/laboral20\/avisos\/13052020aviso88499.pdf\" target=\"_blank\" rel=\"noopener noreferrer\"> T 88499<\/a><br \/>\n<a href=\"https:\/\/cortesuprema.gov.co\/corte\/wp-content\/uploads\/not\/laboral20\/avisos\/13052020aviso88349.pdf\" target=\"_blank\" rel=\"noopener noreferrer\"> T 88349<\/a><br \/>\n<a href=\"https:\/\/cortesuprema.gov.co\/corte\/wp-content\/uploads\/not\/laboral20\/avisos\/13052020aviso87955.pdf\" target=\"_blank\" rel=\"noopener noreferrer\"> T 87955<\/a><br \/>\n<a href=\"https:\/\/cortesuprema.gov.co\/corte\/wp-content\/uploads\/not\/laboral20\/avisos\/13052020aviso87831.pdf\" target=\"_blank\" rel=\"noopener noreferrer\"> T 87831<\/a><br \/>\n<a href=\"https:\/\/cortesuprema.gov.co\/corte\/wp-content\/uploads\/not\/laboral20\/avisos\/13052020aviso87729.pdf\" target=\"_blank\" rel=\"noopener noreferrer\"> T 87729<\/a><br \/>\n<a href=\"https:\/\/cortesuprema.gov.co\/corte\/wp-content\/uploads\/not\/laboral20\/avisos\/13052020aviso87619.pdf\" target=\"_blank\" rel=\"noopener noreferrer\"> T 87619<\/a><br \/>\n<a href=\"https:\/\/cortesuprema.gov.co\/corte\/wp-content\/uploads\/not\/laboral20\/avisos\/13052020aviso87593.pdf\" target=\"_blank\" rel=\"noopener noreferrer\"> T 87593<\/a><br \/>\n<a href=\"https:\/\/cortesuprema.gov.co\/corte\/wp-content\/uploads\/not\/laboral20\/avisos\/13052020aviso87401.pdf\" target=\"_blank\" rel=\"noopener noreferrer\"> T 87401<\/a><br \/>\n<a href=\"https:\/\/cortesuprema.gov.co\/corte\/wp-content\/uploads\/not\/laboral20\/avisos\/13052020aviso2020-00287.pdf\" target=\"_blank\" rel=\"noopener noreferrer\"> T 2020-00287<\/a><\/p>\n<p>12\/05\/2020<\/p>\n<p><a href=\"https:\/\/cortesuprema.gov.co\/corte\/wp-content\/uploads\/not\/laboral20\/avisos\/12052020aviso88193.pdf\" target=\"_blank\" rel=\"noopener noreferrer\"> T 88193<\/a><br \/>\n<a href=\"https:\/\/cortesuprema.gov.co\/corte\/wp-content\/uploads\/not\/laboral20\/avisos\/12052020aviso88163.pdf\" target=\"_blank\" rel=\"noopener noreferrer\"> T 88163<\/a><br \/>\n<a href=\"https:\/\/cortesuprema.gov.co\/corte\/wp-content\/uploads\/not\/laboral20\/avisos\/12052020aviso59446.pdf\" target=\"_blank\" rel=\"noopener noreferrer\"> T 59446<\/a> &#8211; <a href=\"https:\/\/cortesuprema.gov.co\/corte\/wp-content\/uploads\/not\/laboral20\/avisos\/12052020admite59446.pdf\" target=\"_blank\" rel=\"noopener noreferrer\">Ver providencia<\/a><br \/>\n<a href=\"https:\/\/cortesuprema.gov.co\/corte\/wp-content\/uploads\/not\/laboral20\/avisos\/12052020aviso2019-392.pdf\" target=\"_blank\" rel=\"noopener noreferrer\"> T 2019-392<\/a> &#8211; <a href=\"https:\/\/cortesuprema.gov.co\/corte\/wp-content\/uploads\/not\/laboral20\/avisos\/12052020auto2019-392.pdf\" target=\"_blank\" rel=\"noopener noreferrer\">Ver providencia<\/a> &#8211; <a href=\"https:\/\/cortesuprema.gov.co\/corte\/wp-content\/uploads\/not\/laboral20\/avisos\/12052020texto2019-392.pdf\" target=\"_blank\" rel=\"noopener noreferrer\">Ver escrito tutela<\/a><br \/>\n<a href=\"https:\/\/cortesuprema.gov.co\/corte\/wp-content\/uploads\/not\/laboral20\/avisos\/120520aviso59340.pdf\" target=\"_blank\" rel=\"noopener noreferrer\"> T 59340<\/a> &#8211; <a href=\"https:\/\/cortesuprema.gov.co\/corte\/wp-content\/uploads\/not\/laboral20\/avisos\/12052020admite59340.pdf\" target=\"_blank\" rel=\"noopener noreferrer\">Ver providencia<\/a> &#8211; <a href=\"https:\/\/cortesuprema.gov.co\/corte\/wp-content\/uploads\/not\/laboral20\/avisos\/12052020escrito59340.pdf\" target=\"_blank\" rel=\"noopener noreferrer\">Ver escrito tutela<\/a><\/p>\n<p>11\/05\/2020<\/p>\n<p><a href=\"https:\/\/cortesuprema.gov.co\/corte\/wp-content\/uploads\/not\/laboral20\/avisos\/11052020AVISO59410.pdf\" target=\"_blank\" rel=\"noopener noreferrer\">T59410<\/a> &#8211; <a href=\"https:\/\/cortesuprema.gov.co\/corte\/wp-content\/uploads\/not\/laboral20\/avisos\/59410admite11052020.pdf\" target=\"_blank\" rel=\"noopener noreferrer\">Ver providencia<\/a>\u00a0 &#8211; <a href=\"https:\/\/cortesuprema.gov.co\/corte\/wp-content\/uploads\/not\/laboral20\/avisos\/59410texto11052020.pdf\" target=\"_blank\" rel=\"noopener noreferrer\">Ver escrito tutela<\/a><br \/>\n<a href=\"https:\/\/cortesuprema.gov.co\/corte\/wp-content\/uploads\/not\/laboral20\/avisos\/11052020aviso88129.pdf\" target=\"_blank\" rel=\"noopener noreferrer\"> T 88129<\/a><br \/>\n<a href=\"https:\/\/cortesuprema.gov.co\/corte\/wp-content\/uploads\/not\/laboral20\/avisos\/11052020aviso87971.pdf\" target=\"_blank\" rel=\"noopener noreferrer\"> T 87971<\/a><br \/>\n<a href=\"https:\/\/cortesuprema.gov.co\/corte\/wp-content\/uploads\/not\/laboral20\/avisos\/11052020aviso87957.pdf\" target=\"_blank\" rel=\"noopener noreferrer\"> T 87957<\/a><br \/>\n<a href=\"https:\/\/cortesuprema.gov.co\/corte\/wp-content\/uploads\/not\/laboral20\/avisos\/11052020AVISO87853.pdf\" target=\"_blank\" rel=\"noopener noreferrer\"> T 87853<\/a><br \/>\n<a href=\"https:\/\/cortesuprema.gov.co\/corte\/wp-content\/uploads\/not\/laboral20\/avisos\/11052020AVISO87839.pdf\" target=\"_blank\" rel=\"noopener noreferrer\"> T 87839<\/a><br \/>\n<a href=\"https:\/\/cortesuprema.gov.co\/corte\/wp-content\/uploads\/not\/laboral20\/avisos\/11052020AVISO87807.pdf\" target=\"_blank\" rel=\"noopener noreferrer\"> T 87807<\/a><br \/>\n<a href=\"https:\/\/cortesuprema.gov.co\/corte\/wp-content\/uploads\/not\/laboral20\/avisos\/11052020AVISO87769.pdf\" target=\"_blank\" rel=\"noopener noreferrer\"> T 87769<\/a><br \/>\n<a href=\"https:\/\/cortesuprema.gov.co\/corte\/wp-content\/uploads\/not\/laboral20\/avisos\/11052020aviso59206.pdf\" target=\"_blank\" rel=\"noopener noreferrer\"> T 59206<\/a><br \/>\n<a href=\"https:\/\/cortesuprema.gov.co\/corte\/wp-content\/uploads\/not\/laboral20\/avisos\/11052020aviso59100.pdf\" target=\"_blank\" rel=\"noopener noreferrer\"> T 59100<\/a><\/p>\n<p>08\/05\/2020<\/p>\n<p><a href=\"https:\/\/cortesuprema.gov.co\/corte\/wp-content\/uploads\/not\/laboral20\/avisos\/08052020aviso88583.pdf\" target=\"_blank\" rel=\"noopener noreferrer\"> T 88583<\/a><br \/>\n<a href=\"https:\/\/cortesuprema.gov.co\/corte\/wp-content\/uploads\/not\/laboral20\/avisos\/08052020aviso88529.pdf\" target=\"_blank\" rel=\"noopener noreferrer\"> T 88529<\/a><br \/>\n<a href=\"https:\/\/cortesuprema.gov.co\/corte\/wp-content\/uploads\/not\/laboral20\/avisos\/08052020aviso88403.pdf\" target=\"_blank\" rel=\"noopener noreferrer\"> T 88403<\/a><br \/>\n<a href=\"https:\/\/cortesuprema.gov.co\/corte\/wp-content\/uploads\/not\/laboral20\/avisos\/08052020aviso88381.pdf\" target=\"_blank\" rel=\"noopener noreferrer\"> T 88381<\/a><br \/>\n<a href=\"https:\/\/cortesuprema.gov.co\/corte\/wp-content\/uploads\/not\/laboral20\/avisos\/08052020aviso88373.pdf\" target=\"_blank\" rel=\"noopener noreferrer\"> T 88373<\/a><br \/>\n<a href=\"https:\/\/cortesuprema.gov.co\/corte\/wp-content\/uploads\/not\/laboral20\/avisos\/08052020AVISO88207.pdf\" target=\"_blank\" rel=\"noopener noreferrer\"> T 88207<\/a><br \/>\n<a href=\"https:\/\/cortesuprema.gov.co\/corte\/wp-content\/uploads\/not\/laboral20\/avisos\/08052020AVISO87755.pdf\" target=\"_blank\" rel=\"noopener noreferrer\"> T 87755<\/a><br \/>\n<a href=\"https:\/\/cortesuprema.gov.co\/corte\/wp-content\/uploads\/not\/laboral20\/avisos\/08052020AVISO87617.pdf\" target=\"_blank\" rel=\"noopener noreferrer\"> T 87617<\/a><br \/>\n<a href=\"https:\/\/cortesuprema.gov.co\/corte\/wp-content\/uploads\/not\/laboral20\/avisos\/08052020AVISO87535.pdf\" target=\"_blank\" rel=\"noopener noreferrer\"> T 87535<\/a><br \/>\n<a href=\"https:\/\/cortesuprema.gov.co\/corte\/wp-content\/uploads\/not\/laboral20\/avisos\/08052020AVISO87449.pdf\" target=\"_blank\" rel=\"noopener noreferrer\"> T 87449<\/a><br \/>\n<a href=\"https:\/\/cortesuprema.gov.co\/corte\/wp-content\/uploads\/not\/laboral20\/avisos\/08052020AVISO87373.pdf\" target=\"_blank\" rel=\"noopener noreferrer\"> T 87373<\/a><br \/>\n<a href=\"https:\/\/cortesuprema.gov.co\/corte\/wp-content\/uploads\/not\/laboral20\/avisos\/08052020AVISO87321.pdf\" target=\"_blank\" rel=\"noopener noreferrer\"> T 87321<\/a><br \/>\n<a href=\"https:\/\/cortesuprema.gov.co\/corte\/wp-content\/uploads\/not\/laboral20\/avisos\/08052020aviso59142.pdf\" target=\"_blank\" rel=\"noopener noreferrer\"> T 59142<\/a><br \/>\n<a href=\"https:\/\/cortesuprema.gov.co\/corte\/wp-content\/uploads\/not\/laboral20\/avisos\/08052020aviso58704.pdf\" target=\"_blank\" rel=\"noopener noreferrer\"> T 58704<\/a><br \/>\n<a href=\"https:\/\/cortesuprema.gov.co\/corte\/wp-content\/uploads\/not\/laboral20\/avisos\/08052020aviso58490.pdf\" target=\"_blank\" rel=\"noopener noreferrer\"> T 58490<\/a><br \/>\n<a href=\"https:\/\/cortesuprema.gov.co\/corte\/wp-content\/uploads\/not\/laboral20\/avisos\/08052020aviso58444.pdf\" target=\"_blank\" rel=\"noopener noreferrer\"> T 58444<\/a><br \/>\n<a href=\"https:\/\/cortesuprema.gov.co\/corte\/wp-content\/uploads\/not\/laboral20\/avisos\/08052020aviso 88687.pdf\" target=\"_blank\" rel=\"noopener noreferrer\"> T 88687<\/a><br \/>\n<a href=\"https:\/\/cortesuprema.gov.co\/corte\/wp-content\/uploads\/not\/laboral20\/avisos\/08052020aviso88543.pdf\" target=\"_blank\" rel=\"noopener noreferrer\"> T 88543<\/a><\/p>\n<p>07\/05\/2020<\/p>\n<p><a href=\"https:\/\/cortesuprema.gov.co\/corte\/wp-content\/uploads\/not\/laboral20\/avisos\/07052020aviso88491.pdf\" target=\"_blank\" rel=\"noopener noreferrer\"> T 88491<\/a><br \/>\n<a href=\"https:\/\/cortesuprema.gov.co\/corte\/wp-content\/uploads\/not\/laboral20\/avisos\/07052020aviso88449.pdf\" target=\"_blank\" rel=\"noopener noreferrer\"> T 88449<\/a><br \/>\n<a href=\"https:\/\/cortesuprema.gov.co\/corte\/wp-content\/uploads\/not\/laboral20\/avisos\/07052020aviso88427.pdf\" target=\"_blank\" rel=\"noopener noreferrer\"> T 88427<\/a><br \/>\n<a href=\"https:\/\/cortesuprema.gov.co\/corte\/wp-content\/uploads\/not\/laboral20\/avisos\/07052020aviso88063.pdf\" target=\"_blank\" rel=\"noopener noreferrer\"> T 88063<\/a><br \/>\n<a href=\"https:\/\/cortesuprema.gov.co\/corte\/wp-content\/uploads\/not\/laboral20\/avisos\/07052020aviso59416.pdf\" target=\"_blank\" rel=\"noopener noreferrer\"> T 59416<\/a><br \/>\n<a href=\"https:\/\/cortesuprema.gov.co\/corte\/wp-content\/uploads\/not\/laboral20\/avisos\/07052020AVISO59342.pdf\" target=\"_blank\" rel=\"noopener noreferrer\"> T 59342<\/a><br \/>\n<a href=\"https:\/\/cortesuprema.gov.co\/corte\/wp-content\/uploads\/not\/laboral20\/avisos\/07052020AVISO59150.pdf\" target=\"_blank\" rel=\"noopener noreferrer\"> T 59150<\/a><br \/>\n<a href=\"https:\/\/cortesuprema.gov.co\/corte\/wp-content\/uploads\/not\/laboral20\/avisos\/07052020aviso58290.pdf\" target=\"_blank\" rel=\"noopener noreferrer\"> T 58290<\/a><br \/>\n<a href=\"https:\/\/cortesuprema.gov.co\/corte\/wp-content\/uploads\/not\/laboral20\/avisos\/07052020aviso59276.pdf\" target=\"_blank\" rel=\"noopener noreferrer\"> T 59276<\/a><br \/>\n<a href=\"https:\/\/cortesuprema.gov.co\/corte\/wp-content\/uploads\/not\/laboral20\/avisos\/07052020aviso88751.pdf\" target=\"_blank\" rel=\"noopener noreferrer\"> T 88751<\/a><\/p>\n<p>06\/05\/2020<\/p>\n<p><a href=\"https:\/\/cortesuprema.gov.co\/corte\/wp-content\/uploads\/not\/laboral20\/avisos\/06052020AVISO88767.pdf\" target=\"_blank\" rel=\"noopener noreferrer\"> T 88767<\/a><br \/>\n<a href=\"https:\/\/cortesuprema.gov.co\/corte\/wp-content\/uploads\/not\/laboral20\/avisos\/06052020aviso88223.pdf\" target=\"_blank\" rel=\"noopener noreferrer\"> T 88223<\/a><br \/>\n<a href=\"https:\/\/cortesuprema.gov.co\/corte\/wp-content\/uploads\/not\/laboral20\/avisos\/06052020aviso88105.pdf\" target=\"_blank\" rel=\"noopener noreferrer\"> T 88105<\/a><br \/>\n<a href=\"https:\/\/cortesuprema.gov.co\/corte\/wp-content\/uploads\/not\/laboral20\/avisos\/06052020aviso59404.pdf\" target=\"_blank\" rel=\"noopener noreferrer\"> T 59404<\/a><br \/>\n<a href=\"https:\/\/cortesuprema.gov.co\/corte\/wp-content\/uploads\/not\/laboral20\/avisos\/06052020aviso59302.pdf\" target=\"_blank\" rel=\"noopener noreferrer\"> T 59302<\/a><br \/>\n<a href=\"https:\/\/cortesuprema.gov.co\/corte\/wp-content\/uploads\/not\/laboral20\/avisos\/06052020aviso59222.pdf\" target=\"_blank\" rel=\"noopener noreferrer\"> T 59222<\/a><br \/>\n<a href=\"https:\/\/cortesuprema.gov.co\/corte\/wp-content\/uploads\/not\/laboral20\/avisos\/06052020aviso59192.pdf\" target=\"_blank\" rel=\"noopener noreferrer\"> T 59192<\/a><br \/>\n<a href=\"https:\/\/cortesuprema.gov.co\/corte\/wp-content\/uploads\/not\/laboral20\/avisos\/06052020aviso59182.pdf\" target=\"_blank\" rel=\"noopener noreferrer\"> T 59182<\/a><br \/>\n<a href=\"https:\/\/cortesuprema.gov.co\/corte\/wp-content\/uploads\/not\/laboral20\/avisos\/06052020AVISO59174.pdf\" target=\"_blank\" rel=\"noopener noreferrer\"> T 59174<\/a><br \/>\n<a href=\"https:\/\/cortesuprema.gov.co\/corte\/wp-content\/uploads\/not\/laboral20\/avisos\/06052020AVISO59172.pdf\" target=\"_blank\" rel=\"noopener noreferrer\"> T 59172<\/a><br \/>\n<a href=\"https:\/\/cortesuprema.gov.co\/corte\/wp-content\/uploads\/not\/laboral20\/avisos\/06052020AVISO59162.pdf\" target=\"_blank\" rel=\"noopener noreferrer\"> T 59162<\/a><br \/>\n<a href=\"https:\/\/cortesuprema.gov.co\/corte\/wp-content\/uploads\/not\/laboral20\/avisos\/06052020aviso59158.pdf\" target=\"_blank\" rel=\"noopener noreferrer\"> T 59158<\/a><br \/>\n<a href=\"https:\/\/cortesuprema.gov.co\/corte\/wp-content\/uploads\/not\/laboral20\/avisos\/06052020aviso59156.pdf\" target=\"_blank\" rel=\"noopener noreferrer\"> T 59156<\/a><br \/>\n<a href=\"https:\/\/cortesuprema.gov.co\/corte\/wp-content\/uploads\/not\/laboral20\/avisos\/06052020AVISO59154.pdf\" target=\"_blank\" rel=\"noopener noreferrer\"> T 59154<\/a><br \/>\n<a href=\"https:\/\/cortesuprema.gov.co\/corte\/wp-content\/uploads\/not\/laboral20\/avisos\/06052020aviso59148.pdf\" target=\"_blank\" rel=\"noopener noreferrer\"> T 59148<\/a><br \/>\n<a href=\"https:\/\/cortesuprema.gov.co\/corte\/wp-content\/uploads\/not\/laboral20\/avisos\/06052020AVISO59140.pdf\" target=\"_blank\" rel=\"noopener noreferrer\"> T 59140<\/a><br \/>\n<a href=\"https:\/\/cortesuprema.gov.co\/corte\/wp-content\/uploads\/not\/laboral20\/avisos\/06052020aviso59134.pdf\" target=\"_blank\" rel=\"noopener noreferrer\"> T 59134<\/a><br \/>\n<a href=\"https:\/\/cortesuprema.gov.co\/corte\/wp-content\/uploads\/not\/laboral20\/avisos\/06052020aviso59130.pdf\" target=\"_blank\" rel=\"noopener noreferrer\"> T 59130<\/a><br \/>\n<a href=\"https:\/\/cortesuprema.gov.co\/corte\/wp-content\/uploads\/not\/laboral20\/avisos\/06052020AVISO59126.pdf\" target=\"_blank\" rel=\"noopener noreferrer\"> T 59126<\/a><br \/>\n<a href=\"https:\/\/cortesuprema.gov.co\/corte\/wp-content\/uploads\/not\/laboral20\/avisos\/06052020AVISO59122.pdf\" target=\"_blank\" rel=\"noopener noreferrer\"> T 59122<\/a><br \/>\n<a href=\"https:\/\/cortesuprema.gov.co\/corte\/wp-content\/uploads\/not\/laboral20\/avisos\/06052020AVISO59086.pdf\" target=\"_blank\" rel=\"noopener noreferrer\"> T 59086<\/a><br \/>\n<a href=\"https:\/\/cortesuprema.gov.co\/corte\/wp-content\/uploads\/not\/laboral20\/avisos\/06052020aviso59034.pdf\" target=\"_blank\" rel=\"noopener noreferrer\"> T 59034<\/a><br \/>\n<a href=\"https:\/\/cortesuprema.gov.co\/corte\/wp-content\/uploads\/not\/laboral20\/avisos\/06052020AVISO58960.pdf\" target=\"_blank\" rel=\"noopener noreferrer\"> T 58960<\/a><br \/>\n<a href=\"https:\/\/cortesuprema.gov.co\/corte\/wp-content\/uploads\/not\/laboral20\/avisos\/06052020AVISO58934.pdf\" target=\"_blank\" rel=\"noopener noreferrer\"> T 58934<\/a><br \/>\n<a href=\"https:\/\/cortesuprema.gov.co\/corte\/wp-content\/uploads\/not\/laboral20\/avisos\/06052020AVISO58924.pdf\" target=\"_blank\" rel=\"noopener noreferrer\"> T 58924<\/a><br \/>\n<a href=\"https:\/\/cortesuprema.gov.co\/corte\/wp-content\/uploads\/not\/laboral20\/avisos\/06052020AVISO58922.pdf\" target=\"_blank\" rel=\"noopener noreferrer\"> T 58922<\/a><br \/>\n<a href=\"https:\/\/cortesuprema.gov.co\/corte\/wp-content\/uploads\/not\/laboral20\/avisos\/06052020AVISO58820.pdf\" target=\"_blank\" rel=\"noopener noreferrer\"> T 58820<\/a><br \/>\n<a href=\"https:\/\/cortesuprema.gov.co\/corte\/wp-content\/uploads\/not\/laboral20\/avisos\/06052020AVISO58770.pdf\" target=\"_blank\" rel=\"noopener noreferrer\"> T 58770<\/a><br \/>\n<a href=\"https:\/\/cortesuprema.gov.co\/corte\/wp-content\/uploads\/not\/laboral20\/avisos\/06052020AVISO58616.pdf\" target=\"_blank\" rel=\"noopener noreferrer\"> T 58616<\/a><br \/>\n<a href=\"https:\/\/cortesuprema.gov.co\/corte\/wp-content\/uploads\/not\/laboral20\/avisos\/06052020AVISO58536.pdf\" target=\"_blank\" rel=\"noopener noreferrer\"> T 58536<\/a><br \/>\n<a href=\"https:\/\/cortesuprema.gov.co\/corte\/wp-content\/uploads\/not\/laboral20\/avisos\/06052020AVISO58350.pdf\" target=\"_blank\" rel=\"noopener noreferrer\"> T 58350<\/a><br \/>\n<a href=\"https:\/\/cortesuprema.gov.co\/corte\/wp-content\/uploads\/not\/laboral20\/avisos\/06052020AVISO58260.pdf\" target=\"_blank\" rel=\"noopener noreferrer\"> T 58260<\/a><br \/>\n<a href=\"https:\/\/cortesuprema.gov.co\/corte\/wp-content\/uploads\/not\/laboral20\/avisos\/06052020AVISO58258.pdf\" target=\"_blank\" rel=\"noopener noreferrer\"> T 58258<\/a><br \/>\n<a href=\"https:\/\/cortesuprema.gov.co\/corte\/wp-content\/uploads\/not\/laboral20\/avisos\/06052020aviso2020-00138.pdf\" target=\"_blank\" rel=\"noopener noreferrer\"> T 2020-00138<\/a><br \/>\n<a href=\"https:\/\/cortesuprema.gov.co\/corte\/wp-content\/uploads\/not\/laboral20\/avisos\/06052020aviso88247.pdf\" target=\"_blank\" rel=\"noopener noreferrer\"> T 88247<\/a><\/p>\n<p>05\/05\/2020<\/p>\n<p><a href=\"https:\/\/cortesuprema.gov.co\/corte\/wp-content\/uploads\/not\/laboral20\/avisos\/05052020aviso59396.pdf\" target=\"_blank\" rel=\"noopener noreferrer\">T 59396<\/a> &#8211; <a href=\"https:\/\/cortesuprema.gov.co\/corte\/wp-content\/uploads\/not\/laboral20\/avisos\/05052020admite59396.pdf\" target=\"_blank\" rel=\"noopener noreferrer\">ver providencia<\/a> &#8211; <a href=\"https:\/\/cortesuprema.gov.co\/corte\/wp-content\/uploads\/not\/laboral20\/avisos\/05052020texto59396.pdf\" target=\"_blank\" rel=\"noopener noreferrer\">ver texto<\/a><br \/>\n<a href=\"https:\/\/cortesuprema.gov.co\/corte\/wp-content\/uploads\/not\/laboral20\/avisos\/05052020AVISO2020139.pdf\" target=\"_blank\" rel=\"noopener noreferrer\">T 2020139<\/a><br \/>\n<a href=\"https:\/\/cortesuprema.gov.co\/corte\/wp-content\/uploads\/not\/laboral20\/avisos\/05052020aviso88763.pdf\" target=\"_blank\" rel=\"noopener noreferrer\"> T 88763<\/a><br \/>\n<a href=\"https:\/\/cortesuprema.gov.co\/corte\/wp-content\/uploads\/not\/laboral20\/avisos\/05052020aviso88733.pdf\" target=\"_blank\" rel=\"noopener noreferrer\"> T 88733<\/a><br \/>\n<a href=\"https:\/\/cortesuprema.gov.co\/corte\/wp-content\/uploads\/not\/laboral20\/avisos\/05052020aviso88661.pdf\" target=\"_blank\" rel=\"noopener noreferrer\"> T 88661<\/a><br \/>\n<a href=\"https:\/\/cortesuprema.gov.co\/corte\/wp-content\/uploads\/not\/laboral20\/avisos\/05052020aviso88647.pdf\" target=\"_blank\" rel=\"noopener noreferrer\"> T 88647<\/a><br \/>\n<a href=\"https:\/\/cortesuprema.gov.co\/corte\/wp-content\/uploads\/not\/laboral20\/avisos\/05052020aviso88609.pdf\" target=\"_blank\" rel=\"noopener noreferrer\"> T 88609<\/a><br \/>\n<a href=\"https:\/\/cortesuprema.gov.co\/corte\/wp-content\/uploads\/not\/laboral20\/avisos\/05052020aviso88477.pdf\" target=\"_blank\" rel=\"noopener noreferrer\"> T 88477<\/a><br \/>\n<a href=\"https:\/\/cortesuprema.gov.co\/corte\/wp-content\/uploads\/not\/laboral20\/avisos\/05052020aviso88395.pdf\" target=\"_blank\" rel=\"noopener noreferrer\"> T 88395<\/a><br \/>\n<a href=\"https:\/\/cortesuprema.gov.co\/corte\/wp-content\/uploads\/not\/laboral20\/avisos\/05052020aviso88379.pdf\" target=\"_blank\" rel=\"noopener noreferrer\"> T 88379<\/a><br \/>\n<a href=\"https:\/\/cortesuprema.gov.co\/corte\/wp-content\/uploads\/not\/laboral20\/avisos\/05052020aviso88357.pdf\" target=\"_blank\" rel=\"noopener noreferrer\"> T 88357<\/a><br \/>\n<a href=\"https:\/\/cortesuprema.gov.co\/corte\/wp-content\/uploads\/not\/laboral20\/avisos\/05052020aviso88339.pdf\" target=\"_blank\" rel=\"noopener noreferrer\"> T 88339<\/a><br \/>\n<a href=\"https:\/\/cortesuprema.gov.co\/corte\/wp-content\/uploads\/not\/laboral20\/avisos\/05052020aviso88181.pdf\" target=\"_blank\" rel=\"noopener noreferrer\"> T 88181<\/a><br \/>\n<a href=\"https:\/\/cortesuprema.gov.co\/corte\/wp-content\/uploads\/not\/laboral20\/avisos\/05052020aviso58988.pdf\" target=\"_blank\" rel=\"noopener noreferrer\"> T 58988<\/a><br \/>\n<a href=\"https:\/\/cortesuprema.gov.co\/corte\/wp-content\/uploads\/not\/laboral20\/avisos\/05052020AVISO58224.pdf\" target=\"_blank\" rel=\"noopener noreferrer\"> T 58224<\/a><br \/>\n<a href=\"https:\/\/cortesuprema.gov.co\/corte\/wp-content\/uploads\/not\/laboral20\/avisos\/05052020AVISO57780.pdf\" target=\"_blank\" rel=\"noopener noreferrer\"> T 57780<\/a><\/p>\n<p>&nbsp;<\/p>\n<\/div><\/div> <div class=\"su-column su-column-size-1-4\"><div class=\"su-column-inner su-u-clearfix su-u-trim\">\n<p><strong>Avisos<\/strong><\/p>\n<p>&nbsp;<\/p>\n<p>04\/05\/2020<\/p>\n<p><a href=\"https:\/\/cortesuprema.gov.co\/corte\/wp-content\/uploads\/not\/laboral20\/avisos\/04052020aviso202000049.pdf\" target=\"_blank\" rel=\"noopener noreferrer\"> T 202000049<\/a><br \/>\n<a href=\"https:\/\/cortesuprema.gov.co\/corte\/wp-content\/uploads\/not\/laboral20\/avisos\/04052020aviso88673.pdf\" target=\"_blank\" rel=\"noopener noreferrer\"> T 88673<\/a><br \/>\n<a href=\"https:\/\/cortesuprema.gov.co\/corte\/wp-content\/uploads\/not\/laboral20\/avisos\/04052020aviso88653.pdf\" target=\"_blank\" rel=\"noopener noreferrer\"> T 88653<\/a><br \/>\n<a href=\"https:\/\/cortesuprema.gov.co\/corte\/wp-content\/uploads\/not\/laboral20\/avisos\/04052020aviso88645.pdf\" target=\"_blank\" rel=\"noopener noreferrer\"> T 88645<\/a><br \/>\n<a href=\"https:\/\/cortesuprema.gov.co\/corte\/wp-content\/uploads\/not\/laboral20\/avisos\/04052020aviso88631.pdf\" target=\"_blank\" rel=\"noopener noreferrer\"> T 88631<\/a><br \/>\n<a href=\"https:\/\/cortesuprema.gov.co\/corte\/wp-content\/uploads\/not\/laboral20\/avisos\/04052020aviso88613.pdf\" target=\"_blank\" rel=\"noopener noreferrer\"> T 88613<\/a><br \/>\n<a href=\"https:\/\/cortesuprema.gov.co\/corte\/wp-content\/uploads\/not\/laboral20\/avisos\/04052020aviso88605.pdf\" target=\"_blank\" rel=\"noopener noreferrer\"> T 88605<\/a><br \/>\n<a href=\"https:\/\/cortesuprema.gov.co\/corte\/wp-content\/uploads\/not\/laboral20\/avisos\/04052020aviso88599.pdf\" target=\"_blank\" rel=\"noopener noreferrer\"> T 88599<\/a><br \/>\n<a href=\"https:\/\/cortesuprema.gov.co\/corte\/wp-content\/uploads\/not\/laboral20\/avisos\/04052020aviso88585.pdf\" target=\"_blank\" rel=\"noopener noreferrer\"> T 88585<\/a><br \/>\n<a href=\"https:\/\/cortesuprema.gov.co\/corte\/wp-content\/uploads\/not\/laboral20\/avisos\/04052020AVISO88413.pdf\" target=\"_blank\" rel=\"noopener noreferrer\"> T 88413<\/a><br \/>\n<a href=\"https:\/\/cortesuprema.gov.co\/corte\/wp-content\/uploads\/not\/laboral20\/avisos\/04052020AVISO88387.pdf\" target=\"_blank\" rel=\"noopener noreferrer\"> T 88387<\/a><br \/>\n<a href=\"https:\/\/cortesuprema.gov.co\/corte\/wp-content\/uploads\/not\/laboral20\/avisos\/04052020AVISO88305.pdf\" target=\"_blank\" rel=\"noopener noreferrer\"> T 88305<\/a><br \/>\n<a href=\"https:\/\/cortesuprema.gov.co\/corte\/wp-content\/uploads\/not\/laboral20\/avisos\/04052020aviso88233.pdf\" target=\"_blank\" rel=\"noopener noreferrer\"> T 88233<\/a><br \/>\n<a href=\"https:\/\/cortesuprema.gov.co\/corte\/wp-content\/uploads\/not\/laboral20\/avisos\/04052020aviso87907.pdf\" target=\"_blank\" rel=\"noopener noreferrer\"> T 87907<\/a><br \/>\n<a href=\"https:\/\/cortesuprema.gov.co\/corte\/wp-content\/uploads\/not\/laboral20\/avisos\/04052020aviso87451.pdf\" target=\"_blank\" rel=\"noopener noreferrer\"> T 87451<\/a><br \/>\n<a href=\"https:\/\/cortesuprema.gov.co\/corte\/wp-content\/uploads\/not\/laboral20\/avisos\/04052020aviso59338.pdf\" target=\"_blank\" rel=\"noopener noreferrer\"> T 59338<\/a><br \/>\n<a href=\"https:\/\/cortesuprema.gov.co\/corte\/wp-content\/uploads\/not\/laboral20\/avisos\/04052020AVISO59246.pdf\" target=\"_blank\" rel=\"noopener noreferrer\"> T 59246<\/a><br \/>\n<a href=\"https:\/\/cortesuprema.gov.co\/corte\/wp-content\/uploads\/not\/laboral20\/avisos\/04052020AVISO59198.pdf\" target=\"_blank\" rel=\"noopener noreferrer\"> T 59198<\/a><br \/>\n<a href=\"https:\/\/cortesuprema.gov.co\/corte\/wp-content\/uploads\/not\/laboral20\/avisos\/04052020AVISO59194.pdf\" target=\"_blank\" rel=\"noopener noreferrer\"> T 59194<\/a><br \/>\n<a href=\"https:\/\/cortesuprema.gov.co\/corte\/wp-content\/uploads\/not\/laboral20\/avisos\/04052020AVISO59184.pdf\" target=\"_blank\" rel=\"noopener noreferrer\"> T 59184<\/a><br \/>\n<a href=\"https:\/\/cortesuprema.gov.co\/corte\/wp-content\/uploads\/not\/laboral20\/avisos\/04052020aviso59118.pdf\" target=\"_blank\" rel=\"noopener noreferrer\"> T 59118<\/a><br \/>\n<a href=\"https:\/\/cortesuprema.gov.co\/corte\/wp-content\/uploads\/not\/laboral20\/avisos\/04052020aviso59112.pdf\" target=\"_blank\" rel=\"noopener noreferrer\"> T 59112<\/a><br \/>\n<a href=\"https:\/\/cortesuprema.gov.co\/corte\/wp-content\/uploads\/not\/laboral20\/avisos\/04052020aviso59104.pdf\" target=\"_blank\" rel=\"noopener noreferrer\"> T 59104<\/a><br \/>\n<a href=\"https:\/\/cortesuprema.gov.co\/corte\/wp-content\/uploads\/not\/laboral20\/avisos\/04052020aviso59088.pdf\" target=\"_blank\" rel=\"noopener noreferrer\"> T 59088<\/a><br \/>\n<a href=\"https:\/\/cortesuprema.gov.co\/corte\/wp-content\/uploads\/not\/laboral20\/avisos\/04052020aviso59070.pdf\" target=\"_blank\" rel=\"noopener noreferrer\"> T 59070<\/a><br \/>\n<a href=\"https:\/\/cortesuprema.gov.co\/corte\/wp-content\/uploads\/not\/laboral20\/avisos\/04052020aviso59066.pdf\" target=\"_blank\" rel=\"noopener noreferrer\"> T 59066<\/a><br \/>\n<a href=\"https:\/\/cortesuprema.gov.co\/corte\/wp-content\/uploads\/not\/laboral20\/avisos\/04052020aviso59052.pdf\" target=\"_blank\" rel=\"noopener noreferrer\"> T 59052<\/a><br \/>\n<a href=\"https:\/\/cortesuprema.gov.co\/corte\/wp-content\/uploads\/not\/laboral20\/avisos\/04052020aviso59050.pdf\" target=\"_blank\" rel=\"noopener noreferrer\"> T 59050<\/a><br \/>\n<a href=\"https:\/\/cortesuprema.gov.co\/corte\/wp-content\/uploads\/not\/laboral20\/avisos\/04052020aviso59004.pdf\" target=\"_blank\" rel=\"noopener noreferrer\"> T 59004<\/a><br \/>\n<a href=\"https:\/\/cortesuprema.gov.co\/corte\/wp-content\/uploads\/not\/laboral20\/avisos\/04052020AVISO59002.pdf\" target=\"_blank\" rel=\"noopener noreferrer\"> T 59002<\/a><br \/>\n<a href=\"https:\/\/cortesuprema.gov.co\/corte\/wp-content\/uploads\/not\/laboral20\/avisos\/04052020aviso58996.pdf\" target=\"_blank\" rel=\"noopener noreferrer\"> T 58996<\/a><br \/>\n<a href=\"https:\/\/cortesuprema.gov.co\/corte\/wp-content\/uploads\/not\/laboral20\/avisos\/04052020aviso58992.pdf\" target=\"_blank\" rel=\"noopener noreferrer\"> T 58992<\/a><br \/>\n<a href=\"https:\/\/cortesuprema.gov.co\/corte\/wp-content\/uploads\/not\/laboral20\/avisos\/04052020aviso58984.pdf\" target=\"_blank\" rel=\"noopener noreferrer\"> T 58984<\/a><br \/>\n<a href=\"https:\/\/cortesuprema.gov.co\/corte\/wp-content\/uploads\/not\/laboral20\/avisos\/04052020aviso58978.pdf\" target=\"_blank\" rel=\"noopener noreferrer\"> T 58978<\/a><br \/>\n<a href=\"https:\/\/cortesuprema.gov.co\/corte\/wp-content\/uploads\/not\/laboral20\/avisos\/04052020aviso58968.pdf\" target=\"_blank\" rel=\"noopener noreferrer\"> T 58968<\/a><br \/>\n<a href=\"https:\/\/cortesuprema.gov.co\/corte\/wp-content\/uploads\/not\/laboral20\/avisos\/04052020aviso58962.pdf\" target=\"_blank\" rel=\"noopener noreferrer\"> T 58962<\/a><br \/>\n<a href=\"https:\/\/cortesuprema.gov.co\/corte\/wp-content\/uploads\/not\/laboral20\/avisos\/04052020aviso58952.pdf\" target=\"_blank\" rel=\"noopener noreferrer\"> T 58952<\/a><br \/>\n<a href=\"https:\/\/cortesuprema.gov.co\/corte\/wp-content\/uploads\/not\/laboral20\/avisos\/04052020aviso58944.pdf\" target=\"_blank\" rel=\"noopener noreferrer\"> T 58944<\/a><br \/>\n<a href=\"https:\/\/cortesuprema.gov.co\/corte\/wp-content\/uploads\/not\/laboral20\/avisos\/04052020aviso58940.pdf\" target=\"_blank\" rel=\"noopener noreferrer\"> T 58940<\/a><br \/>\n<a href=\"https:\/\/cortesuprema.gov.co\/corte\/wp-content\/uploads\/not\/laboral20\/avisos\/04052020aviso58920.pdf\" target=\"_blank\" rel=\"noopener noreferrer\"> T 58920<\/a><br \/>\n<a href=\"https:\/\/cortesuprema.gov.co\/corte\/wp-content\/uploads\/not\/laboral20\/avisos\/04052020aviso58874.pdf\" target=\"_blank\" rel=\"noopener noreferrer\"> T 58874<\/a><br \/>\n<a href=\"https:\/\/cortesuprema.gov.co\/corte\/wp-content\/uploads\/not\/laboral20\/avisos\/04052020aviso58866.pdf\" target=\"_blank\" rel=\"noopener noreferrer\"> T 58866<\/a><br \/>\n<a href=\"https:\/\/cortesuprema.gov.co\/corte\/wp-content\/uploads\/not\/laboral20\/avisos\/04052020aviso58854.pdf\" target=\"_blank\" rel=\"noopener noreferrer\"> T 58854<\/a><br \/>\n<a href=\"https:\/\/cortesuprema.gov.co\/corte\/wp-content\/uploads\/not\/laboral20\/avisos\/04052020aviso58846.pdf\" target=\"_blank\" rel=\"noopener noreferrer\"> T 58846<\/a><br \/>\n<a href=\"https:\/\/cortesuprema.gov.co\/corte\/wp-content\/uploads\/not\/laboral20\/avisos\/04052020aviso58824.pdf\" target=\"_blank\" rel=\"noopener noreferrer\"> T 58824<\/a><br \/>\n<a href=\"https:\/\/cortesuprema.gov.co\/corte\/wp-content\/uploads\/not\/laboral20\/avisos\/04052020aviso58804.pdf\" target=\"_blank\" rel=\"noopener noreferrer\"> T 58804<\/a><br \/>\n<a href=\"https:\/\/cortesuprema.gov.co\/corte\/wp-content\/uploads\/not\/laboral20\/avisos\/04052020aviso58792.pdf\" target=\"_blank\" rel=\"noopener noreferrer\"> T 58792<\/a><br \/>\n<a href=\"https:\/\/cortesuprema.gov.co\/corte\/wp-content\/uploads\/not\/laboral20\/avisos\/04052020aviso58700.pdf\" target=\"_blank\" rel=\"noopener noreferrer\"> T 58700<\/a><br \/>\n<a href=\"https:\/\/cortesuprema.gov.co\/corte\/wp-content\/uploads\/not\/laboral20\/avisos\/04052020aviso58698.pdf\" target=\"_blank\" rel=\"noopener noreferrer\"> T 58698<\/a><\/p>\n<p>30\/04\/2020<\/p>\n<p><a href=\"https:\/\/cortesuprema.gov.co\/corte\/wp-content\/uploads\/not\/laboral20\/avisos\/t30042020aviso88759.pdf\" target=\"_blank\" rel=\"noopener noreferrer\"> T 88759<\/a><br \/>\n<a href=\"https:\/\/cortesuprema.gov.co\/corte\/wp-content\/uploads\/not\/laboral20\/avisos\/t30042020aviso88683.pdf\" target=\"_blank\" rel=\"noopener noreferrer\"> T 88683<\/a><br \/>\n<a href=\"https:\/\/cortesuprema.gov.co\/corte\/wp-content\/uploads\/not\/laboral20\/avisos\/t30042020aviso88651.pdf\" target=\"_blank\" rel=\"noopener noreferrer\"> T 88651<\/a><br \/>\n<a href=\"https:\/\/cortesuprema.gov.co\/corte\/wp-content\/uploads\/not\/laboral20\/avisos\/t30042020aviso88627.pdf\" target=\"_blank\" rel=\"noopener noreferrer\"> T 88627<\/a><br \/>\n<a href=\"https:\/\/cortesuprema.gov.co\/corte\/wp-content\/uploads\/not\/laboral20\/avisos\/t30042020aviso88593.pdf\" target=\"_blank\" rel=\"noopener noreferrer\"> T 88593<\/a><br \/>\n<a href=\"https:\/\/cortesuprema.gov.co\/corte\/wp-content\/uploads\/not\/laboral20\/avisos\/t30042020aviso88581.pdf\" target=\"_blank\" rel=\"noopener noreferrer\"> T 88581<\/a><br \/>\n<a href=\"https:\/\/cortesuprema.gov.co\/corte\/wp-content\/uploads\/not\/laboral20\/avisos\/t30042020aviso88577.pdf\" target=\"_blank\" rel=\"noopener noreferrer\"> T 88577<\/a><br \/>\n<a href=\"https:\/\/cortesuprema.gov.co\/corte\/wp-content\/uploads\/not\/laboral20\/avisos\/t30042020aviso88571.pdf\" target=\"_blank\" rel=\"noopener noreferrer\"> T 88571<\/a><br \/>\n<a href=\"https:\/\/cortesuprema.gov.co\/corte\/wp-content\/uploads\/not\/laboral20\/avisos\/t30042020aviso88557.pdf\" target=\"_blank\" rel=\"noopener noreferrer\"> T 88557<\/a><br \/>\n<a href=\"https:\/\/cortesuprema.gov.co\/corte\/wp-content\/uploads\/not\/laboral20\/avisos\/t30042020aviso88545.pdf\" target=\"_blank\" rel=\"noopener noreferrer\"> T 88545<\/a><br \/>\n<a href=\"https:\/\/cortesuprema.gov.co\/corte\/wp-content\/uploads\/not\/laboral20\/avisos\/t30042020aviso88539.pdf\" target=\"_blank\" rel=\"noopener noreferrer\"> T 88539<\/a><br \/>\n<a href=\"https:\/\/cortesuprema.gov.co\/corte\/wp-content\/uploads\/not\/laboral20\/avisos\/t30042020aviso88533.pdf\" target=\"_blank\" rel=\"noopener noreferrer\"> T 88533<\/a><br \/>\n<a href=\"https:\/\/cortesuprema.gov.co\/corte\/wp-content\/uploads\/not\/laboral20\/avisos\/t30042020aviso88525.pdf\" target=\"_blank\" rel=\"noopener noreferrer\"> T 88525<\/a><br \/>\n<a href=\"https:\/\/cortesuprema.gov.co\/corte\/wp-content\/uploads\/not\/laboral20\/avisos\/t30042020aviso88513.pdf\" target=\"_blank\" rel=\"noopener noreferrer\"> T 88513<\/a><br \/>\n<a href=\"https:\/\/cortesuprema.gov.co\/corte\/wp-content\/uploads\/not\/laboral20\/avisos\/t30042020aviso88447.pdf\" target=\"_blank\" rel=\"noopener noreferrer\"> T 88447<\/a><br \/>\n<a href=\"https:\/\/cortesuprema.gov.co\/corte\/wp-content\/uploads\/not\/laboral20\/avisos\/t30042020aviso88433.pdf\" target=\"_blank\" rel=\"noopener noreferrer\"> T 88433<\/a><br \/>\n<a href=\"https:\/\/cortesuprema.gov.co\/corte\/wp-content\/uploads\/not\/laboral20\/avisos\/t30042020aviso88407.pdf\" target=\"_blank\" rel=\"noopener noreferrer\"> T 88407<\/a><br \/>\n<a href=\"https:\/\/cortesuprema.gov.co\/corte\/wp-content\/uploads\/not\/laboral20\/avisos\/t30042020aviso88335.pdf\" target=\"_blank\" rel=\"noopener noreferrer\"> T 88335<\/a><br \/>\n<a href=\"https:\/\/cortesuprema.gov.co\/corte\/wp-content\/uploads\/not\/laboral20\/avisos\/t30042020aviso88321.pdf\" target=\"_blank\" rel=\"noopener noreferrer\"> T 88321<\/a><br \/>\n<a href=\"https:\/\/cortesuprema.gov.co\/corte\/wp-content\/uploads\/not\/laboral20\/avisos\/t30042020aviso88313.pdf\" target=\"_blank\" rel=\"noopener noreferrer\"> T 88313<\/a><br \/>\n<a href=\"https:\/\/cortesuprema.gov.co\/corte\/wp-content\/uploads\/not\/laboral20\/avisos\/t30042020aviso88279.pdf\" target=\"_blank\" rel=\"noopener noreferrer\"> T 88279<\/a><br \/>\n<a href=\"https:\/\/cortesuprema.gov.co\/corte\/wp-content\/uploads\/not\/laboral20\/avisos\/t30042020aviso88139.pdf\" target=\"_blank\" rel=\"noopener noreferrer\"> T 88139<\/a><br \/>\n<a href=\"https:\/\/cortesuprema.gov.co\/corte\/wp-content\/uploads\/not\/laboral20\/avisos\/t30042020aviso88099.pdf\" target=\"_blank\" rel=\"noopener noreferrer\"> T 88099<\/a><br \/>\n<a href=\"https:\/\/cortesuprema.gov.co\/corte\/wp-content\/uploads\/not\/laboral20\/avisos\/t30042020aviso88075.pdf\" target=\"_blank\" rel=\"noopener noreferrer\"> T 88075<\/a><br \/>\n<a href=\"https:\/\/cortesuprema.gov.co\/corte\/wp-content\/uploads\/not\/laboral20\/avisos\/t30042020aviso58068.pdf\" target=\"_blank\" rel=\"noopener noreferrer\"> T 58068<\/a><\/p>\n<p>29\/04\/2020<\/p>\n<p><a href=\"https:\/\/cortesuprema.gov.co\/corte\/wp-content\/uploads\/not\/laboral20\/avisos\/29042020aviso88711.pdf\" target=\"_blank\" rel=\"noopener noreferrer\"> T 88711<\/a><br \/>\n<a href=\"https:\/\/cortesuprema.gov.co\/corte\/wp-content\/uploads\/not\/laboral20\/avisos\/29042020aviso88487.pdf\" target=\"_blank\" rel=\"noopener noreferrer\"> T 88487<\/a><br \/>\n<a href=\"https:\/\/cortesuprema.gov.co\/corte\/wp-content\/uploads\/not\/laboral20\/avisos\/29042020aviso88483.pdf\" target=\"_blank\" rel=\"noopener noreferrer\"> T 88483<\/a><br \/>\n<a href=\"https:\/\/cortesuprema.gov.co\/corte\/wp-content\/uploads\/not\/laboral20\/avisos\/29042020aviso88367.pdf\" target=\"_blank\" rel=\"noopener noreferrer\"> T 88367<\/a><br \/>\n<a href=\"https:\/\/cortesuprema.gov.co\/corte\/wp-content\/uploads\/not\/laboral20\/avisos\/29042020aviso88341.pdf\" target=\"_blank\" rel=\"noopener noreferrer\"> T 88341<\/a><br \/>\n<a href=\"https:\/\/cortesuprema.gov.co\/corte\/wp-content\/uploads\/not\/laboral20\/avisos\/29042020aviso88319.pdf\" target=\"_blank\" rel=\"noopener noreferrer\"> T 88319<\/a><br \/>\n<a href=\"https:\/\/cortesuprema.gov.co\/corte\/wp-content\/uploads\/not\/laboral20\/avisos\/29042020aviso88243.pdf\" target=\"_blank\" rel=\"noopener noreferrer\"> T 88243<\/a><br \/>\n<a href=\"https:\/\/cortesuprema.gov.co\/corte\/wp-content\/uploads\/not\/laboral20\/avisos\/29042020aviso88213.pdf\" target=\"_blank\" rel=\"noopener noreferrer\"> T 88213<\/a><br \/>\n<a href=\"https:\/\/cortesuprema.gov.co\/corte\/wp-content\/uploads\/not\/laboral20\/avisos\/29042020aviso88029.pdf\" target=\"_blank\" rel=\"noopener noreferrer\"> T 88029<\/a><br \/>\n<a href=\"https:\/\/cortesuprema.gov.co\/corte\/wp-content\/uploads\/not\/laboral20\/avisos\/29042020aviso87963.pdf\" target=\"_blank\" rel=\"noopener noreferrer\"> T 87963<\/a><br \/>\n<a href=\"https:\/\/cortesuprema.gov.co\/corte\/wp-content\/uploads\/not\/laboral20\/avisos\/29042020aviso87935.pdf\" target=\"_blank\" rel=\"noopener noreferrer\"> T 87935<\/a><br \/>\n<a href=\"https:\/\/cortesuprema.gov.co\/corte\/wp-content\/uploads\/not\/laboral20\/avisos\/29042020aviso87793.pdf\" target=\"_blank\" rel=\"noopener noreferrer\"> T 87793<\/a><br \/>\n<a href=\"https:\/\/cortesuprema.gov.co\/corte\/wp-content\/uploads\/not\/laboral20\/avisos\/29042020aviso59264.pdf\" target=\"_blank\" rel=\"noopener noreferrer\"> T 59264<\/a><br \/>\n<a href=\"https:\/\/cortesuprema.gov.co\/corte\/wp-content\/uploads\/not\/laboral20\/avisos\/29042020aviso59230.pdf\" target=\"_blank\" rel=\"noopener noreferrer\"> T 59230<\/a><br \/>\n<a href=\"https:\/\/cortesuprema.gov.co\/corte\/wp-content\/uploads\/not\/laboral20\/avisos\/29042020aviso59226.pdf\" target=\"_blank\" rel=\"noopener noreferrer\"> T 59226<\/a><br \/>\n<a href=\"https:\/\/cortesuprema.gov.co\/corte\/wp-content\/uploads\/not\/laboral20\/avisos\/29042020aviso59218.pdf\" target=\"_blank\" rel=\"noopener noreferrer\"> T 59218<\/a><br \/>\n<a href=\"https:\/\/cortesuprema.gov.co\/corte\/wp-content\/uploads\/not\/laboral20\/avisos\/29042020aviso59206.pdf\" target=\"_blank\" rel=\"noopener noreferrer\"> T 59206<\/a><br \/>\n<a href=\"https:\/\/cortesuprema.gov.co\/corte\/wp-content\/uploads\/not\/laboral20\/avisos\/29042020aviso2019-00874.pdf\" target=\"_blank\" rel=\"noopener noreferrer\"> T 2019-00874<\/a><br \/>\n<a href=\"https:\/\/cortesuprema.gov.co\/corte\/wp-content\/uploads\/not\/laboral20\/avisos\/29042020aviso2018-00084.pdf\" target=\"_blank\" rel=\"noopener noreferrer\"> T 2018-00084<\/a><br \/>\n<a href=\"https:\/\/cortesuprema.gov.co\/corte\/wp-content\/uploads\/not\/laboral20\/avisos\/29042020aviso2019-00374.pdf\" target=\"_blank\" rel=\"noopener noreferrer\"> T 2019-00374<\/a> &#8211; <a href=\"https:\/\/cortesuprema.gov.co\/corte\/wp-content\/uploads\/not\/laboral20\/avisos\/29042020autoadmite2019-0037400.pdf\" target=\"_blank\" rel=\"noopener noreferrer\">Ver auto<\/a> &#8211; <a href=\"https:\/\/cortesuprema.gov.co\/corte\/wp-content\/uploads\/not\/laboral20\/avisos\/29042020escritot2019-0037400.pdf\">Ver texto tutela<\/a><\/p>\n<p>28\/04\/2020<\/p>\n<p><a href=\"https:\/\/cortesuprema.gov.co\/corte\/wp-content\/uploads\/not\/laboral20\/avisos\/2020-101AVISO.pdf\" target=\"_blank\" rel=\"noopener noreferrer\"> T 2020-101<\/a><br \/>\n<a href=\"https:\/\/cortesuprema.gov.co\/corte\/wp-content\/uploads\/not\/laboral20\/avisos\/2020-00125AVISO.pdf\" target=\"_blank\" rel=\"noopener noreferrer\"> T 2020-00125<\/a><br \/>\n<a href=\"https:\/\/cortesuprema.gov.co\/corte\/wp-content\/uploads\/not\/laboral20\/avisos\/55214AVISO.pdf\" target=\"_blank\" rel=\"noopener noreferrer\"> T 55214<\/a><br \/>\n<a href=\"https:\/\/cortesuprema.gov.co\/corte\/wp-content\/uploads\/not\/laboral20\/avisos\/58098AVISO.pdf\" target=\"_blank\" rel=\"noopener noreferrer\"> T 58098<\/a><br \/>\n<a href=\"https:\/\/cortesuprema.gov.co\/corte\/wp-content\/uploads\/not\/laboral20\/avisos\/58114AVISO.pdf\" target=\"_blank\" rel=\"noopener noreferrer\"> T 58114<\/a><br \/>\n<a href=\"https:\/\/cortesuprema.gov.co\/corte\/wp-content\/uploads\/not\/laboral20\/avisos\/58430AVISO.pdf\" target=\"_blank\" rel=\"noopener noreferrer\"> T 58430<\/a><br \/>\n<a href=\"https:\/\/cortesuprema.gov.co\/corte\/wp-content\/uploads\/not\/laboral20\/avisos\/58510AVISO.pdf\" target=\"_blank\" rel=\"noopener noreferrer\"> T 58510<\/a><br \/>\n<a href=\"https:\/\/cortesuprema.gov.co\/corte\/wp-content\/uploads\/not\/laboral20\/avisos\/58540AVISO.pdf\" target=\"_blank\" rel=\"noopener noreferrer\"> T 58540<\/a><br \/>\n<a href=\"https:\/\/cortesuprema.gov.co\/corte\/wp-content\/uploads\/not\/laboral20\/avisos\/58580AVISO.pdf\" target=\"_blank\" rel=\"noopener noreferrer\"> T 58580<\/a><br \/>\n<a href=\"https:\/\/cortesuprema.gov.co\/corte\/wp-content\/uploads\/not\/laboral20\/avisos\/58594AVISO.pdf\" target=\"_blank\" rel=\"noopener noreferrer\"> T 58594<\/a><br \/>\n<a href=\"https:\/\/cortesuprema.gov.co\/corte\/wp-content\/uploads\/not\/laboral20\/avisos\/58644AVISO.pdf\" target=\"_blank\" rel=\"noopener noreferrer\"> T 58644<\/a><br \/>\n<a href=\"https:\/\/cortesuprema.gov.co\/corte\/wp-content\/uploads\/not\/laboral20\/avisos\/58658AVISO.pdf\" target=\"_blank\" rel=\"noopener noreferrer\"> T 58658<\/a><br \/>\n<a href=\"https:\/\/cortesuprema.gov.co\/corte\/wp-content\/uploads\/not\/laboral20\/avisos\/58672AVISO.pdf\" target=\"_blank\" rel=\"noopener noreferrer\"> T 58672<\/a><br \/>\n<a href=\"https:\/\/cortesuprema.gov.co\/corte\/wp-content\/uploads\/not\/laboral20\/avisos\/58680AVISO.pdf\" target=\"_blank\" rel=\"noopener noreferrer\"> T 58680<\/a><br \/>\n<a href=\"https:\/\/cortesuprema.gov.co\/corte\/wp-content\/uploads\/not\/laboral20\/avisos\/2010-00138AVISO.pdf\" target=\"_blank\" rel=\"noopener noreferrer\"> T 2010-00138<\/a><br \/>\n<a href=\"https:\/\/cortesuprema.gov.co\/corte\/wp-content\/uploads\/not\/laboral20\/avisos\/2020-00181AVISO.pdf\" target=\"_blank\" rel=\"noopener noreferrer\"> T 2020-00181<\/a><br \/>\n<a href=\"https:\/\/cortesuprema.gov.co\/corte\/wp-content\/uploads\/not\/laboral20\/avisos\/58408AVISO.pdf\" target=\"_blank\" rel=\"noopener noreferrer\"> T 58408<\/a><br \/>\n<a href=\"https:\/\/cortesuprema.gov.co\/corte\/wp-content\/uploads\/not\/laboral20\/avisos\/58598aviso.pdf\" target=\"_blank\" rel=\"noopener noreferrer\"> T 58598<\/a><br \/>\n<a href=\"https:\/\/cortesuprema.gov.co\/corte\/wp-content\/uploads\/not\/laboral20\/avisos\/59100AVISO.pdf\" target=\"_blank\" rel=\"noopener noreferrer\"> T 59100<\/a><br \/>\n<a href=\"https:\/\/cortesuprema.gov.co\/corte\/wp-content\/uploads\/not\/laboral20\/avisos\/59132AVISO.pdf\" target=\"_blank\" rel=\"noopener noreferrer\"> T 59132<\/a><br \/>\n<a href=\"https:\/\/cortesuprema.gov.co\/corte\/wp-content\/uploads\/not\/laboral20\/avisos\/59142AVISO.pdf\" target=\"_blank\" rel=\"noopener noreferrer\"> T 59142<\/a><br \/>\n<a href=\"https:\/\/cortesuprema.gov.co\/corte\/wp-content\/uploads\/not\/laboral20\/avisos\/59144AVISO.pdf\" target=\"_blank\" rel=\"noopener noreferrer\"> T 59144<\/a><br \/>\n<a href=\"https:\/\/cortesuprema.gov.co\/corte\/wp-content\/uploads\/not\/laboral20\/avisos\/59160AVISO.pdf\" target=\"_blank\" rel=\"noopener noreferrer\"> T 59160<\/a><br \/>\n<a href=\"https:\/\/cortesuprema.gov.co\/corte\/wp-content\/uploads\/not\/laboral20\/avisos\/59202AVISO.pdf\" target=\"_blank\" rel=\"noopener noreferrer\"> T 59202<\/a><br \/>\n<a href=\"https:\/\/cortesuprema.gov.co\/corte\/wp-content\/uploads\/not\/laboral20\/avisos\/59232AVISO.pdf\" target=\"_blank\" rel=\"noopener noreferrer\"> T 59232<\/a><br \/>\n<a href=\"https:\/\/cortesuprema.gov.co\/corte\/wp-content\/uploads\/not\/laboral20\/avisos\/59296AVISO.pdf\" target=\"_blank\" rel=\"noopener noreferrer\"> T 59296<\/a><br \/>\n<a href=\"https:\/\/cortesuprema.gov.co\/corte\/wp-content\/uploads\/not\/laboral20\/avisos\/87135AVISO.pdf\" target=\"_blank\" rel=\"noopener noreferrer\"> T 87135<\/a><br \/>\n<a href=\"https:\/\/cortesuprema.gov.co\/corte\/wp-content\/uploads\/not\/laboral20\/avisos\/87191AVISO.pdf\" target=\"_blank\" rel=\"noopener noreferrer\"> T 87191<\/a><br \/>\n<a href=\"https:\/\/cortesuprema.gov.co\/corte\/wp-content\/uploads\/not\/laboral20\/avisos\/87527AVISO.pdf\" target=\"_blank\" rel=\"noopener noreferrer\"> T 87527<\/a><br \/>\n<a href=\"https:\/\/cortesuprema.gov.co\/corte\/wp-content\/uploads\/not\/laboral20\/avisos\/87835AVISO.pdf\" target=\"_blank\" rel=\"noopener noreferrer\"> T 87835<\/a><br \/>\n<a href=\"https:\/\/cortesuprema.gov.co\/corte\/wp-content\/uploads\/not\/laboral20\/avisos\/87871AVISO.pdf\" target=\"_blank\" rel=\"noopener noreferrer\"> T 87871<\/a><br \/>\n<a href=\"https:\/\/cortesuprema.gov.co\/corte\/wp-content\/uploads\/not\/laboral20\/avisos\/87959AVISO.pdf\" target=\"_blank\" rel=\"noopener noreferrer\"> T 87959<\/a><br \/>\n<a href=\"https:\/\/cortesuprema.gov.co\/corte\/wp-content\/uploads\/not\/laboral20\/avisos\/88081AVISO.pdf\" target=\"_blank\" rel=\"noopener noreferrer\"> T 88081<\/a><br \/>\n<a href=\"https:\/\/cortesuprema.gov.co\/corte\/wp-content\/uploads\/not\/laboral20\/avisos\/88385AVISO.pdf\" target=\"_blank\" rel=\"noopener noreferrer\"> T 88385<\/a><br \/>\n<a href=\"https:\/\/cortesuprema.gov.co\/corte\/wp-content\/uploads\/not\/laboral20\/avisos\/88405AVISO.pdf\" target=\"_blank\" rel=\"noopener noreferrer\"> T 88405<\/a><br \/>\n<a href=\"https:\/\/cortesuprema.gov.co\/corte\/wp-content\/uploads\/not\/laboral20\/avisos\/88489AVISO.pdf\" target=\"_blank\" rel=\"noopener noreferrer\"> T 88489<\/a><br \/>\n<a href=\"https:\/\/cortesuprema.gov.co\/corte\/wp-content\/uploads\/not\/laboral20\/avisos\/88511aviso.pdf\" target=\"_blank\" rel=\"noopener noreferrer\"> T 88511<\/a><br \/>\n<a href=\"https:\/\/cortesuprema.gov.co\/corte\/wp-content\/uploads\/not\/laboral20\/avisos\/88551AVISO.pdf\" target=\"_blank\" rel=\"noopener noreferrer\"> T 88551<\/a><br \/>\n<a href=\"https:\/\/cortesuprema.gov.co\/corte\/wp-content\/uploads\/not\/laboral20\/avisos\/88619AVISO.pdf\" target=\"_blank\" rel=\"noopener noreferrer\"> T 88619<\/a><br \/>\n<a href=\"https:\/\/cortesuprema.gov.co\/corte\/wp-content\/uploads\/not\/laboral20\/avisos\/88737aviso.pdf\" target=\"_blank\" rel=\"noopener noreferrer\"> T 88737<\/a><br \/>\n<a href=\"https:\/\/cortesuprema.gov.co\/corte\/wp-content\/uploads\/not\/laboral20\/avisos\/41001221400020200002501aviso.pdf\" target=\"_blank\" rel=\"noopener noreferrer\"> T 41001221400020200002501<\/a><\/p>\n<p>27\/04\/2020<\/p>\n<p><a href=\"https:\/\/cortesuprema.gov.co\/corte\/wp-content\/uploads\/not\/laboral20\/avisos\/59338aviso27042020\" target=\"_blank\" rel=\"noopener noreferrer\"> T 59338<\/a><br \/>\n<a href=\"https:\/\/cortesuprema.gov.co\/corte\/wp-content\/uploads\/not\/laboral20\/avisos\/88465aviso27042020\" target=\"_blank\" rel=\"noopener noreferrer\"> T 88465<\/a><br \/>\n<a href=\"https:\/\/cortesuprema.gov.co\/corte\/wp-content\/uploads\/not\/laboral20\/avisos\/88471aviso27042020\" target=\"_blank\" rel=\"noopener noreferrer\"> T 88471<\/a><br \/>\n<a href=\"https:\/\/cortesuprema.gov.co\/corte\/wp-content\/uploads\/not\/laboral20\/avisos\/88509aviso27042020\" target=\"_blank\" rel=\"noopener noreferrer\"> T 88509<\/a><br \/>\n<a href=\"https:\/\/cortesuprema.gov.co\/corte\/wp-content\/uploads\/not\/laboral20\/avisos\/88519aviso27042020\" target=\"_blank\" rel=\"noopener noreferrer\"> T 88519<\/a><br \/>\n<a href=\"https:\/\/cortesuprema.gov.co\/corte\/wp-content\/uploads\/not\/laboral20\/avisos\/88641aviso27042020\" target=\"_blank\" rel=\"noopener noreferrer\"> T 88641<\/a><br \/>\n<a href=\"https:\/\/cortesuprema.gov.co\/corte\/wp-content\/uploads\/not\/laboral20\/avisos\/88671aviso27042020\" target=\"_blank\" rel=\"noopener noreferrer\"> T 88671<\/a><br \/>\n<a href=\"https:\/\/cortesuprema.gov.co\/corte\/wp-content\/uploads\/not\/laboral20\/avisos\/88675aviso27042020\" target=\"_blank\" rel=\"noopener noreferrer\"> T 88675<\/a><br \/>\n<a href=\"https:\/\/cortesuprema.gov.co\/corte\/wp-content\/uploads\/not\/laboral20\/avisos\/88497aviso28042020.pdf\" target=\"_blank\" rel=\"noopener noreferrer\"> T 88497<\/a><br \/>\n<a href=\"https:\/\/cortesuprema.gov.co\/corte\/wp-content\/uploads\/not\/laboral20\/avisos\/58914aviso27042020.pdf\" target=\"_blank\" rel=\"noopener noreferrer\">T 58914<\/a> &#8211; <a href=\"https:\/\/cortesuprema.gov.co\/corte\/wp-content\/uploads\/not\/laboral20\/avisos\/58914auto27042020.pdf\" target=\"_blank\" rel=\"noopener noreferrer\">Ver Auto<\/a><br \/>\n<a href=\"https:\/\/cortesuprema.gov.co\/corte\/wp-content\/uploads\/not\/laboral20\/avisos\/58932aviso27042020.pdf\" target=\"_blank\" rel=\"noopener noreferrer\"> T 58932<\/a> &#8211; <a href=\"https:\/\/cortesuprema.gov.co\/corte\/wp-content\/uploads\/not\/laboral20\/avisos\/58932auto27042020.pdf\" target=\"_blank\" rel=\"noopener noreferrer\">Ver Auto<\/a><br \/>\n<a href=\"https:\/\/cortesuprema.gov.co\/corte\/wp-content\/uploads\/not\/laboral20\/avisos\/88291aviso27042020.pdf\" target=\"_blank\" rel=\"noopener noreferrer\"> T 88291<\/a><br \/>\n<a href=\"https:\/\/cortesuprema.gov.co\/corte\/wp-content\/uploads\/not\/laboral20\/avisos\/88307aviso27042020.pdf\" target=\"_blank\" rel=\"noopener noreferrer\"> T 88307<\/a><br \/>\n<a href=\"https:\/\/cortesuprema.gov.co\/corte\/wp-content\/uploads\/not\/laboral20\/avisos\/88415aviso27042020.pdf\" target=\"_blank\" rel=\"noopener noreferrer\"> T 88415<\/a><br \/>\n<a href=\"https:\/\/cortesuprema.gov.co\/corte\/wp-content\/uploads\/not\/laboral20\/avisos\/88423aviso27042020.pdf\" target=\"_blank\" rel=\"noopener noreferrer\"> T 88423<\/a><br \/>\n<a href=\"https:\/\/cortesuprema.gov.co\/corte\/wp-content\/uploads\/not\/laboral20\/avisos\/87809aviso27042020.pdf\" target=\"_blank\" rel=\"noopener noreferrer\"> T 87809<\/a><\/p>\n<p>24\/04\/2020<\/p>\n<p><a href=\"https:\/\/cortesuprema.gov.co\/corte\/wp-content\/uploads\/not\/laboral20\/avisos\/88069aviso24042020.pdf\" target=\"_blank\" rel=\"noopener noreferrer\"> T 88069<\/a><br \/>\n<a href=\"https:\/\/cortesuprema.gov.co\/corte\/wp-content\/uploads\/not\/laboral20\/avisos\/88411aviso24042020.pdf\" target=\"_blank\" rel=\"noopener noreferrer\"> T 88411<\/a><br \/>\n<a href=\"https:\/\/cortesuprema.gov.co\/corte\/wp-content\/uploads\/not\/laboral20\/avisos\/88431aviso24042020.pdf\" target=\"_blank\" rel=\"noopener noreferrer\"> T 88431<\/a><br \/>\n<a href=\"https:\/\/cortesuprema.gov.co\/corte\/wp-content\/uploads\/not\/laboral20\/avisos\/88441aviso24042020.pdf\" target=\"_blank\" rel=\"noopener noreferrer\"> T 88441<\/a><br \/>\n<a href=\"https:\/\/cortesuprema.gov.co\/corte\/wp-content\/uploads\/not\/laboral20\/avisos\/88113aviso24042020.pdf\" target=\"_blank\" rel=\"noopener noreferrer\"> T 88113<\/a><br \/>\n<a href=\"https:\/\/cortesuprema.gov.co\/corte\/wp-content\/uploads\/not\/laboral20\/avisos\/88169aviso24042020.pdf\" target=\"_blank\" rel=\"noopener noreferrer\"> T 88169<\/a><br \/>\n<a href=\"https:\/\/cortesuprema.gov.co\/corte\/wp-content\/uploads\/not\/laboral20\/avisos\/58674aviso24042020.pdf\" target=\"_blank\" rel=\"noopener noreferrer\"> T 58674<\/a><br \/>\n<a href=\"https:\/\/cortesuprema.gov.co\/corte\/wp-content\/uploads\/not\/laboral20\/avisos\/58776aviso24042020.pdf\" target=\"_blank\" rel=\"noopener noreferrer\"> T 58776<\/a><br \/>\n<a href=\"https:\/\/cortesuprema.gov.co\/corte\/wp-content\/uploads\/not\/laboral20\/avisos\/58794aviso24042020.pdf\" target=\"_blank\" rel=\"noopener noreferrer\"> T 58794<\/a><br \/>\n<a href=\"https:\/\/cortesuprema.gov.co\/corte\/wp-content\/uploads\/not\/laboral20\/avisos\/58856aviso24042020.pdf\" target=\"_blank\" rel=\"noopener noreferrer\"> T 58856<\/a><br \/>\n<a href=\"https:\/\/cortesuprema.gov.co\/corte\/wp-content\/uploads\/not\/laboral20\/avisos\/58898aviso24042020.pdf\" target=\"_blank\" rel=\"noopener noreferrer\"> T 58898<\/a><br \/>\n<a href=\"https:\/\/cortesuprema.gov.co\/corte\/wp-content\/uploads\/not\/laboral20\/avisos\/86697aviso24042020.pdf\" target=\"_blank\" rel=\"noopener noreferrer\"> T 86697<\/a><br \/>\n<a href=\"https:\/\/cortesuprema.gov.co\/corte\/wp-content\/uploads\/not\/laboral20\/avisos\/88717aviso24042020.pdf\" target=\"_blank\" rel=\"noopener noreferrer\"> T 88717<\/a><br \/>\n<a href=\"https:\/\/cortesuprema.gov.co\/corte\/wp-content\/uploads\/not\/laboral20\/avisos\/88731aviso24042020.pdf\" target=\"_blank\" rel=\"noopener noreferrer\"> T 88731<\/a><\/p>\n<p>23\/04\/2020<\/p>\n<p><a href=\"https:\/\/cortesuprema.gov.co\/corte\/wp-content\/uploads\/not\/laboral20\/avisos\/58872aviso23042020.pdf\" target=\"_blank\" rel=\"noopener noreferrer\">T 58872<\/a><br \/>\n<a href=\"https:\/\/cortesuprema.gov.co\/corte\/wp-content\/uploads\/not\/laboral20\/avisos\/58888aviso23042020.pdf\" target=\"_blank\" rel=\"noopener noreferrer\">T 58888<\/a><br \/>\n<a href=\"https:\/\/cortesuprema.gov.co\/corte\/wp-content\/uploads\/not\/laboral20\/avisos\/58994aviso23042020.pdf\" target=\"_blank\" rel=\"noopener noreferrer\">T 58994<\/a><br \/>\n<a href=\"https:\/\/cortesuprema.gov.co\/corte\/wp-content\/uploads\/not\/laboral20\/avisos\/88311aviso23042020.pdf\" target=\"_blank\" rel=\"noopener noreferrer\">T 88311<\/a><br \/>\n<a href=\"https:\/\/cortesuprema.gov.co\/corte\/wp-content\/uploads\/not\/laboral20\/avisos\/88369aviso23042020.pdf\" target=\"_blank\" rel=\"noopener noreferrer\">T 88369<\/a><\/p>\n<p>22\/04\/2020<\/p>\n<p><a href=\"https:\/\/cortesuprema.gov.co\/corte\/wp-content\/uploads\/not\/laboral20\/avisos\/88709aviso22042020.pdf\" target=\"_blank\" rel=\"noopener noreferrer\">T 88709<\/a><br \/>\n<a href=\"https:\/\/cortesuprema.gov.co\/corte\/wp-content\/uploads\/not\/laboral20\/avisos\/88719aviso22042020.pdf\" target=\"_blank\" rel=\"noopener noreferrer\">T 88719<\/a>&#8211;<a href=\"https:\/\/cortesuprema.gov.co\/corte\/wp-content\/uploads\/not\/laboral20\/avisos\/88719Auto22042020.pdf\" target=\"_blank\" rel=\"noopener noreferrer\"> ver providencia<\/a><br \/>\n<a href=\"https:\/\/cortesuprema.gov.co\/corte\/wp-content\/uploads\/not\/laboral20\/avisos\/86677aviso22042020.pdf\" target=\"_blank\" rel=\"noopener noreferrer\">T 86677<\/a><br \/>\n<a href=\"https:\/\/cortesuprema.gov.co\/corte\/wp-content\/uploads\/not\/laboral20\/avisos\/58434AVISO22042020.pdf\" target=\"_blank\" rel=\"noopener noreferrer\">T 58434<\/a><br \/>\n<a href=\"https:\/\/cortesuprema.gov.co\/corte\/wp-content\/uploads\/not\/laboral20\/avisos\/58456AVISO22042020.pdf\" target=\"_blank\" rel=\"noopener noreferrer\">T 58456<\/a><br \/>\n<a href=\"https:\/\/cortesuprema.gov.co\/corte\/wp-content\/uploads\/not\/laboral20\/avisos\/58490AVISO22042020.pdf\" target=\"_blank\" rel=\"noopener noreferrer\">T 58490<\/a><br \/>\n<a href=\"https:\/\/cortesuprema.gov.co\/corte\/wp-content\/uploads\/not\/laboral20\/avisos\/58532AVISO22042020.pdf\" target=\"_blank\" rel=\"noopener noreferrer\">T 58532<\/a><br \/>\n<a href=\"https:\/\/cortesuprema.gov.co\/corte\/wp-content\/uploads\/not\/laboral20\/avisos\/58668AVISO22042020.pdf\" target=\"_blank\" rel=\"noopener noreferrer\">T 58668<\/a><br \/>\n<a href=\"https:\/\/cortesuprema.gov.co\/corte\/wp-content\/uploads\/not\/laboral20\/avisos\/58704AVISO22042020.pdf\" target=\"_blank\" rel=\"noopener noreferrer\">T 58704<\/a><br \/>\n<a href=\"https:\/\/cortesuprema.gov.co\/corte\/wp-content\/uploads\/not\/laboral20\/avisos\/88057aviso22042020.pdf\" target=\"_blank\" rel=\"noopener noreferrer\">T 88057<\/a> &#8211; <a href=\"https:\/\/cortesuprema.gov.co\/corte\/wp-content\/uploads\/not\/laboral20\/avisos\/88057niegaimped22042020.pdf\">Ver Auto<\/a><br \/>\n<a href=\"https:\/\/cortesuprema.gov.co\/corte\/wp-content\/uploads\/not\/laboral20\/avisos\/88409aviso22042020.pdf\" target=\"_blank\" rel=\"noopener noreferrer\">T 88409<\/a> &#8211; <a href=\"https:\/\/cortesuprema.gov.co\/corte\/wp-content\/uploads\/not\/laboral20\/avisos\/88409niegaimp22042020.pdf\" target=\"_blank\" rel=\"noopener noreferrer\">Ver Auto<\/a><br \/>\n<a href=\"https:\/\/cortesuprema.gov.co\/corte\/wp-content\/uploads\/not\/laboral20\/avisos\/58848aviso22042020.pdf\" target=\"_blank\" rel=\"noopener noreferrer\">T 58848<\/a> &#8211; <a href=\"https:\/\/cortesuprema.gov.co\/corte\/wp-content\/uploads\/not\/laboral20\/avisos\/58848concede22042020.pdf\" target=\"_blank\" rel=\"noopener noreferrer\">Ver Auto<\/a><\/p>\n<p>21\/04\/2020<\/p>\n<p><a href=\"https:\/\/cortesuprema.gov.co\/corte\/wp-content\/uploads\/not\/laboral20\/avisos\/59290aviso21042020.pdf\" target=\"_blank\" rel=\"noopener noreferrer\">T 59290<\/a><br \/>\n<a href=\"https:\/\/cortesuprema.gov.co\/corte\/wp-content\/uploads\/not\/laboral20\/avisos\/59276aviso21042020.pdf\" target=\"_blank\" rel=\"noopener noreferrer\">T 59276<\/a><br \/>\n<a href=\"https:\/\/cortesuprema.gov.co\/corte\/wp-content\/uploads\/not\/laboral20\/avisos\/88453avisonulidad.pdf\" target=\"_blank\" rel=\"noopener noreferrer\">T 88453<\/a><br \/>\n<a href=\"https:\/\/cortesuprema.gov.co\/corte\/wp-content\/uploads\/not\/laboral20\/avisos\/88287avisorevoca.pdf\" target=\"_blank\" rel=\"noopener noreferrer\">T 88287<\/a><br \/>\n<a href=\"https:\/\/cortesuprema.gov.co\/corte\/wp-content\/uploads\/not\/laboral20\/avisos\/88145avisorevoca.pdf\" target=\"_blank\" rel=\"noopener noreferrer\">T 88145<\/a><br \/>\n<a href=\"https:\/\/cortesuprema.gov.co\/corte\/wp-content\/uploads\/not\/laboral20\/avisos\/59342aviso.pdf\" target=\"_blank\" rel=\"noopener noreferrer\">T 59342<\/a>\u00a0&#8211; <a href=\"https:\/\/cortesuprema.gov.co\/corte\/wp-content\/uploads\/not\/laboral20\/avisos\/59342admite.pdf\" target=\"_blank\" rel=\"noopener noreferrer\">ver providencia<\/a> &#8211; <a href=\"https:\/\/cortesuprema.gov.co\/corte\/wp-content\/uploads\/not\/laboral20\/avisos\/59342tutelacav.pdf\" target=\"_blank\" rel=\"noopener noreferrer\">ver texto tutela<\/a><br \/>\n<a href=\"https:\/\/cortesuprema.gov.co\/corte\/wp-content\/uploads\/not\/laboral20\/avisos\/87869avisorevocaniega.pdf\" target=\"_blank\" rel=\"noopener noreferrer\">T 87869<\/a><\/p>\n<p>20\/04\/2020<\/p>\n<p><a href=\"https:\/\/cortesuprema.gov.co\/corte\/wp-content\/uploads\/not\/laboral20\/avisos\/59264avisoniega.pdf\" target=\"_blank\" rel=\"noopener noreferrer\">T 59264<\/a><br \/>\n<a href=\"https:\/\/cortesuprema.gov.co\/corte\/wp-content\/uploads\/not\/laboral20\/avisos\/59252AVISOniega20042020.pdf\" target=\"_blank\" rel=\"noopener noreferrer\">T 59252<\/a><br \/>\n<a href=\"https:\/\/cortesuprema.gov.co\/corte\/wp-content\/uploads\/not\/laboral20\/avisos\/59330aviso20042020.pdf\" target=\"_blank\" rel=\"noopener noreferrer\">T 59330<\/a> &#8211; <a href=\"https:\/\/cortesuprema.gov.co\/corte\/wp-content\/uploads\/not\/laboral20\/avisos\/59330admiteyvincula.pdf\" target=\"_blank\" rel=\"noopener noreferrer\">ver providencia<\/a> &#8211; <a href=\"https:\/\/cortesuprema.gov.co\/corte\/wp-content\/uploads\/not\/laboral20\/avisos\/59330TUTELA20042020.pdf\" target=\"_blank\" rel=\"noopener noreferrer\">ver texto tutela<\/a><br \/>\n<a href=\"https:\/\/cortesuprema.gov.co\/corte\/wp-content\/uploads\/not\/laboral20\/avisos\/58444AVISO20042020.pdf\" target=\"_blank\" rel=\"noopener noreferrer\">T 58444<\/a><\/p>\n<p>17\/04\/2020<\/p>\n<p><a href=\"https:\/\/cortesuprema.gov.co\/corte\/wp-content\/uploads\/not\/laboral20\/avisos\/AVISO59338admite.pdf\" target=\"_blank\" rel=\"noopener noreferrer\">Tutela 59338<\/a> &#8211; <a href=\"https:\/\/cortesuprema.gov.co\/corte\/wp-content\/uploads\/not\/laboral20\/avisos\/admite 59338.pdf\" target=\"_blank\" rel=\"noopener noreferrer\">ver providencia<\/a>\u00a0&#8211; <a href=\"https:\/\/cortesuprema.gov.co\/corte\/wp-content\/uploads\/not\/laboral20\/avisos\/textotutela59338.pdf\" target=\"_blank\" rel=\"noopener noreferrer\">ver texto tutela\u00a0<\/a><br \/>\n<a href=\"https:\/\/cortesuprema.gov.co\/corte\/wp-content\/uploads\/not\/laboral20\/avisos\/58740AVISOCONCEDETUTELA.pdf\" target=\"_blank\" rel=\"noopener noreferrer\">Tutela 58740<\/a><br \/>\n<a href=\"https:\/\/cortesuprema.gov.co\/corte\/wp-content\/uploads\/not\/laboral20\/avisos\/57458AVISOCONCEDETUTELA.pdf\" target=\"_blank\" rel=\"noopener noreferrer\">Tutela 57458<\/a><\/p>\n<\/div><\/div> <\/div>\n<\/div><\/div>\n<div class=\"su-spoiler su-spoiler-style-default su-spoiler-icon-plus-square-1 su-spoiler-closed\" data-scroll-offset=\"0\" data-anchor-in-url=\"no\"><div class=\"su-spoiler-title\" tabindex=\"0\" role=\"button\"><span class=\"su-spoiler-icon\"><\/span>\u00d3rdenes del d\u00eda<\/div><div class=\"su-spoiler-content su-u-clearfix su-u-trim\">\n<p style=\"text-align: center;\"><strong>\u00d3RDENES DEL D\u00cdA SALAS ORDINARIAS 2020<\/strong><\/p>\n<p><a href=\"https:\/\/cortesuprema.gov.co\/corte\/wp-content\/uploads\/not\/laboral20\/ORDEN SALA N35 (23-09-20).pdf\" target=\"_blank\" rel=\"noopener noreferrer\">Orden del d\u00eda de Sala N 35 del 23\/09\/2020<\/a><\/p>\n<p><a href=\"https:\/\/cortesuprema.gov.co\/corte\/wp-content\/uploads\/not\/laboral20\/ORDEN SALA N34 (16-09-20).pdf\" target=\"_blank\" rel=\"noopener noreferrer\">Orden del d\u00eda de Sala N 34 del 16\/09\/2020<\/a><br \/>\n<a href=\"https:\/\/cortesuprema.gov.co\/corte\/wp-content\/uploads\/not\/laboral20\/ORDEN SALA N33 (9-09-20).pdf\" target=\"_blank\" rel=\"noopener noreferrer\">Orden del d\u00eda de Sala N 33 del 09\/09\/2020<\/a><br \/>\n<a href=\"https:\/\/cortesuprema.gov.co\/corte\/wp-content\/uploads\/not\/laboral20\/ORDEN SALA N32 (2-09-20).pdf\" target=\"_blank\" rel=\"noopener noreferrer\">Orden del d\u00eda de Sala N 32 del 02\/09\/2020<\/a><br \/>\n<a href=\"https:\/\/cortesuprema.gov.co\/corte\/wp-content\/uploads\/not\/laboral20\/ORDEN SALA N31(26-08-20).pdf\" target=\"_blank\" rel=\"noopener noreferrer\">Orden del d\u00eda de Sala N 31 del 26\/08\/2020<\/a><br \/>\n<a href=\"https:\/\/cortesuprema.gov.co\/corte\/wp-content\/uploads\/not\/laboral20\/ORDEN SALA N30 (19-08-20).pdf\" target=\"_blank\" rel=\"noopener noreferrer\">Orden del d\u00eda de Sala N 30 del 19\/08\/2020<\/a><br \/>\n<a href=\"https:\/\/cortesuprema.gov.co\/corte\/wp-content\/uploads\/not\/laboral20\/ORDEN SALA N29 (12-08-20).pdf\" target=\"_blank\" rel=\"noopener noreferrer\">Orden del d\u00eda de Sala N 29 del 12\/08\/2020<\/a><br \/>\n<a href=\"https:\/\/cortesuprema.gov.co\/corte\/wp-content\/uploads\/not\/laboral20\/ORDEN SALA N28 (06-08-20).pdf\" target=\"_blank\" rel=\"noopener noreferrer\">Orden del d\u00eda de Sala N 28 del 06\/08\/2020<\/a><br \/>\n<a href=\"https:\/\/cortesuprema.gov.co\/corte\/wp-content\/uploads\/not\/laboral20\/ORDEN SALA N27 (29-07-20).pdf\" target=\"_blank\" rel=\"noopener noreferrer\">Orden del d\u00eda de Sala N 27 del 31\/07\/2020<\/a><br \/>\n<a href=\"https:\/\/cortesuprema.gov.co\/corte\/wp-content\/uploads\/not\/laboral20\/ORDEN SALA N25 (15-07-20).pdf\" target=\"_blank\" rel=\"noopener noreferrer\">Orden del d\u00eda de Sala N 25 del 15\/07\/2020<\/a><br \/>\n<a href=\"https:\/\/cortesuprema.gov.co\/corte\/wp-content\/uploads\/not\/laboral20\/ORDEN SALA N24 (08-07-20).pdf\" target=\"_blank\" rel=\"noopener noreferrer\">Orden del d\u00eda de Sala N 24 del 08\/07\/2020<\/a><br \/>\n<a href=\"https:\/\/cortesuprema.gov.co\/corte\/wp-content\/uploads\/not\/laboral20\/ORDEN SALA N 023(01-07-20).pdf\" target=\"_blank\" rel=\"noopener noreferrer\">Orden del d\u00eda de Sala N 23 del 01\/07\/2020<\/a><br \/>\n<a href=\"https:\/\/cortesuprema.gov.co\/corte\/wp-content\/uploads\/not\/laboral20\/ORDEN SALA N22 (24-06-20).pdf\" target=\"_blank\" rel=\"noopener noreferrer\">Orden del d\u00eda de Sala N 22 del 24\/06\/2020<\/a><br \/>\n<a href=\"https:\/\/cortesuprema.gov.co\/corte\/wp-content\/uploads\/not\/laboral20\/ORDEN SALA N21 (17-06-20).pdf\" target=\"_blank\" rel=\"noopener noreferrer\">Orden del d\u00eda de Sala N 21 del 17\/06\/2020<\/a><br \/>\n<a href=\"https:\/\/cortesuprema.gov.co\/corte\/wp-content\/uploads\/not\/laboral20\/ORDEN SALA N20 (10-06-20).pdf\" target=\"_blank\" rel=\"noopener noreferrer\">Orden del d\u00eda de Sala N 20 del 10\/06\/2020<\/a><br \/>\n<a href=\"https:\/\/cortesuprema.gov.co\/corte\/wp-content\/uploads\/not\/laboral20\/ORDEN SALA N19 (03-06-20).pdf\" target=\"_blank\" rel=\"noopener noreferrer\">Orden del d\u00eda de Sala N 19 del 3\/06\/2020<\/a><br \/>\n<a href=\"https:\/\/cortesuprema.gov.co\/corte\/wp-content\/uploads\/not\/laboral20\/ORDEN SALA N 018 (27-05-20).pdf\" target=\"_blank\" rel=\"noopener noreferrer\">Orden del d\u00eda de Sala N 18 del 27\/05\/2020<\/a><br \/>\n<a href=\"https:\/\/cortesuprema.gov.co\/corte\/wp-content\/uploads\/not\/laboral20\/ORDEN SALA N 017 (20-05-20).pdf\" target=\"_blank\" rel=\"noopener noreferrer\">Orden del d\u00eda de Sala N 17 del 20\/05\/2020<\/a><br \/>\n<a href=\"https:\/\/cortesuprema.gov.co\/corte\/wp-content\/uploads\/not\/laboral20\/ORDEN SALA N 016 (13-05-20).pdf\" target=\"_blank\" rel=\"noopener noreferrer\">Orden del d\u00eda de Sala N 16 del 13\/05\/2020<\/a><\/p>\n<ul>\n<li><a href=\"https:\/\/cortesuprema.gov.co\/corte\/wp-content\/uploads\/not\/laboral20\/avisos\/11001023000020190088300.pdf\" target=\"_blank\" rel=\"noopener noreferrer\">11001023000020190088300<\/a><\/li>\n<\/ul>\n<\/div><\/div>\n","protected":false},"excerpt":{"rendered":"<p>SALA DE CASACI\u00d3N LABORAL Estados \u00a0 &#8211; \u00a0 Edictos \u00a0 &#8211; \u00a0 Actas de reparto\u00a0 \u00a0&#8211; \u00a0 Fijaci\u00f3n en lista Vea aqu\u00ed notificaciones a\u00f1o 2019 Vea aqu\u00ed las Providencias notificadas por Estado de la Sala de Casaci\u00f3n Laboral\u00a0<\/p>\n","protected":false},"author":3,"featured_media":0,"parent":0,"menu_order":0,"comment_status":"closed","ping_status":"closed","template":"","meta":{"footnotes":""},"class_list":["post-27983","page","type-page","status-publish","hentry"],"_links":{"self":[{"href":"https:\/\/cortesuprema.gov.co\/corte\/index.php\/wp-json\/wp\/v2\/pages\/27983","targetHints":{"allow":["GET"]}}],"collection":[{"href":"https:\/\/cortesuprema.gov.co\/corte\/index.php\/wp-json\/wp\/v2\/pages"}],"about":[{"href":"https:\/\/cortesuprema.gov.co\/corte\/index.php\/wp-json\/wp\/v2\/types\/page"}],"author":[{"embeddable":true,"href":"https:\/\/cortesuprema.gov.co\/corte\/index.php\/wp-json\/wp\/v2\/users\/3"}],"replies":[{"embeddable":true,"href":"https:\/\/cortesuprema.gov.co\/corte\/index.php\/wp-json\/wp\/v2\/comments?post=27983"}],"version-history":[{"count":446,"href":"https:\/\/cortesuprema.gov.co\/corte\/index.php\/wp-json\/wp\/v2\/pages\/27983\/revisions"}],"predecessor-version":[{"id":32572,"href":"https:\/\/cortesuprema.gov.co\/corte\/index.php\/wp-json\/wp\/v2\/pages\/27983\/revisions\/32572"}],"wp:attachment":[{"href":"https:\/\/cortesuprema.gov.co\/corte\/index.php\/wp-json\/wp\/v2\/media?parent=27983"}],"curies":[{"name":"wp","href":"https:\/\/api.w.org\/{rel}","templated":true}]}}