{"id":30760,"date":"2020-07-01T11:48:11","date_gmt":"2020-07-01T16:48:11","guid":{"rendered":"https:\/\/cortesuprema.gov.co\/corte\/?page_id=30760"},"modified":"2023-10-09T12:34:46","modified_gmt":"2023-10-09T17:34:46","slug":"extractos-jurisprudenciales","status":"publish","type":"page","link":"https:\/\/cortesuprema.gov.co\/corte\/index.php\/relatoria-sp\/extractos-jurisprudenciales\/","title":{"rendered":"Extractos Jurisprudenciales"},"content":{"rendered":"<p style=\"text-align: left;\"><div class=\"su-row\"><div class=\"su-column su-column-size-1-5\"><div class=\"su-column-inner su-u-clearfix su-u-trim\">\n<h3 style=\"text-align: left;\">Publicaciones<\/h3>\n<hr \/>\n<div class=\"su-spoiler su-spoiler-style-default su-spoiler-icon-plus su-spoiler-closed\" data-scroll-offset=\"0\" data-anchor-in-url=\"no\"><div class=\"su-spoiler-title\" tabindex=\"0\" role=\"button\"><span class=\"su-spoiler-icon\"><\/span>Extractos Jurisprudenciales<\/div><div class=\"su-spoiler-content su-u-clearfix su-u-trim\">\n<p><a href=\"https:\/\/cortesuprema.gov.co\/corte\/index.php\/relatoria-sp\/extractos-jurisprudenciales\/\" target=\"_blank\" rel=\"noopener noreferrer\">Consulte lo extractos jurisprudenciales trimestrales<\/a><\/p>\n<\/div><\/div>\n<div class=\"su-spoiler su-spoiler-style-default su-spoiler-icon-plus su-spoiler-closed\" data-scroll-offset=\"0\" data-anchor-in-url=\"no\"><div class=\"su-spoiler-title\" tabindex=\"0\" role=\"button\"><span class=\"su-spoiler-icon\"><\/span>Esquema Jurisprudencial Sistema Penal Acusatorio<\/div><div class=\"su-spoiler-content su-u-clearfix su-u-trim\">\n<p><a href=\"https:\/\/cortesuprema.gov.co\/corte\/index.php\/tesauro-spa\/\"><img loading=\"lazy\" decoding=\"async\" class=\"alignnone wp-image-20085\" src=\"https:\/\/cortesuprema.gov.co\/corte\/wp-content\/uploads\/2018\/09\/esquemajurisprudencial.jpg\" alt=\"esquemajurisprudencial\" width=\"131\" height=\"152\" srcset=\"https:\/\/cortesuprema.gov.co\/corte\/wp-content\/uploads\/2018\/09\/esquemajurisprudencial.jpg 226w, https:\/\/cortesuprema.gov.co\/corte\/wp-content\/uploads\/2018\/09\/esquemajurisprudencial-168x195.jpg 168w\" sizes=\"auto, (max-width: 131px) 85vw, 131px\" \/><\/a><\/p>\n<\/div><\/div>\n<p style=\"text-align: left;\"><div class=\"su-spoiler su-spoiler-style-default su-spoiler-icon-plus su-spoiler-closed\" data-scroll-offset=\"0\" data-anchor-in-url=\"no\"><div class=\"su-spoiler-title\" tabindex=\"0\" role=\"button\"><span class=\"su-spoiler-icon\"><\/span>Justicia y pueblos ind\u00edgenas<\/div><div class=\"su-spoiler-content su-u-clearfix su-u-trim\">\n<p style=\"text-align: left;\"><a href=\"https:\/\/cortesuprema.gov.co\/corte\/wp-content\/uploads\/publicaciones\/i2.pdf\"><img loading=\"lazy\" decoding=\"async\" class=\"alignnone wp-image-18500\" src=\"https:\/\/cortesuprema.gov.co\/corte\/wp-content\/uploads\/2018\/05\/justicia-y-pueblos-ind\u00edgenas-opt.png\" alt=\"justicia y pueblos ind\u00edgenas opt\" width=\"140\" height=\"165\" \/><\/a><\/p>\n<\/div><\/div>\n<div class=\"su-spoiler su-spoiler-style-default su-spoiler-icon-plus su-spoiler-closed\" data-scroll-offset=\"0\" data-anchor-in-url=\"no\"><div class=\"su-spoiler-title\" tabindex=\"0\" role=\"button\"><span class=\"su-spoiler-icon\"><\/span>Justicia Especial para la Paz<\/div><div class=\"su-spoiler-content su-u-clearfix su-u-trim\">\n<p><a href=\"https:\/\/cortesuprema.gov.co\/corte\/wp-content\/uploads\/relatorias\/pe\/JEPRevista\/index.html\" target=\"_blank\" rel=\"noopener noreferrer\"><img loading=\"lazy\" decoding=\"async\" class=\"alignnone wp-image-18498\" src=\"https:\/\/cortesuprema.gov.co\/corte\/wp-content\/uploads\/2018\/05\/jepjusticiaespecialpalapaz.png\" alt=\"jepjusticiaespecialpalapaz\" width=\"130\" height=\"154\" srcset=\"https:\/\/cortesuprema.gov.co\/corte\/wp-content\/uploads\/2018\/05\/jepjusticiaespecialpalapaz.png 273w, https:\/\/cortesuprema.gov.co\/corte\/wp-content\/uploads\/2018\/05\/jepjusticiaespecialpalapaz-254x300.png 254w, https:\/\/cortesuprema.gov.co\/corte\/wp-content\/uploads\/2018\/05\/jepjusticiaespecialpalapaz-165x195.png 165w\" sizes=\"auto, (max-width: 130px) 85vw, 130px\" \/><\/a><\/p>\n<\/div><\/div>\n<div class=\"su-spoiler su-spoiler-style-default su-spoiler-icon-plus su-spoiler-closed\" data-scroll-offset=\"0\" data-anchor-in-url=\"no\"><div class=\"su-spoiler-title\" tabindex=\"0\" role=\"button\"><span class=\"su-spoiler-icon\"><\/span>Enfoque de G\u00e9nero <\/div><div class=\"su-spoiler-content su-u-clearfix su-u-trim\">\n<p><a href=\"https:\/\/cortesuprema.gov.co\/corte\/wp-content\/uploads\/subpage\/genero\/extracto27012016.pdf\" target=\"_blank\" rel=\"noopener noreferrer\"><img loading=\"lazy\" decoding=\"async\" class=\"alignnone wp-image-18503\" src=\"https:\/\/cortesuprema.gov.co\/corte\/wp-content\/uploads\/2018\/05\/generorelatoriapenalopt.png\" alt=\"generorelatoriapenalopt\" width=\"131\" height=\"153\" srcset=\"https:\/\/cortesuprema.gov.co\/corte\/wp-content\/uploads\/2018\/05\/generorelatoriapenalopt.png 277w, https:\/\/cortesuprema.gov.co\/corte\/wp-content\/uploads\/2018\/05\/generorelatoriapenalopt-257x300.png 257w, https:\/\/cortesuprema.gov.co\/corte\/wp-content\/uploads\/2018\/05\/generorelatoriapenalopt-167x195.png 167w\" sizes=\"auto, (max-width: 131px) 85vw, 131px\" \/><\/a><\/p>\n<\/div><\/div>\n<div class=\"su-spoiler su-spoiler-style-default su-spoiler-icon-plus su-spoiler-closed\" data-scroll-offset=\"0\" data-anchor-in-url=\"no\"><div class=\"su-spoiler-title\" tabindex=\"0\" role=\"button\"><span class=\"su-spoiler-icon\"><\/span>Descargar Lista Descriptores y Restrictores<\/div><div class=\"su-spoiler-content su-u-clearfix su-u-trim\">\n<p><a href=\"https:\/\/cortesuprema.gov.co\/corte\/wp-content\/uploads\/relatorias\/pe\/LISTADO DE DESCRIPTORES PENAL.xlsx\"><img loading=\"lazy\" decoding=\"async\" class=\"alignnone wp-image-20112\" src=\"https:\/\/cortesuprema.gov.co\/corte\/wp-content\/uploads\/2018\/09\/descriptoresyrestrictoresrelapenal.png\" alt=\"descriptoresyrestrictoresrelapenal\" width=\"132\" height=\"152\" srcset=\"https:\/\/cortesuprema.gov.co\/corte\/wp-content\/uploads\/2018\/09\/descriptoresyrestrictoresrelapenal.png 282w, https:\/\/cortesuprema.gov.co\/corte\/wp-content\/uploads\/2018\/09\/descriptoresyrestrictoresrelapenal-261x300.png 261w, https:\/\/cortesuprema.gov.co\/corte\/wp-content\/uploads\/2018\/09\/descriptoresyrestrictoresrelapenal-170x195.png 170w\" sizes=\"auto, (max-width: 132px) 85vw, 132px\" \/><\/a><\/p>\n<\/div><\/div>\n<div class=\"su-spoiler su-spoiler-style-default su-spoiler-icon-plus su-spoiler-closed\" data-scroll-offset=\"0\" data-anchor-in-url=\"no\"><div class=\"su-spoiler-title\" tabindex=\"0\" role=\"button\"><span class=\"su-spoiler-icon\"><\/span>C\u00f3mo consultar jurisprudencia de manera sencilla<\/div><div class=\"su-spoiler-content su-u-clearfix su-u-trim\">\n<p><a href=\"https:\/\/cortesuprema.gov.co\/corte\/wp-content\/uploads\/relatorias\/pe\/BUSQUEDA.pdf\" target=\"_blank\" rel=\"noopener noreferrer\">PASOS<\/a><\/p>\n<\/div><\/div>\n<hr \/>\n<p>&nbsp;<\/p>\n<p>Dra. Diana Marcela Romero Baquero<br \/>\n<small class=\"\">Relatora Sala de Casaci\u00f3n <\/small><small class=\"\">Penal<\/small><\/p>\n<p><small class=\"\"><span style=\"text-decoration: underline;\">Correo electr\u00f3nico<\/span>:<\/small><br \/>\n<small class=\"\">relatoriapenal@cortesuprema.ramajudicial.gov.co<\/small><br \/>\n<small class=\"\"><span style=\"text-decoration: underline;\">PBX<\/span>: 5622000 ext: 9408<\/small><\/p>\n<\/div><\/div> <div class=\"su-column su-column-size-4-5\"><div class=\"su-column-inner su-u-clearfix su-u-trim\">\n<p style=\"text-align: right;\"><a href=\"https:\/\/cortesuprema.gov.co\/corte\/index.php\/relapenal\/\">Inicio Relator\u00eda de la Sala Penal<\/a><\/p>\n<p>&nbsp;<\/p>\n<p>&nbsp;<\/p>\n<p style=\"text-align: center;\"><strong>EXTRACTOS JURISPRUDENCIALES<\/strong><\/p>\n<div class=\"su-tabs su-tabs-style-default su-tabs-mobile-stack my-custom-tabs\" data-active=\"1\" data-scroll-offset=\"0\" data-anchor-in-url=\"no\"><div class=\"su-tabs-nav\"><span class=\"\" data-url=\"\" data-target=\"blank\" tabindex=\"0\" role=\"button\">2023<\/span><span class=\"\" data-url=\"\" data-target=\"blank\" tabindex=\"0\" role=\"button\">2022<\/span><span class=\"\" data-url=\"\" data-target=\"blank\" tabindex=\"0\" role=\"button\">2021<\/span><span class=\"\" data-url=\"\" data-target=\"blank\" tabindex=\"0\" role=\"button\">2020<\/span><span class=\"\" data-url=\"\" data-target=\"blank\" tabindex=\"0\" role=\"button\">2019<\/span><\/div><div class=\"su-tabs-panes\"><div class=\"su-tabs-pane su-u-clearfix su-u-trim\" data-title=\"2023\"> <div class=\"su-animate\" style=\"opacity:0;-webkit-animation-duration:1s;-webkit-animation-delay:0s;animation-duration:1s;animation-delay:0s;\" data-animation=\"fadeInUp\" data-duration=\"1\" data-delay=\"0\">\n<ul>\n<li><a href=\"https:\/\/cortesuprema.gov.co\/corte\/wp-content\/uploads\/relatorias\/pe\/EJ2023\/Extracto%20Jurisprudencial3.pdf\" target=\"_blank\" rel=\"noopener noreferrer\">Extracto tercer trimestre 2023<\/a><\/li>\n<li><a href=\"https:\/\/cortesuprema.gov.co\/corte\/wp-content\/uploads\/relatorias\/pe\/EJ2023\/Extracto%20Jurisprudencial2.pdf\" target=\"_blank\" rel=\"noopener noreferrer\">Extracto segundo trimestre 2023<\/a><\/li>\n<li><a href=\"https:\/\/cortesuprema.gov.co\/corte\/wp-content\/uploads\/relatorias\/pe\/EJ2023\/Extracto%20Jurisprudencial%201.pdf\" target=\"_blank\" rel=\"noopener noreferrer\">Extracto primer trimestre 2023<\/a><\/li>\n<\/ul>\n<\/div>\n<\/div>\n<div class=\"su-tabs-pane su-u-clearfix su-u-trim\" data-title=\"2022\"> <div class=\"su-animate\" style=\"opacity:0;-webkit-animation-duration:1s;-webkit-animation-delay:0s;animation-duration:1s;animation-delay:0s;\" data-animation=\"fadeInUp\" data-duration=\"1\" data-delay=\"0\">\n<ul>\n<li><a href=\"https:\/\/cortesuprema.gov.co\/corte\/wp-content\/uploads\/relatorias\/pe\/EJ2022\/Extracto%20Jurisprudencial%204.pdf\" target=\"_blank\" rel=\"noopener noreferrer\">Extracto cuarto trimestre 2022<\/a><\/li>\n<li><a href=\"https:\/\/cortesuprema.gov.co\/corte\/wp-content\/uploads\/relatorias\/pe\/EJ2022\/Extracto%20Jurisprudencial%203.pdf\" target=\"_blank\" rel=\"noopener noreferrer\">Extracto tercer trimestre 2022<\/a><\/li>\n<li><a href=\"https:\/\/cortesuprema.gov.co\/corte\/wp-content\/uploads\/relatorias\/pe\/EJ2022\/Extracto%20Jurisprudencial%202.pdf\" target=\"_blank\" rel=\"noopener noreferrer\">Extracto segundo trimestre 2022<\/a><\/li>\n<li><a href=\"https:\/\/cortesuprema.gov.co\/corte\/wp-content\/uploads\/relatorias\/pe\/EJ2022\/Extracto%20Jurisprudencial%201.pdf\" target=\"_blank\" rel=\"noopener noreferrer\">Extracto primer trimestre 2022<\/a><\/li>\n<\/ul>\n<\/div>\n<\/div>\n<div class=\"su-tabs-pane su-u-clearfix su-u-trim\" data-title=\"2021\"> <div class=\"su-animate\" style=\"opacity:0;-webkit-animation-duration:1s;-webkit-animation-delay:0s;animation-duration:1s;animation-delay:0s;\" data-animation=\"fadeInUp\" data-duration=\"1\" data-delay=\"0\">\n<ul>\n<li><a href=\"https:\/\/cortesuprema.gov.co\/corte\/wp-content\/uploads\/relatorias\/pe\/EJ2021\/Extracto%20Jurisprudencial%204.pdf\">Extracto cuarto trimestre 2021<\/a><\/li>\n<li><a href=\"https:\/\/cortesuprema.gov.co\/corte\/wp-content\/uploads\/relatorias\/pe\/EJ2021\/Extracto%20Jurisprudencial%203.pdf\">Extracto tercer trimestre 2021<\/a><\/li>\n<li><a href=\"https:\/\/cortesuprema.gov.co\/corte\/wp-content\/uploads\/relatorias\/pe\/EJ2021\/Extracto%20Jurisprudencial%202.pdf\">Extracto segundo trimestre 2021<\/a><\/li>\n<li><a href=\"https:\/\/cortesuprema.gov.co\/corte\/wp-content\/uploads\/relatorias\/pe\/EJ2021\/Extracto%20Jurisprudencial%201.pdf\">Extracto primer trimestre 2021<\/a><u><\/u><\/li>\n<\/ul>\n<\/div>\n<\/div>\n<div class=\"su-tabs-pane su-u-clearfix su-u-trim\" data-title=\"2020\"> <div class=\"su-animate\" style=\"opacity:0;-webkit-animation-duration:1s;-webkit-animation-delay:0s;animation-duration:1s;animation-delay:0s;\" data-animation=\"fadeInUp\" data-duration=\"1\" data-delay=\"0\">\n<ul>\n<li><a href=\"https:\/\/cortesuprema.gov.co\/corte\/wp-content\/uploads\/relatorias\/pe\/EJ2020\/Extracto%20Jurisprudencial%204.pdf\">Extracto cuarto trimestre 2020<\/a><\/li>\n<li><a href=\"https:\/\/cortesuprema.gov.co\/corte\/wp-content\/uploads\/relatorias\/pe\/EJ2020\/Extracto%20Jurisprudencial%203.pdf\">Extracto tercer trimestre 2020<\/a><\/li>\n<li><a href=\"https:\/\/cortesuprema.gov.co\/corte\/wp-content\/uploads\/relatorias\/pe\/EJ2020\/Extracto%20Jurisprudencial%202.pdf\">Extracto segundo trimestre 2020<\/a><\/li>\n<li><a href=\"https:\/\/cortesuprema.gov.co\/corte\/wp-content\/uploads\/relatorias\/pe\/EJ2020\/Extracto%20Jurisprudencial%201.pdf\">Extracto primer trimestre 2020<\/a><\/li>\n<\/ul>\n<\/div>\n<\/div>\n<div class=\"su-tabs-pane su-u-clearfix su-u-trim\" data-title=\"2019\">\u00a0<div class=\"su-animate\" style=\"opacity:0;-webkit-animation-duration:1s;-webkit-animation-delay:0s;animation-duration:1s;animation-delay:0s;\" data-animation=\"fadeInUp\" data-duration=\"1\" data-delay=\"0\">\n<ul>\n<li><a href=\"https:\/\/cortesuprema.gov.co\/corte\/wp-content\/uploads\/relatorias\/pe\/EJ2019\/Extracto%20Jurisprudencial%204.pdf\">Extracto cuarto trimestre 2019<\/a><\/li>\n<li><a href=\"https:\/\/cortesuprema.gov.co\/corte\/wp-content\/uploads\/relatorias\/pe\/EJ2019\/Extracto%20Jurisprudencial%203.pdf\">Extracto tercer trimestre 2019<\/a><\/li>\n<li><a href=\"https:\/\/cortesuprema.gov.co\/corte\/wp-content\/uploads\/relatorias\/pe\/EJ2019\/Extracto%20Jurisprudencial%202.pdf\">Extracto segundo trimestre 2019<\/a><\/li>\n<li><a href=\"https:\/\/cortesuprema.gov.co\/corte\/wp-content\/uploads\/relatorias\/pe\/EJ2019\/Extracto%20Jurisprudencial%201.pdf\">Extracto primer trimestre 2019<\/a><u><\/u><\/li>\n<\/ul>\n<\/div>\n<\/div><\/div><\/div>\n<div class=\"su-divider su-divider-style-double\" style=\"margin:15px 0;border-width:3px;border-color:#999999\"><a href=\"#\" style=\"color:#999999\">ir arriba <\/a><\/div>\n<p class=\"size-big\" style=\"text-align: center;\">La realizaci\u00f3n de la labor de titulaci\u00f3n por parte de la Relator\u00eda, tiene como finalidad orientar al usuario y facilitar la b\u00fasqueda tem\u00e1tica de la jurisprudencia. Se recomienda revisar directamente las providencias.<\/p>\n<\/div><\/div> <\/div>\n<div class=\"su-divider su-divider-style-double\" style=\"margin:15px 0;border-width:3px;border-color:#999999\"><a href=\"#\" style=\"color:#999999\">ir arriba <\/a><\/div>\n","protected":false},"excerpt":{"rendered":"Publicaciones Extractos Jurisprudenciales Consulte lo extractos jurisprudenciales trimestrales Esquema Jurisprudencial Sistema Penal Acusatorio Justicia y pueblos ind\u00edgenas Justicia Especial para la Paz Enfoque de G\u00e9nero Descargar Lista Descriptores y Restrictores C\u00f3mo consultar jurisprudencia de manera sencilla PASOS &nbsp; Dra. Diana Marcela Romero Baquero Relatora Sala de Casaci\u00f3n Penal Correo electr\u00f3nico: relatoriapenal@cortesuprema.ramajudicial.gov.co PBX: 5622000 ext: 9408 &hellip; <a href=\"https:\/\/cortesuprema.gov.co\/corte\/index.php\/relatoria-sp\/extractos-jurisprudenciales\/\" class=\"more-link\">Continuar leyendo<span class=\"screen-reader-text\"> \"Extractos Jurisprudenciales\"<\/span><\/a>","protected":false},"author":12,"featured_media":0,"parent":15165,"menu_order":0,"comment_status":"closed","ping_status":"closed","template":"","meta":{"footnotes":""},"class_list":["post-30760","page","type-page","status-publish","hentry"],"_links":{"self":[{"href":"https:\/\/cortesuprema.gov.co\/corte\/index.php\/wp-json\/wp\/v2\/pages\/30760","targetHints":{"allow":["GET"]}}],"collection":[{"href":"https:\/\/cortesuprema.gov.co\/corte\/index.php\/wp-json\/wp\/v2\/pages"}],"about":[{"href":"https:\/\/cortesuprema.gov.co\/corte\/index.php\/wp-json\/wp\/v2\/types\/page"}],"author":[{"embeddable":true,"href":"https:\/\/cortesuprema.gov.co\/corte\/index.php\/wp-json\/wp\/v2\/users\/12"}],"replies":[{"embeddable":true,"href":"https:\/\/cortesuprema.gov.co\/corte\/index.php\/wp-json\/wp\/v2\/comments?post=30760"}],"version-history":[{"count":29,"href":"https:\/\/cortesuprema.gov.co\/corte\/index.php\/wp-json\/wp\/v2\/pages\/30760\/revisions"}],"predecessor-version":[{"id":62572,"href":"https:\/\/cortesuprema.gov.co\/corte\/index.php\/wp-json\/wp\/v2\/pages\/30760\/revisions\/62572"}],"up":[{"embeddable":true,"href":"https:\/\/cortesuprema.gov.co\/corte\/index.php\/wp-json\/wp\/v2\/pages\/15165"}],"wp:attachment":[{"href":"https:\/\/cortesuprema.gov.co\/corte\/index.php\/wp-json\/wp\/v2\/media?parent=30760"}],"curies":[{"name":"wp","href":"https:\/\/api.w.org\/{rel}","templated":true}]}}