{"id":5565,"date":"2015-07-28T10:58:35","date_gmt":"2015-07-28T10:58:35","guid":{"rendered":"https:\/\/cortesuprema.gov.co\/corte\/?page_id=5565"},"modified":"2023-10-31T09:51:02","modified_gmt":"2023-10-31T14:51:02","slug":"jurisprudencia","status":"publish","type":"page","link":"https:\/\/cortesuprema.gov.co\/corte\/index.php\/jurisprudencia\/","title":{"rendered":"Jurisprudencia &#8211; Relator\u00edas"},"content":{"rendered":"<p><script>\n        window.location.replace(\"https:\/\/app-service-portalcorte-old-dt.azurewebsites.net\")\n    <\/script><\/p>\n<hr \/>\n<p style=\"text-align: center;\">\u00abLos subsitios dispuestos para las Relator\u00edas de la Corporaci\u00f3n han mejorado su interacci\u00f3n, ahora tienen p\u00e1ginas independientes. Acceda a trav\u00e9s de los siguientes links:\u00bb<\/p>\n<table width=\"90%\">\n<tbody>\n<tr>\n<td>\n<figure id=\"attachment_15241\" aria-describedby=\"caption-attachment-15241\" style=\"width: 200px\" class=\"wp-caption alignnone\"><a href=\"https:\/\/cortesuprema.gov.co\/corte\/index.php\/relatoriasc\/\" target=\"_blank\" rel=\"noopener noreferrer\"><img loading=\"lazy\" decoding=\"async\" class=\"wp-image-15241\" title=\"Relator\u00eda Sala Civil\" src=\"https:\/\/cortesuprema.gov.co\/corte\/wp-content\/uploads\/2017\/09\/logocivil.png\" alt=\"logocivil\" width=\"200\" height=\"150\" srcset=\"https:\/\/cortesuprema.gov.co\/corte\/wp-content\/uploads\/2017\/09\/logocivil.png 228w, https:\/\/cortesuprema.gov.co\/corte\/wp-content\/uploads\/2017\/09\/logocivil-195x146.png 195w\" sizes=\"auto, (max-width: 200px) 85vw, 200px\" \/><\/a><figcaption id=\"caption-attachment-15241\" class=\"wp-caption-text\">Relator\u00eda Sala de Casaci\u00f3n Civil<\/figcaption><\/figure><\/td>\n<td>\n<figure id=\"attachment_15243\" aria-describedby=\"caption-attachment-15243\" style=\"width: 200px\" class=\"wp-caption alignnone\"><a href=\"https:\/\/cortesuprema.gov.co\/corte\/index.php\/relatoria-sala-laboral\/\" target=\"_blank\" rel=\"noopener noreferrer\"><img loading=\"lazy\" decoding=\"async\" class=\"wp-image-15243\" title=\"Relator\u00eda Sala Laboral\" src=\"https:\/\/cortesuprema.gov.co\/corte\/wp-content\/uploads\/2017\/09\/logolaboral.png\" alt=\"logolaboral\" width=\"200\" height=\"150\" srcset=\"https:\/\/cortesuprema.gov.co\/corte\/wp-content\/uploads\/2017\/09\/logolaboral.png 267w, https:\/\/cortesuprema.gov.co\/corte\/wp-content\/uploads\/2017\/09\/logolaboral-195x147.png 195w\" sizes=\"auto, (max-width: 200px) 85vw, 200px\" \/><\/a><figcaption id=\"caption-attachment-15243\" class=\"wp-caption-text\">Relator\u00eda Sala de Casaci\u00f3n Laboral<\/figcaption><\/figure><\/td>\n<td>\n<figure id=\"attachment_15244\" aria-describedby=\"caption-attachment-15244\" style=\"width: 200px\" class=\"wp-caption alignnone\"><a href=\"https:\/\/cortesuprema.gov.co\/corte\/index.php\/relapenal\/\" target=\"_blank\" rel=\"noopener noreferrer\"><img loading=\"lazy\" decoding=\"async\" class=\"wp-image-15244\" title=\"Relator\u00eda Sala Penal\" src=\"https:\/\/cortesuprema.gov.co\/corte\/wp-content\/uploads\/2017\/09\/logopenal.png\" alt=\"logopenal\" width=\"200\" height=\"150\" srcset=\"https:\/\/cortesuprema.gov.co\/corte\/wp-content\/uploads\/2017\/09\/logopenal.png 266w, https:\/\/cortesuprema.gov.co\/corte\/wp-content\/uploads\/2017\/09\/logopenal-195x147.png 195w\" sizes=\"auto, (max-width: 200px) 85vw, 200px\" \/><\/a><figcaption id=\"caption-attachment-15244\" class=\"wp-caption-text\">Relator\u00eda Sala de Casaci\u00f3n Penal<\/figcaption><\/figure><\/td>\n<td>\n<figure id=\"attachment_15242\" aria-describedby=\"caption-attachment-15242\" style=\"width: 200px\" class=\"wp-caption alignnone\"><a href=\"https:\/\/cortesuprema.gov.co\/corte\/index.php\/relatoria-tp\/\" target=\"_blank\" rel=\"noopener noreferrer\"><img loading=\"lazy\" decoding=\"async\" class=\"wp-image-15242\" title=\"Relator\u00eda Sala Plena y Tutelas\" src=\"https:\/\/cortesuprema.gov.co\/corte\/wp-content\/uploads\/2017\/09\/logotutelas.png\" alt=\"logotutelas\" width=\"200\" height=\"150\" \/><\/a><figcaption id=\"caption-attachment-15242\" class=\"wp-caption-text\">Relator\u00eda de Tutelas y Sala Plena<\/figcaption><\/figure><\/td>\n<\/tr>\n<\/tbody>\n<\/table>\n<p style=\"text-align: center;\"><strong><br \/>\nLA RELATOR\u00cdA<\/strong><\/p>\n<p>&nbsp;<\/p>\n<div class=\"textoContenido\">\n<p id=\"aui_3_4_0_1_704\" style=\"text-align: justify;\">Mediante Ley 169 de 1896 se dispuso la creaci\u00f3n del cargo de Relator y entre sus funciones se estableci\u00f3, \u00abla edici\u00f3n de la Gaceta Judicial, la formaci\u00f3n del \u00edndice alfab\u00e9tico de ella, la formaci\u00f3n y publicaci\u00f3n anual de las doctrinas sentadas por la Corte en las decisiones que pronuncie en todos los asuntos de su incumbencia\u00bb. As\u00ed mismo, el art\u00edculo 40 del Decreto Ley 052 de 1987, asign\u00f3 como funciones del Relator, las de \u00abClasificar, titular y extractar las providencias de la Corporaci\u00f3n; preparar las publicaciones y los extractos de Jurisprudencia; y elaborar los \u00edndices de las providencias\u00bb. A su turno, el Acuerdo 006 de 2002, a trav\u00e9s del cual se adopt\u00f3 el manual de funciones de la Corporaci\u00f3n, consagr\u00f3, entre otras, las de analizar la jurisprudencia y absolver consultas.<\/p>\n<p style=\"text-align: justify;\">El papel del relator est\u00e1 justificado en las funciones de la jurisprudencia como fuente de armonizaci\u00f3n del sistema jur\u00eddico y en la necesidad de protecci\u00f3n al derecho de acceso a la informaci\u00f3n jurisprudencial; desde otra perspectiva, se justifica tambi\u00e9n porque la jurisprudencia es una fuente de investigaci\u00f3n socio-jur\u00eddica.<\/p>\n<p style=\"text-align: justify;\">De esta manera, \u00a0la funci\u00f3n relatora de absolver consultas sobre tendencias jurisprudenciales, analizar, clasificar, titular y divulgar las providencias emitidas por la Corporaci\u00f3n, tiene como fin, cumplir los retos mismos de la jurisprudencia, esto es, unificarla y permitir a los usuarios un adecuado acceso a la informaci\u00f3n, facilitando la compresi\u00f3n de la posici\u00f3n jurisprudencial y la armonizaci\u00f3n del sistema jur\u00eddico, en el marco de la protecci\u00f3n de los derechos fundamentales.<\/p>\n<p style=\"text-align: justify;\">En la actualidad, la Corte Suprema de Justicia tiene cuatro (4) relator\u00edas; una por cada sala especializada, Civil, Laboral, Penal, y una de Tutelas y Sala Plena.<\/p>\n<\/div>\n","protected":false},"excerpt":{"rendered":"<p>\u00abLos subsitios dispuestos para las Relator\u00edas de la Corporaci\u00f3n han mejorado su interacci\u00f3n, ahora tienen p\u00e1ginas independientes. Acceda a trav\u00e9s de los siguientes links:\u00bb LA RELATOR\u00cdA &nbsp; Mediante Ley 169 de 1896 se dispuso la creaci\u00f3n del cargo de Relator y entre sus funciones se estableci\u00f3, \u00abla edici\u00f3n de la Gaceta Judicial, la formaci\u00f3n del &hellip; <a href=\"https:\/\/cortesuprema.gov.co\/corte\/index.php\/jurisprudencia\/\" class=\"more-link\">Continuar leyendo<span class=\"screen-reader-text\"> \u00abJurisprudencia &#8211; Relator\u00edas\u00bb<\/span><\/a><\/p>\n","protected":false},"author":3,"featured_media":0,"parent":0,"menu_order":0,"comment_status":"closed","ping_status":"closed","template":"","meta":{"footnotes":""},"class_list":["post-5565","page","type-page","status-publish","hentry"],"_links":{"self":[{"href":"https:\/\/cortesuprema.gov.co\/corte\/index.php\/wp-json\/wp\/v2\/pages\/5565","targetHints":{"allow":["GET"]}}],"collection":[{"href":"https:\/\/cortesuprema.gov.co\/corte\/index.php\/wp-json\/wp\/v2\/pages"}],"about":[{"href":"https:\/\/cortesuprema.gov.co\/corte\/index.php\/wp-json\/wp\/v2\/types\/page"}],"author":[{"embeddable":true,"href":"https:\/\/cortesuprema.gov.co\/corte\/index.php\/wp-json\/wp\/v2\/users\/3"}],"replies":[{"embeddable":true,"href":"https:\/\/cortesuprema.gov.co\/corte\/index.php\/wp-json\/wp\/v2\/comments?post=5565"}],"version-history":[{"count":585,"href":"https:\/\/cortesuprema.gov.co\/corte\/index.php\/wp-json\/wp\/v2\/pages\/5565\/revisions"}],"predecessor-version":[{"id":62972,"href":"https:\/\/cortesuprema.gov.co\/corte\/index.php\/wp-json\/wp\/v2\/pages\/5565\/revisions\/62972"}],"wp:attachment":[{"href":"https:\/\/cortesuprema.gov.co\/corte\/index.php\/wp-json\/wp\/v2\/media?parent=5565"}],"curies":[{"name":"wp","href":"https:\/\/api.w.org\/{rel}","templated":true}]}}