{"id":7081,"date":"2015-09-29T14:26:41","date_gmt":"2015-09-29T14:26:41","guid":{"rendered":"https:\/\/cortesuprema.gov.co\/corte\/?page_id=7081"},"modified":"2016-01-28T22:24:25","modified_gmt":"2016-01-28T22:24:25","slug":"presidente-civil","status":"publish","type":"page","link":"https:\/\/cortesuprema.gov.co\/corte\/index.php\/presidente-civil\/","title":{"rendered":"PRESIDENTE SALA DE CASACI\u00d3N CIVIL"},"content":{"rendered":"<div class=\"su-heading su-heading-style-default su-heading-align-center\" id=\"\" style=\"font-size:13px;margin-bottom:20px\"><div class=\"su-heading-inner\"><strong>Dr. \u00c1lvaro Fernando Garc\u00eda Restrepo<\/strong><\/div><\/div>\n<div class=\"su-row\">\n<div class=\"su-column su-column-size-1-3\"><div class=\"su-column-inner su-u-clearfix su-u-trim\">\n<p><a href=\"https:\/\/cortesuprema.gov.co\/corte\/wp-content\/uploads\/2015\/09\/Dr-\u00c1lvaro-Fernando-Garc\u00eda-Restrepo-Pte-Sala-Civil-Pag.jpg\"><img loading=\"lazy\" decoding=\"async\" class=\"alignnone size-medium wp-image-8636\" src=\"https:\/\/cortesuprema.gov.co\/corte\/wp-content\/uploads\/2015\/09\/Dr-\u00c1lvaro-Fernando-Garc\u00eda-Restrepo-Pte-Sala-Civil-Pag-258x300.jpg\" alt=\"Dr \u00c1lvaro Fernando Garc\u00eda Restrepo - Pte Sala Civil - Pag\" width=\"258\" height=\"300\" srcset=\"https:\/\/cortesuprema.gov.co\/corte\/wp-content\/uploads\/2015\/09\/Dr-\u00c1lvaro-Fernando-Garc\u00eda-Restrepo-Pte-Sala-Civil-Pag-258x300.jpg 258w, https:\/\/cortesuprema.gov.co\/corte\/wp-content\/uploads\/2015\/09\/Dr-\u00c1lvaro-Fernando-Garc\u00eda-Restrepo-Pte-Sala-Civil-Pag.jpg 412w\" sizes=\"auto, (max-width: 258px) 85vw, 258px\" \/><\/a><\/p>\n<p><strong>Dr. \u00c1lvaro Fernando Garc\u00eda Restrepo<\/strong><\/p>\n<p><strong>Presidente Sala de Casaci\u00f3n Civil<\/strong><\/p>\n<\/div><\/div>\n<div class=\"su-column su-column-size-2-3\"><div class=\"su-column-inner su-u-clearfix su-u-trim\">\n<div class=\"textoContenido\">\n<div class=\"textoContenido\">\n<p>El doctor \u00c1lvaro Fernando Garc\u00eda Restrepo, presidente de la Sala de Casaci\u00f3n Civil, es egresado de la Universidad Aut\u00f3noma Latinoamericana. Realiz\u00f3 estudios superiores de Filosof\u00eda y Letras en la Universidad de Antioquia; es especialista en Derecho de Familia y cuenta con diversos diplomados en \u00e1reas del Derecho Civil. Despu\u00e9s de ejercer su profesi\u00f3n de manera independiente, lleg\u00f3 como conjuez al Tribunal Superior de Antioquia para luego ser designado como magistrado de la Sala Civil del Tribunal Superior de Bogot\u00e1. Posee una amplia trayectoria en la docencia, desempe\u00f1\u00e1ndose como catedr\u00e1tico en las universidades Aut\u00f3noma Latinoamericana, Universidad de Medell\u00edn, Universidad de Antioquia, Gran Colombia, Universidad de la Sabana y Universidad de Zaragoza (Espa\u00f1a).<\/p>\n<\/div>\n<p style=\"text-align: justify;\"><\/div><\/div>\n<\/div>\n<\/div>\n","protected":false},"excerpt":{"rendered":"Dr. \u00c1lvaro Fernando Garc\u00eda Restrepo Dr. \u00c1lvaro Fernando Garc\u00eda Restrepo Presidente Sala de Casaci\u00f3n Civil El doctor \u00c1lvaro Fernando Garc\u00eda Restrepo, presidente de la Sala de Casaci\u00f3n Civil, es egresado de la Universidad Aut\u00f3noma Latinoamericana. Realiz\u00f3 estudios superiores de Filosof\u00eda y Letras en la Universidad de Antioquia; es especialista en Derecho de Familia y cuenta &hellip; <a href=\"https:\/\/cortesuprema.gov.co\/corte\/index.php\/presidente-civil\/\" class=\"more-link\">Continuar leyendo<span class=\"screen-reader-text\"> \"PRESIDENTE SALA DE CASACI\u00d3N CIVIL\"<\/span><\/a>","protected":false},"author":3,"featured_media":0,"parent":0,"menu_order":0,"comment_status":"closed","ping_status":"closed","template":"","meta":{"footnotes":""},"class_list":["post-7081","page","type-page","status-publish","hentry"],"_links":{"self":[{"href":"https:\/\/cortesuprema.gov.co\/corte\/index.php\/wp-json\/wp\/v2\/pages\/7081","targetHints":{"allow":["GET"]}}],"collection":[{"href":"https:\/\/cortesuprema.gov.co\/corte\/index.php\/wp-json\/wp\/v2\/pages"}],"about":[{"href":"https:\/\/cortesuprema.gov.co\/corte\/index.php\/wp-json\/wp\/v2\/types\/page"}],"author":[{"embeddable":true,"href":"https:\/\/cortesuprema.gov.co\/corte\/index.php\/wp-json\/wp\/v2\/users\/3"}],"replies":[{"embeddable":true,"href":"https:\/\/cortesuprema.gov.co\/corte\/index.php\/wp-json\/wp\/v2\/comments?post=7081"}],"version-history":[{"count":9,"href":"https:\/\/cortesuprema.gov.co\/corte\/index.php\/wp-json\/wp\/v2\/pages\/7081\/revisions"}],"predecessor-version":[{"id":8661,"href":"https:\/\/cortesuprema.gov.co\/corte\/index.php\/wp-json\/wp\/v2\/pages\/7081\/revisions\/8661"}],"wp:attachment":[{"href":"https:\/\/cortesuprema.gov.co\/corte\/index.php\/wp-json\/wp\/v2\/media?parent=7081"}],"curies":[{"name":"wp","href":"https:\/\/api.w.org\/{rel}","templated":true}]}}